{"id":978,"date":"2024-03-27T12:18:58","date_gmt":"2024-03-27T12:18:58","guid":{"rendered":"https:\/\/segurosecidadania.pt\/?page_id=978"},"modified":"2024-03-27T12:18:59","modified_gmt":"2024-03-27T12:18:59","slug":"aps-noticias-12-2-2","status":"publish","type":"page","link":"https:\/\/segurosecidadania.pt\/?page_id=978","title":{"rendered":"Newsletter APS #02"},"content":{"rendered":"\n<style type=\"text\/css\" data-created_by=\"avia_inline_auto\" id=\"style-css-av-k72d6-35cfdf33885268a432c9325a996c9146\">\n.avia-section.av-k72d6-35cfdf33885268a432c9325a996c9146{\nbackground-color:#ff8100;\nbackground-image:unset;\nz-index:0;\nposition:relative;\n}\n.av-curtain-footer.av-curtain-activated #main .avia-section.av-k72d6-35cfdf33885268a432c9325a996c9146{\nz-index:0;\n}\n<\/style>\n<div id='av_section_1'  class='avia-section av-k72d6-35cfdf33885268a432c9325a996c9146 main_color avia-section-small avia-no-border-styling  avia-builder-el-0  el_before_av_blog  avia-builder-el-first  avia-bg-style-fixed av-custom-positioned container_wrap fullsize'  ><div class='container av-section-cont-open' ><main  role=\"main\" itemprop=\"mainContentOfPage\"  class='template-page content  av-content-full alpha units'><div class='post-entry post-entry-type-page post-entry-978'><div class='entry-content-wrapper clearfix'>\n<div  class='flex_column av-hhe5u-32adbec2b52a285ebf3244fac90dd5a1 av_one_full  avia-builder-el-1  avia-builder-el-no-sibling  first av-break-at-tablet flex_column_div  '     ><style type=\"text\/css\" data-created_by=\"avia_inline_auto\" id=\"style-css-av-avs5e-1120c09b469dc8cb633635d344867959\">\n#top .av-special-heading.av-avs5e-1120c09b469dc8cb633635d344867959{\nmargin:0 0 0 0;\npadding-bottom:0;\ncolor:#ffffff;\nfont-size:25px;\n}\nbody .av-special-heading.av-avs5e-1120c09b469dc8cb633635d344867959 .av-special-heading-tag .heading-char{\nfont-size:25px;\n}\n#top #wrap_all .av-special-heading.av-avs5e-1120c09b469dc8cb633635d344867959 .av-special-heading-tag{\nfont-size:25px;\npadding:0 0 0 0;\n}\n.av-special-heading.av-avs5e-1120c09b469dc8cb633635d344867959 .special-heading-inner-border{\nborder-color:rgba(0,0,0,0.01);\n}\n.av-special-heading.av-avs5e-1120c09b469dc8cb633635d344867959 .av-subheading{\nfont-size:20px;\n}\nbody .av-special-heading.av-avs5e-1120c09b469dc8cb633635d344867959 .av-special-heading-tag .heading-wrap:before{\nborder-color:rgba(0,0,0,0.01);\n}\nbody .av-special-heading.av-avs5e-1120c09b469dc8cb633635d344867959 .av-special-heading-tag .heading-wrap:after{\nborder-color:rgba(0,0,0,0.01);\n}\n\n@media only screen and (max-width: 479px){ \n#top .av-special-heading.av-avs5e-1120c09b469dc8cb633635d344867959{\nmargin:0 0 -100px 0;\n}\n#top #wrap_all .av-special-heading.av-avs5e-1120c09b469dc8cb633635d344867959 .av-special-heading-tag{\nfont-size:17px;\n}\n}\n\n@media only screen and (min-width: 768px) and (max-width: 989px){ \n#top .av-special-heading.av-avs5e-1120c09b469dc8cb633635d344867959{\nmargin:0 0 -35px 0;\n}\n}\n\n@media only screen and (min-width: 480px) and (max-width: 767px){ \n#top .av-special-heading.av-avs5e-1120c09b469dc8cb633635d344867959{\nmargin:0 0 -35px 0;\n}\n#top #wrap_all .av-special-heading.av-avs5e-1120c09b469dc8cb633635d344867959 .av-special-heading-tag{\nfont-size:0.8em;\n}\n}\n<\/style>\n<div  class='av-special-heading av-avs5e-1120c09b469dc8cb633635d344867959 av-special-heading-h6 custom-color-heading blockquote modern-quote  avia-builder-el-2  avia-builder-el-no-sibling  av-inherit-size'><h6 class='av-special-heading-tag'  itemprop=\"headline\"  >Newsletter APS #02 | mar\u00e7o 2024<\/h6><div class=\"special-heading-border\"><div class=\"special-heading-inner-border\"><\/div><\/div><\/div><\/div>\n<\/div><\/div><\/main><!-- close content main element --><\/div><\/div><div id='after_section_1'  class='main_color av_default_container_wrap container_wrap fullsize'  ><div class='container av-section-cont-open' ><div class='template-page content  av-content-full alpha units'><div class='post-entry post-entry-type-page post-entry-978'><div class='entry-content-wrapper clearfix'>\n<div  data-slideshow-options=\"{&quot;animation&quot;:&quot;fade&quot;,&quot;autoplay&quot;:false,&quot;loop_autoplay&quot;:&quot;once&quot;,&quot;interval&quot;:5,&quot;loop_manual&quot;:&quot;manual-endless&quot;,&quot;autoplay_stopper&quot;:false,&quot;noNavigation&quot;:false,&quot;show_slide_delay&quot;:90}\" class='avia-content-slider avia-content-grid-active avia-content-slider1 avia-content-slider-odd  avia-builder-el-3  el_after_av_section  avia-builder-el-no-sibling  av-slideshow-ui av-control-default   av-no-slider-navigation av-slideshow-manual av-loop-once av-loop-manual-endless '  itemscope=\"itemscope\" itemtype=\"https:\/\/schema.org\/Blog\" ><div class=\"avia-content-slider-inner\"><div class=\"slide-entry-wrap\"><article class='slide-entry flex_column  post-entry post-entry-1156 slide-entry-overview slide-loop-1 slide-parity-odd  av_fullwidth first real-thumbnail posttype-post post-format-standard'  itemscope=\"itemscope\" itemtype=\"https:\/\/schema.org\/CreativeWork\" ><a href='https:\/\/segurosecidadania.pt\/?p=1156' data-rel='slide-1' class='slide-image' title='Paulo C\u00e2mara e Francisco Boavida Salavessa \u2013 S\u00e9rvulo &#038; Associados'><img decoding=\"async\" fetchpriority=\"high\" width=\"2000\" height=\"800\" src=\"https:\/\/segurosecidadania.pt\/wp-content\/uploads\/2024\/03\/sustentabilidade-NL.jpg\" class=\"wp-image-1033 avia-img-lazy-loading-not-1033 attachment-no scaling size-no scaling wp-post-image\" alt=\"\" srcset=\"https:\/\/segurosecidadania.pt\/wp-content\/uploads\/2024\/03\/sustentabilidade-NL.jpg 2000w, https:\/\/segurosecidadania.pt\/wp-content\/uploads\/2024\/03\/sustentabilidade-NL-300x120.jpg 300w, https:\/\/segurosecidadania.pt\/wp-content\/uploads\/2024\/03\/sustentabilidade-NL-1030x412.jpg 1030w, https:\/\/segurosecidadania.pt\/wp-content\/uploads\/2024\/03\/sustentabilidade-NL-768x307.jpg 768w, https:\/\/segurosecidadania.pt\/wp-content\/uploads\/2024\/03\/sustentabilidade-NL-1536x614.jpg 1536w, https:\/\/segurosecidadania.pt\/wp-content\/uploads\/2024\/03\/sustentabilidade-NL-1500x600.jpg 1500w, https:\/\/segurosecidadania.pt\/wp-content\/uploads\/2024\/03\/sustentabilidade-NL-705x282.jpg 705w\" sizes=\"(max-width: 2000px) 100vw, 2000px\" \/><\/a><div class=\"slide-content\"><header class=\"entry-content-header\"><h3 class='slide-entry-title entry-title '  itemprop=\"headline\" ><a href='https:\/\/segurosecidadania.pt\/?p=1156' title='Paulo C\u00e2mara e Francisco Boavida Salavessa \u2013 S\u00e9rvulo &#038; Associados'>Paulo C\u00e2mara e Francisco Boavida Salavessa \u2013 S\u00e9rvulo &#038; Associados<\/a><\/h3><span class=\"blog-categories minor-meta\"><a href=\"https:\/\/segurosecidadania.pt\/?cat=15\" rel=\"tag\">Opini\u00e3o<\/a> <\/span><span class=\"av-vertical-delimiter\"><\/span><\/header><div class='slide-entry-excerpt entry-content'  itemprop=\"text\" >O setor segurador atravessa atualmente um per\u00edodo cr\u00edtico de prepara\u00e7\u00e3o para a plena vig\u00eancia dos novos deveres de informa\u00e7\u00e3o sobre sustentabilidade, constantes da Diretiva n.\u00ba 2022\/2464, conhecida por CSRD, abreviaturas de Corporate Sustainability Reporting Directive.\n\n\n<div class=\"read-more-link\"><a href=\"https:\/\/segurosecidadania.pt\/?p=1156\" class=\"more-link\">Ler mais<span class=\"more-link-arrow\"><\/span><\/a><\/div><\/div><\/div><footer class=\"entry-footer\"><div class=\"slide-meta\"><time class='slide-meta-time updated'  itemprop=\"datePublished\" datetime=\"2024-03-26T09:43:00+01:00\" >Mar\u00e7o 26, 2024<\/time><\/div><\/footer><span class='hidden'>\n\t\t\t\t<span class='av-structured-data'  itemprop=\"image\" itemscope=\"itemscope\" itemtype=\"https:\/\/schema.org\/ImageObject\" >\n\t\t\t\t\t\t<span itemprop='url'>https:\/\/segurosecidadania.pt\/wp-content\/uploads\/2024\/03\/sustentabilidade-NL.jpg<\/span>\n\t\t\t\t\t\t<span itemprop='height'>800<\/span>\n\t\t\t\t\t\t<span itemprop='width'>2000<\/span>\n\t\t\t\t<\/span>\n\t\t\t\t<span class='av-structured-data'  itemprop=\"publisher\" itemtype=\"https:\/\/schema.org\/Organization\" itemscope=\"itemscope\" >\n\t\t\t\t\t\t<span itemprop='name'>Frederico Nunes<\/span>\n\t\t\t\t\t\t<span itemprop='logo' itemscope itemtype='https:\/\/schema.org\/ImageObject'>\n\t\t\t\t\t\t\t<span itemprop='url'>https:\/\/segurosecidadania.pt\/wp-content\/uploads\/2024\/01\/Seguro-Cidadania-Branco-01.png<\/span>\n\t\t\t\t\t\t<\/span>\n\t\t\t\t<\/span><span class='av-structured-data'  itemprop=\"author\" itemscope=\"itemscope\" itemtype=\"https:\/\/schema.org\/Person\" ><span itemprop='name'>Frederico Nunes<\/span><\/span><span class='av-structured-data'  itemprop=\"datePublished\" datetime=\"2024-03-27T12:18:58+01:00\" >2024-03-26 09:43:00<\/span><span class='av-structured-data'  itemprop=\"dateModified\" itemtype=\"https:\/\/schema.org\/dateModified\" >2024-04-02 15:19:39<\/span><span class='av-structured-data'  itemprop=\"mainEntityOfPage\" itemtype=\"https:\/\/schema.org\/mainEntityOfPage\" ><span itemprop='name'>Paulo C\u00e2mara e Francisco Boavida Salavessa \u2013 S\u00e9rvulo &#038; Associados<\/span><\/span><\/span><\/article><\/div><div class=\"slide-entry-wrap\"><article class='slide-entry flex_column  post-entry post-entry-1036 slide-entry-overview slide-loop-2 slide-parity-odd  av_fullwidth first real-thumbnail posttype-post post-format-standard'  itemscope=\"itemscope\" itemtype=\"https:\/\/schema.org\/CreativeWork\" ><a href='https:\/\/segurosecidadania.pt\/?p=1036' data-rel='slide-1' class='slide-image' title='A ATIVIDADE SEGURADORA EM 2024'><img decoding=\"async\" fetchpriority=\"high\" width=\"2000\" height=\"800\" src=\"https:\/\/segurosecidadania.pt\/wp-content\/uploads\/2024\/01\/atividade-seguradora-2023-2024.jpg\" class=\"wp-image-921 avia-img-lazy-loading-not-921 attachment-no scaling size-no scaling wp-post-image\" alt=\"\" srcset=\"https:\/\/segurosecidadania.pt\/wp-content\/uploads\/2024\/01\/atividade-seguradora-2023-2024.jpg 2000w, https:\/\/segurosecidadania.pt\/wp-content\/uploads\/2024\/01\/atividade-seguradora-2023-2024-300x120.jpg 300w, https:\/\/segurosecidadania.pt\/wp-content\/uploads\/2024\/01\/atividade-seguradora-2023-2024-1030x412.jpg 1030w, https:\/\/segurosecidadania.pt\/wp-content\/uploads\/2024\/01\/atividade-seguradora-2023-2024-768x307.jpg 768w, https:\/\/segurosecidadania.pt\/wp-content\/uploads\/2024\/01\/atividade-seguradora-2023-2024-1536x614.jpg 1536w, https:\/\/segurosecidadania.pt\/wp-content\/uploads\/2024\/01\/atividade-seguradora-2023-2024-1500x600.jpg 1500w, https:\/\/segurosecidadania.pt\/wp-content\/uploads\/2024\/01\/atividade-seguradora-2023-2024-705x282.jpg 705w\" sizes=\"(max-width: 2000px) 100vw, 2000px\" \/><\/a><div class=\"slide-content\"><header class=\"entry-content-header\"><h3 class='slide-entry-title entry-title '  itemprop=\"headline\" ><a href='https:\/\/segurosecidadania.pt\/?p=1036' title='A ATIVIDADE SEGURADORA EM 2024'>A ATIVIDADE SEGURADORA EM 2024<\/a><\/h3><span class=\"blog-categories minor-meta\"><a href=\"https:\/\/segurosecidadania.pt\/?cat=16\" rel=\"tag\">N\u00fameros<\/a> <\/span><span class=\"av-vertical-delimiter\"><\/span><\/header><div class='slide-entry-excerpt entry-content'  itemprop=\"text\" >Pr\u00e9mios de seguro direto relativos ao m\u00eas de fevereiro.<div class=\"read-more-link\"><a href=\"https:\/\/segurosecidadania.pt\/?p=1036\" class=\"more-link\">Ler mais<span class=\"more-link-arrow\"><\/span><\/a><\/div><\/div><\/div><footer class=\"entry-footer\"><div class=\"slide-meta\"><time class='slide-meta-time updated'  itemprop=\"datePublished\" datetime=\"2024-03-26T09:42:00+01:00\" >Mar\u00e7o 26, 2024<\/time><\/div><\/footer><span class='hidden'>\n\t\t\t\t<span class='av-structured-data'  itemprop=\"image\" itemscope=\"itemscope\" itemtype=\"https:\/\/schema.org\/ImageObject\" >\n\t\t\t\t\t\t<span itemprop='url'>https:\/\/segurosecidadania.pt\/wp-content\/uploads\/2024\/01\/atividade-seguradora-2023-2024.jpg<\/span>\n\t\t\t\t\t\t<span itemprop='height'>800<\/span>\n\t\t\t\t\t\t<span itemprop='width'>2000<\/span>\n\t\t\t\t<\/span>\n\t\t\t\t<span class='av-structured-data'  itemprop=\"publisher\" itemtype=\"https:\/\/schema.org\/Organization\" itemscope=\"itemscope\" >\n\t\t\t\t\t\t<span itemprop='name'>Frederico Nunes<\/span>\n\t\t\t\t\t\t<span itemprop='logo' itemscope itemtype='https:\/\/schema.org\/ImageObject'>\n\t\t\t\t\t\t\t<span itemprop='url'>https:\/\/segurosecidadania.pt\/wp-content\/uploads\/2024\/01\/Seguro-Cidadania-Branco-01.png<\/span>\n\t\t\t\t\t\t<\/span>\n\t\t\t\t<\/span><span class='av-structured-data'  itemprop=\"author\" itemscope=\"itemscope\" itemtype=\"https:\/\/schema.org\/Person\" ><span itemprop='name'>Frederico Nunes<\/span><\/span><span class='av-structured-data'  itemprop=\"datePublished\" datetime=\"2024-03-27T12:18:58+01:00\" >2024-03-26 09:42:00<\/span><span class='av-structured-data'  itemprop=\"dateModified\" itemtype=\"https:\/\/schema.org\/dateModified\" >2024-03-28 10:20:28<\/span><span class='av-structured-data'  itemprop=\"mainEntityOfPage\" itemtype=\"https:\/\/schema.org\/mainEntityOfPage\" ><span itemprop='name'>A ATIVIDADE SEGURADORA EM 2024<\/span><\/span><\/span><\/article><\/div><div class=\"slide-entry-wrap\"><article class='slide-entry flex_column  post-entry post-entry-1045 slide-entry-overview slide-loop-3 slide-parity-odd  av_fullwidth first real-thumbnail posttype-post post-format-quote'  itemscope=\"itemscope\" itemtype=\"https:\/\/schema.org\/CreativeWork\" ><a href='https:\/\/segurosecidadania.pt\/?p=1045' data-rel='slide-1' class='slide-image' title='RETAIL INVESTMENT STRATEGY'><img decoding=\"async\" fetchpriority=\"high\" width=\"2000\" height=\"800\" src=\"https:\/\/segurosecidadania.pt\/wp-content\/uploads\/2024\/03\/CEE.jpg\" class=\"wp-image-1090 avia-img-lazy-loading-not-1090 attachment-no scaling size-no scaling wp-post-image\" alt=\"\" srcset=\"https:\/\/segurosecidadania.pt\/wp-content\/uploads\/2024\/03\/CEE.jpg 2000w, https:\/\/segurosecidadania.pt\/wp-content\/uploads\/2024\/03\/CEE-300x120.jpg 300w, https:\/\/segurosecidadania.pt\/wp-content\/uploads\/2024\/03\/CEE-1030x412.jpg 1030w, https:\/\/segurosecidadania.pt\/wp-content\/uploads\/2024\/03\/CEE-768x307.jpg 768w, https:\/\/segurosecidadania.pt\/wp-content\/uploads\/2024\/03\/CEE-1536x614.jpg 1536w, https:\/\/segurosecidadania.pt\/wp-content\/uploads\/2024\/03\/CEE-1500x600.jpg 1500w, https:\/\/segurosecidadania.pt\/wp-content\/uploads\/2024\/03\/CEE-705x282.jpg 705w\" sizes=\"(max-width: 2000px) 100vw, 2000px\" \/><\/a><div class=\"slide-content\"><header class=\"entry-content-header\"><h3 class='slide-entry-title entry-title '  itemprop=\"headline\" ><a href='https:\/\/segurosecidadania.pt\/?p=1045' title='RETAIL INVESTMENT STRATEGY'>RETAIL INVESTMENT STRATEGY<\/a><\/h3><span class=\"blog-categories minor-meta\"><a href=\"https:\/\/segurosecidadania.pt\/?cat=22\" rel=\"tag\">Legisla\u00e7\u00e3o e regulamenta\u00e7\u00e3o europeia<\/a> <\/span><span class=\"av-vertical-delimiter\"><\/span><\/header><div class='slide-entry-excerpt entry-content'  itemprop=\"text\" >Em maio de 2023, a Comiss\u00e3o Europeia apresentou um conjunto de propostas legislativas, composto por uma proposta de diretiva \u2013 Diretiva Omnibus \u2013 que altera diversas diretivas, tais como a Diretiva relativa \u00e0 distribui\u00e7\u00e3o de seguros (\u2018\u2019DDS\u2019\u2019), a Diretiva Solv\u00eancia II e a Diretiva de Mercados e Instrumentos Financeiros (\u2018\u2019DMIF\u2019\u2019), e uma proposta de regulamento, que prev\u00ea altera\u00e7\u00f5es \u00e0s regras dos produtos de investimento com base em seguros (\u2018\u2019PIBS\u2019\u2019) e em especial a altera\u00e7\u00e3o do DIF\/KID.<div class=\"read-more-link\"><a href=\"https:\/\/segurosecidadania.pt\/?p=1045\" class=\"more-link\">Ler mais<span class=\"more-link-arrow\"><\/span><\/a><\/div><\/div><\/div><footer class=\"entry-footer\"><div class=\"slide-meta\"><time class='slide-meta-time updated'  itemprop=\"datePublished\" datetime=\"2024-03-26T09:41:00+01:00\" >Mar\u00e7o 26, 2024<\/time><\/div><\/footer><span class='hidden'>\n\t\t\t\t<span class='av-structured-data'  itemprop=\"image\" itemscope=\"itemscope\" itemtype=\"https:\/\/schema.org\/ImageObject\" >\n\t\t\t\t\t\t<span itemprop='url'>https:\/\/segurosecidadania.pt\/wp-content\/uploads\/2024\/03\/CEE.jpg<\/span>\n\t\t\t\t\t\t<span itemprop='height'>800<\/span>\n\t\t\t\t\t\t<span itemprop='width'>2000<\/span>\n\t\t\t\t<\/span>\n\t\t\t\t<span class='av-structured-data'  itemprop=\"publisher\" itemtype=\"https:\/\/schema.org\/Organization\" itemscope=\"itemscope\" >\n\t\t\t\t\t\t<span itemprop='name'>admin<\/span>\n\t\t\t\t\t\t<span itemprop='logo' itemscope itemtype='https:\/\/schema.org\/ImageObject'>\n\t\t\t\t\t\t\t<span itemprop='url'>https:\/\/segurosecidadania.pt\/wp-content\/uploads\/2024\/01\/Seguro-Cidadania-Branco-01.png<\/span>\n\t\t\t\t\t\t<\/span>\n\t\t\t\t<\/span><span class='av-structured-data'  itemprop=\"author\" itemscope=\"itemscope\" itemtype=\"https:\/\/schema.org\/Person\" ><span itemprop='name'>admin<\/span><\/span><span class='av-structured-data'  itemprop=\"datePublished\" datetime=\"2024-03-27T12:18:58+01:00\" >2024-03-26 09:41:00<\/span><span class='av-structured-data'  itemprop=\"dateModified\" itemtype=\"https:\/\/schema.org\/dateModified\" >2024-03-29 10:19:32<\/span><span class='av-structured-data'  itemprop=\"mainEntityOfPage\" itemtype=\"https:\/\/schema.org\/mainEntityOfPage\" ><span itemprop='name'>RETAIL INVESTMENT STRATEGY<\/span><\/span><\/span><\/article><\/div><div class=\"slide-entry-wrap\"><article class='slide-entry flex_column  post-entry post-entry-1054 slide-entry-overview slide-loop-4 slide-parity-odd  av_fullwidth first real-thumbnail posttype-post post-format-quote'  itemscope=\"itemscope\" itemtype=\"https:\/\/schema.org\/CreativeWork\" ><a href='https:\/\/segurosecidadania.pt\/?p=1054' data-rel='slide-1' class='slide-image' title='ACIDENTES DE TRABALHO &#8211; O IMPACTO DAS REGRAS DE SEGURAN\u00c7A NA PREVEN\u00c7\u00c3O DA SINISTRALIDADE LABORAL'><img decoding=\"async\" fetchpriority=\"high\" width=\"2000\" height=\"800\" src=\"https:\/\/segurosecidadania.pt\/wp-content\/uploads\/2024\/03\/acidente-de-trabalho.jpg\" class=\"wp-image-1057 avia-img-lazy-loading-not-1057 attachment-no scaling size-no scaling wp-post-image\" alt=\"\" srcset=\"https:\/\/segurosecidadania.pt\/wp-content\/uploads\/2024\/03\/acidente-de-trabalho.jpg 2000w, https:\/\/segurosecidadania.pt\/wp-content\/uploads\/2024\/03\/acidente-de-trabalho-300x120.jpg 300w, https:\/\/segurosecidadania.pt\/wp-content\/uploads\/2024\/03\/acidente-de-trabalho-1030x412.jpg 1030w, https:\/\/segurosecidadania.pt\/wp-content\/uploads\/2024\/03\/acidente-de-trabalho-768x307.jpg 768w, https:\/\/segurosecidadania.pt\/wp-content\/uploads\/2024\/03\/acidente-de-trabalho-1536x614.jpg 1536w, https:\/\/segurosecidadania.pt\/wp-content\/uploads\/2024\/03\/acidente-de-trabalho-1500x600.jpg 1500w, https:\/\/segurosecidadania.pt\/wp-content\/uploads\/2024\/03\/acidente-de-trabalho-705x282.jpg 705w\" sizes=\"(max-width: 2000px) 100vw, 2000px\" \/><\/a><div class=\"slide-content\"><header class=\"entry-content-header\"><h3 class='slide-entry-title entry-title '  itemprop=\"headline\" ><a href='https:\/\/segurosecidadania.pt\/?p=1054' title='ACIDENTES DE TRABALHO &#8211; O IMPACTO DAS REGRAS DE SEGURAN\u00c7A NA PREVEN\u00c7\u00c3O DA SINISTRALIDADE LABORAL'>ACIDENTES DE TRABALHO &#8211; O IMPACTO DAS REGRAS DE SEGURAN\u00c7A NA PREVEN\u00c7\u00c3O DA SINISTRALIDADE LABORAL<\/a><\/h3><span class=\"blog-categories minor-meta\"><a href=\"https:\/\/segurosecidadania.pt\/?cat=17\" rel=\"tag\">Jurisprud\u00eancia<\/a> <\/span><span class=\"av-vertical-delimiter\"><\/span><\/header><div class='slide-entry-excerpt entry-content'  itemprop=\"text\" >\n\n\n\n<div class=\"read-more-link\"><a href=\"https:\/\/segurosecidadania.pt\/?p=1054\" class=\"more-link\">Ler mais<span class=\"more-link-arrow\"><\/span><\/a><\/div><\/div><\/div><footer class=\"entry-footer\"><div class=\"slide-meta\"><time class='slide-meta-time updated'  itemprop=\"datePublished\" datetime=\"2024-03-26T09:40:00+01:00\" >Mar\u00e7o 26, 2024<\/time><\/div><\/footer><span class='hidden'>\n\t\t\t\t<span class='av-structured-data'  itemprop=\"image\" itemscope=\"itemscope\" itemtype=\"https:\/\/schema.org\/ImageObject\" >\n\t\t\t\t\t\t<span itemprop='url'>https:\/\/segurosecidadania.pt\/wp-content\/uploads\/2024\/03\/acidente-de-trabalho.jpg<\/span>\n\t\t\t\t\t\t<span itemprop='height'>800<\/span>\n\t\t\t\t\t\t<span itemprop='width'>2000<\/span>\n\t\t\t\t<\/span>\n\t\t\t\t<span class='av-structured-data'  itemprop=\"publisher\" itemtype=\"https:\/\/schema.org\/Organization\" itemscope=\"itemscope\" >\n\t\t\t\t\t\t<span itemprop='name'>admin<\/span>\n\t\t\t\t\t\t<span itemprop='logo' itemscope itemtype='https:\/\/schema.org\/ImageObject'>\n\t\t\t\t\t\t\t<span itemprop='url'>https:\/\/segurosecidadania.pt\/wp-content\/uploads\/2024\/01\/Seguro-Cidadania-Branco-01.png<\/span>\n\t\t\t\t\t\t<\/span>\n\t\t\t\t<\/span><span class='av-structured-data'  itemprop=\"author\" itemscope=\"itemscope\" itemtype=\"https:\/\/schema.org\/Person\" ><span itemprop='name'>admin<\/span><\/span><span class='av-structured-data'  itemprop=\"datePublished\" datetime=\"2024-03-27T12:18:58+01:00\" >2024-03-26 09:40:00<\/span><span class='av-structured-data'  itemprop=\"dateModified\" itemtype=\"https:\/\/schema.org\/dateModified\" >2024-03-29 10:20:11<\/span><span class='av-structured-data'  itemprop=\"mainEntityOfPage\" itemtype=\"https:\/\/schema.org\/mainEntityOfPage\" ><span itemprop='name'>ACIDENTES DE TRABALHO &#8211; O IMPACTO DAS REGRAS DE SEGURAN\u00c7A NA PREVEN\u00c7\u00c3O DA SINISTRALIDADE LABORAL<\/span><\/span><\/span><\/article><\/div><div class=\"slide-entry-wrap\"><article class='slide-entry flex_column  post-entry post-entry-1059 slide-entry-overview slide-loop-5 slide-parity-odd  av_fullwidth first real-thumbnail posttype-post post-format-quote'  itemscope=\"itemscope\" itemtype=\"https:\/\/schema.org\/CreativeWork\" ><a href='https:\/\/segurosecidadania.pt\/?p=1059' data-rel='slide-1' class='slide-image' title='COMISS\u00c3O LAN\u00c7A ESTRAT\u00c9GIA INDUSTRIAL EUROPEIA DE DEFESA'><img decoding=\"async\" fetchpriority=\"high\" width=\"2000\" height=\"800\" src=\"https:\/\/segurosecidadania.pt\/wp-content\/uploads\/2024\/03\/defesa.jpg\" class=\"wp-image-1062 avia-img-lazy-loading-not-1062 attachment-no scaling size-no scaling wp-post-image\" alt=\"\" srcset=\"https:\/\/segurosecidadania.pt\/wp-content\/uploads\/2024\/03\/defesa.jpg 2000w, https:\/\/segurosecidadania.pt\/wp-content\/uploads\/2024\/03\/defesa-300x120.jpg 300w, https:\/\/segurosecidadania.pt\/wp-content\/uploads\/2024\/03\/defesa-1030x412.jpg 1030w, https:\/\/segurosecidadania.pt\/wp-content\/uploads\/2024\/03\/defesa-768x307.jpg 768w, https:\/\/segurosecidadania.pt\/wp-content\/uploads\/2024\/03\/defesa-1536x614.jpg 1536w, https:\/\/segurosecidadania.pt\/wp-content\/uploads\/2024\/03\/defesa-1500x600.jpg 1500w, https:\/\/segurosecidadania.pt\/wp-content\/uploads\/2024\/03\/defesa-705x282.jpg 705w\" sizes=\"(max-width: 2000px) 100vw, 2000px\" \/><\/a><div class=\"slide-content\"><header class=\"entry-content-header\"><h3 class='slide-entry-title entry-title '  itemprop=\"headline\" ><a href='https:\/\/segurosecidadania.pt\/?p=1059' title='COMISS\u00c3O LAN\u00c7A ESTRAT\u00c9GIA INDUSTRIAL EUROPEIA DE DEFESA'>COMISS\u00c3O LAN\u00c7A ESTRAT\u00c9GIA INDUSTRIAL EUROPEIA DE DEFESA<\/a><\/h3><span class=\"blog-categories minor-meta\"><a href=\"https:\/\/segurosecidadania.pt\/?cat=18\" rel=\"tag\">Europa<\/a> <\/span><span class=\"av-vertical-delimiter\"><\/span><\/header><div class='slide-entry-excerpt entry-content'  itemprop=\"text\" >No in\u00edcio de mar\u00e7o, a Comiss\u00e3o Europeia (CE) anunciou o lan\u00e7amento da primeira Estrat\u00e9gia Industrial de Defesa Europeia, com o prop\u00f3sito de criar uma vis\u00e3o comum entre os Estados-Membros em mat\u00e9ria de seguran\u00e7a e defesa e de apoiar a competitividade e a prontid\u00e3o da ind\u00fastria. Para tal, ser\u00e1 necess\u00e1rio garantir melhores condi\u00e7\u00f5es de acesso ao financiamento privado, incluindo a clarifica\u00e7\u00e3o das normas ESG para este tipo de investimentos.<div class=\"read-more-link\"><a href=\"https:\/\/segurosecidadania.pt\/?p=1059\" class=\"more-link\">Ler mais<span class=\"more-link-arrow\"><\/span><\/a><\/div><\/div><\/div><footer class=\"entry-footer\"><div class=\"slide-meta\"><time class='slide-meta-time updated'  itemprop=\"datePublished\" datetime=\"2024-03-26T09:39:00+01:00\" >Mar\u00e7o 26, 2024<\/time><\/div><\/footer><span class='hidden'>\n\t\t\t\t<span class='av-structured-data'  itemprop=\"image\" itemscope=\"itemscope\" itemtype=\"https:\/\/schema.org\/ImageObject\" >\n\t\t\t\t\t\t<span itemprop='url'>https:\/\/segurosecidadania.pt\/wp-content\/uploads\/2024\/03\/defesa.jpg<\/span>\n\t\t\t\t\t\t<span itemprop='height'>800<\/span>\n\t\t\t\t\t\t<span itemprop='width'>2000<\/span>\n\t\t\t\t<\/span>\n\t\t\t\t<span class='av-structured-data'  itemprop=\"publisher\" itemtype=\"https:\/\/schema.org\/Organization\" itemscope=\"itemscope\" >\n\t\t\t\t\t\t<span itemprop='name'>admin<\/span>\n\t\t\t\t\t\t<span itemprop='logo' itemscope itemtype='https:\/\/schema.org\/ImageObject'>\n\t\t\t\t\t\t\t<span itemprop='url'>https:\/\/segurosecidadania.pt\/wp-content\/uploads\/2024\/01\/Seguro-Cidadania-Branco-01.png<\/span>\n\t\t\t\t\t\t<\/span>\n\t\t\t\t<\/span><span class='av-structured-data'  itemprop=\"author\" itemscope=\"itemscope\" itemtype=\"https:\/\/schema.org\/Person\" ><span itemprop='name'>admin<\/span><\/span><span class='av-structured-data'  itemprop=\"datePublished\" datetime=\"2024-03-27T12:18:58+01:00\" >2024-03-26 09:39:00<\/span><span class='av-structured-data'  itemprop=\"dateModified\" itemtype=\"https:\/\/schema.org\/dateModified\" >2024-03-29 10:21:02<\/span><span class='av-structured-data'  itemprop=\"mainEntityOfPage\" itemtype=\"https:\/\/schema.org\/mainEntityOfPage\" ><span itemprop='name'>COMISS\u00c3O LAN\u00c7A ESTRAT\u00c9GIA INDUSTRIAL EUROPEIA DE DEFESA<\/span><\/span><\/span><\/article><\/div><div class=\"slide-entry-wrap\"><article class='slide-entry flex_column  post-entry post-entry-1064 slide-entry-overview slide-loop-6 slide-parity-odd  av_fullwidth first real-thumbnail posttype-post post-format-quote'  itemscope=\"itemscope\" itemtype=\"https:\/\/schema.org\/CreativeWork\" ><a href='https:\/\/segurosecidadania.pt\/?p=1064' data-rel='slide-1' class='slide-image' title='RESULTADOS DO ESTUDO BECX 2023'><img decoding=\"async\" fetchpriority=\"high\" width=\"2000\" height=\"800\" src=\"https:\/\/segurosecidadania.pt\/wp-content\/uploads\/2024\/03\/Estudos.jpg\" class=\"wp-image-1126 avia-img-lazy-loading-not-1126 attachment-no scaling size-no scaling wp-post-image\" alt=\"\" srcset=\"https:\/\/segurosecidadania.pt\/wp-content\/uploads\/2024\/03\/Estudos.jpg 2000w, https:\/\/segurosecidadania.pt\/wp-content\/uploads\/2024\/03\/Estudos-300x120.jpg 300w, https:\/\/segurosecidadania.pt\/wp-content\/uploads\/2024\/03\/Estudos-1030x412.jpg 1030w, https:\/\/segurosecidadania.pt\/wp-content\/uploads\/2024\/03\/Estudos-768x307.jpg 768w, https:\/\/segurosecidadania.pt\/wp-content\/uploads\/2024\/03\/Estudos-1536x614.jpg 1536w, https:\/\/segurosecidadania.pt\/wp-content\/uploads\/2024\/03\/Estudos-1500x600.jpg 1500w, https:\/\/segurosecidadania.pt\/wp-content\/uploads\/2024\/03\/Estudos-705x282.jpg 705w\" sizes=\"(max-width: 2000px) 100vw, 2000px\" \/><\/a><div class=\"slide-content\"><header class=\"entry-content-header\"><h3 class='slide-entry-title entry-title '  itemprop=\"headline\" ><a href='https:\/\/segurosecidadania.pt\/?p=1064' title='RESULTADOS DO ESTUDO BECX 2023'>RESULTADOS DO ESTUDO BECX 2023<\/a><\/h3><span class=\"blog-categories minor-meta\"><a href=\"https:\/\/segurosecidadania.pt\/?cat=23\" rel=\"tag\">Estudos<\/a> <\/span><span class=\"av-vertical-delimiter\"><\/span><\/header><div class='slide-entry-excerpt entry-content'  itemprop=\"text\" >O estudo da Melhor Experi\u00eancia do Cliente, para 2023, levado a cabo pela Nova IMS, revelou que o setor segurador se posicionou no 2.\u00aa lugar do ranking.<div class=\"read-more-link\"><a href=\"https:\/\/segurosecidadania.pt\/?p=1064\" class=\"more-link\">Ler mais<span class=\"more-link-arrow\"><\/span><\/a><\/div><\/div><\/div><footer class=\"entry-footer\"><div class=\"slide-meta\"><time class='slide-meta-time updated'  itemprop=\"datePublished\" datetime=\"2024-03-26T09:38:00+01:00\" >Mar\u00e7o 26, 2024<\/time><\/div><\/footer><span class='hidden'>\n\t\t\t\t<span class='av-structured-data'  itemprop=\"image\" itemscope=\"itemscope\" itemtype=\"https:\/\/schema.org\/ImageObject\" >\n\t\t\t\t\t\t<span itemprop='url'>https:\/\/segurosecidadania.pt\/wp-content\/uploads\/2024\/03\/Estudos.jpg<\/span>\n\t\t\t\t\t\t<span itemprop='height'>800<\/span>\n\t\t\t\t\t\t<span itemprop='width'>2000<\/span>\n\t\t\t\t<\/span>\n\t\t\t\t<span class='av-structured-data'  itemprop=\"publisher\" itemtype=\"https:\/\/schema.org\/Organization\" itemscope=\"itemscope\" >\n\t\t\t\t\t\t<span itemprop='name'>admin<\/span>\n\t\t\t\t\t\t<span itemprop='logo' itemscope itemtype='https:\/\/schema.org\/ImageObject'>\n\t\t\t\t\t\t\t<span itemprop='url'>https:\/\/segurosecidadania.pt\/wp-content\/uploads\/2024\/01\/Seguro-Cidadania-Branco-01.png<\/span>\n\t\t\t\t\t\t<\/span>\n\t\t\t\t<\/span><span class='av-structured-data'  itemprop=\"author\" itemscope=\"itemscope\" itemtype=\"https:\/\/schema.org\/Person\" ><span itemprop='name'>admin<\/span><\/span><span class='av-structured-data'  itemprop=\"datePublished\" datetime=\"2024-03-27T12:18:58+01:00\" >2024-03-26 09:38:00<\/span><span class='av-structured-data'  itemprop=\"dateModified\" itemtype=\"https:\/\/schema.org\/dateModified\" >2024-03-29 10:21:53<\/span><span class='av-structured-data'  itemprop=\"mainEntityOfPage\" itemtype=\"https:\/\/schema.org\/mainEntityOfPage\" ><span itemprop='name'>RESULTADOS DO ESTUDO BECX 2023<\/span><\/span><\/span><\/article><\/div><div class=\"slide-entry-wrap\"><article class='slide-entry flex_column  post-entry post-entry-1014 slide-entry-overview slide-loop-7 slide-parity-odd  av_fullwidth first real-thumbnail posttype-post post-format-quote'  itemscope=\"itemscope\" itemtype=\"https:\/\/schema.org\/CreativeWork\" ><a href='https:\/\/segurosecidadania.pt\/?p=1014' data-rel='slide-1' class='slide-image' title='Terceira edi\u00e7\u00e3o do Curso An\u00e1lise de Riscos em Acidentes de Trabalho'><img decoding=\"async\" fetchpriority=\"high\" width=\"2000\" height=\"800\" src=\"https:\/\/segurosecidadania.pt\/wp-content\/uploads\/2024\/03\/fomacao-boa-2.jpg\" class=\"wp-image-1101 avia-img-lazy-loading-not-1101 attachment-no scaling size-no scaling wp-post-image\" alt=\"\" srcset=\"https:\/\/segurosecidadania.pt\/wp-content\/uploads\/2024\/03\/fomacao-boa-2.jpg 2000w, https:\/\/segurosecidadania.pt\/wp-content\/uploads\/2024\/03\/fomacao-boa-2-300x120.jpg 300w, https:\/\/segurosecidadania.pt\/wp-content\/uploads\/2024\/03\/fomacao-boa-2-1030x412.jpg 1030w, https:\/\/segurosecidadania.pt\/wp-content\/uploads\/2024\/03\/fomacao-boa-2-768x307.jpg 768w, https:\/\/segurosecidadania.pt\/wp-content\/uploads\/2024\/03\/fomacao-boa-2-1536x614.jpg 1536w, https:\/\/segurosecidadania.pt\/wp-content\/uploads\/2024\/03\/fomacao-boa-2-1500x600.jpg 1500w, https:\/\/segurosecidadania.pt\/wp-content\/uploads\/2024\/03\/fomacao-boa-2-705x282.jpg 705w\" sizes=\"(max-width: 2000px) 100vw, 2000px\" \/><\/a><div class=\"slide-content\"><header class=\"entry-content-header\"><h3 class='slide-entry-title entry-title '  itemprop=\"headline\" ><a href='https:\/\/segurosecidadania.pt\/?p=1014' title='Terceira edi\u00e7\u00e3o do Curso An\u00e1lise de Riscos em Acidentes de Trabalho'>Terceira edi\u00e7\u00e3o do Curso An\u00e1lise de Riscos em Acidentes de Trabalho<\/a><\/h3><span class=\"blog-categories minor-meta\"><a href=\"https:\/\/segurosecidadania.pt\/?cat=19\" rel=\"tag\">Forma\u00e7\u00e3o<\/a> <\/span><span class=\"av-vertical-delimiter\"><\/span><\/header><div class='slide-entry-excerpt entry-content'  itemprop=\"text\" >As inscri\u00e7\u00f5es est\u00e3o abertas para este curso, que decorrer\u00e1 de 10 de abril a 19 de junho de 2024. Este ano, na componente pr\u00e1tica, os formandos ter\u00e3o a possibilidade de visitar tr\u00eas unidades de risco, apostando na liga\u00e7\u00e3o das componentes te\u00f3ricas ao conhecimento pr\u00e1tico sobre locais de trabalho de diferentes setores.<div class=\"read-more-link\"><a href=\"https:\/\/segurosecidadania.pt\/?p=1014\" class=\"more-link\">Ler mais<span class=\"more-link-arrow\"><\/span><\/a><\/div><\/div><\/div><footer class=\"entry-footer\"><div class=\"slide-meta\"><time class='slide-meta-time updated'  itemprop=\"datePublished\" datetime=\"2024-03-26T09:37:00+01:00\" >Mar\u00e7o 26, 2024<\/time><\/div><\/footer><span class='hidden'>\n\t\t\t\t<span class='av-structured-data'  itemprop=\"image\" itemscope=\"itemscope\" itemtype=\"https:\/\/schema.org\/ImageObject\" >\n\t\t\t\t\t\t<span itemprop='url'>https:\/\/segurosecidadania.pt\/wp-content\/uploads\/2024\/03\/fomacao-boa-2.jpg<\/span>\n\t\t\t\t\t\t<span itemprop='height'>800<\/span>\n\t\t\t\t\t\t<span itemprop='width'>2000<\/span>\n\t\t\t\t<\/span>\n\t\t\t\t<span class='av-structured-data'  itemprop=\"publisher\" itemtype=\"https:\/\/schema.org\/Organization\" itemscope=\"itemscope\" >\n\t\t\t\t\t\t<span itemprop='name'>admin<\/span>\n\t\t\t\t\t\t<span itemprop='logo' itemscope itemtype='https:\/\/schema.org\/ImageObject'>\n\t\t\t\t\t\t\t<span itemprop='url'>https:\/\/segurosecidadania.pt\/wp-content\/uploads\/2024\/01\/Seguro-Cidadania-Branco-01.png<\/span>\n\t\t\t\t\t\t<\/span>\n\t\t\t\t<\/span><span class='av-structured-data'  itemprop=\"author\" itemscope=\"itemscope\" itemtype=\"https:\/\/schema.org\/Person\" ><span itemprop='name'>admin<\/span><\/span><span class='av-structured-data'  itemprop=\"datePublished\" datetime=\"2024-03-27T12:18:58+01:00\" >2024-03-26 09:37:00<\/span><span class='av-structured-data'  itemprop=\"dateModified\" itemtype=\"https:\/\/schema.org\/dateModified\" >2024-03-29 10:22:44<\/span><span class='av-structured-data'  itemprop=\"mainEntityOfPage\" itemtype=\"https:\/\/schema.org\/mainEntityOfPage\" ><span itemprop='name'>Terceira edi\u00e7\u00e3o do Curso An\u00e1lise de Riscos em Acidentes de Trabalho<\/span><\/span><\/span><\/article><\/div><div class=\"slide-entry-wrap\"><article class='slide-entry flex_column  post-entry post-entry-1010 slide-entry-overview slide-loop-8 slide-parity-odd  av_fullwidth first real-thumbnail posttype-post post-format-quote'  itemscope=\"itemscope\" itemtype=\"https:\/\/schema.org\/CreativeWork\" ><a href='https:\/\/segurosecidadania.pt\/?p=1010' data-rel='slide-1' class='slide-image' title='Curso sobre OS NOVOS REQUISITOS REGULAT\u00d3RIOS PARA AS EMPRESAS DE SEGUROS (CSRD)'><img decoding=\"async\" fetchpriority=\"high\" width=\"2000\" height=\"800\" src=\"https:\/\/segurosecidadania.pt\/wp-content\/uploads\/2024\/03\/formacao-3.jpg\" class=\"wp-image-1094 avia-img-lazy-loading-not-1094 attachment-no scaling size-no scaling wp-post-image\" alt=\"\" srcset=\"https:\/\/segurosecidadania.pt\/wp-content\/uploads\/2024\/03\/formacao-3.jpg 2000w, https:\/\/segurosecidadania.pt\/wp-content\/uploads\/2024\/03\/formacao-3-300x120.jpg 300w, https:\/\/segurosecidadania.pt\/wp-content\/uploads\/2024\/03\/formacao-3-1030x412.jpg 1030w, https:\/\/segurosecidadania.pt\/wp-content\/uploads\/2024\/03\/formacao-3-768x307.jpg 768w, https:\/\/segurosecidadania.pt\/wp-content\/uploads\/2024\/03\/formacao-3-1536x614.jpg 1536w, https:\/\/segurosecidadania.pt\/wp-content\/uploads\/2024\/03\/formacao-3-1500x600.jpg 1500w, https:\/\/segurosecidadania.pt\/wp-content\/uploads\/2024\/03\/formacao-3-705x282.jpg 705w\" sizes=\"(max-width: 2000px) 100vw, 2000px\" \/><\/a><div class=\"slide-content\"><header class=\"entry-content-header\"><h3 class='slide-entry-title entry-title '  itemprop=\"headline\" ><a href='https:\/\/segurosecidadania.pt\/?p=1010' title='Curso sobre OS NOVOS REQUISITOS REGULAT\u00d3RIOS PARA AS EMPRESAS DE SEGUROS (CSRD)'>Curso sobre OS NOVOS REQUISITOS REGULAT\u00d3RIOS PARA AS EMPRESAS DE SEGUROS (CSRD)<\/a><\/h3><span class=\"blog-categories minor-meta\"><a href=\"https:\/\/segurosecidadania.pt\/?cat=19\" rel=\"tag\">Forma\u00e7\u00e3o<\/a> <\/span><span class=\"av-vertical-delimiter\"><\/span><\/header><div class='slide-entry-excerpt entry-content'  itemprop=\"text\" >A realizar-se \u00e0 dist\u00e2ncia, nas tardes de 15 e 17 de abril de 2024, o curso CSRD: OS NOVOS REQUISITOS REGULAT\u00d3RIOS PARA AS EMPRESAS DE SEGUROS dirige-se aos colaboradores do setor segurador, nas \u00e1reas de sustentabilidade, jur\u00eddica, compliance, investimento ou que desempenham fun\u00e7\u00f5es com impacto em temas de sustentabilidade.<div class=\"read-more-link\"><a href=\"https:\/\/segurosecidadania.pt\/?p=1010\" class=\"more-link\">Ler mais<span class=\"more-link-arrow\"><\/span><\/a><\/div><\/div><\/div><footer class=\"entry-footer\"><div class=\"slide-meta\"><time class='slide-meta-time updated'  itemprop=\"datePublished\" datetime=\"2024-03-26T09:36:00+01:00\" >Mar\u00e7o 26, 2024<\/time><\/div><\/footer><span class='hidden'>\n\t\t\t\t<span class='av-structured-data'  itemprop=\"image\" itemscope=\"itemscope\" itemtype=\"https:\/\/schema.org\/ImageObject\" >\n\t\t\t\t\t\t<span itemprop='url'>https:\/\/segurosecidadania.pt\/wp-content\/uploads\/2024\/03\/formacao-3.jpg<\/span>\n\t\t\t\t\t\t<span itemprop='height'>800<\/span>\n\t\t\t\t\t\t<span itemprop='width'>2000<\/span>\n\t\t\t\t<\/span>\n\t\t\t\t<span class='av-structured-data'  itemprop=\"publisher\" itemtype=\"https:\/\/schema.org\/Organization\" itemscope=\"itemscope\" >\n\t\t\t\t\t\t<span itemprop='name'>admin<\/span>\n\t\t\t\t\t\t<span itemprop='logo' itemscope itemtype='https:\/\/schema.org\/ImageObject'>\n\t\t\t\t\t\t\t<span itemprop='url'>https:\/\/segurosecidadania.pt\/wp-content\/uploads\/2024\/01\/Seguro-Cidadania-Branco-01.png<\/span>\n\t\t\t\t\t\t<\/span>\n\t\t\t\t<\/span><span class='av-structured-data'  itemprop=\"author\" itemscope=\"itemscope\" itemtype=\"https:\/\/schema.org\/Person\" ><span itemprop='name'>admin<\/span><\/span><span class='av-structured-data'  itemprop=\"datePublished\" datetime=\"2024-03-27T12:18:58+01:00\" >2024-03-26 09:36:00<\/span><span class='av-structured-data'  itemprop=\"dateModified\" itemtype=\"https:\/\/schema.org\/dateModified\" >2024-03-27 12:42:57<\/span><span class='av-structured-data'  itemprop=\"mainEntityOfPage\" itemtype=\"https:\/\/schema.org\/mainEntityOfPage\" ><span itemprop='name'>Curso sobre OS NOVOS REQUISITOS REGULAT\u00d3RIOS PARA AS EMPRESAS DE SEGUROS (CSRD)<\/span><\/span><\/span><\/article><\/div><div class=\"slide-entry-wrap\"><article class='slide-entry flex_column  post-entry post-entry-1069 slide-entry-overview slide-loop-9 slide-parity-odd  av_fullwidth first real-thumbnail posttype-post post-format-quote'  itemscope=\"itemscope\" itemtype=\"https:\/\/schema.org\/CreativeWork\" ><a href='https:\/\/segurosecidadania.pt\/?p=1069' data-rel='slide-1' class='slide-image' title='APRESENTA\u00c7\u00c3O DO LIVRO \u201cBICICLETAS E TROTINETAS. SIM OU N\u00c3O?\u201d AO AGRUPAMENTO DE ESCOLAS GARCIA DE ORTA, NO PORTO'><img decoding=\"async\" fetchpriority=\"high\" width=\"2000\" height=\"800\" src=\"https:\/\/segurosecidadania.pt\/wp-content\/uploads\/2024\/03\/Apresentacao-do-livro.jpg\" class=\"wp-image-1088 avia-img-lazy-loading-not-1088 attachment-no scaling size-no scaling wp-post-image\" alt=\"\" srcset=\"https:\/\/segurosecidadania.pt\/wp-content\/uploads\/2024\/03\/Apresentacao-do-livro.jpg 2000w, https:\/\/segurosecidadania.pt\/wp-content\/uploads\/2024\/03\/Apresentacao-do-livro-300x120.jpg 300w, https:\/\/segurosecidadania.pt\/wp-content\/uploads\/2024\/03\/Apresentacao-do-livro-1030x412.jpg 1030w, https:\/\/segurosecidadania.pt\/wp-content\/uploads\/2024\/03\/Apresentacao-do-livro-768x307.jpg 768w, https:\/\/segurosecidadania.pt\/wp-content\/uploads\/2024\/03\/Apresentacao-do-livro-1536x614.jpg 1536w, https:\/\/segurosecidadania.pt\/wp-content\/uploads\/2024\/03\/Apresentacao-do-livro-1500x600.jpg 1500w, https:\/\/segurosecidadania.pt\/wp-content\/uploads\/2024\/03\/Apresentacao-do-livro-705x282.jpg 705w\" sizes=\"(max-width: 2000px) 100vw, 2000px\" \/><\/a><div class=\"slide-content\"><header class=\"entry-content-header\"><h3 class='slide-entry-title entry-title '  itemprop=\"headline\" ><a href='https:\/\/segurosecidadania.pt\/?p=1069' title='APRESENTA\u00c7\u00c3O DO LIVRO \u201cBICICLETAS E TROTINETAS. SIM OU N\u00c3O?\u201d AO AGRUPAMENTO DE ESCOLAS GARCIA DE ORTA, NO PORTO'>APRESENTA\u00c7\u00c3O DO LIVRO \u201cBICICLETAS E TROTINETAS. SIM OU N\u00c3O?\u201d AO AGRUPAMENTO DE ESCOLAS GARCIA DE ORTA, NO PORTO<\/a><\/h3><span class=\"blog-categories minor-meta\"><a href=\"https:\/\/segurosecidadania.pt\/?cat=2\" rel=\"tag\">Not\u00edcias<\/a> <\/span><span class=\"av-vertical-delimiter\"><\/span><\/header><div class='slide-entry-excerpt entry-content'  itemprop=\"text\" >O mais recente livro \u201cBicicletas e trotinetas. Sim ou n\u00e3o?\u201d, da cole\u00e7\u00e3o da APS, foi apresentado a alunos do Agrupamento de Escolas Garcia de Orta, na Funda\u00e7\u00e3o Dr. Ant\u00f3nio Cupertino de Miranda, no Porto.\n\n<div class=\"read-more-link\"><a href=\"https:\/\/segurosecidadania.pt\/?p=1069\" class=\"more-link\">Ler mais<span class=\"more-link-arrow\"><\/span><\/a><\/div><\/div><\/div><footer class=\"entry-footer\"><div class=\"slide-meta\"><time class='slide-meta-time updated'  itemprop=\"datePublished\" datetime=\"2024-03-26T09:35:00+01:00\" >Mar\u00e7o 26, 2024<\/time><\/div><\/footer><span class='hidden'>\n\t\t\t\t<span class='av-structured-data'  itemprop=\"image\" itemscope=\"itemscope\" itemtype=\"https:\/\/schema.org\/ImageObject\" >\n\t\t\t\t\t\t<span itemprop='url'>https:\/\/segurosecidadania.pt\/wp-content\/uploads\/2024\/03\/Apresentacao-do-livro.jpg<\/span>\n\t\t\t\t\t\t<span itemprop='height'>800<\/span>\n\t\t\t\t\t\t<span itemprop='width'>2000<\/span>\n\t\t\t\t<\/span>\n\t\t\t\t<span class='av-structured-data'  itemprop=\"publisher\" itemtype=\"https:\/\/schema.org\/Organization\" itemscope=\"itemscope\" >\n\t\t\t\t\t\t<span itemprop='name'>admin<\/span>\n\t\t\t\t\t\t<span itemprop='logo' itemscope itemtype='https:\/\/schema.org\/ImageObject'>\n\t\t\t\t\t\t\t<span itemprop='url'>https:\/\/segurosecidadania.pt\/wp-content\/uploads\/2024\/01\/Seguro-Cidadania-Branco-01.png<\/span>\n\t\t\t\t\t\t<\/span>\n\t\t\t\t<\/span><span class='av-structured-data'  itemprop=\"author\" itemscope=\"itemscope\" itemtype=\"https:\/\/schema.org\/Person\" ><span itemprop='name'>admin<\/span><\/span><span class='av-structured-data'  itemprop=\"datePublished\" datetime=\"2024-03-27T12:18:58+01:00\" >2024-03-26 09:35:00<\/span><span class='av-structured-data'  itemprop=\"dateModified\" itemtype=\"https:\/\/schema.org\/dateModified\" >2024-03-27 12:43:57<\/span><span class='av-structured-data'  itemprop=\"mainEntityOfPage\" itemtype=\"https:\/\/schema.org\/mainEntityOfPage\" ><span itemprop='name'>APRESENTA\u00c7\u00c3O DO LIVRO \u201cBICICLETAS E TROTINETAS. SIM OU N\u00c3O?\u201d AO AGRUPAMENTO DE ESCOLAS GARCIA DE ORTA, NO PORTO<\/span><\/span><\/span><\/article><\/div><div class=\"slide-entry-wrap\"><article class='slide-entry flex_column  post-entry post-entry-999 slide-entry-overview slide-loop-10 slide-parity-odd  av_fullwidth first real-thumbnail posttype-post post-format-quote'  itemscope=\"itemscope\" itemtype=\"https:\/\/schema.org\/CreativeWork\" ><a href='https:\/\/segurosecidadania.pt\/?p=999' data-rel='slide-1' class='slide-image' title='PROTOCOLO DE COOPERA\u00c7\u00c3O ENTRE APS E PSP'><img decoding=\"async\" fetchpriority=\"high\" width=\"2000\" height=\"800\" src=\"https:\/\/segurosecidadania.pt\/wp-content\/uploads\/2024\/03\/PSP-1.jpg\" class=\"wp-image-1151 avia-img-lazy-loading-not-1151 attachment-no scaling size-no scaling wp-post-image\" alt=\"\" srcset=\"https:\/\/segurosecidadania.pt\/wp-content\/uploads\/2024\/03\/PSP-1.jpg 2000w, https:\/\/segurosecidadania.pt\/wp-content\/uploads\/2024\/03\/PSP-1-300x120.jpg 300w, https:\/\/segurosecidadania.pt\/wp-content\/uploads\/2024\/03\/PSP-1-1030x412.jpg 1030w, https:\/\/segurosecidadania.pt\/wp-content\/uploads\/2024\/03\/PSP-1-768x307.jpg 768w, https:\/\/segurosecidadania.pt\/wp-content\/uploads\/2024\/03\/PSP-1-1536x614.jpg 1536w, https:\/\/segurosecidadania.pt\/wp-content\/uploads\/2024\/03\/PSP-1-1500x600.jpg 1500w, https:\/\/segurosecidadania.pt\/wp-content\/uploads\/2024\/03\/PSP-1-705x282.jpg 705w\" sizes=\"(max-width: 2000px) 100vw, 2000px\" \/><\/a><div class=\"slide-content\"><header class=\"entry-content-header\"><h3 class='slide-entry-title entry-title '  itemprop=\"headline\" ><a href='https:\/\/segurosecidadania.pt\/?p=999' title='PROTOCOLO DE COOPERA\u00c7\u00c3O ENTRE APS E PSP'>PROTOCOLO DE COOPERA\u00c7\u00c3O ENTRE APS E PSP<\/a><\/h3><span class=\"blog-categories minor-meta\"><a href=\"https:\/\/segurosecidadania.pt\/?cat=2\" rel=\"tag\">Not\u00edcias<\/a> <\/span><span class=\"av-vertical-delimiter\"><\/span><\/header><div class='slide-entry-excerpt entry-content'  itemprop=\"text\" >A APS e a PSP assinaram, no passado dia 18 de mar\u00e7o, um novo Protocolo que visa enquadrar e regular os princ\u00edpios gerais respeitantes \u00e0 constitui\u00e7\u00e3o e utiliza\u00e7\u00e3o dos \u201cServi\u00e7os de Integra\u00e7\u00e3o de Processos\u201d.<div class=\"read-more-link\"><a href=\"https:\/\/segurosecidadania.pt\/?p=999\" class=\"more-link\">Ler mais<span class=\"more-link-arrow\"><\/span><\/a><\/div><\/div><\/div><footer class=\"entry-footer\"><div class=\"slide-meta\"><time class='slide-meta-time updated'  itemprop=\"datePublished\" datetime=\"2024-03-26T09:34:00+01:00\" >Mar\u00e7o 26, 2024<\/time><\/div><\/footer><span class='hidden'>\n\t\t\t\t<span class='av-structured-data'  itemprop=\"image\" itemscope=\"itemscope\" itemtype=\"https:\/\/schema.org\/ImageObject\" >\n\t\t\t\t\t\t<span itemprop='url'>https:\/\/segurosecidadania.pt\/wp-content\/uploads\/2024\/03\/PSP-1.jpg<\/span>\n\t\t\t\t\t\t<span itemprop='height'>800<\/span>\n\t\t\t\t\t\t<span itemprop='width'>2000<\/span>\n\t\t\t\t<\/span>\n\t\t\t\t<span class='av-structured-data'  itemprop=\"publisher\" itemtype=\"https:\/\/schema.org\/Organization\" itemscope=\"itemscope\" >\n\t\t\t\t\t\t<span itemprop='name'>admin<\/span>\n\t\t\t\t\t\t<span itemprop='logo' itemscope itemtype='https:\/\/schema.org\/ImageObject'>\n\t\t\t\t\t\t\t<span itemprop='url'>https:\/\/segurosecidadania.pt\/wp-content\/uploads\/2024\/01\/Seguro-Cidadania-Branco-01.png<\/span>\n\t\t\t\t\t\t<\/span>\n\t\t\t\t<\/span><span class='av-structured-data'  itemprop=\"author\" itemscope=\"itemscope\" itemtype=\"https:\/\/schema.org\/Person\" ><span itemprop='name'>admin<\/span><\/span><span class='av-structured-data'  itemprop=\"datePublished\" datetime=\"2024-03-27T12:18:58+01:00\" >2024-03-26 09:34:00<\/span><span class='av-structured-data'  itemprop=\"dateModified\" itemtype=\"https:\/\/schema.org\/dateModified\" >2024-03-27 15:36:35<\/span><span class='av-structured-data'  itemprop=\"mainEntityOfPage\" itemtype=\"https:\/\/schema.org\/mainEntityOfPage\" ><span itemprop='name'>PROTOCOLO DE COOPERA\u00c7\u00c3O ENTRE APS E PSP<\/span><\/span><\/span><\/article><\/div><div class=\"slide-entry-wrap\"><article class='slide-entry flex_column  post-entry post-entry-1075 slide-entry-overview slide-loop-11 slide-parity-odd  av_fullwidth first real-thumbnail posttype-post post-format-quote'  itemscope=\"itemscope\" itemtype=\"https:\/\/schema.org\/CreativeWork\" ><a href='https:\/\/segurosecidadania.pt\/?p=1075' data-rel='slide-1' class='slide-image' title='ENCONTRO INTERNACIONAL DE RESSEGUROS 2024'><img decoding=\"async\" fetchpriority=\"high\" width=\"2001\" height=\"801\" src=\"https:\/\/segurosecidadania.pt\/wp-content\/uploads\/2024\/03\/header-2.jpg\" class=\"wp-image-1139 avia-img-lazy-loading-not-1139 attachment-no scaling size-no scaling wp-post-image\" alt=\"\" srcset=\"https:\/\/segurosecidadania.pt\/wp-content\/uploads\/2024\/03\/header-2.jpg 2001w, https:\/\/segurosecidadania.pt\/wp-content\/uploads\/2024\/03\/header-2-300x120.jpg 300w, https:\/\/segurosecidadania.pt\/wp-content\/uploads\/2024\/03\/header-2-1030x412.jpg 1030w, https:\/\/segurosecidadania.pt\/wp-content\/uploads\/2024\/03\/header-2-768x307.jpg 768w, https:\/\/segurosecidadania.pt\/wp-content\/uploads\/2024\/03\/header-2-1536x615.jpg 1536w, https:\/\/segurosecidadania.pt\/wp-content\/uploads\/2024\/03\/header-2-1500x600.jpg 1500w, https:\/\/segurosecidadania.pt\/wp-content\/uploads\/2024\/03\/header-2-705x282.jpg 705w\" sizes=\"(max-width: 2001px) 100vw, 2001px\" \/><\/a><div class=\"slide-content\"><header class=\"entry-content-header\"><h3 class='slide-entry-title entry-title '  itemprop=\"headline\" ><a href='https:\/\/segurosecidadania.pt\/?p=1075' title='ENCONTRO INTERNACIONAL DE RESSEGUROS 2024'>ENCONTRO INTERNACIONAL DE RESSEGUROS 2024<\/a><\/h3><span class=\"blog-categories minor-meta\"><a href=\"https:\/\/segurosecidadania.pt\/?cat=2\" rel=\"tag\">Not\u00edcias<\/a> <\/span><span class=\"av-vertical-delimiter\"><\/span><\/header><div class='slide-entry-excerpt entry-content'  itemprop=\"text\" >Est\u00e3o abertas as inscri\u00e7\u00f5es para o XIX Encontro Internacional de Resseguros, que se realiza nos dias 23 e 24 de maio de 2024, no Pal\u00e1cio Estoril Hotel, Golf & Wellness.<div class=\"read-more-link\"><a href=\"https:\/\/segurosecidadania.pt\/?p=1075\" class=\"more-link\">Ler mais<span class=\"more-link-arrow\"><\/span><\/a><\/div><\/div><\/div><footer class=\"entry-footer\"><div class=\"slide-meta\"><time class='slide-meta-time updated'  itemprop=\"datePublished\" datetime=\"2024-03-26T09:33:00+01:00\" >Mar\u00e7o 26, 2024<\/time><\/div><\/footer><span class='hidden'>\n\t\t\t\t<span class='av-structured-data'  itemprop=\"image\" itemscope=\"itemscope\" itemtype=\"https:\/\/schema.org\/ImageObject\" >\n\t\t\t\t\t\t<span itemprop='url'>https:\/\/segurosecidadania.pt\/wp-content\/uploads\/2024\/03\/header-2.jpg<\/span>\n\t\t\t\t\t\t<span itemprop='height'>801<\/span>\n\t\t\t\t\t\t<span itemprop='width'>2001<\/span>\n\t\t\t\t<\/span>\n\t\t\t\t<span class='av-structured-data'  itemprop=\"publisher\" itemtype=\"https:\/\/schema.org\/Organization\" itemscope=\"itemscope\" >\n\t\t\t\t\t\t<span itemprop='name'>admin<\/span>\n\t\t\t\t\t\t<span itemprop='logo' itemscope itemtype='https:\/\/schema.org\/ImageObject'>\n\t\t\t\t\t\t\t<span itemprop='url'>https:\/\/segurosecidadania.pt\/wp-content\/uploads\/2024\/01\/Seguro-Cidadania-Branco-01.png<\/span>\n\t\t\t\t\t\t<\/span>\n\t\t\t\t<\/span><span class='av-structured-data'  itemprop=\"author\" itemscope=\"itemscope\" itemtype=\"https:\/\/schema.org\/Person\" ><span itemprop='name'>admin<\/span><\/span><span class='av-structured-data'  itemprop=\"datePublished\" datetime=\"2024-03-27T12:18:58+01:00\" >2024-03-26 09:33:00<\/span><span class='av-structured-data'  itemprop=\"dateModified\" itemtype=\"https:\/\/schema.org\/dateModified\" >2024-03-29 10:24:12<\/span><span class='av-structured-data'  itemprop=\"mainEntityOfPage\" itemtype=\"https:\/\/schema.org\/mainEntityOfPage\" ><span itemprop='name'>ENCONTRO INTERNACIONAL DE RESSEGUROS 2024<\/span><\/span><\/span><\/article><\/div><div class=\"slide-entry-wrap\"><article class='slide-entry flex_column  post-entry post-entry-1078 slide-entry-overview slide-loop-12 slide-parity-odd  av_fullwidth first real-thumbnail posttype-post post-format-quote'  itemscope=\"itemscope\" itemtype=\"https:\/\/schema.org\/CreativeWork\" ><a href='https:\/\/segurosecidadania.pt\/?p=1078' data-rel='slide-1' class='slide-image' title='14.\u00aa CONFER\u00caNCIA INTERNACIONAL DA INSURANCE EUROPE'><img decoding=\"async\" fetchpriority=\"high\" width=\"2000\" height=\"800\" src=\"https:\/\/segurosecidadania.pt\/wp-content\/uploads\/2024\/03\/Insurance-Europe.png\" class=\"wp-image-1081 avia-img-lazy-loading-not-1081 attachment-no scaling size-no scaling wp-post-image\" alt=\"\" srcset=\"https:\/\/segurosecidadania.pt\/wp-content\/uploads\/2024\/03\/Insurance-Europe.png 2000w, https:\/\/segurosecidadania.pt\/wp-content\/uploads\/2024\/03\/Insurance-Europe-300x120.png 300w, https:\/\/segurosecidadania.pt\/wp-content\/uploads\/2024\/03\/Insurance-Europe-1030x412.png 1030w, https:\/\/segurosecidadania.pt\/wp-content\/uploads\/2024\/03\/Insurance-Europe-768x307.png 768w, https:\/\/segurosecidadania.pt\/wp-content\/uploads\/2024\/03\/Insurance-Europe-1536x614.png 1536w, https:\/\/segurosecidadania.pt\/wp-content\/uploads\/2024\/03\/Insurance-Europe-1500x600.png 1500w, https:\/\/segurosecidadania.pt\/wp-content\/uploads\/2024\/03\/Insurance-Europe-705x282.png 705w\" sizes=\"(max-width: 2000px) 100vw, 2000px\" \/><\/a><div class=\"slide-content\"><header class=\"entry-content-header\"><h3 class='slide-entry-title entry-title '  itemprop=\"headline\" ><a href='https:\/\/segurosecidadania.pt\/?p=1078' title='14.\u00aa CONFER\u00caNCIA INTERNACIONAL DA INSURANCE EUROPE'>14.\u00aa CONFER\u00caNCIA INTERNACIONAL DA INSURANCE EUROPE<\/a><\/h3><span class=\"blog-categories minor-meta\"><a href=\"https:\/\/segurosecidadania.pt\/?cat=2\" rel=\"tag\">Not\u00edcias<\/a> <\/span><span class=\"av-vertical-delimiter\"><\/span><\/header><div class='slide-entry-excerpt entry-content'  itemprop=\"text\" >Proteger. Conectar. Investir. Este \u00e9 o mote da pr\u00f3xima edi\u00e7\u00e3o da Confer\u00eancia Internacional da Insurance Europe que decorrer\u00e1 em Hels\u00ednquia (Finl\u00e2ndia), no dia 30 de maio.<div class=\"read-more-link\"><a href=\"https:\/\/segurosecidadania.pt\/?p=1078\" class=\"more-link\">Ler mais<span class=\"more-link-arrow\"><\/span><\/a><\/div><\/div><\/div><footer class=\"entry-footer\"><div class=\"slide-meta\"><time class='slide-meta-time updated'  itemprop=\"datePublished\" datetime=\"2024-03-26T09:32:00+01:00\" >Mar\u00e7o 26, 2024<\/time><\/div><\/footer><span class='hidden'>\n\t\t\t\t<span class='av-structured-data'  itemprop=\"image\" itemscope=\"itemscope\" itemtype=\"https:\/\/schema.org\/ImageObject\" >\n\t\t\t\t\t\t<span itemprop='url'>https:\/\/segurosecidadania.pt\/wp-content\/uploads\/2024\/03\/Insurance-Europe.png<\/span>\n\t\t\t\t\t\t<span itemprop='height'>800<\/span>\n\t\t\t\t\t\t<span itemprop='width'>2000<\/span>\n\t\t\t\t<\/span>\n\t\t\t\t<span class='av-structured-data'  itemprop=\"publisher\" itemtype=\"https:\/\/schema.org\/Organization\" itemscope=\"itemscope\" >\n\t\t\t\t\t\t<span itemprop='name'>admin<\/span>\n\t\t\t\t\t\t<span itemprop='logo' itemscope itemtype='https:\/\/schema.org\/ImageObject'>\n\t\t\t\t\t\t\t<span itemprop='url'>https:\/\/segurosecidadania.pt\/wp-content\/uploads\/2024\/01\/Seguro-Cidadania-Branco-01.png<\/span>\n\t\t\t\t\t\t<\/span>\n\t\t\t\t<\/span><span class='av-structured-data'  itemprop=\"author\" itemscope=\"itemscope\" itemtype=\"https:\/\/schema.org\/Person\" ><span itemprop='name'>admin<\/span><\/span><span class='av-structured-data'  itemprop=\"datePublished\" datetime=\"2024-03-27T12:18:58+01:00\" >2024-03-26 09:32:00<\/span><span class='av-structured-data'  itemprop=\"dateModified\" itemtype=\"https:\/\/schema.org\/dateModified\" >2024-03-29 10:25:18<\/span><span class='av-structured-data'  itemprop=\"mainEntityOfPage\" itemtype=\"https:\/\/schema.org\/mainEntityOfPage\" ><span itemprop='name'>14.\u00aa CONFER\u00caNCIA INTERNACIONAL DA INSURANCE EUROPE<\/span><\/span><\/span><\/article><\/div><div class=\"slide-entry-wrap\"><article class='slide-entry flex_column  post-entry post-entry-1083 slide-entry-overview slide-loop-13 slide-parity-odd  av_fullwidth first real-thumbnail posttype-post post-format-quote'  itemscope=\"itemscope\" itemtype=\"https:\/\/schema.org\/CreativeWork\" ><a href='https:\/\/segurosecidadania.pt\/?p=1083' data-rel='slide-1' class='slide-image' title='TEM EMPREGADO DOM\u00c9STICO? SABE QUAIS S\u00c3O AS SUAS OBRIGA\u00c7\u00d5ES?'><img decoding=\"async\" fetchpriority=\"high\" width=\"2000\" height=\"800\" src=\"https:\/\/segurosecidadania.pt\/wp-content\/uploads\/2024\/03\/Limpeza.jpg\" class=\"wp-image-1092 avia-img-lazy-loading-not-1092 attachment-no scaling size-no scaling wp-post-image\" alt=\"\" srcset=\"https:\/\/segurosecidadania.pt\/wp-content\/uploads\/2024\/03\/Limpeza.jpg 2000w, https:\/\/segurosecidadania.pt\/wp-content\/uploads\/2024\/03\/Limpeza-300x120.jpg 300w, https:\/\/segurosecidadania.pt\/wp-content\/uploads\/2024\/03\/Limpeza-1030x412.jpg 1030w, https:\/\/segurosecidadania.pt\/wp-content\/uploads\/2024\/03\/Limpeza-768x307.jpg 768w, https:\/\/segurosecidadania.pt\/wp-content\/uploads\/2024\/03\/Limpeza-1536x614.jpg 1536w, https:\/\/segurosecidadania.pt\/wp-content\/uploads\/2024\/03\/Limpeza-1500x600.jpg 1500w, https:\/\/segurosecidadania.pt\/wp-content\/uploads\/2024\/03\/Limpeza-705x282.jpg 705w\" sizes=\"(max-width: 2000px) 100vw, 2000px\" \/><\/a><div class=\"slide-content\"><header class=\"entry-content-header\"><h3 class='slide-entry-title entry-title '  itemprop=\"headline\" ><a href='https:\/\/segurosecidadania.pt\/?p=1083' title='TEM EMPREGADO DOM\u00c9STICO? SABE QUAIS S\u00c3O AS SUAS OBRIGA\u00c7\u00d5ES?'>TEM EMPREGADO DOM\u00c9STICO? SABE QUAIS S\u00c3O AS SUAS OBRIGA\u00c7\u00d5ES?<\/a><\/h3><span class=\"blog-categories minor-meta\"><a href=\"https:\/\/segurosecidadania.pt\/?cat=24\" rel=\"tag\">Informa\u00e7\u00e3o<\/a> <\/span><span class=\"av-vertical-delimiter\"><\/span><\/header><div class='slide-entry-excerpt entry-content'  itemprop=\"text\" >A Lei n\u00ba 13\/2023, de 13 de abril, que alterou o C\u00f3digo do Trabalho, veio estabelecer novas obriga\u00e7\u00f5es para quem contrate empregado dom\u00e9stico. As modifica\u00e7\u00f5es t\u00eam impacto no contrato de trabalho, nas obriga\u00e7\u00f5es \u00e0 Seguran\u00e7a Social e, necessariamente, na contrata\u00e7\u00e3o de seguro de acidentes de trabalho, enquanto seguro obrigat\u00f3rio.\n\n<div class=\"read-more-link\"><a href=\"https:\/\/segurosecidadania.pt\/?p=1083\" class=\"more-link\">Ler mais<span class=\"more-link-arrow\"><\/span><\/a><\/div><\/div><\/div><footer class=\"entry-footer\"><div class=\"slide-meta\"><time class='slide-meta-time updated'  itemprop=\"datePublished\" datetime=\"2024-03-26T09:31:00+01:00\" >Mar\u00e7o 26, 2024<\/time><\/div><\/footer><span class='hidden'>\n\t\t\t\t<span class='av-structured-data'  itemprop=\"image\" itemscope=\"itemscope\" itemtype=\"https:\/\/schema.org\/ImageObject\" >\n\t\t\t\t\t\t<span itemprop='url'>https:\/\/segurosecidadania.pt\/wp-content\/uploads\/2024\/03\/Limpeza.jpg<\/span>\n\t\t\t\t\t\t<span itemprop='height'>800<\/span>\n\t\t\t\t\t\t<span itemprop='width'>2000<\/span>\n\t\t\t\t<\/span>\n\t\t\t\t<span class='av-structured-data'  itemprop=\"publisher\" itemtype=\"https:\/\/schema.org\/Organization\" itemscope=\"itemscope\" >\n\t\t\t\t\t\t<span itemprop='name'>admin<\/span>\n\t\t\t\t\t\t<span itemprop='logo' itemscope itemtype='https:\/\/schema.org\/ImageObject'>\n\t\t\t\t\t\t\t<span itemprop='url'>https:\/\/segurosecidadania.pt\/wp-content\/uploads\/2024\/01\/Seguro-Cidadania-Branco-01.png<\/span>\n\t\t\t\t\t\t<\/span>\n\t\t\t\t<\/span><span class='av-structured-data'  itemprop=\"author\" itemscope=\"itemscope\" itemtype=\"https:\/\/schema.org\/Person\" ><span itemprop='name'>admin<\/span><\/span><span class='av-structured-data'  itemprop=\"datePublished\" datetime=\"2024-03-27T12:18:58+01:00\" >2024-03-26 09:31:00<\/span><span class='av-structured-data'  itemprop=\"dateModified\" itemtype=\"https:\/\/schema.org\/dateModified\" >2024-03-29 10:26:27<\/span><span class='av-structured-data'  itemprop=\"mainEntityOfPage\" itemtype=\"https:\/\/schema.org\/mainEntityOfPage\" ><span itemprop='name'>TEM EMPREGADO DOM\u00c9STICO? SABE QUAIS S\u00c3O AS SUAS OBRIGA\u00c7\u00d5ES?<\/span><\/span><\/span><\/article><\/div><div class=\"slide-entry-wrap\"><article class='slide-entry flex_column  post-entry post-entry-1143 slide-entry-overview slide-loop-14 slide-parity-odd  post-entry-last  av_fullwidth first real-thumbnail posttype-post post-format-standard'  itemscope=\"itemscope\" itemtype=\"https:\/\/schema.org\/CreativeWork\" ><a href='https:\/\/segurosecidadania.pt\/?p=1143' data-rel='slide-1' class='slide-image' title='A ARBITRAGEM NECESS\u00c1RIA. UMA VERDADEIRA NECESSIDADE!'><img decoding=\"async\" fetchpriority=\"high\" width=\"2000\" height=\"800\" src=\"https:\/\/segurosecidadania.pt\/wp-content\/uploads\/2024\/03\/arbitrariedade.jpg\" class=\"wp-image-1089 avia-img-lazy-loading-not-1089 attachment-no scaling size-no scaling wp-post-image\" alt=\"\" srcset=\"https:\/\/segurosecidadania.pt\/wp-content\/uploads\/2024\/03\/arbitrariedade.jpg 2000w, https:\/\/segurosecidadania.pt\/wp-content\/uploads\/2024\/03\/arbitrariedade-300x120.jpg 300w, https:\/\/segurosecidadania.pt\/wp-content\/uploads\/2024\/03\/arbitrariedade-1030x412.jpg 1030w, https:\/\/segurosecidadania.pt\/wp-content\/uploads\/2024\/03\/arbitrariedade-768x307.jpg 768w, https:\/\/segurosecidadania.pt\/wp-content\/uploads\/2024\/03\/arbitrariedade-1536x614.jpg 1536w, https:\/\/segurosecidadania.pt\/wp-content\/uploads\/2024\/03\/arbitrariedade-1500x600.jpg 1500w, https:\/\/segurosecidadania.pt\/wp-content\/uploads\/2024\/03\/arbitrariedade-705x282.jpg 705w\" sizes=\"(max-width: 2000px) 100vw, 2000px\" \/><\/a><div class=\"slide-content\"><header class=\"entry-content-header\"><h3 class='slide-entry-title entry-title '  itemprop=\"headline\" ><a href='https:\/\/segurosecidadania.pt\/?p=1143' title='A ARBITRAGEM NECESS\u00c1RIA. UMA VERDADEIRA NECESSIDADE!'>A ARBITRAGEM NECESS\u00c1RIA. UMA VERDADEIRA NECESSIDADE!<\/a><\/h3><span class=\"blog-categories minor-meta\"><a href=\"https:\/\/segurosecidadania.pt\/?cat=15\" rel=\"tag\">Opini\u00e3o<\/a> <\/span><span class=\"av-vertical-delimiter\"><\/span><\/header><div class='slide-entry-excerpt entry-content'  itemprop=\"text\" >Passaram 23 anos desde que o CIMPAS \u2013 Centro de Informa\u00e7\u00e3o, Media\u00e7\u00e3o, Provedoria e Arbitragem de Seguros iniciou a sua atividade. Um j\u00e1 longo caminho percorrido que lhe conferiu o estatuto de entidade especializada na resolu\u00e7\u00e3o de lit\u00edgios da \u00e1rea seguradora e para o qual muito contribui uma equipa composta por colaboradores, \u00c1rbitros e membros dos \u00f3rg\u00e3os sociais, numa aprendizagem e partilha de conhecimentos constantes.<div class=\"read-more-link\"><a href=\"https:\/\/segurosecidadania.pt\/?p=1143\" class=\"more-link\">Ler mais<span class=\"more-link-arrow\"><\/span><\/a><\/div><\/div><\/div><footer class=\"entry-footer\"><div class=\"slide-meta\"><time class='slide-meta-time updated'  itemprop=\"datePublished\" datetime=\"2024-03-26T09:30:00+01:00\" >Mar\u00e7o 26, 2024<\/time><\/div><\/footer><span class='hidden'>\n\t\t\t\t<span class='av-structured-data'  itemprop=\"image\" itemscope=\"itemscope\" itemtype=\"https:\/\/schema.org\/ImageObject\" >\n\t\t\t\t\t\t<span itemprop='url'>https:\/\/segurosecidadania.pt\/wp-content\/uploads\/2024\/03\/arbitrariedade.jpg<\/span>\n\t\t\t\t\t\t<span itemprop='height'>800<\/span>\n\t\t\t\t\t\t<span itemprop='width'>2000<\/span>\n\t\t\t\t<\/span>\n\t\t\t\t<span class='av-structured-data'  itemprop=\"publisher\" itemtype=\"https:\/\/schema.org\/Organization\" itemscope=\"itemscope\" >\n\t\t\t\t\t\t<span itemprop='name'>Frederico Nunes<\/span>\n\t\t\t\t\t\t<span itemprop='logo' itemscope itemtype='https:\/\/schema.org\/ImageObject'>\n\t\t\t\t\t\t\t<span itemprop='url'>https:\/\/segurosecidadania.pt\/wp-content\/uploads\/2024\/01\/Seguro-Cidadania-Branco-01.png<\/span>\n\t\t\t\t\t\t<\/span>\n\t\t\t\t<\/span><span class='av-structured-data'  itemprop=\"author\" itemscope=\"itemscope\" itemtype=\"https:\/\/schema.org\/Person\" ><span itemprop='name'>Frederico Nunes<\/span><\/span><span class='av-structured-data'  itemprop=\"datePublished\" datetime=\"2024-03-27T12:18:58+01:00\" >2024-03-26 09:30:00<\/span><span class='av-structured-data'  itemprop=\"dateModified\" itemtype=\"https:\/\/schema.org\/dateModified\" >2024-03-28 09:36:20<\/span><span class='av-structured-data'  itemprop=\"mainEntityOfPage\" itemtype=\"https:\/\/schema.org\/mainEntityOfPage\" ><span itemprop='name'>A ARBITRAGEM NECESS\u00c1RIA. UMA VERDADEIRA NECESSIDADE!<\/span><\/span><\/span><\/article><\/div><\/div><\/div>\n","protected":false},"excerpt":{"rendered":"","protected":false},"author":1,"featured_media":0,"parent":0,"menu_order":0,"comment_status":"closed","ping_status":"closed","template":"","meta":{"footnotes":""},"class_list":["post-978","page","type-page","status-publish","hentry"],"_links":{"self":[{"href":"https:\/\/segurosecidadania.pt\/index.php?rest_route=\/wp\/v2\/pages\/978","targetHints":{"allow":["GET"]}}],"collection":[{"href":"https:\/\/segurosecidadania.pt\/index.php?rest_route=\/wp\/v2\/pages"}],"about":[{"href":"https:\/\/segurosecidadania.pt\/index.php?rest_route=\/wp\/v2\/types\/page"}],"author":[{"embeddable":true,"href":"https:\/\/segurosecidadania.pt\/index.php?rest_route=\/wp\/v2\/users\/1"}],"replies":[{"embeddable":true,"href":"https:\/\/segurosecidadania.pt\/index.php?rest_route=%2Fwp%2Fv2%2Fcomments&post=978"}],"version-history":[{"count":7,"href":"https:\/\/segurosecidadania.pt\/index.php?rest_route=\/wp\/v2\/pages\/978\/revisions"}],"predecessor-version":[{"id":1125,"href":"https:\/\/segurosecidadania.pt\/index.php?rest_route=\/wp\/v2\/pages\/978\/revisions\/1125"}],"wp:attachment":[{"href":"https:\/\/segurosecidadania.pt\/index.php?rest_route=%2Fwp%2Fv2%2Fmedia&parent=978"}],"curies":[{"name":"wp","href":"https:\/\/api.w.org\/{rel}","templated":true}]}}