{"id":2131,"date":"2025-09-29T11:02:33","date_gmt":"2025-09-29T10:02:33","guid":{"rendered":"https:\/\/segurosecidadania.pt\/?page_id=2131"},"modified":"2025-09-29T11:04:01","modified_gmt":"2025-09-29T10:04:01","slug":"aps-noticias-12-2-2-2-2-2-2","status":"publish","type":"page","link":"https:\/\/segurosecidadania.pt\/?page_id=2131","title":{"rendered":"Newsletter APS #11"},"content":{"rendered":"\n<style type=\"text\/css\" data-created_by=\"avia_inline_auto\" id=\"style-css-av-3wdudf-6b250797c9fe75b7f351efb8c311978e\">\n.avia-section.av-3wdudf-6b250797c9fe75b7f351efb8c311978e{\nbackground-color:#2c5778;\nbackground-image:unset;\nz-index:0;\nposition:relative;\n}\n.av-curtain-footer.av-curtain-activated #main .avia-section.av-3wdudf-6b250797c9fe75b7f351efb8c311978e{\nz-index:0;\n}\n<\/style>\n<div id='av_section_1'  class='avia-section av-3wdudf-6b250797c9fe75b7f351efb8c311978e main_color avia-section-small avia-no-border-styling  avia-builder-el-0  el_before_av_blog  avia-builder-el-first  avia-bg-style-fixed av-custom-positioned container_wrap fullsize'  ><div class='container av-section-cont-open' ><main  role=\"main\" itemprop=\"mainContentOfPage\"  class='template-page content  av-content-full alpha units'><div class='post-entry post-entry-type-page post-entry-2131'><div class='entry-content-wrapper clearfix'>\n<div  class='flex_column av-308v4z-5e4a23987e29edf1251a50dcb813d695 av_one_full  avia-builder-el-1  avia-builder-el-no-sibling  first av-break-at-tablet flex_column_div  '     ><style type=\"text\/css\" data-created_by=\"avia_inline_auto\" id=\"style-css-av-mg4ymfhl-a7b001d7244e6e42e1c10eaff531091f\">\n#top .av-special-heading.av-mg4ymfhl-a7b001d7244e6e42e1c10eaff531091f{\nmargin:0 0 0 0;\npadding-bottom:0;\ncolor:#ffffff;\nfont-size:25px;\n}\nbody .av-special-heading.av-mg4ymfhl-a7b001d7244e6e42e1c10eaff531091f .av-special-heading-tag .heading-char{\nfont-size:25px;\n}\n#top #wrap_all .av-special-heading.av-mg4ymfhl-a7b001d7244e6e42e1c10eaff531091f .av-special-heading-tag{\nfont-size:25px;\npadding:0 0 0 0;\n}\n.av-special-heading.av-mg4ymfhl-a7b001d7244e6e42e1c10eaff531091f .special-heading-inner-border{\nborder-color:rgba(0,0,0,0.01);\n}\n.av-special-heading.av-mg4ymfhl-a7b001d7244e6e42e1c10eaff531091f .av-subheading{\nfont-size:20px;\n}\nbody .av-special-heading.av-mg4ymfhl-a7b001d7244e6e42e1c10eaff531091f .av-special-heading-tag .heading-wrap:before{\nborder-color:rgba(0,0,0,0.01);\n}\nbody .av-special-heading.av-mg4ymfhl-a7b001d7244e6e42e1c10eaff531091f .av-special-heading-tag .heading-wrap:after{\nborder-color:rgba(0,0,0,0.01);\n}\n\n@media only screen and (max-width: 479px){ \n#top .av-special-heading.av-mg4ymfhl-a7b001d7244e6e42e1c10eaff531091f{\nmargin:0 0 -100px 0;\n}\n#top #wrap_all .av-special-heading.av-mg4ymfhl-a7b001d7244e6e42e1c10eaff531091f .av-special-heading-tag{\nfont-size:17px;\n}\n}\n\n@media only screen and (min-width: 768px) and (max-width: 989px){ \n#top .av-special-heading.av-mg4ymfhl-a7b001d7244e6e42e1c10eaff531091f{\nmargin:0 0 -35px 0;\n}\n}\n\n@media only screen and (min-width: 480px) and (max-width: 767px){ \n#top .av-special-heading.av-mg4ymfhl-a7b001d7244e6e42e1c10eaff531091f{\nmargin:0 0 -35px 0;\n}\n#top #wrap_all .av-special-heading.av-mg4ymfhl-a7b001d7244e6e42e1c10eaff531091f .av-special-heading-tag{\nfont-size:0.8em;\n}\n}\n<\/style>\n<div  class='av-special-heading av-mg4ymfhl-a7b001d7244e6e42e1c10eaff531091f av-special-heading-h6 custom-color-heading blockquote modern-quote  avia-builder-el-2  avia-builder-el-no-sibling  av-inherit-size'><h6 class='av-special-heading-tag'  itemprop=\"headline\"  >Newsletter APS #11 | setembro 2025<\/h6><div class=\"special-heading-border\"><div class=\"special-heading-inner-border\"><\/div><\/div><\/div><\/div>\n<\/div><\/div><\/main><!-- close content main element --><\/div><\/div><div id='after_section_1'  class='main_color av_default_container_wrap container_wrap fullsize'  ><div class='container av-section-cont-open' ><div class='template-page content  av-content-full alpha units'><div class='post-entry post-entry-type-page post-entry-2131'><div class='entry-content-wrapper clearfix'>\n<div  data-slideshow-options=\"{&quot;animation&quot;:&quot;fade&quot;,&quot;autoplay&quot;:false,&quot;loop_autoplay&quot;:&quot;once&quot;,&quot;interval&quot;:5,&quot;loop_manual&quot;:&quot;manual-endless&quot;,&quot;autoplay_stopper&quot;:false,&quot;noNavigation&quot;:false,&quot;show_slide_delay&quot;:90}\" class='avia-content-slider avia-content-grid-active avia-content-slider1 avia-content-slider-odd  avia-builder-el-3  el_after_av_section  avia-builder-el-no-sibling  av-slideshow-ui av-control-default   av-no-slider-navigation av-slideshow-manual av-loop-once av-loop-manual-endless '  itemscope=\"itemscope\" itemtype=\"https:\/\/schema.org\/Blog\" ><div class=\"avia-content-slider-inner\"><div class=\"slide-entry-wrap\"><article class='slide-entry flex_column  post-entry post-entry-2119 slide-entry-overview slide-loop-1 slide-parity-odd  av_fullwidth first real-thumbnail posttype-post post-format-standard'  itemscope=\"itemscope\" itemtype=\"https:\/\/schema.org\/CreativeWork\" ><a href='https:\/\/segurosecidadania.pt\/?p=2119' data-rel='slide-1' class='slide-image' title='ELEVADOR DA GL\u00d3RIA: FIDELIDADE MOBILIZA APOIO HUMANO E T\u00c9CNICO \u00c0S V\u00cdTIMAS DO ACIDENTE'><img decoding=\"async\" fetchpriority=\"high\" width=\"2000\" height=\"800\" src=\"https:\/\/segurosecidadania.pt\/wp-content\/uploads\/2025\/09\/Elevador-Gloria.jpg\" class=\"wp-image-2120 avia-img-lazy-loading-not-2120 attachment-no scaling size-no scaling wp-post-image\" alt=\"\" srcset=\"https:\/\/segurosecidadania.pt\/wp-content\/uploads\/2025\/09\/Elevador-Gloria.jpg 2000w, https:\/\/segurosecidadania.pt\/wp-content\/uploads\/2025\/09\/Elevador-Gloria-300x120.jpg 300w, https:\/\/segurosecidadania.pt\/wp-content\/uploads\/2025\/09\/Elevador-Gloria-1030x412.jpg 1030w, https:\/\/segurosecidadania.pt\/wp-content\/uploads\/2025\/09\/Elevador-Gloria-768x307.jpg 768w, https:\/\/segurosecidadania.pt\/wp-content\/uploads\/2025\/09\/Elevador-Gloria-1536x614.jpg 1536w, https:\/\/segurosecidadania.pt\/wp-content\/uploads\/2025\/09\/Elevador-Gloria-1500x600.jpg 1500w, https:\/\/segurosecidadania.pt\/wp-content\/uploads\/2025\/09\/Elevador-Gloria-705x282.jpg 705w\" sizes=\"(max-width: 2000px) 100vw, 2000px\" \/><\/a><div class=\"slide-content\"><header class=\"entry-content-header\"><h3 class='slide-entry-title entry-title '  itemprop=\"headline\" ><a href='https:\/\/segurosecidadania.pt\/?p=2119' title='ELEVADOR DA GL\u00d3RIA: FIDELIDADE MOBILIZA APOIO HUMANO E T\u00c9CNICO \u00c0S V\u00cdTIMAS DO ACIDENTE'>ELEVADOR DA GL\u00d3RIA: FIDELIDADE MOBILIZA APOIO HUMANO E T\u00c9CNICO \u00c0S V\u00cdTIMAS DO ACIDENTE<\/a><\/h3><span class=\"blog-categories minor-meta\"><a href=\"https:\/\/segurosecidadania.pt\/?cat=25\" rel=\"tag\">Destaques<\/a> <\/span><span class=\"av-vertical-delimiter\"><\/span><\/header><div class='slide-entry-excerpt entry-content'  itemprop=\"text\" >Na sequ\u00eancia do acidente ocorrido no Elevador da Gl\u00f3ria, em Lisboa, em 3 de setembro de 2025, a Seguros & Cidadania colocou algumas quest\u00f5es \u00e0 Fidelidade sobre este acidente, enquanto seguradora da Carris que ter\u00e1 a seu cargo a gest\u00e3o deste complexo sinistro.<div class=\"read-more-link\"><a href=\"https:\/\/segurosecidadania.pt\/?p=2119\" class=\"more-link\">Ler mais<span class=\"more-link-arrow\"><\/span><\/a><\/div><\/div><\/div><footer class=\"entry-footer\"><div class=\"slide-meta\"><time class='slide-meta-time updated'  itemprop=\"datePublished\" datetime=\"2025-09-29T11:24:00+01:00\" >Setembro 29, 2025<\/time><\/div><\/footer><span class='hidden'>\n\t\t\t\t<span class='av-structured-data'  itemprop=\"image\" itemscope=\"itemscope\" itemtype=\"https:\/\/schema.org\/ImageObject\" >\n\t\t\t\t\t\t<span itemprop='url'>https:\/\/segurosecidadania.pt\/wp-content\/uploads\/2025\/09\/Elevador-Gloria.jpg<\/span>\n\t\t\t\t\t\t<span itemprop='height'>800<\/span>\n\t\t\t\t\t\t<span itemprop='width'>2000<\/span>\n\t\t\t\t<\/span>\n\t\t\t\t<span class='av-structured-data'  itemprop=\"publisher\" itemtype=\"https:\/\/schema.org\/Organization\" itemscope=\"itemscope\" >\n\t\t\t\t\t\t<span itemprop='name'>Frederico Nunes<\/span>\n\t\t\t\t\t\t<span itemprop='logo' itemscope itemtype='https:\/\/schema.org\/ImageObject'>\n\t\t\t\t\t\t\t<span itemprop='url'>https:\/\/segurosecidadania.pt\/wp-content\/uploads\/2024\/01\/Seguro-Cidadania-Branco-01.png<\/span>\n\t\t\t\t\t\t<\/span>\n\t\t\t\t<\/span><span class='av-structured-data'  itemprop=\"author\" itemscope=\"itemscope\" itemtype=\"https:\/\/schema.org\/Person\" ><span itemprop='name'>Frederico Nunes<\/span><\/span><span class='av-structured-data'  itemprop=\"datePublished\" datetime=\"2025-09-29T11:02:33+01:00\" >2025-09-29 11:24:00<\/span><span class='av-structured-data'  itemprop=\"dateModified\" itemtype=\"https:\/\/schema.org\/dateModified\" >2025-09-29 11:24:06<\/span><span class='av-structured-data'  itemprop=\"mainEntityOfPage\" itemtype=\"https:\/\/schema.org\/mainEntityOfPage\" ><span itemprop='name'>ELEVADOR DA GL\u00d3RIA: FIDELIDADE MOBILIZA APOIO HUMANO E T\u00c9CNICO \u00c0S V\u00cdTIMAS DO ACIDENTE<\/span><\/span><\/span><\/article><\/div><div class=\"slide-entry-wrap\"><article class='slide-entry flex_column  post-entry post-entry-2122 slide-entry-overview slide-loop-2 slide-parity-odd  av_fullwidth first real-thumbnail posttype-post post-format-standard'  itemscope=\"itemscope\" itemtype=\"https:\/\/schema.org\/CreativeWork\" ><a href='https:\/\/segurosecidadania.pt\/?p=2122' data-rel='slide-1' class='slide-image' title='NOVO PRESIDENTE DA AUTORIDADE DE SUPERVIS\u00c3O DE SEGUROS E FUNDOS DE PENS\u00d5ES DEFINE PRIORIDADES PARA O SEU MANDATO'><img decoding=\"async\" fetchpriority=\"high\" width=\"2000\" height=\"800\" src=\"https:\/\/segurosecidadania.pt\/wp-content\/uploads\/2025\/09\/asf2.jpg\" class=\"wp-image-2145 avia-img-lazy-loading-not-2145 attachment-no scaling size-no scaling wp-post-image\" alt=\"\" srcset=\"https:\/\/segurosecidadania.pt\/wp-content\/uploads\/2025\/09\/asf2.jpg 2000w, https:\/\/segurosecidadania.pt\/wp-content\/uploads\/2025\/09\/asf2-300x120.jpg 300w, https:\/\/segurosecidadania.pt\/wp-content\/uploads\/2025\/09\/asf2-1030x412.jpg 1030w, https:\/\/segurosecidadania.pt\/wp-content\/uploads\/2025\/09\/asf2-768x307.jpg 768w, https:\/\/segurosecidadania.pt\/wp-content\/uploads\/2025\/09\/asf2-1536x614.jpg 1536w, https:\/\/segurosecidadania.pt\/wp-content\/uploads\/2025\/09\/asf2-1500x600.jpg 1500w, https:\/\/segurosecidadania.pt\/wp-content\/uploads\/2025\/09\/asf2-705x282.jpg 705w\" sizes=\"(max-width: 2000px) 100vw, 2000px\" \/><\/a><div class=\"slide-content\"><header class=\"entry-content-header\"><h3 class='slide-entry-title entry-title '  itemprop=\"headline\" ><a href='https:\/\/segurosecidadania.pt\/?p=2122' title='NOVO PRESIDENTE DA AUTORIDADE DE SUPERVIS\u00c3O DE SEGUROS E FUNDOS DE PENS\u00d5ES DEFINE PRIORIDADES PARA O SEU MANDATO'>NOVO PRESIDENTE DA AUTORIDADE DE SUPERVIS\u00c3O DE SEGUROS E FUNDOS DE PENS\u00d5ES DEFINE PRIORIDADES PARA O SEU MANDATO<\/a><\/h3><span class=\"blog-categories minor-meta\"><a href=\"https:\/\/segurosecidadania.pt\/?cat=25\" rel=\"tag\">Destaques<\/a> <\/span><span class=\"av-vertical-delimiter\"><\/span><\/header><div class='slide-entry-excerpt entry-content'  itemprop=\"text\" >Na cerim\u00f3nia de tomada de posse, no passado dia 22 de setembro, o novo Presidente da Autoridade de Supervis\u00e3o de Seguros e Fundos de Pens\u00f5es (ASF), Gabriel Bernardino, definiu a sua vis\u00e3o de futuro para a ASF, destacando uma supervis\u00e3o independente e rigorosa, o refor\u00e7o da prote\u00e7\u00e3o e resili\u00eancia social e econ\u00f3mica da popula\u00e7\u00e3o, bem como a aposta na transforma\u00e7\u00e3o digital e no desenvolvimento de talento.<div class=\"read-more-link\"><a href=\"https:\/\/segurosecidadania.pt\/?p=2122\" class=\"more-link\">Ler mais<span class=\"more-link-arrow\"><\/span><\/a><\/div><\/div><\/div><footer class=\"entry-footer\"><div class=\"slide-meta\"><time class='slide-meta-time updated'  itemprop=\"datePublished\" datetime=\"2025-09-29T11:23:52+01:00\" >Setembro 29, 2025<\/time><\/div><\/footer><span class='hidden'>\n\t\t\t\t<span class='av-structured-data'  itemprop=\"image\" itemscope=\"itemscope\" itemtype=\"https:\/\/schema.org\/ImageObject\" >\n\t\t\t\t\t\t<span itemprop='url'>https:\/\/segurosecidadania.pt\/wp-content\/uploads\/2025\/09\/asf2.jpg<\/span>\n\t\t\t\t\t\t<span itemprop='height'>800<\/span>\n\t\t\t\t\t\t<span itemprop='width'>2000<\/span>\n\t\t\t\t<\/span>\n\t\t\t\t<span class='av-structured-data'  itemprop=\"publisher\" itemtype=\"https:\/\/schema.org\/Organization\" itemscope=\"itemscope\" >\n\t\t\t\t\t\t<span itemprop='name'>Frederico Nunes<\/span>\n\t\t\t\t\t\t<span itemprop='logo' itemscope itemtype='https:\/\/schema.org\/ImageObject'>\n\t\t\t\t\t\t\t<span itemprop='url'>https:\/\/segurosecidadania.pt\/wp-content\/uploads\/2024\/01\/Seguro-Cidadania-Branco-01.png<\/span>\n\t\t\t\t\t\t<\/span>\n\t\t\t\t<\/span><span class='av-structured-data'  itemprop=\"author\" itemscope=\"itemscope\" itemtype=\"https:\/\/schema.org\/Person\" ><span itemprop='name'>Frederico Nunes<\/span><\/span><span class='av-structured-data'  itemprop=\"datePublished\" datetime=\"2025-09-29T11:02:33+01:00\" >2025-09-29 11:23:52<\/span><span class='av-structured-data'  itemprop=\"dateModified\" itemtype=\"https:\/\/schema.org\/dateModified\" >2025-09-30 12:10:11<\/span><span class='av-structured-data'  itemprop=\"mainEntityOfPage\" itemtype=\"https:\/\/schema.org\/mainEntityOfPage\" ><span itemprop='name'>NOVO PRESIDENTE DA AUTORIDADE DE SUPERVIS\u00c3O DE SEGUROS E FUNDOS DE PENS\u00d5ES DEFINE PRIORIDADES PARA O SEU MANDATO<\/span><\/span><\/span><\/article><\/div><div class=\"slide-entry-wrap\"><article class='slide-entry flex_column  post-entry post-entry-2127 slide-entry-overview slide-loop-3 slide-parity-odd  av_fullwidth first real-thumbnail posttype-post post-format-standard'  itemscope=\"itemscope\" itemtype=\"https:\/\/schema.org\/CreativeWork\" ><a href='https:\/\/segurosecidadania.pt\/?p=2127' data-rel='slide-1' class='slide-image' title='THE FUTURE OF THE INSURANCE INDUSTRY: INSIGHTS FROM THE GERMAN MARKET'><img decoding=\"async\" fetchpriority=\"high\" width=\"2000\" height=\"800\" src=\"https:\/\/segurosecidadania.pt\/wp-content\/uploads\/2025\/09\/Alemanha.jpg\" class=\"wp-image-2125 avia-img-lazy-loading-not-2125 attachment-no scaling size-no scaling wp-post-image\" alt=\"\" srcset=\"https:\/\/segurosecidadania.pt\/wp-content\/uploads\/2025\/09\/Alemanha.jpg 2000w, https:\/\/segurosecidadania.pt\/wp-content\/uploads\/2025\/09\/Alemanha-300x120.jpg 300w, https:\/\/segurosecidadania.pt\/wp-content\/uploads\/2025\/09\/Alemanha-1030x412.jpg 1030w, https:\/\/segurosecidadania.pt\/wp-content\/uploads\/2025\/09\/Alemanha-768x307.jpg 768w, https:\/\/segurosecidadania.pt\/wp-content\/uploads\/2025\/09\/Alemanha-1536x614.jpg 1536w, https:\/\/segurosecidadania.pt\/wp-content\/uploads\/2025\/09\/Alemanha-1500x600.jpg 1500w, https:\/\/segurosecidadania.pt\/wp-content\/uploads\/2025\/09\/Alemanha-705x282.jpg 705w\" sizes=\"(max-width: 2000px) 100vw, 2000px\" \/><\/a><div class=\"slide-content\"><header class=\"entry-content-header\"><h3 class='slide-entry-title entry-title '  itemprop=\"headline\" ><a href='https:\/\/segurosecidadania.pt\/?p=2127' title='THE FUTURE OF THE INSURANCE INDUSTRY: INSIGHTS FROM THE GERMAN MARKET'>THE FUTURE OF THE INSURANCE INDUSTRY: INSIGHTS FROM THE GERMAN MARKET<\/a><\/h3><span class=\"blog-categories minor-meta\"><a href=\"https:\/\/segurosecidadania.pt\/?cat=15\" rel=\"tag\">Opini\u00e3o<\/a> <\/span><span class=\"av-vertical-delimiter\"><\/span><\/header><div class='slide-entry-excerpt entry-content'  itemprop=\"text\" >A opini\u00e3o de David Bozzetti, no contexto da visita \u00e0 APS de 22 alunos do MBA (Master of Business Administration) em Seguros da Universidade de Leipzig, para conhecerem o mercado segurador e a atividade da Associa\u00e7\u00e3o. O MBA em Seguros decorre na Faculdade de Administra\u00e7\u00e3o e Economia, com um programa coordenado e implementado pelo Instituto de Ci\u00eancias de Seguros (IfVW) daquela Universidade.<div class=\"read-more-link\"><a href=\"https:\/\/segurosecidadania.pt\/?p=2127\" class=\"more-link\">Ler mais<span class=\"more-link-arrow\"><\/span><\/a><\/div><\/div><\/div><footer class=\"entry-footer\"><div class=\"slide-meta\"><time class='slide-meta-time updated'  itemprop=\"datePublished\" datetime=\"2025-09-29T11:22:01+01:00\" >Setembro 29, 2025<\/time><\/div><\/footer><span class='hidden'>\n\t\t\t\t<span class='av-structured-data'  itemprop=\"image\" itemscope=\"itemscope\" itemtype=\"https:\/\/schema.org\/ImageObject\" >\n\t\t\t\t\t\t<span itemprop='url'>https:\/\/segurosecidadania.pt\/wp-content\/uploads\/2025\/09\/Alemanha.jpg<\/span>\n\t\t\t\t\t\t<span itemprop='height'>800<\/span>\n\t\t\t\t\t\t<span itemprop='width'>2000<\/span>\n\t\t\t\t<\/span>\n\t\t\t\t<span class='av-structured-data'  itemprop=\"publisher\" itemtype=\"https:\/\/schema.org\/Organization\" itemscope=\"itemscope\" >\n\t\t\t\t\t\t<span itemprop='name'>Frederico Nunes<\/span>\n\t\t\t\t\t\t<span itemprop='logo' itemscope itemtype='https:\/\/schema.org\/ImageObject'>\n\t\t\t\t\t\t\t<span itemprop='url'>https:\/\/segurosecidadania.pt\/wp-content\/uploads\/2024\/01\/Seguro-Cidadania-Branco-01.png<\/span>\n\t\t\t\t\t\t<\/span>\n\t\t\t\t<\/span><span class='av-structured-data'  itemprop=\"author\" itemscope=\"itemscope\" itemtype=\"https:\/\/schema.org\/Person\" ><span itemprop='name'>Frederico Nunes<\/span><\/span><span class='av-structured-data'  itemprop=\"datePublished\" datetime=\"2025-09-29T11:02:33+01:00\" >2025-09-29 11:22:01<\/span><span class='av-structured-data'  itemprop=\"dateModified\" itemtype=\"https:\/\/schema.org\/dateModified\" >2025-09-30 12:36:56<\/span><span class='av-structured-data'  itemprop=\"mainEntityOfPage\" itemtype=\"https:\/\/schema.org\/mainEntityOfPage\" ><span itemprop='name'>THE FUTURE OF THE INSURANCE INDUSTRY: INSIGHTS FROM THE GERMAN MARKET<\/span><\/span><\/span><\/article><\/div><div class=\"slide-entry-wrap\"><article class='slide-entry flex_column  post-entry post-entry-2124 slide-entry-overview slide-loop-4 slide-parity-odd  av_fullwidth first real-thumbnail posttype-post post-format-standard'  itemscope=\"itemscope\" itemtype=\"https:\/\/schema.org\/CreativeWork\" ><a href='https:\/\/segurosecidadania.pt\/?p=2124' data-rel='slide-1' class='slide-image' title='LUIS NEGR\u00c3O, M\u00c9DICO ASSESSOR DA FUNDA\u00c7\u00c3O PORTUGUESA DE CARDIOLOGIA'><img decoding=\"async\" fetchpriority=\"high\" width=\"2000\" height=\"800\" src=\"https:\/\/segurosecidadania.pt\/wp-content\/uploads\/2025\/09\/torneira.jpg\" class=\"wp-image-2129 avia-img-lazy-loading-not-2129 attachment-no scaling size-no scaling wp-post-image\" alt=\"\" srcset=\"https:\/\/segurosecidadania.pt\/wp-content\/uploads\/2025\/09\/torneira.jpg 2000w, https:\/\/segurosecidadania.pt\/wp-content\/uploads\/2025\/09\/torneira-300x120.jpg 300w, https:\/\/segurosecidadania.pt\/wp-content\/uploads\/2025\/09\/torneira-1030x412.jpg 1030w, https:\/\/segurosecidadania.pt\/wp-content\/uploads\/2025\/09\/torneira-768x307.jpg 768w, https:\/\/segurosecidadania.pt\/wp-content\/uploads\/2025\/09\/torneira-1536x614.jpg 1536w, https:\/\/segurosecidadania.pt\/wp-content\/uploads\/2025\/09\/torneira-1500x600.jpg 1500w, https:\/\/segurosecidadania.pt\/wp-content\/uploads\/2025\/09\/torneira-705x282.jpg 705w\" sizes=\"(max-width: 2000px) 100vw, 2000px\" \/><\/a><div class=\"slide-content\"><header class=\"entry-content-header\"><h3 class='slide-entry-title entry-title '  itemprop=\"headline\" ><a href='https:\/\/segurosecidadania.pt\/?p=2124' title='LUIS NEGR\u00c3O, M\u00c9DICO ASSESSOR DA FUNDA\u00c7\u00c3O PORTUGUESA DE CARDIOLOGIA'>LUIS NEGR\u00c3O, M\u00c9DICO ASSESSOR DA FUNDA\u00c7\u00c3O PORTUGUESA DE CARDIOLOGIA<\/a><\/h3><span class=\"blog-categories minor-meta\"><a href=\"https:\/\/segurosecidadania.pt\/?cat=15\" rel=\"tag\">Opini\u00e3o<\/a> <\/span><span class=\"av-vertical-delimiter\"><\/span><\/header><div class='slide-entry-excerpt entry-content'  itemprop=\"text\" >Os fatores de risco s\u00e3o como aquela torneira l\u00e1 de casa que n\u00e3o veda bem. Pinga o dia todo, a noite toda. No sil\u00eancio da noite esse maldito pingo incomoda, mas com o \u201cbarulho das luzes\u201d nem damos conta que ela pinga. <div class=\"read-more-link\"><a href=\"https:\/\/segurosecidadania.pt\/?p=2124\" class=\"more-link\">Ler mais<span class=\"more-link-arrow\"><\/span><\/a><\/div><\/div><\/div><footer class=\"entry-footer\"><div class=\"slide-meta\"><time class='slide-meta-time updated'  itemprop=\"datePublished\" datetime=\"2025-09-29T11:21:24+01:00\" >Setembro 29, 2025<\/time><\/div><\/footer><span class='hidden'>\n\t\t\t\t<span class='av-structured-data'  itemprop=\"image\" itemscope=\"itemscope\" itemtype=\"https:\/\/schema.org\/ImageObject\" >\n\t\t\t\t\t\t<span itemprop='url'>https:\/\/segurosecidadania.pt\/wp-content\/uploads\/2025\/09\/torneira.jpg<\/span>\n\t\t\t\t\t\t<span itemprop='height'>800<\/span>\n\t\t\t\t\t\t<span itemprop='width'>2000<\/span>\n\t\t\t\t<\/span>\n\t\t\t\t<span class='av-structured-data'  itemprop=\"publisher\" itemtype=\"https:\/\/schema.org\/Organization\" itemscope=\"itemscope\" >\n\t\t\t\t\t\t<span itemprop='name'>Frederico Nunes<\/span>\n\t\t\t\t\t\t<span itemprop='logo' itemscope itemtype='https:\/\/schema.org\/ImageObject'>\n\t\t\t\t\t\t\t<span itemprop='url'>https:\/\/segurosecidadania.pt\/wp-content\/uploads\/2024\/01\/Seguro-Cidadania-Branco-01.png<\/span>\n\t\t\t\t\t\t<\/span>\n\t\t\t\t<\/span><span class='av-structured-data'  itemprop=\"author\" itemscope=\"itemscope\" itemtype=\"https:\/\/schema.org\/Person\" ><span itemprop='name'>Frederico Nunes<\/span><\/span><span class='av-structured-data'  itemprop=\"datePublished\" datetime=\"2025-09-29T11:02:33+01:00\" >2025-09-29 11:21:24<\/span><span class='av-structured-data'  itemprop=\"dateModified\" itemtype=\"https:\/\/schema.org\/dateModified\" >2025-09-30 12:46:58<\/span><span class='av-structured-data'  itemprop=\"mainEntityOfPage\" itemtype=\"https:\/\/schema.org\/mainEntityOfPage\" ><span itemprop='name'>LUIS NEGR\u00c3O, M\u00c9DICO ASSESSOR DA FUNDA\u00c7\u00c3O PORTUGUESA DE CARDIOLOGIA<\/span><\/span><\/span><\/article><\/div><div class=\"slide-entry-wrap\"><article class='slide-entry flex_column  post-entry post-entry-2137 slide-entry-overview slide-loop-5 slide-parity-odd  av_fullwidth first real-thumbnail posttype-post post-format-standard'  itemscope=\"itemscope\" itemtype=\"https:\/\/schema.org\/CreativeWork\" ><a href='https:\/\/segurosecidadania.pt\/?p=2137' data-rel='slide-1' class='slide-image' title='A ATIVIDADE SEGURADORA EM 2025'><img decoding=\"async\" fetchpriority=\"high\" width=\"2000\" height=\"800\" src=\"https:\/\/segurosecidadania.pt\/wp-content\/uploads\/2025\/03\/Grafico-foto.jpg\" class=\"wp-image-1797 avia-img-lazy-loading-not-1797 attachment-no scaling size-no scaling wp-post-image\" alt=\"\" srcset=\"https:\/\/segurosecidadania.pt\/wp-content\/uploads\/2025\/03\/Grafico-foto.jpg 2000w, https:\/\/segurosecidadania.pt\/wp-content\/uploads\/2025\/03\/Grafico-foto-300x120.jpg 300w, https:\/\/segurosecidadania.pt\/wp-content\/uploads\/2025\/03\/Grafico-foto-1030x412.jpg 1030w, https:\/\/segurosecidadania.pt\/wp-content\/uploads\/2025\/03\/Grafico-foto-768x307.jpg 768w, https:\/\/segurosecidadania.pt\/wp-content\/uploads\/2025\/03\/Grafico-foto-1536x614.jpg 1536w, https:\/\/segurosecidadania.pt\/wp-content\/uploads\/2025\/03\/Grafico-foto-1500x600.jpg 1500w, https:\/\/segurosecidadania.pt\/wp-content\/uploads\/2025\/03\/Grafico-foto-705x282.jpg 705w\" sizes=\"(max-width: 2000px) 100vw, 2000px\" \/><\/a><div class=\"slide-content\"><header class=\"entry-content-header\"><h3 class='slide-entry-title entry-title '  itemprop=\"headline\" ><a href='https:\/\/segurosecidadania.pt\/?p=2137' title='A ATIVIDADE SEGURADORA EM 2025'>A ATIVIDADE SEGURADORA EM 2025<\/a><\/h3><span class=\"blog-categories minor-meta\"><a href=\"https:\/\/segurosecidadania.pt\/?cat=16\" rel=\"tag\">N\u00fameros<\/a> <\/span><span class=\"av-vertical-delimiter\"><\/span><\/header><div class='slide-entry-excerpt entry-content'  itemprop=\"text\" >Pr\u00e9mios de seguro direto at\u00e9 ao m\u00eas de agosto de 2025.<div class=\"read-more-link\"><a href=\"https:\/\/segurosecidadania.pt\/?p=2137\" class=\"more-link\">Ler mais<span class=\"more-link-arrow\"><\/span><\/a><\/div><\/div><\/div><footer class=\"entry-footer\"><div class=\"slide-meta\"><time class='slide-meta-time updated'  itemprop=\"datePublished\" datetime=\"2025-09-29T11:20:03+01:00\" >Setembro 29, 2025<\/time><\/div><\/footer><span class='hidden'>\n\t\t\t\t<span class='av-structured-data'  itemprop=\"image\" itemscope=\"itemscope\" itemtype=\"https:\/\/schema.org\/ImageObject\" >\n\t\t\t\t\t\t<span itemprop='url'>https:\/\/segurosecidadania.pt\/wp-content\/uploads\/2025\/03\/Grafico-foto.jpg<\/span>\n\t\t\t\t\t\t<span itemprop='height'>800<\/span>\n\t\t\t\t\t\t<span itemprop='width'>2000<\/span>\n\t\t\t\t<\/span>\n\t\t\t\t<span class='av-structured-data'  itemprop=\"publisher\" itemtype=\"https:\/\/schema.org\/Organization\" itemscope=\"itemscope\" >\n\t\t\t\t\t\t<span itemprop='name'>Frederico Nunes<\/span>\n\t\t\t\t\t\t<span itemprop='logo' itemscope itemtype='https:\/\/schema.org\/ImageObject'>\n\t\t\t\t\t\t\t<span itemprop='url'>https:\/\/segurosecidadania.pt\/wp-content\/uploads\/2024\/01\/Seguro-Cidadania-Branco-01.png<\/span>\n\t\t\t\t\t\t<\/span>\n\t\t\t\t<\/span><span class='av-structured-data'  itemprop=\"author\" itemscope=\"itemscope\" itemtype=\"https:\/\/schema.org\/Person\" ><span itemprop='name'>Frederico Nunes<\/span><\/span><span class='av-structured-data'  itemprop=\"datePublished\" datetime=\"2025-09-29T11:02:33+01:00\" >2025-09-29 11:20:03<\/span><span class='av-structured-data'  itemprop=\"dateModified\" itemtype=\"https:\/\/schema.org\/dateModified\" >2025-09-30 12:47:42<\/span><span class='av-structured-data'  itemprop=\"mainEntityOfPage\" itemtype=\"https:\/\/schema.org\/mainEntityOfPage\" ><span itemprop='name'>A ATIVIDADE SEGURADORA EM 2025<\/span><\/span><\/span><\/article><\/div><div class=\"slide-entry-wrap\"><article class='slide-entry flex_column  post-entry post-entry-2140 slide-entry-overview slide-loop-6 slide-parity-odd  av_fullwidth first real-thumbnail posttype-post post-format-quote'  itemscope=\"itemscope\" itemtype=\"https:\/\/schema.org\/CreativeWork\" ><a href='https:\/\/segurosecidadania.pt\/?p=2140' data-rel='slide-1' class='slide-image' title='LEGISLA\u00c7\u00c3O NACIONAL'><img decoding=\"async\" fetchpriority=\"high\" width=\"2000\" height=\"800\" src=\"https:\/\/segurosecidadania.pt\/wp-content\/uploads\/2025\/09\/Lei.jpg\" class=\"wp-image-2143 avia-img-lazy-loading-not-2143 attachment-no scaling size-no scaling wp-post-image\" alt=\"\" srcset=\"https:\/\/segurosecidadania.pt\/wp-content\/uploads\/2025\/09\/Lei.jpg 2000w, https:\/\/segurosecidadania.pt\/wp-content\/uploads\/2025\/09\/Lei-300x120.jpg 300w, https:\/\/segurosecidadania.pt\/wp-content\/uploads\/2025\/09\/Lei-1030x412.jpg 1030w, https:\/\/segurosecidadania.pt\/wp-content\/uploads\/2025\/09\/Lei-768x307.jpg 768w, https:\/\/segurosecidadania.pt\/wp-content\/uploads\/2025\/09\/Lei-1536x614.jpg 1536w, https:\/\/segurosecidadania.pt\/wp-content\/uploads\/2025\/09\/Lei-1500x600.jpg 1500w, https:\/\/segurosecidadania.pt\/wp-content\/uploads\/2025\/09\/Lei-705x282.jpg 705w\" sizes=\"(max-width: 2000px) 100vw, 2000px\" \/><\/a><div class=\"slide-content\"><header class=\"entry-content-header\"><h3 class='slide-entry-title entry-title '  itemprop=\"headline\" ><a href='https:\/\/segurosecidadania.pt\/?p=2140' title='LEGISLA\u00c7\u00c3O NACIONAL'>LEGISLA\u00c7\u00c3O NACIONAL<\/a><\/h3><span class=\"blog-categories minor-meta\"><a href=\"https:\/\/segurosecidadania.pt\/?cat=20\" rel=\"tag\">Legisla\u00e7\u00e3o e regulamenta\u00e7\u00e3o nacional<\/a> <\/span><span class=\"av-vertical-delimiter\"><\/span><\/header><div class='slide-entry-excerpt entry-content'  itemprop=\"text\" >Conhe\u00e7a a recente legisla\u00e7\u00e3o publicada, ao n\u00edvel nacional, com impacto no setor segurador.<div class=\"read-more-link\"><a href=\"https:\/\/segurosecidadania.pt\/?p=2140\" class=\"more-link\">Ler mais<span class=\"more-link-arrow\"><\/span><\/a><\/div><\/div><\/div><footer class=\"entry-footer\"><div class=\"slide-meta\"><time class='slide-meta-time updated'  itemprop=\"datePublished\" datetime=\"2025-09-29T11:19:23+01:00\" >Setembro 29, 2025<\/time><\/div><\/footer><span class='hidden'>\n\t\t\t\t<span class='av-structured-data'  itemprop=\"image\" itemscope=\"itemscope\" itemtype=\"https:\/\/schema.org\/ImageObject\" >\n\t\t\t\t\t\t<span itemprop='url'>https:\/\/segurosecidadania.pt\/wp-content\/uploads\/2025\/09\/Lei.jpg<\/span>\n\t\t\t\t\t\t<span itemprop='height'>800<\/span>\n\t\t\t\t\t\t<span itemprop='width'>2000<\/span>\n\t\t\t\t<\/span>\n\t\t\t\t<span class='av-structured-data'  itemprop=\"publisher\" itemtype=\"https:\/\/schema.org\/Organization\" itemscope=\"itemscope\" >\n\t\t\t\t\t\t<span itemprop='name'>admin<\/span>\n\t\t\t\t\t\t<span itemprop='logo' itemscope itemtype='https:\/\/schema.org\/ImageObject'>\n\t\t\t\t\t\t\t<span itemprop='url'>https:\/\/segurosecidadania.pt\/wp-content\/uploads\/2024\/01\/Seguro-Cidadania-Branco-01.png<\/span>\n\t\t\t\t\t\t<\/span>\n\t\t\t\t<\/span><span class='av-structured-data'  itemprop=\"author\" itemscope=\"itemscope\" itemtype=\"https:\/\/schema.org\/Person\" ><span itemprop='name'>admin<\/span><\/span><span class='av-structured-data'  itemprop=\"datePublished\" datetime=\"2025-09-29T11:02:33+01:00\" >2025-09-29 11:19:23<\/span><span class='av-structured-data'  itemprop=\"dateModified\" itemtype=\"https:\/\/schema.org\/dateModified\" >2025-09-30 12:12:47<\/span><span class='av-structured-data'  itemprop=\"mainEntityOfPage\" itemtype=\"https:\/\/schema.org\/mainEntityOfPage\" ><span itemprop='name'>LEGISLA\u00c7\u00c3O NACIONAL<\/span><\/span><\/span><\/article><\/div><div class=\"slide-entry-wrap\"><article class='slide-entry flex_column  post-entry post-entry-2147 slide-entry-overview slide-loop-7 slide-parity-odd  av_fullwidth first real-thumbnail posttype-post post-format-quote'  itemscope=\"itemscope\" itemtype=\"https:\/\/schema.org\/CreativeWork\" ><a href='https:\/\/segurosecidadania.pt\/?p=2147' data-rel='slide-1' class='slide-image' title='LEGISLA\u00c7\u00c3O NACIONAL'><img decoding=\"async\" fetchpriority=\"high\" width=\"2000\" height=\"800\" src=\"https:\/\/segurosecidadania.pt\/wp-content\/uploads\/2024\/11\/Jurisprudencia.jpg\" class=\"wp-image-1647 avia-img-lazy-loading-not-1647 attachment-no scaling size-no scaling wp-post-image\" alt=\"\" srcset=\"https:\/\/segurosecidadania.pt\/wp-content\/uploads\/2024\/11\/Jurisprudencia.jpg 2000w, https:\/\/segurosecidadania.pt\/wp-content\/uploads\/2024\/11\/Jurisprudencia-300x120.jpg 300w, https:\/\/segurosecidadania.pt\/wp-content\/uploads\/2024\/11\/Jurisprudencia-1030x412.jpg 1030w, https:\/\/segurosecidadania.pt\/wp-content\/uploads\/2024\/11\/Jurisprudencia-768x307.jpg 768w, https:\/\/segurosecidadania.pt\/wp-content\/uploads\/2024\/11\/Jurisprudencia-1536x614.jpg 1536w, https:\/\/segurosecidadania.pt\/wp-content\/uploads\/2024\/11\/Jurisprudencia-1500x600.jpg 1500w, https:\/\/segurosecidadania.pt\/wp-content\/uploads\/2024\/11\/Jurisprudencia-705x282.jpg 705w\" sizes=\"(max-width: 2000px) 100vw, 2000px\" \/><\/a><div class=\"slide-content\"><header class=\"entry-content-header\"><h3 class='slide-entry-title entry-title '  itemprop=\"headline\" ><a href='https:\/\/segurosecidadania.pt\/?p=2147' title='LEGISLA\u00c7\u00c3O NACIONAL'>LEGISLA\u00c7\u00c3O NACIONAL<\/a><\/h3><span class=\"blog-categories minor-meta\"><a href=\"https:\/\/segurosecidadania.pt\/?cat=20\" rel=\"tag\">Legisla\u00e7\u00e3o e regulamenta\u00e7\u00e3o nacional<\/a> <\/span><span class=\"av-vertical-delimiter\"><\/span><\/header><div class='slide-entry-excerpt entry-content'  itemprop=\"text\" >Fique a par da regulamenta\u00e7\u00e3o publicada, ao n\u00edvel nacional, com impacto no setor segurador.<div class=\"read-more-link\"><a href=\"https:\/\/segurosecidadania.pt\/?p=2147\" class=\"more-link\">Ler mais<span class=\"more-link-arrow\"><\/span><\/a><\/div><\/div><\/div><footer class=\"entry-footer\"><div class=\"slide-meta\"><time class='slide-meta-time updated'  itemprop=\"datePublished\" datetime=\"2025-09-29T11:18:18+01:00\" >Setembro 29, 2025<\/time><\/div><\/footer><span class='hidden'>\n\t\t\t\t<span class='av-structured-data'  itemprop=\"image\" itemscope=\"itemscope\" itemtype=\"https:\/\/schema.org\/ImageObject\" >\n\t\t\t\t\t\t<span itemprop='url'>https:\/\/segurosecidadania.pt\/wp-content\/uploads\/2024\/11\/Jurisprudencia.jpg<\/span>\n\t\t\t\t\t\t<span itemprop='height'>800<\/span>\n\t\t\t\t\t\t<span itemprop='width'>2000<\/span>\n\t\t\t\t<\/span>\n\t\t\t\t<span class='av-structured-data'  itemprop=\"publisher\" itemtype=\"https:\/\/schema.org\/Organization\" itemscope=\"itemscope\" >\n\t\t\t\t\t\t<span itemprop='name'>admin<\/span>\n\t\t\t\t\t\t<span itemprop='logo' itemscope itemtype='https:\/\/schema.org\/ImageObject'>\n\t\t\t\t\t\t\t<span itemprop='url'>https:\/\/segurosecidadania.pt\/wp-content\/uploads\/2024\/01\/Seguro-Cidadania-Branco-01.png<\/span>\n\t\t\t\t\t\t<\/span>\n\t\t\t\t<\/span><span class='av-structured-data'  itemprop=\"author\" itemscope=\"itemscope\" itemtype=\"https:\/\/schema.org\/Person\" ><span itemprop='name'>admin<\/span><\/span><span class='av-structured-data'  itemprop=\"datePublished\" datetime=\"2025-09-29T11:02:33+01:00\" >2025-09-29 11:18:18<\/span><span class='av-structured-data'  itemprop=\"dateModified\" itemtype=\"https:\/\/schema.org\/dateModified\" >2025-09-30 12:13:08<\/span><span class='av-structured-data'  itemprop=\"mainEntityOfPage\" itemtype=\"https:\/\/schema.org\/mainEntityOfPage\" ><span itemprop='name'>LEGISLA\u00c7\u00c3O NACIONAL<\/span><\/span><\/span><\/article><\/div><div class=\"slide-entry-wrap\"><article class='slide-entry flex_column  post-entry post-entry-2150 slide-entry-overview slide-loop-8 slide-parity-odd  av_fullwidth first real-thumbnail posttype-post post-format-quote'  itemscope=\"itemscope\" itemtype=\"https:\/\/schema.org\/CreativeWork\" ><a href='https:\/\/segurosecidadania.pt\/?p=2150' data-rel='slide-1' class='slide-image' title='REGULAMENTA\u00c7\u00c3O EUROPEIA'><img decoding=\"async\" fetchpriority=\"high\" width=\"2000\" height=\"800\" src=\"https:\/\/segurosecidadania.pt\/wp-content\/uploads\/2024\/05\/bruxelas.jpg\" class=\"wp-image-1300 avia-img-lazy-loading-not-1300 attachment-no scaling size-no scaling wp-post-image\" alt=\"\" srcset=\"https:\/\/segurosecidadania.pt\/wp-content\/uploads\/2024\/05\/bruxelas.jpg 2000w, https:\/\/segurosecidadania.pt\/wp-content\/uploads\/2024\/05\/bruxelas-300x120.jpg 300w, https:\/\/segurosecidadania.pt\/wp-content\/uploads\/2024\/05\/bruxelas-1030x412.jpg 1030w, https:\/\/segurosecidadania.pt\/wp-content\/uploads\/2024\/05\/bruxelas-768x307.jpg 768w, https:\/\/segurosecidadania.pt\/wp-content\/uploads\/2024\/05\/bruxelas-1536x614.jpg 1536w, https:\/\/segurosecidadania.pt\/wp-content\/uploads\/2024\/05\/bruxelas-1500x600.jpg 1500w, https:\/\/segurosecidadania.pt\/wp-content\/uploads\/2024\/05\/bruxelas-705x282.jpg 705w\" sizes=\"(max-width: 2000px) 100vw, 2000px\" \/><\/a><div class=\"slide-content\"><header class=\"entry-content-header\"><h3 class='slide-entry-title entry-title '  itemprop=\"headline\" ><a href='https:\/\/segurosecidadania.pt\/?p=2150' title='REGULAMENTA\u00c7\u00c3O EUROPEIA'>REGULAMENTA\u00c7\u00c3O EUROPEIA<\/a><\/h3><span class=\"blog-categories minor-meta\"><a href=\"https:\/\/segurosecidadania.pt\/?cat=22\" rel=\"tag\">Legisla\u00e7\u00e3o e regulamenta\u00e7\u00e3o europeia<\/a> <\/span><span class=\"av-vertical-delimiter\"><\/span><\/header><div class='slide-entry-excerpt entry-content'  itemprop=\"text\" >Fique a par da regulamenta\u00e7\u00e3o publicada, ao n\u00edvel comunit\u00e1rio, com impacto no setor segurador:<div class=\"read-more-link\"><a href=\"https:\/\/segurosecidadania.pt\/?p=2150\" class=\"more-link\">Ler mais<span class=\"more-link-arrow\"><\/span><\/a><\/div><\/div><\/div><footer class=\"entry-footer\"><div class=\"slide-meta\"><time class='slide-meta-time updated'  itemprop=\"datePublished\" datetime=\"2025-09-29T11:17:14+01:00\" >Setembro 29, 2025<\/time><\/div><\/footer><span class='hidden'>\n\t\t\t\t<span class='av-structured-data'  itemprop=\"image\" itemscope=\"itemscope\" itemtype=\"https:\/\/schema.org\/ImageObject\" >\n\t\t\t\t\t\t<span itemprop='url'>https:\/\/segurosecidadania.pt\/wp-content\/uploads\/2024\/05\/bruxelas.jpg<\/span>\n\t\t\t\t\t\t<span itemprop='height'>800<\/span>\n\t\t\t\t\t\t<span itemprop='width'>2000<\/span>\n\t\t\t\t<\/span>\n\t\t\t\t<span class='av-structured-data'  itemprop=\"publisher\" itemtype=\"https:\/\/schema.org\/Organization\" itemscope=\"itemscope\" >\n\t\t\t\t\t\t<span itemprop='name'>admin<\/span>\n\t\t\t\t\t\t<span itemprop='logo' itemscope itemtype='https:\/\/schema.org\/ImageObject'>\n\t\t\t\t\t\t\t<span itemprop='url'>https:\/\/segurosecidadania.pt\/wp-content\/uploads\/2024\/01\/Seguro-Cidadania-Branco-01.png<\/span>\n\t\t\t\t\t\t<\/span>\n\t\t\t\t<\/span><span class='av-structured-data'  itemprop=\"author\" itemscope=\"itemscope\" itemtype=\"https:\/\/schema.org\/Person\" ><span itemprop='name'>admin<\/span><\/span><span class='av-structured-data'  itemprop=\"datePublished\" datetime=\"2025-09-29T11:02:33+01:00\" >2025-09-29 11:17:14<\/span><span class='av-structured-data'  itemprop=\"dateModified\" itemtype=\"https:\/\/schema.org\/dateModified\" >2025-09-30 12:13:25<\/span><span class='av-structured-data'  itemprop=\"mainEntityOfPage\" itemtype=\"https:\/\/schema.org\/mainEntityOfPage\" ><span itemprop='name'>REGULAMENTA\u00c7\u00c3O EUROPEIA<\/span><\/span><\/span><\/article><\/div><div class=\"slide-entry-wrap\"><article class='slide-entry flex_column  post-entry post-entry-2153 slide-entry-overview slide-loop-9 slide-parity-odd  av_fullwidth first real-thumbnail posttype-post post-format-quote'  itemscope=\"itemscope\" itemtype=\"https:\/\/schema.org\/CreativeWork\" ><a href='https:\/\/segurosecidadania.pt\/?p=2153' data-rel='slide-1' class='slide-image' title='PRESTA\u00c7\u00c3O SUPLEMENTAR PARA ASSIST\u00caNCIA A TERCEIRA PESSOA: NOVA CORRENTE JURISPRUDENCIAL'><img decoding=\"async\" fetchpriority=\"high\" width=\"2000\" height=\"800\" src=\"https:\/\/segurosecidadania.pt\/wp-content\/uploads\/2025\/09\/Cuiddador.jpg\" class=\"wp-image-2155 avia-img-lazy-loading-not-2155 attachment-no scaling size-no scaling wp-post-image\" alt=\"\" srcset=\"https:\/\/segurosecidadania.pt\/wp-content\/uploads\/2025\/09\/Cuiddador.jpg 2000w, https:\/\/segurosecidadania.pt\/wp-content\/uploads\/2025\/09\/Cuiddador-300x120.jpg 300w, https:\/\/segurosecidadania.pt\/wp-content\/uploads\/2025\/09\/Cuiddador-1030x412.jpg 1030w, https:\/\/segurosecidadania.pt\/wp-content\/uploads\/2025\/09\/Cuiddador-768x307.jpg 768w, https:\/\/segurosecidadania.pt\/wp-content\/uploads\/2025\/09\/Cuiddador-1536x614.jpg 1536w, https:\/\/segurosecidadania.pt\/wp-content\/uploads\/2025\/09\/Cuiddador-1500x600.jpg 1500w, https:\/\/segurosecidadania.pt\/wp-content\/uploads\/2025\/09\/Cuiddador-705x282.jpg 705w\" sizes=\"(max-width: 2000px) 100vw, 2000px\" \/><\/a><div class=\"slide-content\"><header class=\"entry-content-header\"><h3 class='slide-entry-title entry-title '  itemprop=\"headline\" ><a href='https:\/\/segurosecidadania.pt\/?p=2153' title='PRESTA\u00c7\u00c3O SUPLEMENTAR PARA ASSIST\u00caNCIA A TERCEIRA PESSOA: NOVA CORRENTE JURISPRUDENCIAL'>PRESTA\u00c7\u00c3O SUPLEMENTAR PARA ASSIST\u00caNCIA A TERCEIRA PESSOA: NOVA CORRENTE JURISPRUDENCIAL<\/a><\/h3><span class=\"blog-categories minor-meta\"><a href=\"https:\/\/segurosecidadania.pt\/?cat=17\" rel=\"tag\">Jurisprud\u00eancia<\/a> <\/span><span class=\"av-vertical-delimiter\"><\/span><\/header><div class='slide-entry-excerpt entry-content'  itemprop=\"text\" >Fique a par da jurisprud\u00eancia publicada, com impacto no setor segurador.\n\n<div class=\"read-more-link\"><a href=\"https:\/\/segurosecidadania.pt\/?p=2153\" class=\"more-link\">Ler mais<span class=\"more-link-arrow\"><\/span><\/a><\/div><\/div><\/div><footer class=\"entry-footer\"><div class=\"slide-meta\"><time class='slide-meta-time updated'  itemprop=\"datePublished\" datetime=\"2025-09-29T11:16:59+01:00\" >Setembro 29, 2025<\/time><\/div><\/footer><span class='hidden'>\n\t\t\t\t<span class='av-structured-data'  itemprop=\"image\" itemscope=\"itemscope\" itemtype=\"https:\/\/schema.org\/ImageObject\" >\n\t\t\t\t\t\t<span itemprop='url'>https:\/\/segurosecidadania.pt\/wp-content\/uploads\/2025\/09\/Cuiddador.jpg<\/span>\n\t\t\t\t\t\t<span itemprop='height'>800<\/span>\n\t\t\t\t\t\t<span itemprop='width'>2000<\/span>\n\t\t\t\t<\/span>\n\t\t\t\t<span class='av-structured-data'  itemprop=\"publisher\" itemtype=\"https:\/\/schema.org\/Organization\" itemscope=\"itemscope\" >\n\t\t\t\t\t\t<span itemprop='name'>admin<\/span>\n\t\t\t\t\t\t<span itemprop='logo' itemscope itemtype='https:\/\/schema.org\/ImageObject'>\n\t\t\t\t\t\t\t<span itemprop='url'>https:\/\/segurosecidadania.pt\/wp-content\/uploads\/2024\/01\/Seguro-Cidadania-Branco-01.png<\/span>\n\t\t\t\t\t\t<\/span>\n\t\t\t\t<\/span><span class='av-structured-data'  itemprop=\"author\" itemscope=\"itemscope\" itemtype=\"https:\/\/schema.org\/Person\" ><span itemprop='name'>admin<\/span><\/span><span class='av-structured-data'  itemprop=\"datePublished\" datetime=\"2025-09-29T11:02:33+01:00\" >2025-09-29 11:16:59<\/span><span class='av-structured-data'  itemprop=\"dateModified\" itemtype=\"https:\/\/schema.org\/dateModified\" >2025-09-30 14:28:06<\/span><span class='av-structured-data'  itemprop=\"mainEntityOfPage\" itemtype=\"https:\/\/schema.org\/mainEntityOfPage\" ><span itemprop='name'>PRESTA\u00c7\u00c3O SUPLEMENTAR PARA ASSIST\u00caNCIA A TERCEIRA PESSOA: NOVA CORRENTE JURISPRUDENCIAL<\/span><\/span><\/span><\/article><\/div><div class=\"slide-entry-wrap\"><article class='slide-entry flex_column  post-entry post-entry-2157 slide-entry-overview slide-loop-10 slide-parity-odd  av_fullwidth first real-thumbnail posttype-post post-format-quote'  itemscope=\"itemscope\" itemtype=\"https:\/\/schema.org\/CreativeWork\" ><a href='https:\/\/segurosecidadania.pt\/?p=2157' data-rel='slide-1' class='slide-image' title='CONSULTA ESPEC\u00cdFICA DA COMISS\u00c3O EUROPEIA SOBRE PENS\u00d5ES COMPLEMENTARES DE REFORMA \u2013 PARTICIPAR E CONTRIBUIR PARA O FUTURO DAS REFORMAS NA EUROPA'><img decoding=\"async\" fetchpriority=\"high\" width=\"2000\" height=\"800\" src=\"https:\/\/segurosecidadania.pt\/wp-content\/uploads\/2024\/11\/parlamento-EU.jpg\" class=\"wp-image-1644 avia-img-lazy-loading-not-1644 attachment-no scaling size-no scaling wp-post-image\" alt=\"\" srcset=\"https:\/\/segurosecidadania.pt\/wp-content\/uploads\/2024\/11\/parlamento-EU.jpg 2000w, https:\/\/segurosecidadania.pt\/wp-content\/uploads\/2024\/11\/parlamento-EU-300x120.jpg 300w, https:\/\/segurosecidadania.pt\/wp-content\/uploads\/2024\/11\/parlamento-EU-1030x412.jpg 1030w, https:\/\/segurosecidadania.pt\/wp-content\/uploads\/2024\/11\/parlamento-EU-768x307.jpg 768w, https:\/\/segurosecidadania.pt\/wp-content\/uploads\/2024\/11\/parlamento-EU-1536x614.jpg 1536w, https:\/\/segurosecidadania.pt\/wp-content\/uploads\/2024\/11\/parlamento-EU-1500x600.jpg 1500w, https:\/\/segurosecidadania.pt\/wp-content\/uploads\/2024\/11\/parlamento-EU-705x282.jpg 705w\" sizes=\"(max-width: 2000px) 100vw, 2000px\" \/><\/a><div class=\"slide-content\"><header class=\"entry-content-header\"><h3 class='slide-entry-title entry-title '  itemprop=\"headline\" ><a href='https:\/\/segurosecidadania.pt\/?p=2157' title='CONSULTA ESPEC\u00cdFICA DA COMISS\u00c3O EUROPEIA SOBRE PENS\u00d5ES COMPLEMENTARES DE REFORMA \u2013 PARTICIPAR E CONTRIBUIR PARA O FUTURO DAS REFORMAS NA EUROPA'>CONSULTA ESPEC\u00cdFICA DA COMISS\u00c3O EUROPEIA SOBRE PENS\u00d5ES COMPLEMENTARES DE REFORMA \u2013 PARTICIPAR E CONTRIBUIR PARA O FUTURO DAS REFORMAS NA EUROPA<\/a><\/h3><span class=\"blog-categories minor-meta\"><a href=\"https:\/\/segurosecidadania.pt\/?cat=18\" rel=\"tag\">Europa<\/a> <\/span><span class=\"av-vertical-delimiter\"><\/span><\/header><div class='slide-entry-excerpt entry-content'  itemprop=\"text\" >A APS participou na consulta p\u00fablica espec\u00edfica, lan\u00e7ada pela Comiss\u00e3o Europeia, sobre pens\u00f5es complementares de reforma, integrada numa estrat\u00e9gia mais ampla de promo\u00e7\u00e3o da poupan\u00e7a para a reforma. Conhe\u00e7a o contributo da APS relativo ao setor segurador portugu\u00eas, refletindo a realidade nacional.\n<div class=\"read-more-link\"><a href=\"https:\/\/segurosecidadania.pt\/?p=2157\" class=\"more-link\">Ler mais<span class=\"more-link-arrow\"><\/span><\/a><\/div><\/div><\/div><footer class=\"entry-footer\"><div class=\"slide-meta\"><time class='slide-meta-time updated'  itemprop=\"datePublished\" datetime=\"2025-09-29T11:15:42+01:00\" >Setembro 29, 2025<\/time><\/div><\/footer><span class='hidden'>\n\t\t\t\t<span class='av-structured-data'  itemprop=\"image\" itemscope=\"itemscope\" itemtype=\"https:\/\/schema.org\/ImageObject\" >\n\t\t\t\t\t\t<span itemprop='url'>https:\/\/segurosecidadania.pt\/wp-content\/uploads\/2024\/11\/parlamento-EU.jpg<\/span>\n\t\t\t\t\t\t<span itemprop='height'>800<\/span>\n\t\t\t\t\t\t<span itemprop='width'>2000<\/span>\n\t\t\t\t<\/span>\n\t\t\t\t<span class='av-structured-data'  itemprop=\"publisher\" itemtype=\"https:\/\/schema.org\/Organization\" itemscope=\"itemscope\" >\n\t\t\t\t\t\t<span itemprop='name'>admin<\/span>\n\t\t\t\t\t\t<span itemprop='logo' itemscope itemtype='https:\/\/schema.org\/ImageObject'>\n\t\t\t\t\t\t\t<span itemprop='url'>https:\/\/segurosecidadania.pt\/wp-content\/uploads\/2024\/01\/Seguro-Cidadania-Branco-01.png<\/span>\n\t\t\t\t\t\t<\/span>\n\t\t\t\t<\/span><span class='av-structured-data'  itemprop=\"author\" itemscope=\"itemscope\" itemtype=\"https:\/\/schema.org\/Person\" ><span itemprop='name'>admin<\/span><\/span><span class='av-structured-data'  itemprop=\"datePublished\" datetime=\"2025-09-29T11:02:33+01:00\" >2025-09-29 11:15:42<\/span><span class='av-structured-data'  itemprop=\"dateModified\" itemtype=\"https:\/\/schema.org\/dateModified\" >2025-09-30 12:13:57<\/span><span class='av-structured-data'  itemprop=\"mainEntityOfPage\" itemtype=\"https:\/\/schema.org\/mainEntityOfPage\" ><span itemprop='name'>CONSULTA ESPEC\u00cdFICA DA COMISS\u00c3O EUROPEIA SOBRE PENS\u00d5ES COMPLEMENTARES DE REFORMA \u2013 PARTICIPAR E CONTRIBUIR PARA O FUTURO DAS REFORMAS NA EUROPA<\/span><\/span><\/span><\/article><\/div><div class=\"slide-entry-wrap\"><article class='slide-entry flex_column  post-entry post-entry-2160 slide-entry-overview slide-loop-11 slide-parity-odd  av_fullwidth first real-thumbnail posttype-post post-format-quote'  itemscope=\"itemscope\" itemtype=\"https:\/\/schema.org\/CreativeWork\" ><a href='https:\/\/segurosecidadania.pt\/?p=2160' data-rel='slide-1' class='slide-image' title='DATA ACT E AS NOVAS OPORTUNIDADES PARA O SETOR SEGURADOR'><img decoding=\"async\" fetchpriority=\"high\" width=\"2000\" height=\"800\" src=\"https:\/\/segurosecidadania.pt\/wp-content\/uploads\/2025\/09\/data.jpg\" class=\"wp-image-2162 avia-img-lazy-loading-not-2162 attachment-no scaling size-no scaling wp-post-image\" alt=\"\" srcset=\"https:\/\/segurosecidadania.pt\/wp-content\/uploads\/2025\/09\/data.jpg 2000w, https:\/\/segurosecidadania.pt\/wp-content\/uploads\/2025\/09\/data-300x120.jpg 300w, https:\/\/segurosecidadania.pt\/wp-content\/uploads\/2025\/09\/data-1030x412.jpg 1030w, https:\/\/segurosecidadania.pt\/wp-content\/uploads\/2025\/09\/data-768x307.jpg 768w, https:\/\/segurosecidadania.pt\/wp-content\/uploads\/2025\/09\/data-1536x614.jpg 1536w, https:\/\/segurosecidadania.pt\/wp-content\/uploads\/2025\/09\/data-1500x600.jpg 1500w, https:\/\/segurosecidadania.pt\/wp-content\/uploads\/2025\/09\/data-705x282.jpg 705w\" sizes=\"(max-width: 2000px) 100vw, 2000px\" \/><\/a><div class=\"slide-content\"><header class=\"entry-content-header\"><h3 class='slide-entry-title entry-title '  itemprop=\"headline\" ><a href='https:\/\/segurosecidadania.pt\/?p=2160' title='DATA ACT E AS NOVAS OPORTUNIDADES PARA O SETOR SEGURADOR'>DATA ACT E AS NOVAS OPORTUNIDADES PARA O SETOR SEGURADOR<\/a><\/h3><span class=\"blog-categories minor-meta\"><a href=\"https:\/\/segurosecidadania.pt\/?cat=18\" rel=\"tag\">Europa<\/a> <\/span><span class=\"av-vertical-delimiter\"><\/span><\/header><div class='slide-entry-excerpt entry-content'  itemprop=\"text\" >O Data Act estabelece regras mais claras sobre o acesso e partilha de dados, contratos mais justos e servi\u00e7os de computa\u00e7\u00e3o em nuvem, criando mais oportunidades, nomeadamente, para o setor segurador.<div class=\"read-more-link\"><a href=\"https:\/\/segurosecidadania.pt\/?p=2160\" class=\"more-link\">Ler mais<span class=\"more-link-arrow\"><\/span><\/a><\/div><\/div><\/div><footer class=\"entry-footer\"><div class=\"slide-meta\"><time class='slide-meta-time updated'  itemprop=\"datePublished\" datetime=\"2025-09-29T11:14:50+01:00\" >Setembro 29, 2025<\/time><\/div><\/footer><span class='hidden'>\n\t\t\t\t<span class='av-structured-data'  itemprop=\"image\" itemscope=\"itemscope\" itemtype=\"https:\/\/schema.org\/ImageObject\" >\n\t\t\t\t\t\t<span itemprop='url'>https:\/\/segurosecidadania.pt\/wp-content\/uploads\/2025\/09\/data.jpg<\/span>\n\t\t\t\t\t\t<span itemprop='height'>800<\/span>\n\t\t\t\t\t\t<span itemprop='width'>2000<\/span>\n\t\t\t\t<\/span>\n\t\t\t\t<span class='av-structured-data'  itemprop=\"publisher\" itemtype=\"https:\/\/schema.org\/Organization\" itemscope=\"itemscope\" >\n\t\t\t\t\t\t<span itemprop='name'>admin<\/span>\n\t\t\t\t\t\t<span itemprop='logo' itemscope itemtype='https:\/\/schema.org\/ImageObject'>\n\t\t\t\t\t\t\t<span itemprop='url'>https:\/\/segurosecidadania.pt\/wp-content\/uploads\/2024\/01\/Seguro-Cidadania-Branco-01.png<\/span>\n\t\t\t\t\t\t<\/span>\n\t\t\t\t<\/span><span class='av-structured-data'  itemprop=\"author\" itemscope=\"itemscope\" itemtype=\"https:\/\/schema.org\/Person\" ><span itemprop='name'>admin<\/span><\/span><span class='av-structured-data'  itemprop=\"datePublished\" datetime=\"2025-09-29T11:02:33+01:00\" >2025-09-29 11:14:50<\/span><span class='av-structured-data'  itemprop=\"dateModified\" itemtype=\"https:\/\/schema.org\/dateModified\" >2025-09-30 12:14:08<\/span><span class='av-structured-data'  itemprop=\"mainEntityOfPage\" itemtype=\"https:\/\/schema.org\/mainEntityOfPage\" ><span itemprop='name'>DATA ACT E AS NOVAS OPORTUNIDADES PARA O SETOR SEGURADOR<\/span><\/span><\/span><\/article><\/div><div class=\"slide-entry-wrap\"><article class='slide-entry flex_column  post-entry post-entry-2164 slide-entry-overview slide-loop-12 slide-parity-odd  av_fullwidth first real-thumbnail posttype-post post-format-quote'  itemscope=\"itemscope\" itemtype=\"https:\/\/schema.org\/CreativeWork\" ><a href='https:\/\/segurosecidadania.pt\/?p=2164' data-rel='slide-1' class='slide-image' title='OUVIR OS JOVENS PARA CONSTRUIR O FUTURO DO SEGURO'><img decoding=\"async\" fetchpriority=\"high\" width=\"2000\" height=\"800\" src=\"https:\/\/segurosecidadania.pt\/wp-content\/uploads\/2025\/09\/Jovens.jpg\" class=\"wp-image-2166 avia-img-lazy-loading-not-2166 attachment-no scaling size-no scaling wp-post-image\" alt=\"\" srcset=\"https:\/\/segurosecidadania.pt\/wp-content\/uploads\/2025\/09\/Jovens.jpg 2000w, https:\/\/segurosecidadania.pt\/wp-content\/uploads\/2025\/09\/Jovens-300x120.jpg 300w, https:\/\/segurosecidadania.pt\/wp-content\/uploads\/2025\/09\/Jovens-1030x412.jpg 1030w, https:\/\/segurosecidadania.pt\/wp-content\/uploads\/2025\/09\/Jovens-768x307.jpg 768w, https:\/\/segurosecidadania.pt\/wp-content\/uploads\/2025\/09\/Jovens-1536x614.jpg 1536w, https:\/\/segurosecidadania.pt\/wp-content\/uploads\/2025\/09\/Jovens-1500x600.jpg 1500w, https:\/\/segurosecidadania.pt\/wp-content\/uploads\/2025\/09\/Jovens-705x282.jpg 705w\" sizes=\"(max-width: 2000px) 100vw, 2000px\" \/><\/a><div class=\"slide-content\"><header class=\"entry-content-header\"><h3 class='slide-entry-title entry-title '  itemprop=\"headline\" ><a href='https:\/\/segurosecidadania.pt\/?p=2164' title='OUVIR OS JOVENS PARA CONSTRUIR O FUTURO DO SEGURO'>OUVIR OS JOVENS PARA CONSTRUIR O FUTURO DO SEGURO<\/a><\/h3><span class=\"blog-categories minor-meta\"><a href=\"https:\/\/segurosecidadania.pt\/?cat=18\" rel=\"tag\">Europa<\/a> <\/span><span class=\"av-vertical-delimiter\"><\/span><\/header><div class='slide-entry-excerpt entry-content'  itemprop=\"text\" >O mais recente inqu\u00e9rito promovido pelo Insurance Europe em parceria com o European Youth Parliament, auscultou mais de 2 800 jovens, entre os 16 e os 34 anos, de 41 pa\u00edses, sobre as suas perce\u00e7\u00f5es e experi\u00eancias com o Setor Segurador. Esta iniciativa, alinhada com os objetivos dos Youth Policy Dialogues da Comiss\u00e3o Europeia, sublinha a import\u00e2ncia de envolver os jovens na constru\u00e7\u00e3o do futuro da Europa.<div class=\"read-more-link\"><a href=\"https:\/\/segurosecidadania.pt\/?p=2164\" class=\"more-link\">Ler mais<span class=\"more-link-arrow\"><\/span><\/a><\/div><\/div><\/div><footer class=\"entry-footer\"><div class=\"slide-meta\"><time class='slide-meta-time updated'  itemprop=\"datePublished\" datetime=\"2025-09-29T11:13:42+01:00\" >Setembro 29, 2025<\/time><\/div><\/footer><span class='hidden'>\n\t\t\t\t<span class='av-structured-data'  itemprop=\"image\" itemscope=\"itemscope\" itemtype=\"https:\/\/schema.org\/ImageObject\" >\n\t\t\t\t\t\t<span itemprop='url'>https:\/\/segurosecidadania.pt\/wp-content\/uploads\/2025\/09\/Jovens.jpg<\/span>\n\t\t\t\t\t\t<span itemprop='height'>800<\/span>\n\t\t\t\t\t\t<span itemprop='width'>2000<\/span>\n\t\t\t\t<\/span>\n\t\t\t\t<span class='av-structured-data'  itemprop=\"publisher\" itemtype=\"https:\/\/schema.org\/Organization\" itemscope=\"itemscope\" >\n\t\t\t\t\t\t<span itemprop='name'>admin<\/span>\n\t\t\t\t\t\t<span itemprop='logo' itemscope itemtype='https:\/\/schema.org\/ImageObject'>\n\t\t\t\t\t\t\t<span itemprop='url'>https:\/\/segurosecidadania.pt\/wp-content\/uploads\/2024\/01\/Seguro-Cidadania-Branco-01.png<\/span>\n\t\t\t\t\t\t<\/span>\n\t\t\t\t<\/span><span class='av-structured-data'  itemprop=\"author\" itemscope=\"itemscope\" itemtype=\"https:\/\/schema.org\/Person\" ><span itemprop='name'>admin<\/span><\/span><span class='av-structured-data'  itemprop=\"datePublished\" datetime=\"2025-09-29T11:02:33+01:00\" >2025-09-29 11:13:42<\/span><span class='av-structured-data'  itemprop=\"dateModified\" itemtype=\"https:\/\/schema.org\/dateModified\" >2025-09-30 15:57:06<\/span><span class='av-structured-data'  itemprop=\"mainEntityOfPage\" itemtype=\"https:\/\/schema.org\/mainEntityOfPage\" ><span itemprop='name'>OUVIR OS JOVENS PARA CONSTRUIR O FUTURO DO SEGURO<\/span><\/span><\/span><\/article><\/div><div class=\"slide-entry-wrap\"><article class='slide-entry flex_column  post-entry post-entry-2168 slide-entry-overview slide-loop-13 slide-parity-odd  av_fullwidth first real-thumbnail posttype-post post-format-quote'  itemscope=\"itemscope\" itemtype=\"https:\/\/schema.org\/CreativeWork\" ><a href='https:\/\/segurosecidadania.pt\/?p=2168' data-rel='slide-1' class='slide-image' title='SETEMBRO NA CASA: CONHECIMENTO, PR\u00c1TICA E INOVA\u00c7\u00c3O EM DESTAQUE'><img decoding=\"async\" fetchpriority=\"high\" width=\"2000\" height=\"800\" src=\"https:\/\/segurosecidadania.pt\/wp-content\/uploads\/2025\/03\/casa.jpg\" class=\"wp-image-1830 avia-img-lazy-loading-not-1830 attachment-no scaling size-no scaling wp-post-image\" alt=\"\" srcset=\"https:\/\/segurosecidadania.pt\/wp-content\/uploads\/2025\/03\/casa.jpg 2000w, https:\/\/segurosecidadania.pt\/wp-content\/uploads\/2025\/03\/casa-300x120.jpg 300w, https:\/\/segurosecidadania.pt\/wp-content\/uploads\/2025\/03\/casa-1030x412.jpg 1030w, https:\/\/segurosecidadania.pt\/wp-content\/uploads\/2025\/03\/casa-768x307.jpg 768w, https:\/\/segurosecidadania.pt\/wp-content\/uploads\/2025\/03\/casa-1536x614.jpg 1536w, https:\/\/segurosecidadania.pt\/wp-content\/uploads\/2025\/03\/casa-1500x600.jpg 1500w, https:\/\/segurosecidadania.pt\/wp-content\/uploads\/2025\/03\/casa-705x282.jpg 705w\" sizes=\"(max-width: 2000px) 100vw, 2000px\" \/><\/a><div class=\"slide-content\"><header class=\"entry-content-header\"><h3 class='slide-entry-title entry-title '  itemprop=\"headline\" ><a href='https:\/\/segurosecidadania.pt\/?p=2168' title='SETEMBRO NA CASA: CONHECIMENTO, PR\u00c1TICA E INOVA\u00c7\u00c3O EM DESTAQUE'>SETEMBRO NA CASA: CONHECIMENTO, PR\u00c1TICA E INOVA\u00c7\u00c3O EM DESTAQUE<\/a><\/h3><span class=\"blog-categories minor-meta\"><a href=\"https:\/\/segurosecidadania.pt\/?cat=29\" rel=\"tag\">Conhecimento e Aprendizagem de Seguros da APS<\/a> <\/span><span class=\"av-vertical-delimiter\"><\/span><\/header><div class='slide-entry-excerpt entry-content'  itemprop=\"text\" >Agosto e Setembro foram meses din\u00e2micos na CASA, marcado por v\u00e1rias atividades e iniciativas de prepara\u00e7\u00e3o do pr\u00f3ximo ano e com o estabelecimento de parcerias nacionais e internacionais. Nos pr\u00f3ximos meses, ser\u00e3o anunciados novos cursos com novos temas.<div class=\"read-more-link\"><a href=\"https:\/\/segurosecidadania.pt\/?p=2168\" class=\"more-link\">Ler mais<span class=\"more-link-arrow\"><\/span><\/a><\/div><\/div><\/div><footer class=\"entry-footer\"><div class=\"slide-meta\"><time class='slide-meta-time updated'  itemprop=\"datePublished\" datetime=\"2025-09-29T11:12:46+01:00\" >Setembro 29, 2025<\/time><\/div><\/footer><span class='hidden'>\n\t\t\t\t<span class='av-structured-data'  itemprop=\"image\" itemscope=\"itemscope\" itemtype=\"https:\/\/schema.org\/ImageObject\" >\n\t\t\t\t\t\t<span itemprop='url'>https:\/\/segurosecidadania.pt\/wp-content\/uploads\/2025\/03\/casa.jpg<\/span>\n\t\t\t\t\t\t<span itemprop='height'>800<\/span>\n\t\t\t\t\t\t<span itemprop='width'>2000<\/span>\n\t\t\t\t<\/span>\n\t\t\t\t<span class='av-structured-data'  itemprop=\"publisher\" itemtype=\"https:\/\/schema.org\/Organization\" itemscope=\"itemscope\" >\n\t\t\t\t\t\t<span itemprop='name'>admin<\/span>\n\t\t\t\t\t\t<span itemprop='logo' itemscope itemtype='https:\/\/schema.org\/ImageObject'>\n\t\t\t\t\t\t\t<span itemprop='url'>https:\/\/segurosecidadania.pt\/wp-content\/uploads\/2024\/01\/Seguro-Cidadania-Branco-01.png<\/span>\n\t\t\t\t\t\t<\/span>\n\t\t\t\t<\/span><span class='av-structured-data'  itemprop=\"author\" itemscope=\"itemscope\" itemtype=\"https:\/\/schema.org\/Person\" ><span itemprop='name'>admin<\/span><\/span><span class='av-structured-data'  itemprop=\"datePublished\" datetime=\"2025-09-29T11:02:33+01:00\" >2025-09-29 11:12:46<\/span><span class='av-structured-data'  itemprop=\"dateModified\" itemtype=\"https:\/\/schema.org\/dateModified\" >2025-10-02 09:09:10<\/span><span class='av-structured-data'  itemprop=\"mainEntityOfPage\" itemtype=\"https:\/\/schema.org\/mainEntityOfPage\" ><span itemprop='name'>SETEMBRO NA CASA: CONHECIMENTO, PR\u00c1TICA E INOVA\u00c7\u00c3O EM DESTAQUE<\/span><\/span><\/span><\/article><\/div><div class=\"slide-entry-wrap\"><article class='slide-entry flex_column  post-entry post-entry-2171 slide-entry-overview slide-loop-14 slide-parity-odd  av_fullwidth first real-thumbnail posttype-post post-format-quote'  itemscope=\"itemscope\" itemtype=\"https:\/\/schema.org\/CreativeWork\" ><a href='https:\/\/segurosecidadania.pt\/?p=2171' data-rel='slide-1' class='slide-image' title='APS SA\u00daDA INCLUS\u00c3O DA LITERACIA DO RISCO NO CURR\u00cdCULO DE CIDADANIA'><img decoding=\"async\" fetchpriority=\"high\" width=\"2000\" height=\"800\" src=\"https:\/\/segurosecidadania.pt\/wp-content\/uploads\/2025\/09\/Literacia-do-Risco.jpg\" class=\"wp-image-2173 avia-img-lazy-loading-not-2173 attachment-no scaling size-no scaling wp-post-image\" alt=\"\" srcset=\"https:\/\/segurosecidadania.pt\/wp-content\/uploads\/2025\/09\/Literacia-do-Risco.jpg 2000w, https:\/\/segurosecidadania.pt\/wp-content\/uploads\/2025\/09\/Literacia-do-Risco-300x120.jpg 300w, https:\/\/segurosecidadania.pt\/wp-content\/uploads\/2025\/09\/Literacia-do-Risco-1030x412.jpg 1030w, https:\/\/segurosecidadania.pt\/wp-content\/uploads\/2025\/09\/Literacia-do-Risco-768x307.jpg 768w, https:\/\/segurosecidadania.pt\/wp-content\/uploads\/2025\/09\/Literacia-do-Risco-1536x614.jpg 1536w, https:\/\/segurosecidadania.pt\/wp-content\/uploads\/2025\/09\/Literacia-do-Risco-1500x600.jpg 1500w, https:\/\/segurosecidadania.pt\/wp-content\/uploads\/2025\/09\/Literacia-do-Risco-705x282.jpg 705w\" sizes=\"(max-width: 2000px) 100vw, 2000px\" \/><\/a><div class=\"slide-content\"><header class=\"entry-content-header\"><h3 class='slide-entry-title entry-title '  itemprop=\"headline\" ><a href='https:\/\/segurosecidadania.pt\/?p=2171' title='APS SA\u00daDA INCLUS\u00c3O DA LITERACIA DO RISCO NO CURR\u00cdCULO DE CIDADANIA'>APS SA\u00daDA INCLUS\u00c3O DA LITERACIA DO RISCO NO CURR\u00cdCULO DE CIDADANIA<\/a><\/h3><span class=\"blog-categories minor-meta\"><a href=\"https:\/\/segurosecidadania.pt\/?cat=2\" rel=\"tag\">Not\u00edcias<\/a> <\/span><span class=\"av-vertical-delimiter\"><\/span><\/header><div class='slide-entry-excerpt entry-content'  itemprop=\"text\" >A APS felicita o Governo pela aprova\u00e7\u00e3o da nova Estrat\u00e9gia Nacional de Educa\u00e7\u00e3o para a Cidadania (ENEC), consagrada na Resolu\u00e7\u00e3o do Conselho de Ministros n.\u00ba 127\/2025, que refor\u00e7a a disciplina de Cidadania e Desenvolvimento e integra dimens\u00f5es essenciais para a forma\u00e7\u00e3o de cidad\u00e3os ativos e conscientes.<div class=\"read-more-link\"><a href=\"https:\/\/segurosecidadania.pt\/?p=2171\" class=\"more-link\">Ler mais<span class=\"more-link-arrow\"><\/span><\/a><\/div><\/div><\/div><footer class=\"entry-footer\"><div class=\"slide-meta\"><time class='slide-meta-time updated'  itemprop=\"datePublished\" datetime=\"2025-09-29T11:11:36+01:00\" >Setembro 29, 2025<\/time><\/div><\/footer><span class='hidden'>\n\t\t\t\t<span class='av-structured-data'  itemprop=\"image\" itemscope=\"itemscope\" itemtype=\"https:\/\/schema.org\/ImageObject\" >\n\t\t\t\t\t\t<span itemprop='url'>https:\/\/segurosecidadania.pt\/wp-content\/uploads\/2025\/09\/Literacia-do-Risco.jpg<\/span>\n\t\t\t\t\t\t<span itemprop='height'>800<\/span>\n\t\t\t\t\t\t<span itemprop='width'>2000<\/span>\n\t\t\t\t<\/span>\n\t\t\t\t<span class='av-structured-data'  itemprop=\"publisher\" itemtype=\"https:\/\/schema.org\/Organization\" itemscope=\"itemscope\" >\n\t\t\t\t\t\t<span itemprop='name'>admin<\/span>\n\t\t\t\t\t\t<span itemprop='logo' itemscope itemtype='https:\/\/schema.org\/ImageObject'>\n\t\t\t\t\t\t\t<span itemprop='url'>https:\/\/segurosecidadania.pt\/wp-content\/uploads\/2024\/01\/Seguro-Cidadania-Branco-01.png<\/span>\n\t\t\t\t\t\t<\/span>\n\t\t\t\t<\/span><span class='av-structured-data'  itemprop=\"author\" itemscope=\"itemscope\" itemtype=\"https:\/\/schema.org\/Person\" ><span itemprop='name'>admin<\/span><\/span><span class='av-structured-data'  itemprop=\"datePublished\" datetime=\"2025-09-29T11:02:33+01:00\" >2025-09-29 11:11:36<\/span><span class='av-structured-data'  itemprop=\"dateModified\" itemtype=\"https:\/\/schema.org\/dateModified\" >2025-09-30 12:14:46<\/span><span class='av-structured-data'  itemprop=\"mainEntityOfPage\" itemtype=\"https:\/\/schema.org\/mainEntityOfPage\" ><span itemprop='name'>APS SA\u00daDA INCLUS\u00c3O DA LITERACIA DO RISCO NO CURR\u00cdCULO DE CIDADANIA<\/span><\/span><\/span><\/article><\/div><div class=\"slide-entry-wrap\"><article class='slide-entry flex_column  post-entry post-entry-2175 slide-entry-overview slide-loop-15 slide-parity-odd  av_fullwidth first real-thumbnail posttype-post post-format-quote'  itemscope=\"itemscope\" itemtype=\"https:\/\/schema.org\/CreativeWork\" ><a href='https:\/\/segurosecidadania.pt\/?p=2175' data-rel='slide-1' class='slide-image' title='APS RECEBE CONFER\u00caNCIA DO 80\u00ba ANIVERS\u00c1RIO DO INSTITUTO PORTUGU\u00caS DOS ATU\u00c1RIOS'><img decoding=\"async\" fetchpriority=\"high\" width=\"2000\" height=\"800\" src=\"https:\/\/segurosecidadania.pt\/wp-content\/uploads\/2025\/09\/atuarios.jpg\" class=\"wp-image-2177 avia-img-lazy-loading-not-2177 attachment-no scaling size-no scaling wp-post-image\" alt=\"\" srcset=\"https:\/\/segurosecidadania.pt\/wp-content\/uploads\/2025\/09\/atuarios.jpg 2000w, https:\/\/segurosecidadania.pt\/wp-content\/uploads\/2025\/09\/atuarios-300x120.jpg 300w, https:\/\/segurosecidadania.pt\/wp-content\/uploads\/2025\/09\/atuarios-1030x412.jpg 1030w, https:\/\/segurosecidadania.pt\/wp-content\/uploads\/2025\/09\/atuarios-768x307.jpg 768w, https:\/\/segurosecidadania.pt\/wp-content\/uploads\/2025\/09\/atuarios-1536x614.jpg 1536w, https:\/\/segurosecidadania.pt\/wp-content\/uploads\/2025\/09\/atuarios-1500x600.jpg 1500w, https:\/\/segurosecidadania.pt\/wp-content\/uploads\/2025\/09\/atuarios-705x282.jpg 705w\" sizes=\"(max-width: 2000px) 100vw, 2000px\" \/><\/a><div class=\"slide-content\"><header class=\"entry-content-header\"><h3 class='slide-entry-title entry-title '  itemprop=\"headline\" ><a href='https:\/\/segurosecidadania.pt\/?p=2175' title='APS RECEBE CONFER\u00caNCIA DO 80\u00ba ANIVERS\u00c1RIO DO INSTITUTO PORTUGU\u00caS DOS ATU\u00c1RIOS'>APS RECEBE CONFER\u00caNCIA DO 80\u00ba ANIVERS\u00c1RIO DO INSTITUTO PORTUGU\u00caS DOS ATU\u00c1RIOS<\/a><\/h3><span class=\"blog-categories minor-meta\"><a href=\"https:\/\/segurosecidadania.pt\/?cat=2\" rel=\"tag\">Not\u00edcias<\/a> <\/span><span class=\"av-vertical-delimiter\"><\/span><\/header><div class='slide-entry-excerpt entry-content'  itemprop=\"text\" >\n\n\n\n<div class=\"read-more-link\"><a href=\"https:\/\/segurosecidadania.pt\/?p=2175\" class=\"more-link\">Ler mais<span class=\"more-link-arrow\"><\/span><\/a><\/div><\/div><\/div><footer class=\"entry-footer\"><div class=\"slide-meta\"><time class='slide-meta-time updated'  itemprop=\"datePublished\" datetime=\"2025-09-29T11:10:45+01:00\" >Setembro 29, 2025<\/time><\/div><\/footer><span class='hidden'>\n\t\t\t\t<span class='av-structured-data'  itemprop=\"image\" itemscope=\"itemscope\" itemtype=\"https:\/\/schema.org\/ImageObject\" >\n\t\t\t\t\t\t<span itemprop='url'>https:\/\/segurosecidadania.pt\/wp-content\/uploads\/2025\/09\/atuarios.jpg<\/span>\n\t\t\t\t\t\t<span itemprop='height'>800<\/span>\n\t\t\t\t\t\t<span itemprop='width'>2000<\/span>\n\t\t\t\t<\/span>\n\t\t\t\t<span class='av-structured-data'  itemprop=\"publisher\" itemtype=\"https:\/\/schema.org\/Organization\" itemscope=\"itemscope\" >\n\t\t\t\t\t\t<span itemprop='name'>admin<\/span>\n\t\t\t\t\t\t<span itemprop='logo' itemscope itemtype='https:\/\/schema.org\/ImageObject'>\n\t\t\t\t\t\t\t<span itemprop='url'>https:\/\/segurosecidadania.pt\/wp-content\/uploads\/2024\/01\/Seguro-Cidadania-Branco-01.png<\/span>\n\t\t\t\t\t\t<\/span>\n\t\t\t\t<\/span><span class='av-structured-data'  itemprop=\"author\" itemscope=\"itemscope\" itemtype=\"https:\/\/schema.org\/Person\" ><span itemprop='name'>admin<\/span><\/span><span class='av-structured-data'  itemprop=\"datePublished\" datetime=\"2025-09-29T11:02:33+01:00\" >2025-09-29 11:10:45<\/span><span class='av-structured-data'  itemprop=\"dateModified\" itemtype=\"https:\/\/schema.org\/dateModified\" >2025-09-30 12:14:57<\/span><span class='av-structured-data'  itemprop=\"mainEntityOfPage\" itemtype=\"https:\/\/schema.org\/mainEntityOfPage\" ><span itemprop='name'>APS RECEBE CONFER\u00caNCIA DO 80\u00ba ANIVERS\u00c1RIO DO INSTITUTO PORTUGU\u00caS DOS ATU\u00c1RIOS<\/span><\/span><\/span><\/article><\/div><div class=\"slide-entry-wrap\"><article class='slide-entry flex_column  post-entry post-entry-2179 slide-entry-overview slide-loop-16 slide-parity-odd  av_fullwidth first real-thumbnail posttype-post post-format-quote'  itemscope=\"itemscope\" itemtype=\"https:\/\/schema.org\/CreativeWork\" ><a href='https:\/\/segurosecidadania.pt\/?p=2179' data-rel='slide-1' class='slide-image' title='APS ASSOCIA-SE \u00c0 CAMPANHA 2025 \u201cZERO MORTOS NA ESTRADA\u201d DA ANCIA'><img decoding=\"async\" fetchpriority=\"high\" width=\"2000\" height=\"800\" src=\"https:\/\/segurosecidadania.pt\/wp-content\/uploads\/2025\/09\/ANCIA.jpg\" class=\"wp-image-2181 avia-img-lazy-loading-not-2181 attachment-no scaling size-no scaling wp-post-image\" alt=\"\" srcset=\"https:\/\/segurosecidadania.pt\/wp-content\/uploads\/2025\/09\/ANCIA.jpg 2000w, https:\/\/segurosecidadania.pt\/wp-content\/uploads\/2025\/09\/ANCIA-300x120.jpg 300w, https:\/\/segurosecidadania.pt\/wp-content\/uploads\/2025\/09\/ANCIA-1030x412.jpg 1030w, https:\/\/segurosecidadania.pt\/wp-content\/uploads\/2025\/09\/ANCIA-768x307.jpg 768w, https:\/\/segurosecidadania.pt\/wp-content\/uploads\/2025\/09\/ANCIA-1536x614.jpg 1536w, https:\/\/segurosecidadania.pt\/wp-content\/uploads\/2025\/09\/ANCIA-1500x600.jpg 1500w, https:\/\/segurosecidadania.pt\/wp-content\/uploads\/2025\/09\/ANCIA-705x282.jpg 705w\" sizes=\"(max-width: 2000px) 100vw, 2000px\" \/><\/a><div class=\"slide-content\"><header class=\"entry-content-header\"><h3 class='slide-entry-title entry-title '  itemprop=\"headline\" ><a href='https:\/\/segurosecidadania.pt\/?p=2179' title='APS ASSOCIA-SE \u00c0 CAMPANHA 2025 \u201cZERO MORTOS NA ESTRADA\u201d DA ANCIA'>APS ASSOCIA-SE \u00c0 CAMPANHA 2025 \u201cZERO MORTOS NA ESTRADA\u201d DA ANCIA<\/a><\/h3><span class=\"blog-categories minor-meta\"><a href=\"https:\/\/segurosecidadania.pt\/?cat=2\" rel=\"tag\">Not\u00edcias<\/a> <\/span><span class=\"av-vertical-delimiter\"><\/span><\/header><div class='slide-entry-excerpt entry-content'  itemprop=\"text\" >A Associa\u00e7\u00e3o Nacional de Centros de Inspe\u00e7\u00e3o Autom\u00f3vel (ANCIA) lan\u00e7ou mais uma campanha \"Zero Mortos na Estrada 2025 \u2013 Todos os dias\", uma iniciativa inserida no \u00e2mbito do projeto europeu ROADPOL SAFETY DAYS, que decorreu na Semana Europeia da Mobilidade, de 16 a 22 de setembro.<div class=\"read-more-link\"><a href=\"https:\/\/segurosecidadania.pt\/?p=2179\" class=\"more-link\">Ler mais<span class=\"more-link-arrow\"><\/span><\/a><\/div><\/div><\/div><footer class=\"entry-footer\"><div class=\"slide-meta\"><time class='slide-meta-time updated'  itemprop=\"datePublished\" datetime=\"2025-09-29T11:09:20+01:00\" >Setembro 29, 2025<\/time><\/div><\/footer><span class='hidden'>\n\t\t\t\t<span class='av-structured-data'  itemprop=\"image\" itemscope=\"itemscope\" itemtype=\"https:\/\/schema.org\/ImageObject\" >\n\t\t\t\t\t\t<span itemprop='url'>https:\/\/segurosecidadania.pt\/wp-content\/uploads\/2025\/09\/ANCIA.jpg<\/span>\n\t\t\t\t\t\t<span itemprop='height'>800<\/span>\n\t\t\t\t\t\t<span itemprop='width'>2000<\/span>\n\t\t\t\t<\/span>\n\t\t\t\t<span class='av-structured-data'  itemprop=\"publisher\" itemtype=\"https:\/\/schema.org\/Organization\" itemscope=\"itemscope\" >\n\t\t\t\t\t\t<span itemprop='name'>admin<\/span>\n\t\t\t\t\t\t<span itemprop='logo' itemscope itemtype='https:\/\/schema.org\/ImageObject'>\n\t\t\t\t\t\t\t<span itemprop='url'>https:\/\/segurosecidadania.pt\/wp-content\/uploads\/2024\/01\/Seguro-Cidadania-Branco-01.png<\/span>\n\t\t\t\t\t\t<\/span>\n\t\t\t\t<\/span><span class='av-structured-data'  itemprop=\"author\" itemscope=\"itemscope\" itemtype=\"https:\/\/schema.org\/Person\" ><span itemprop='name'>admin<\/span><\/span><span class='av-structured-data'  itemprop=\"datePublished\" datetime=\"2025-09-29T11:02:33+01:00\" >2025-09-29 11:09:20<\/span><span class='av-structured-data'  itemprop=\"dateModified\" itemtype=\"https:\/\/schema.org\/dateModified\" >2025-09-30 12:15:09<\/span><span class='av-structured-data'  itemprop=\"mainEntityOfPage\" itemtype=\"https:\/\/schema.org\/mainEntityOfPage\" ><span itemprop='name'>APS ASSOCIA-SE \u00c0 CAMPANHA 2025 \u201cZERO MORTOS NA ESTRADA\u201d DA ANCIA<\/span><\/span><\/span><\/article><\/div><div class=\"slide-entry-wrap\"><article class='slide-entry flex_column  post-entry post-entry-2196 slide-entry-overview slide-loop-17 slide-parity-odd  post-entry-last  av_fullwidth first real-thumbnail posttype-post post-format-quote'  itemscope=\"itemscope\" itemtype=\"https:\/\/schema.org\/CreativeWork\" ><a href='https:\/\/segurosecidadania.pt\/?p=2196' data-rel='slide-1' class='slide-image' title='NOTA DE PESAR: MANUELA TRAQUINA RODRIGUES'><img decoding=\"async\" fetchpriority=\"high\" width=\"2000\" height=\"800\" src=\"https:\/\/segurosecidadania.pt\/wp-content\/uploads\/2025\/10\/Nota-de-pesar.jpg\" class=\"wp-image-2198 avia-img-lazy-loading-not-2198 attachment-no scaling size-no scaling wp-post-image\" alt=\"\" srcset=\"https:\/\/segurosecidadania.pt\/wp-content\/uploads\/2025\/10\/Nota-de-pesar.jpg 2000w, https:\/\/segurosecidadania.pt\/wp-content\/uploads\/2025\/10\/Nota-de-pesar-300x120.jpg 300w, https:\/\/segurosecidadania.pt\/wp-content\/uploads\/2025\/10\/Nota-de-pesar-1030x412.jpg 1030w, https:\/\/segurosecidadania.pt\/wp-content\/uploads\/2025\/10\/Nota-de-pesar-768x307.jpg 768w, https:\/\/segurosecidadania.pt\/wp-content\/uploads\/2025\/10\/Nota-de-pesar-1536x614.jpg 1536w, https:\/\/segurosecidadania.pt\/wp-content\/uploads\/2025\/10\/Nota-de-pesar-1500x600.jpg 1500w, https:\/\/segurosecidadania.pt\/wp-content\/uploads\/2025\/10\/Nota-de-pesar-705x282.jpg 705w\" sizes=\"(max-width: 2000px) 100vw, 2000px\" \/><\/a><div class=\"slide-content\"><header class=\"entry-content-header\"><h3 class='slide-entry-title entry-title '  itemprop=\"headline\" ><a href='https:\/\/segurosecidadania.pt\/?p=2196' title='NOTA DE PESAR: MANUELA TRAQUINA RODRIGUES'>NOTA DE PESAR: MANUELA TRAQUINA RODRIGUES<\/a><\/h3><span class=\"blog-categories minor-meta\"><a href=\"https:\/\/segurosecidadania.pt\/?cat=2\" rel=\"tag\">Not\u00edcias<\/a> <\/span><span class=\"av-vertical-delimiter\"><\/span><\/header><div class='slide-entry-excerpt entry-content'  itemprop=\"text\" >\n\n\n\n<div class=\"read-more-link\"><a href=\"https:\/\/segurosecidadania.pt\/?p=2196\" class=\"more-link\">Ler mais<span class=\"more-link-arrow\"><\/span><\/a><\/div><\/div><\/div><footer class=\"entry-footer\"><div class=\"slide-meta\"><time class='slide-meta-time updated'  itemprop=\"datePublished\" datetime=\"2025-09-29T11:08:08+01:00\" >Setembro 29, 2025<\/time><\/div><\/footer><span class='hidden'>\n\t\t\t\t<span class='av-structured-data'  itemprop=\"image\" itemscope=\"itemscope\" itemtype=\"https:\/\/schema.org\/ImageObject\" >\n\t\t\t\t\t\t<span itemprop='url'>https:\/\/segurosecidadania.pt\/wp-content\/uploads\/2025\/10\/Nota-de-pesar.jpg<\/span>\n\t\t\t\t\t\t<span itemprop='height'>800<\/span>\n\t\t\t\t\t\t<span itemprop='width'>2000<\/span>\n\t\t\t\t<\/span>\n\t\t\t\t<span class='av-structured-data'  itemprop=\"publisher\" itemtype=\"https:\/\/schema.org\/Organization\" itemscope=\"itemscope\" >\n\t\t\t\t\t\t<span itemprop='name'>admin<\/span>\n\t\t\t\t\t\t<span itemprop='logo' itemscope itemtype='https:\/\/schema.org\/ImageObject'>\n\t\t\t\t\t\t\t<span itemprop='url'>https:\/\/segurosecidadania.pt\/wp-content\/uploads\/2024\/01\/Seguro-Cidadania-Branco-01.png<\/span>\n\t\t\t\t\t\t<\/span>\n\t\t\t\t<\/span><span class='av-structured-data'  itemprop=\"author\" itemscope=\"itemscope\" itemtype=\"https:\/\/schema.org\/Person\" ><span itemprop='name'>admin<\/span><\/span><span class='av-structured-data'  itemprop=\"datePublished\" datetime=\"2025-09-29T11:02:33+01:00\" >2025-09-29 11:08:08<\/span><span class='av-structured-data'  itemprop=\"dateModified\" itemtype=\"https:\/\/schema.org\/dateModified\" >2025-10-02 09:17:44<\/span><span class='av-structured-data'  itemprop=\"mainEntityOfPage\" itemtype=\"https:\/\/schema.org\/mainEntityOfPage\" ><span itemprop='name'>NOTA DE PESAR: MANUELA TRAQUINA RODRIGUES<\/span><\/span><\/span><\/article><\/div><\/div><\/div>\n","protected":false},"excerpt":{"rendered":"","protected":false},"author":1,"featured_media":0,"parent":0,"menu_order":0,"comment_status":"closed","ping_status":"closed","template":"","meta":{"footnotes":""},"class_list":["post-2131","page","type-page","status-publish","hentry"],"_links":{"self":[{"href":"https:\/\/segurosecidadania.pt\/index.php?rest_route=\/wp\/v2\/pages\/2131","targetHints":{"allow":["GET"]}}],"collection":[{"href":"https:\/\/segurosecidadania.pt\/index.php?rest_route=\/wp\/v2\/pages"}],"about":[{"href":"https:\/\/segurosecidadania.pt\/index.php?rest_route=\/wp\/v2\/types\/page"}],"author":[{"embeddable":true,"href":"https:\/\/segurosecidadania.pt\/index.php?rest_route=\/wp\/v2\/users\/1"}],"replies":[{"embeddable":true,"href":"https:\/\/segurosecidadania.pt\/index.php?rest_route=%2Fwp%2Fv2%2Fcomments&post=2131"}],"version-history":[{"count":2,"href":"https:\/\/segurosecidadania.pt\/index.php?rest_route=\/wp\/v2\/pages\/2131\/revisions"}],"predecessor-version":[{"id":2133,"href":"https:\/\/segurosecidadania.pt\/index.php?rest_route=\/wp\/v2\/pages\/2131\/revisions\/2133"}],"wp:attachment":[{"href":"https:\/\/segurosecidadania.pt\/index.php?rest_route=%2Fwp%2Fv2%2Fmedia&parent=2131"}],"curies":[{"name":"wp","href":"https:\/\/api.w.org\/{rel}","templated":true}]}}