{"id":2022,"date":"2025-07-29T11:54:10","date_gmt":"2025-07-29T10:54:10","guid":{"rendered":"https:\/\/segurosecidadania.pt\/?page_id=2022"},"modified":"2025-09-30T12:43:59","modified_gmt":"2025-09-30T11:43:59","slug":"aps-noticias-12-2-2-2-2-2","status":"publish","type":"page","link":"https:\/\/segurosecidadania.pt\/?page_id=2022","title":{"rendered":"Newsletter APS #10"},"content":{"rendered":"\n<style type=\"text\/css\" data-created_by=\"avia_inline_auto\" id=\"style-css-av-3kzlrq-20c0feeb9bd166317441c12e1089ab30\">\n.avia-section.av-3kzlrq-20c0feeb9bd166317441c12e1089ab30{\nbackground-color:#c6325b;\nbackground-image:unset;\nz-index:0;\nposition:relative;\n}\n.av-curtain-footer.av-curtain-activated #main .avia-section.av-3kzlrq-20c0feeb9bd166317441c12e1089ab30{\nz-index:0;\n}\n<\/style>\n<div id='av_section_1'  class='avia-section av-3kzlrq-20c0feeb9bd166317441c12e1089ab30 main_color avia-section-small avia-no-border-styling  avia-builder-el-0  el_before_av_blog  avia-builder-el-first  avia-bg-style-fixed av-custom-positioned container_wrap fullsize'  ><div class='container av-section-cont-open' ><main  role=\"main\" itemprop=\"mainContentOfPage\"  class='template-page content  av-content-full alpha units'><div class='post-entry post-entry-type-page post-entry-2022'><div class='entry-content-wrapper clearfix'>\n<div  class='flex_column av-90486-d9419ea09742c475adcafc9eaf50f619 av_one_full  avia-builder-el-1  avia-builder-el-no-sibling  first av-break-at-tablet flex_column_div  '     ><style type=\"text\/css\" data-created_by=\"avia_inline_auto\" id=\"style-css-av-mdof5q1b-21a4a798bf3daaa007ebda7fd9a98f8a\">\n#top .av-special-heading.av-mdof5q1b-21a4a798bf3daaa007ebda7fd9a98f8a{\nmargin:0 0 0 0;\npadding-bottom:0;\ncolor:#ffffff;\nfont-size:25px;\n}\nbody .av-special-heading.av-mdof5q1b-21a4a798bf3daaa007ebda7fd9a98f8a .av-special-heading-tag .heading-char{\nfont-size:25px;\n}\n#top #wrap_all .av-special-heading.av-mdof5q1b-21a4a798bf3daaa007ebda7fd9a98f8a .av-special-heading-tag{\nfont-size:25px;\npadding:0 0 0 0;\n}\n.av-special-heading.av-mdof5q1b-21a4a798bf3daaa007ebda7fd9a98f8a .special-heading-inner-border{\nborder-color:rgba(0,0,0,0.01);\n}\n.av-special-heading.av-mdof5q1b-21a4a798bf3daaa007ebda7fd9a98f8a .av-subheading{\nfont-size:20px;\n}\nbody .av-special-heading.av-mdof5q1b-21a4a798bf3daaa007ebda7fd9a98f8a .av-special-heading-tag .heading-wrap:before{\nborder-color:rgba(0,0,0,0.01);\n}\nbody .av-special-heading.av-mdof5q1b-21a4a798bf3daaa007ebda7fd9a98f8a .av-special-heading-tag .heading-wrap:after{\nborder-color:rgba(0,0,0,0.01);\n}\n\n@media only screen and (max-width: 479px){ \n#top .av-special-heading.av-mdof5q1b-21a4a798bf3daaa007ebda7fd9a98f8a{\nmargin:0 0 -100px 0;\n}\n#top #wrap_all .av-special-heading.av-mdof5q1b-21a4a798bf3daaa007ebda7fd9a98f8a .av-special-heading-tag{\nfont-size:17px;\n}\n}\n\n@media only screen and (min-width: 768px) and (max-width: 989px){ \n#top .av-special-heading.av-mdof5q1b-21a4a798bf3daaa007ebda7fd9a98f8a{\nmargin:0 0 -35px 0;\n}\n}\n\n@media only screen and (min-width: 480px) and (max-width: 767px){ \n#top .av-special-heading.av-mdof5q1b-21a4a798bf3daaa007ebda7fd9a98f8a{\nmargin:0 0 -35px 0;\n}\n#top #wrap_all .av-special-heading.av-mdof5q1b-21a4a798bf3daaa007ebda7fd9a98f8a .av-special-heading-tag{\nfont-size:0.8em;\n}\n}\n<\/style>\n<div  class='av-special-heading av-mdof5q1b-21a4a798bf3daaa007ebda7fd9a98f8a av-special-heading-h6 custom-color-heading blockquote modern-quote  avia-builder-el-2  avia-builder-el-no-sibling  av-inherit-size'><h6 class='av-special-heading-tag'  itemprop=\"headline\"  >Newsletter APS #10 | julho 2025<\/h6><div class=\"special-heading-border\"><div class=\"special-heading-inner-border\"><\/div><\/div><\/div><\/div>\n<\/div><\/div><\/main><!-- close content main element --><\/div><\/div><div id='after_section_1'  class='main_color av_default_container_wrap container_wrap fullsize'  ><div class='container av-section-cont-open' ><div class='template-page content  av-content-full alpha units'><div class='post-entry post-entry-type-page post-entry-2022'><div class='entry-content-wrapper clearfix'>\n<div  data-slideshow-options=\"{&quot;animation&quot;:&quot;fade&quot;,&quot;autoplay&quot;:false,&quot;loop_autoplay&quot;:&quot;once&quot;,&quot;interval&quot;:5,&quot;loop_manual&quot;:&quot;manual-endless&quot;,&quot;autoplay_stopper&quot;:false,&quot;noNavigation&quot;:false,&quot;show_slide_delay&quot;:90}\" class='avia-content-slider avia-content-grid-active avia-content-slider1 avia-content-slider-odd  avia-builder-el-3  el_after_av_section  avia-builder-el-no-sibling  av-slideshow-ui av-control-default   av-no-slider-navigation av-slideshow-manual av-loop-once av-loop-manual-endless '  itemscope=\"itemscope\" itemtype=\"https:\/\/schema.org\/Blog\" ><div class=\"avia-content-slider-inner\"><div class=\"slide-entry-wrap\"><article class='slide-entry flex_column  post-entry post-entry-2026 slide-entry-overview slide-loop-1 slide-parity-odd  av_fullwidth first real-thumbnail posttype-post post-format-standard'  itemscope=\"itemscope\" itemtype=\"https:\/\/schema.org\/CreativeWork\" ><a href='https:\/\/segurosecidadania.pt\/?p=2026' data-rel='slide-1' class='slide-image' title='GABRIEL BERNARDINO INDIGITADO PARA PRESIDENTE DA AUTORIDADE DE SUPERVIS\u00c3O DE SEGUROS E FUNDOS DE PENS\u00d5ES'><img decoding=\"async\" fetchpriority=\"high\" width=\"2000\" height=\"800\" src=\"https:\/\/segurosecidadania.pt\/wp-content\/uploads\/2025\/07\/asf2-1.jpg\" class=\"wp-image-2114 avia-img-lazy-loading-not-2114 attachment-no scaling size-no scaling wp-post-image\" alt=\"\" srcset=\"https:\/\/segurosecidadania.pt\/wp-content\/uploads\/2025\/07\/asf2-1.jpg 2000w, https:\/\/segurosecidadania.pt\/wp-content\/uploads\/2025\/07\/asf2-1-300x120.jpg 300w, https:\/\/segurosecidadania.pt\/wp-content\/uploads\/2025\/07\/asf2-1-1030x412.jpg 1030w, https:\/\/segurosecidadania.pt\/wp-content\/uploads\/2025\/07\/asf2-1-768x307.jpg 768w, https:\/\/segurosecidadania.pt\/wp-content\/uploads\/2025\/07\/asf2-1-1536x614.jpg 1536w, https:\/\/segurosecidadania.pt\/wp-content\/uploads\/2025\/07\/asf2-1-1500x600.jpg 1500w, https:\/\/segurosecidadania.pt\/wp-content\/uploads\/2025\/07\/asf2-1-705x282.jpg 705w\" sizes=\"(max-width: 2000px) 100vw, 2000px\" \/><\/a><div class=\"slide-content\"><header class=\"entry-content-header\"><h3 class='slide-entry-title entry-title '  itemprop=\"headline\" ><a href='https:\/\/segurosecidadania.pt\/?p=2026' title='GABRIEL BERNARDINO INDIGITADO PARA PRESIDENTE DA AUTORIDADE DE SUPERVIS\u00c3O DE SEGUROS E FUNDOS DE PENS\u00d5ES'>GABRIEL BERNARDINO INDIGITADO PARA PRESIDENTE DA AUTORIDADE DE SUPERVIS\u00c3O DE SEGUROS E FUNDOS DE PENS\u00d5ES<\/a><\/h3><span class=\"blog-categories minor-meta\"><a href=\"https:\/\/segurosecidadania.pt\/?cat=25\" rel=\"tag\">Destaques<\/a> <\/span><span class=\"av-vertical-delimiter\"><\/span><\/header><div class='slide-entry-excerpt entry-content'  itemprop=\"text\" >\n\n\n\n<div class=\"read-more-link\"><a href=\"https:\/\/segurosecidadania.pt\/?p=2026\" class=\"more-link\">Ler mais<span class=\"more-link-arrow\"><\/span><\/a><\/div><\/div><\/div><footer class=\"entry-footer\"><div class=\"slide-meta\"><time class='slide-meta-time updated'  itemprop=\"datePublished\" datetime=\"2025-07-29T12:11:41+01:00\" >Julho 29, 2025<\/time><\/div><\/footer><span class='hidden'>\n\t\t\t\t<span class='av-structured-data'  itemprop=\"image\" itemscope=\"itemscope\" itemtype=\"https:\/\/schema.org\/ImageObject\" >\n\t\t\t\t\t\t<span itemprop='url'>https:\/\/segurosecidadania.pt\/wp-content\/uploads\/2025\/07\/asf2-1.jpg<\/span>\n\t\t\t\t\t\t<span itemprop='height'>800<\/span>\n\t\t\t\t\t\t<span itemprop='width'>2000<\/span>\n\t\t\t\t<\/span>\n\t\t\t\t<span class='av-structured-data'  itemprop=\"publisher\" itemtype=\"https:\/\/schema.org\/Organization\" itemscope=\"itemscope\" >\n\t\t\t\t\t\t<span itemprop='name'>Frederico Nunes<\/span>\n\t\t\t\t\t\t<span itemprop='logo' itemscope itemtype='https:\/\/schema.org\/ImageObject'>\n\t\t\t\t\t\t\t<span itemprop='url'>https:\/\/segurosecidadania.pt\/wp-content\/uploads\/2024\/01\/Seguro-Cidadania-Branco-01.png<\/span>\n\t\t\t\t\t\t<\/span>\n\t\t\t\t<\/span><span class='av-structured-data'  itemprop=\"author\" itemscope=\"itemscope\" itemtype=\"https:\/\/schema.org\/Person\" ><span itemprop='name'>Frederico Nunes<\/span><\/span><span class='av-structured-data'  itemprop=\"datePublished\" datetime=\"2025-07-29T11:54:10+01:00\" >2025-07-29 12:11:41<\/span><span class='av-structured-data'  itemprop=\"dateModified\" itemtype=\"https:\/\/schema.org\/dateModified\" >2025-07-31 16:29:44<\/span><span class='av-structured-data'  itemprop=\"mainEntityOfPage\" itemtype=\"https:\/\/schema.org\/mainEntityOfPage\" ><span itemprop='name'>GABRIEL BERNARDINO INDIGITADO PARA PRESIDENTE DA AUTORIDADE DE SUPERVIS\u00c3O DE SEGUROS E FUNDOS DE PENS\u00d5ES<\/span><\/span><\/span><\/article><\/div><div class=\"slide-entry-wrap\"><article class='slide-entry flex_column  post-entry post-entry-2030 slide-entry-overview slide-loop-2 slide-parity-odd  av_fullwidth first real-thumbnail posttype-post post-format-standard'  itemscope=\"itemscope\" itemtype=\"https:\/\/schema.org\/CreativeWork\" ><a href='https:\/\/segurosecidadania.pt\/?p=2030' data-rel='slide-1' class='slide-image' title='CONFER\u00caNCIA ANUAL DA APS DESVENDA O ADMIR\u00c1VEL MUNDO DO C\u00c9REBRO. DA PERCE\u00c7\u00c3O DO RISCO AO INCENTIVO PARA COMPORTAMENTOS MAIS SEGUROS: O FUTURO DO SETOR SEGURADOR TAMB\u00c9M PASSA POR AQUI.'><img decoding=\"async\" fetchpriority=\"high\" width=\"2000\" height=\"800\" src=\"https:\/\/segurosecidadania.pt\/wp-content\/uploads\/2025\/07\/Conferencia-anual.jpg\" class=\"wp-image-2031 avia-img-lazy-loading-not-2031 attachment-no scaling size-no scaling wp-post-image\" alt=\"\" srcset=\"https:\/\/segurosecidadania.pt\/wp-content\/uploads\/2025\/07\/Conferencia-anual.jpg 2000w, https:\/\/segurosecidadania.pt\/wp-content\/uploads\/2025\/07\/Conferencia-anual-300x120.jpg 300w, https:\/\/segurosecidadania.pt\/wp-content\/uploads\/2025\/07\/Conferencia-anual-1030x412.jpg 1030w, https:\/\/segurosecidadania.pt\/wp-content\/uploads\/2025\/07\/Conferencia-anual-768x307.jpg 768w, https:\/\/segurosecidadania.pt\/wp-content\/uploads\/2025\/07\/Conferencia-anual-1536x614.jpg 1536w, https:\/\/segurosecidadania.pt\/wp-content\/uploads\/2025\/07\/Conferencia-anual-1500x600.jpg 1500w, https:\/\/segurosecidadania.pt\/wp-content\/uploads\/2025\/07\/Conferencia-anual-705x282.jpg 705w\" sizes=\"(max-width: 2000px) 100vw, 2000px\" \/><\/a><div class=\"slide-content\"><header class=\"entry-content-header\"><h3 class='slide-entry-title entry-title '  itemprop=\"headline\" ><a href='https:\/\/segurosecidadania.pt\/?p=2030' title='CONFER\u00caNCIA ANUAL DA APS DESVENDA O ADMIR\u00c1VEL MUNDO DO C\u00c9REBRO. DA PERCE\u00c7\u00c3O DO RISCO AO INCENTIVO PARA COMPORTAMENTOS MAIS SEGUROS: O FUTURO DO SETOR SEGURADOR TAMB\u00c9M PASSA POR AQUI.'>CONFER\u00caNCIA ANUAL DA APS DESVENDA O ADMIR\u00c1VEL MUNDO DO C\u00c9REBRO. DA PERCE\u00c7\u00c3O DO RISCO AO INCENTIVO PARA COMPORTAMENTOS MAIS SEGUROS: O FUTURO DO SETOR SEGURADOR TAMB\u00c9M PASSA POR AQUI.<\/a><\/h3><span class=\"blog-categories minor-meta\"><a href=\"https:\/\/segurosecidadania.pt\/?cat=25\" rel=\"tag\">Destaques<\/a> <\/span><span class=\"av-vertical-delimiter\"><\/span><\/header><div class='slide-entry-excerpt entry-content'  itemprop=\"text\" >Se o c\u00e9rebro, com toda a sua complexidade e plasticidade, \u00e9 o respons\u00e1vel por orientar decis\u00f5es, ent\u00e3o compreend\u00ea-lo \u00e9 a chave para moldar comportamentos mais seguros e fundamentados em dados reais, transformando assim os desafios dos seguros em oportunidades de evolu\u00e7\u00e3o.<div class=\"read-more-link\"><a href=\"https:\/\/segurosecidadania.pt\/?p=2030\" class=\"more-link\">Ler mais<span class=\"more-link-arrow\"><\/span><\/a><\/div><\/div><\/div><footer class=\"entry-footer\"><div class=\"slide-meta\"><time class='slide-meta-time updated'  itemprop=\"datePublished\" datetime=\"2025-07-29T12:10:18+01:00\" >Julho 29, 2025<\/time><\/div><\/footer><span class='hidden'>\n\t\t\t\t<span class='av-structured-data'  itemprop=\"image\" itemscope=\"itemscope\" itemtype=\"https:\/\/schema.org\/ImageObject\" >\n\t\t\t\t\t\t<span itemprop='url'>https:\/\/segurosecidadania.pt\/wp-content\/uploads\/2025\/07\/Conferencia-anual.jpg<\/span>\n\t\t\t\t\t\t<span itemprop='height'>800<\/span>\n\t\t\t\t\t\t<span itemprop='width'>2000<\/span>\n\t\t\t\t<\/span>\n\t\t\t\t<span class='av-structured-data'  itemprop=\"publisher\" itemtype=\"https:\/\/schema.org\/Organization\" itemscope=\"itemscope\" >\n\t\t\t\t\t\t<span itemprop='name'>Frederico Nunes<\/span>\n\t\t\t\t\t\t<span itemprop='logo' itemscope itemtype='https:\/\/schema.org\/ImageObject'>\n\t\t\t\t\t\t\t<span itemprop='url'>https:\/\/segurosecidadania.pt\/wp-content\/uploads\/2024\/01\/Seguro-Cidadania-Branco-01.png<\/span>\n\t\t\t\t\t\t<\/span>\n\t\t\t\t<\/span><span class='av-structured-data'  itemprop=\"author\" itemscope=\"itemscope\" itemtype=\"https:\/\/schema.org\/Person\" ><span itemprop='name'>Frederico Nunes<\/span><\/span><span class='av-structured-data'  itemprop=\"datePublished\" datetime=\"2025-07-29T11:54:10+01:00\" >2025-07-29 12:10:18<\/span><span class='av-structured-data'  itemprop=\"dateModified\" itemtype=\"https:\/\/schema.org\/dateModified\" >2025-07-31 09:37:13<\/span><span class='av-structured-data'  itemprop=\"mainEntityOfPage\" itemtype=\"https:\/\/schema.org\/mainEntityOfPage\" ><span itemprop='name'>CONFER\u00caNCIA ANUAL DA APS DESVENDA O ADMIR\u00c1VEL MUNDO DO C\u00c9REBRO. DA PERCE\u00c7\u00c3O DO RISCO AO INCENTIVO PARA COMPORTAMENTOS MAIS SEGUROS: O FUTURO DO SETOR SEGURADOR TAMB\u00c9M PASSA POR AQUI.<\/span><\/span><\/span><\/article><\/div><div class=\"slide-entry-wrap\"><article class='slide-entry flex_column  post-entry post-entry-2019 slide-entry-overview slide-loop-3 slide-parity-odd  av_fullwidth first real-thumbnail posttype-post post-format-standard'  itemscope=\"itemscope\" itemtype=\"https:\/\/schema.org\/CreativeWork\" ><a href='https:\/\/segurosecidadania.pt\/?p=2019' data-rel='slide-1' class='slide-image' title='REDES SOCIAIS APS | A IMPORT\u00c2NCIA DE ESTAR ONDE EST\u00c3O AS PESSOAS APS'><img decoding=\"async\" fetchpriority=\"high\" width=\"2000\" height=\"800\" src=\"https:\/\/segurosecidadania.pt\/wp-content\/uploads\/2025\/07\/Redes-sociais.jpg\" class=\"wp-image-2020 avia-img-lazy-loading-not-2020 attachment-no scaling size-no scaling wp-post-image\" alt=\"\" srcset=\"https:\/\/segurosecidadania.pt\/wp-content\/uploads\/2025\/07\/Redes-sociais.jpg 2000w, https:\/\/segurosecidadania.pt\/wp-content\/uploads\/2025\/07\/Redes-sociais-300x120.jpg 300w, https:\/\/segurosecidadania.pt\/wp-content\/uploads\/2025\/07\/Redes-sociais-1030x412.jpg 1030w, https:\/\/segurosecidadania.pt\/wp-content\/uploads\/2025\/07\/Redes-sociais-768x307.jpg 768w, https:\/\/segurosecidadania.pt\/wp-content\/uploads\/2025\/07\/Redes-sociais-1536x614.jpg 1536w, https:\/\/segurosecidadania.pt\/wp-content\/uploads\/2025\/07\/Redes-sociais-1500x600.jpg 1500w, https:\/\/segurosecidadania.pt\/wp-content\/uploads\/2025\/07\/Redes-sociais-705x282.jpg 705w\" sizes=\"(max-width: 2000px) 100vw, 2000px\" \/><\/a><div class=\"slide-content\"><header class=\"entry-content-header\"><h3 class='slide-entry-title entry-title '  itemprop=\"headline\" ><a href='https:\/\/segurosecidadania.pt\/?p=2019' title='REDES SOCIAIS APS | A IMPORT\u00c2NCIA DE ESTAR ONDE EST\u00c3O AS PESSOAS APS'>REDES SOCIAIS APS | A IMPORT\u00c2NCIA DE ESTAR ONDE EST\u00c3O AS PESSOAS APS<\/a><\/h3><span class=\"blog-categories minor-meta\"><a href=\"https:\/\/segurosecidadania.pt\/?cat=25\" rel=\"tag\">Destaques<\/a> <\/span><span class=\"av-vertical-delimiter\"><\/span><\/header><div class='slide-entry-excerpt entry-content'  itemprop=\"text\" >90 dias depois, mar\u00e7o a junho 2025, os resultados n\u00e3o podiam ter sido mais positivos. N\u00e3o s\u00f3 consolidou o que j\u00e1 era percet\u00edvel atrav\u00e9s dos dados iniciais de presen\u00e7a de marcas do setor nas redes sociais, como tamb\u00e9m ajudou a perceber que a APS, enquanto associa\u00e7\u00e3o, tem uma grande oportunidade de comunica\u00e7\u00e3o nestes ecossistemas, podendo haver uma expans\u00e3o para outras redes sociais diferentes e din\u00e2micas, como o Tiktok.<div class=\"read-more-link\"><a href=\"https:\/\/segurosecidadania.pt\/?p=2019\" class=\"more-link\">Ler mais<span class=\"more-link-arrow\"><\/span><\/a><\/div><\/div><\/div><footer class=\"entry-footer\"><div class=\"slide-meta\"><time class='slide-meta-time updated'  itemprop=\"datePublished\" datetime=\"2025-07-29T12:09:10+01:00\" >Julho 29, 2025<\/time><\/div><\/footer><span class='hidden'>\n\t\t\t\t<span class='av-structured-data'  itemprop=\"image\" itemscope=\"itemscope\" itemtype=\"https:\/\/schema.org\/ImageObject\" >\n\t\t\t\t\t\t<span itemprop='url'>https:\/\/segurosecidadania.pt\/wp-content\/uploads\/2025\/07\/Redes-sociais.jpg<\/span>\n\t\t\t\t\t\t<span itemprop='height'>800<\/span>\n\t\t\t\t\t\t<span itemprop='width'>2000<\/span>\n\t\t\t\t<\/span>\n\t\t\t\t<span class='av-structured-data'  itemprop=\"publisher\" itemtype=\"https:\/\/schema.org\/Organization\" itemscope=\"itemscope\" >\n\t\t\t\t\t\t<span itemprop='name'>Frederico Nunes<\/span>\n\t\t\t\t\t\t<span itemprop='logo' itemscope itemtype='https:\/\/schema.org\/ImageObject'>\n\t\t\t\t\t\t\t<span itemprop='url'>https:\/\/segurosecidadania.pt\/wp-content\/uploads\/2024\/01\/Seguro-Cidadania-Branco-01.png<\/span>\n\t\t\t\t\t\t<\/span>\n\t\t\t\t<\/span><span class='av-structured-data'  itemprop=\"author\" itemscope=\"itemscope\" itemtype=\"https:\/\/schema.org\/Person\" ><span itemprop='name'>Frederico Nunes<\/span><\/span><span class='av-structured-data'  itemprop=\"datePublished\" datetime=\"2025-07-29T11:54:10+01:00\" >2025-07-29 12:09:10<\/span><span class='av-structured-data'  itemprop=\"dateModified\" itemtype=\"https:\/\/schema.org\/dateModified\" >2025-07-31 15:00:11<\/span><span class='av-structured-data'  itemprop=\"mainEntityOfPage\" itemtype=\"https:\/\/schema.org\/mainEntityOfPage\" ><span itemprop='name'>REDES SOCIAIS APS | A IMPORT\u00c2NCIA DE ESTAR ONDE EST\u00c3O AS PESSOAS APS<\/span><\/span><\/span><\/article><\/div><div class=\"slide-entry-wrap\"><article class='slide-entry flex_column  post-entry post-entry-2038 slide-entry-overview slide-loop-4 slide-parity-odd  av_fullwidth first real-thumbnail posttype-post post-format-standard'  itemscope=\"itemscope\" itemtype=\"https:\/\/schema.org\/CreativeWork\" ><a href='https:\/\/segurosecidadania.pt\/?p=2038' data-rel='slide-1' class='slide-image' title='CARLOS MORAIS, CARDIOLOGISTA E VICE-PRESIDENTE DA FUNDA\u00c7\u00c3O PORTUGUESA DE CARDIOLOGIA'><img decoding=\"async\" fetchpriority=\"high\" width=\"2000\" height=\"800\" src=\"https:\/\/segurosecidadania.pt\/wp-content\/uploads\/2025\/07\/Ataque-coracao.jpg\" class=\"wp-image-2040 avia-img-lazy-loading-not-2040 attachment-no scaling size-no scaling wp-post-image\" alt=\"\" srcset=\"https:\/\/segurosecidadania.pt\/wp-content\/uploads\/2025\/07\/Ataque-coracao.jpg 2000w, https:\/\/segurosecidadania.pt\/wp-content\/uploads\/2025\/07\/Ataque-coracao-300x120.jpg 300w, https:\/\/segurosecidadania.pt\/wp-content\/uploads\/2025\/07\/Ataque-coracao-1030x412.jpg 1030w, https:\/\/segurosecidadania.pt\/wp-content\/uploads\/2025\/07\/Ataque-coracao-768x307.jpg 768w, https:\/\/segurosecidadania.pt\/wp-content\/uploads\/2025\/07\/Ataque-coracao-1536x614.jpg 1536w, https:\/\/segurosecidadania.pt\/wp-content\/uploads\/2025\/07\/Ataque-coracao-1500x600.jpg 1500w, https:\/\/segurosecidadania.pt\/wp-content\/uploads\/2025\/07\/Ataque-coracao-705x282.jpg 705w\" sizes=\"(max-width: 2000px) 100vw, 2000px\" \/><\/a><div class=\"slide-content\"><header class=\"entry-content-header\"><h3 class='slide-entry-title entry-title '  itemprop=\"headline\" ><a href='https:\/\/segurosecidadania.pt\/?p=2038' title='CARLOS MORAIS, CARDIOLOGISTA E VICE-PRESIDENTE DA FUNDA\u00c7\u00c3O PORTUGUESA DE CARDIOLOGIA'>CARLOS MORAIS, CARDIOLOGISTA E VICE-PRESIDENTE DA FUNDA\u00c7\u00c3O PORTUGUESA DE CARDIOLOGIA<\/a><\/h3><span class=\"blog-categories minor-meta\"><a href=\"https:\/\/segurosecidadania.pt\/?cat=15\" rel=\"tag\">Opini\u00e3o<\/a> <\/span><span class=\"av-vertical-delimiter\"><\/span><\/header><div class='slide-entry-excerpt entry-content'  itemprop=\"text\" >Todos devemos cuidar do cora\u00e7\u00e3o, mas quem sobreviveu a um enfarte agudo do mioc\u00e1rdio (ataque card\u00edaco) precisa de estar ainda mais atento. Uma em cada quatro pessoas pode ter um novo epis\u00f3dio nos dois anos seguintes. Um risco demasiado elevado que exige um plano cuidado e bem definido, de preven\u00e7\u00e3o e tratamento<div class=\"read-more-link\"><a href=\"https:\/\/segurosecidadania.pt\/?p=2038\" class=\"more-link\">Ler mais<span class=\"more-link-arrow\"><\/span><\/a><\/div><\/div><\/div><footer class=\"entry-footer\"><div class=\"slide-meta\"><time class='slide-meta-time updated'  itemprop=\"datePublished\" datetime=\"2025-07-29T12:08:29+01:00\" >Julho 29, 2025<\/time><\/div><\/footer><span class='hidden'>\n\t\t\t\t<span class='av-structured-data'  itemprop=\"image\" itemscope=\"itemscope\" itemtype=\"https:\/\/schema.org\/ImageObject\" >\n\t\t\t\t\t\t<span itemprop='url'>https:\/\/segurosecidadania.pt\/wp-content\/uploads\/2025\/07\/Ataque-coracao.jpg<\/span>\n\t\t\t\t\t\t<span itemprop='height'>800<\/span>\n\t\t\t\t\t\t<span itemprop='width'>2000<\/span>\n\t\t\t\t<\/span>\n\t\t\t\t<span class='av-structured-data'  itemprop=\"publisher\" itemtype=\"https:\/\/schema.org\/Organization\" itemscope=\"itemscope\" >\n\t\t\t\t\t\t<span itemprop='name'>Frederico Nunes<\/span>\n\t\t\t\t\t\t<span itemprop='logo' itemscope itemtype='https:\/\/schema.org\/ImageObject'>\n\t\t\t\t\t\t\t<span itemprop='url'>https:\/\/segurosecidadania.pt\/wp-content\/uploads\/2024\/01\/Seguro-Cidadania-Branco-01.png<\/span>\n\t\t\t\t\t\t<\/span>\n\t\t\t\t<\/span><span class='av-structured-data'  itemprop=\"author\" itemscope=\"itemscope\" itemtype=\"https:\/\/schema.org\/Person\" ><span itemprop='name'>Frederico Nunes<\/span><\/span><span class='av-structured-data'  itemprop=\"datePublished\" datetime=\"2025-07-29T11:54:10+01:00\" >2025-07-29 12:08:29<\/span><span class='av-structured-data'  itemprop=\"dateModified\" itemtype=\"https:\/\/schema.org\/dateModified\" >2025-07-31 15:05:39<\/span><span class='av-structured-data'  itemprop=\"mainEntityOfPage\" itemtype=\"https:\/\/schema.org\/mainEntityOfPage\" ><span itemprop='name'>CARLOS MORAIS, CARDIOLOGISTA E VICE-PRESIDENTE DA FUNDA\u00c7\u00c3O PORTUGUESA DE CARDIOLOGIA<\/span><\/span><\/span><\/article><\/div><div class=\"slide-entry-wrap\"><article class='slide-entry flex_column  post-entry post-entry-2048 slide-entry-overview slide-loop-5 slide-parity-odd  av_fullwidth first real-thumbnail posttype-post post-format-standard'  itemscope=\"itemscope\" itemtype=\"https:\/\/schema.org\/CreativeWork\" ><a href='https:\/\/segurosecidadania.pt\/?p=2048' data-rel='slide-1' class='slide-image' title='A ATIVIDADE SEGURADORA EM 2025'><img decoding=\"async\" fetchpriority=\"high\" width=\"2000\" height=\"800\" src=\"https:\/\/segurosecidadania.pt\/wp-content\/uploads\/2025\/03\/Grafico-foto.jpg\" class=\"wp-image-1797 avia-img-lazy-loading-not-1797 attachment-no scaling size-no scaling wp-post-image\" alt=\"\" srcset=\"https:\/\/segurosecidadania.pt\/wp-content\/uploads\/2025\/03\/Grafico-foto.jpg 2000w, https:\/\/segurosecidadania.pt\/wp-content\/uploads\/2025\/03\/Grafico-foto-300x120.jpg 300w, https:\/\/segurosecidadania.pt\/wp-content\/uploads\/2025\/03\/Grafico-foto-1030x412.jpg 1030w, https:\/\/segurosecidadania.pt\/wp-content\/uploads\/2025\/03\/Grafico-foto-768x307.jpg 768w, https:\/\/segurosecidadania.pt\/wp-content\/uploads\/2025\/03\/Grafico-foto-1536x614.jpg 1536w, https:\/\/segurosecidadania.pt\/wp-content\/uploads\/2025\/03\/Grafico-foto-1500x600.jpg 1500w, https:\/\/segurosecidadania.pt\/wp-content\/uploads\/2025\/03\/Grafico-foto-705x282.jpg 705w\" sizes=\"(max-width: 2000px) 100vw, 2000px\" \/><\/a><div class=\"slide-content\"><header class=\"entry-content-header\"><h3 class='slide-entry-title entry-title '  itemprop=\"headline\" ><a href='https:\/\/segurosecidadania.pt\/?p=2048' title='A ATIVIDADE SEGURADORA EM 2025'>A ATIVIDADE SEGURADORA EM 2025<\/a><\/h3><span class=\"blog-categories minor-meta\"><a href=\"https:\/\/segurosecidadania.pt\/?cat=16\" rel=\"tag\">N\u00fameros<\/a> <\/span><span class=\"av-vertical-delimiter\"><\/span><\/header><div class='slide-entry-excerpt entry-content'  itemprop=\"text\" >Pr\u00e9mios de seguro direto at\u00e9 ao m\u00eas de junho de 2025.<div class=\"read-more-link\"><a href=\"https:\/\/segurosecidadania.pt\/?p=2048\" class=\"more-link\">Ler mais<span class=\"more-link-arrow\"><\/span><\/a><\/div><\/div><\/div><footer class=\"entry-footer\"><div class=\"slide-meta\"><time class='slide-meta-time updated'  itemprop=\"datePublished\" datetime=\"2025-07-29T12:07:41+01:00\" >Julho 29, 2025<\/time><\/div><\/footer><span class='hidden'>\n\t\t\t\t<span class='av-structured-data'  itemprop=\"image\" itemscope=\"itemscope\" itemtype=\"https:\/\/schema.org\/ImageObject\" >\n\t\t\t\t\t\t<span itemprop='url'>https:\/\/segurosecidadania.pt\/wp-content\/uploads\/2025\/03\/Grafico-foto.jpg<\/span>\n\t\t\t\t\t\t<span itemprop='height'>800<\/span>\n\t\t\t\t\t\t<span itemprop='width'>2000<\/span>\n\t\t\t\t<\/span>\n\t\t\t\t<span class='av-structured-data'  itemprop=\"publisher\" itemtype=\"https:\/\/schema.org\/Organization\" itemscope=\"itemscope\" >\n\t\t\t\t\t\t<span itemprop='name'>Frederico Nunes<\/span>\n\t\t\t\t\t\t<span itemprop='logo' itemscope itemtype='https:\/\/schema.org\/ImageObject'>\n\t\t\t\t\t\t\t<span itemprop='url'>https:\/\/segurosecidadania.pt\/wp-content\/uploads\/2024\/01\/Seguro-Cidadania-Branco-01.png<\/span>\n\t\t\t\t\t\t<\/span>\n\t\t\t\t<\/span><span class='av-structured-data'  itemprop=\"author\" itemscope=\"itemscope\" itemtype=\"https:\/\/schema.org\/Person\" ><span itemprop='name'>Frederico Nunes<\/span><\/span><span class='av-structured-data'  itemprop=\"datePublished\" datetime=\"2025-07-29T11:54:10+01:00\" >2025-07-29 12:07:41<\/span><span class='av-structured-data'  itemprop=\"dateModified\" itemtype=\"https:\/\/schema.org\/dateModified\" >2025-07-30 09:13:17<\/span><span class='av-structured-data'  itemprop=\"mainEntityOfPage\" itemtype=\"https:\/\/schema.org\/mainEntityOfPage\" ><span itemprop='name'>A ATIVIDADE SEGURADORA EM 2025<\/span><\/span><\/span><\/article><\/div><div class=\"slide-entry-wrap\"><article class='slide-entry flex_column  post-entry post-entry-2057 slide-entry-overview slide-loop-6 slide-parity-odd  av_fullwidth first real-thumbnail posttype-post post-format-quote'  itemscope=\"itemscope\" itemtype=\"https:\/\/schema.org\/CreativeWork\" ><a href='https:\/\/segurosecidadania.pt\/?p=2057' data-rel='slide-1' class='slide-image' title='LEGISLA\u00c7\u00c3O NACIONAL'><img decoding=\"async\" fetchpriority=\"high\" width=\"2000\" height=\"800\" src=\"https:\/\/segurosecidadania.pt\/wp-content\/uploads\/2025\/07\/Trator.jpg\" class=\"wp-image-2059 avia-img-lazy-loading-not-2059 attachment-no scaling size-no scaling wp-post-image\" alt=\"\" srcset=\"https:\/\/segurosecidadania.pt\/wp-content\/uploads\/2025\/07\/Trator.jpg 2000w, https:\/\/segurosecidadania.pt\/wp-content\/uploads\/2025\/07\/Trator-300x120.jpg 300w, https:\/\/segurosecidadania.pt\/wp-content\/uploads\/2025\/07\/Trator-1030x412.jpg 1030w, https:\/\/segurosecidadania.pt\/wp-content\/uploads\/2025\/07\/Trator-768x307.jpg 768w, https:\/\/segurosecidadania.pt\/wp-content\/uploads\/2025\/07\/Trator-1536x614.jpg 1536w, https:\/\/segurosecidadania.pt\/wp-content\/uploads\/2025\/07\/Trator-1500x600.jpg 1500w, https:\/\/segurosecidadania.pt\/wp-content\/uploads\/2025\/07\/Trator-705x282.jpg 705w\" sizes=\"(max-width: 2000px) 100vw, 2000px\" \/><\/a><div class=\"slide-content\"><header class=\"entry-content-header\"><h3 class='slide-entry-title entry-title '  itemprop=\"headline\" ><a href='https:\/\/segurosecidadania.pt\/?p=2057' title='LEGISLA\u00c7\u00c3O NACIONAL'>LEGISLA\u00c7\u00c3O NACIONAL<\/a><\/h3><span class=\"blog-categories minor-meta\"><a href=\"https:\/\/segurosecidadania.pt\/?cat=20\" rel=\"tag\">Legisla\u00e7\u00e3o e regulamenta\u00e7\u00e3o nacional<\/a> <\/span><span class=\"av-vertical-delimiter\"><\/span><\/header><div class='slide-entry-excerpt entry-content'  itemprop=\"text\" >Conhe\u00e7a a recente legisla\u00e7\u00e3o publicada, ao n\u00edvel nacional, com impacto no setor segurador.<div class=\"read-more-link\"><a href=\"https:\/\/segurosecidadania.pt\/?p=2057\" class=\"more-link\">Ler mais<span class=\"more-link-arrow\"><\/span><\/a><\/div><\/div><\/div><footer class=\"entry-footer\"><div class=\"slide-meta\"><time class='slide-meta-time updated'  itemprop=\"datePublished\" datetime=\"2025-07-29T12:06:28+01:00\" >Julho 29, 2025<\/time><\/div><\/footer><span class='hidden'>\n\t\t\t\t<span class='av-structured-data'  itemprop=\"image\" itemscope=\"itemscope\" itemtype=\"https:\/\/schema.org\/ImageObject\" >\n\t\t\t\t\t\t<span itemprop='url'>https:\/\/segurosecidadania.pt\/wp-content\/uploads\/2025\/07\/Trator.jpg<\/span>\n\t\t\t\t\t\t<span itemprop='height'>800<\/span>\n\t\t\t\t\t\t<span itemprop='width'>2000<\/span>\n\t\t\t\t<\/span>\n\t\t\t\t<span class='av-structured-data'  itemprop=\"publisher\" itemtype=\"https:\/\/schema.org\/Organization\" itemscope=\"itemscope\" >\n\t\t\t\t\t\t<span itemprop='name'>admin<\/span>\n\t\t\t\t\t\t<span itemprop='logo' itemscope itemtype='https:\/\/schema.org\/ImageObject'>\n\t\t\t\t\t\t\t<span itemprop='url'>https:\/\/segurosecidadania.pt\/wp-content\/uploads\/2024\/01\/Seguro-Cidadania-Branco-01.png<\/span>\n\t\t\t\t\t\t<\/span>\n\t\t\t\t<\/span><span class='av-structured-data'  itemprop=\"author\" itemscope=\"itemscope\" itemtype=\"https:\/\/schema.org\/Person\" ><span itemprop='name'>admin<\/span><\/span><span class='av-structured-data'  itemprop=\"datePublished\" datetime=\"2025-07-29T11:54:10+01:00\" >2025-07-29 12:06:28<\/span><span class='av-structured-data'  itemprop=\"dateModified\" itemtype=\"https:\/\/schema.org\/dateModified\" >2025-07-31 09:35:28<\/span><span class='av-structured-data'  itemprop=\"mainEntityOfPage\" itemtype=\"https:\/\/schema.org\/mainEntityOfPage\" ><span itemprop='name'>LEGISLA\u00c7\u00c3O NACIONAL<\/span><\/span><\/span><\/article><\/div><div class=\"slide-entry-wrap\"><article class='slide-entry flex_column  post-entry post-entry-2063 slide-entry-overview slide-loop-7 slide-parity-odd  av_fullwidth first real-thumbnail posttype-post post-format-quote'  itemscope=\"itemscope\" itemtype=\"https:\/\/schema.org\/CreativeWork\" ><a href='https:\/\/segurosecidadania.pt\/?p=2063' data-rel='slide-1' class='slide-image' title='REGULAMENTA\u00c7\u00c3O NACIONAL'><img decoding=\"async\" fetchpriority=\"high\" width=\"2000\" height=\"800\" src=\"https:\/\/segurosecidadania.pt\/wp-content\/uploads\/2024\/07\/justica.jpg\" class=\"wp-image-1395 avia-img-lazy-loading-not-1395 attachment-no scaling size-no scaling wp-post-image\" alt=\"\" srcset=\"https:\/\/segurosecidadania.pt\/wp-content\/uploads\/2024\/07\/justica.jpg 2000w, https:\/\/segurosecidadania.pt\/wp-content\/uploads\/2024\/07\/justica-300x120.jpg 300w, https:\/\/segurosecidadania.pt\/wp-content\/uploads\/2024\/07\/justica-1030x412.jpg 1030w, https:\/\/segurosecidadania.pt\/wp-content\/uploads\/2024\/07\/justica-768x307.jpg 768w, https:\/\/segurosecidadania.pt\/wp-content\/uploads\/2024\/07\/justica-1536x614.jpg 1536w, https:\/\/segurosecidadania.pt\/wp-content\/uploads\/2024\/07\/justica-1500x600.jpg 1500w, https:\/\/segurosecidadania.pt\/wp-content\/uploads\/2024\/07\/justica-705x282.jpg 705w\" sizes=\"(max-width: 2000px) 100vw, 2000px\" \/><\/a><div class=\"slide-content\"><header class=\"entry-content-header\"><h3 class='slide-entry-title entry-title '  itemprop=\"headline\" ><a href='https:\/\/segurosecidadania.pt\/?p=2063' title='REGULAMENTA\u00c7\u00c3O NACIONAL'>REGULAMENTA\u00c7\u00c3O NACIONAL<\/a><\/h3><span class=\"blog-categories minor-meta\"><a href=\"https:\/\/segurosecidadania.pt\/?cat=20\" rel=\"tag\">Legisla\u00e7\u00e3o e regulamenta\u00e7\u00e3o nacional<\/a> <\/span><span class=\"av-vertical-delimiter\"><\/span><\/header><div class='slide-entry-excerpt entry-content'  itemprop=\"text\" >Fique a par da regulamenta\u00e7\u00e3o publicada, ao n\u00edvel nacional, com impacto no setor segurador.<div class=\"read-more-link\"><a href=\"https:\/\/segurosecidadania.pt\/?p=2063\" class=\"more-link\">Ler mais<span class=\"more-link-arrow\"><\/span><\/a><\/div><\/div><\/div><footer class=\"entry-footer\"><div class=\"slide-meta\"><time class='slide-meta-time updated'  itemprop=\"datePublished\" datetime=\"2025-07-29T12:05:32+01:00\" >Julho 29, 2025<\/time><\/div><\/footer><span class='hidden'>\n\t\t\t\t<span class='av-structured-data'  itemprop=\"image\" itemscope=\"itemscope\" itemtype=\"https:\/\/schema.org\/ImageObject\" >\n\t\t\t\t\t\t<span itemprop='url'>https:\/\/segurosecidadania.pt\/wp-content\/uploads\/2024\/07\/justica.jpg<\/span>\n\t\t\t\t\t\t<span itemprop='height'>800<\/span>\n\t\t\t\t\t\t<span itemprop='width'>2000<\/span>\n\t\t\t\t<\/span>\n\t\t\t\t<span class='av-structured-data'  itemprop=\"publisher\" itemtype=\"https:\/\/schema.org\/Organization\" itemscope=\"itemscope\" >\n\t\t\t\t\t\t<span itemprop='name'>admin<\/span>\n\t\t\t\t\t\t<span itemprop='logo' itemscope itemtype='https:\/\/schema.org\/ImageObject'>\n\t\t\t\t\t\t\t<span itemprop='url'>https:\/\/segurosecidadania.pt\/wp-content\/uploads\/2024\/01\/Seguro-Cidadania-Branco-01.png<\/span>\n\t\t\t\t\t\t<\/span>\n\t\t\t\t<\/span><span class='av-structured-data'  itemprop=\"author\" itemscope=\"itemscope\" itemtype=\"https:\/\/schema.org\/Person\" ><span itemprop='name'>admin<\/span><\/span><span class='av-structured-data'  itemprop=\"datePublished\" datetime=\"2025-07-29T11:54:10+01:00\" >2025-07-29 12:05:32<\/span><span class='av-structured-data'  itemprop=\"dateModified\" itemtype=\"https:\/\/schema.org\/dateModified\" >2025-07-30 10:37:54<\/span><span class='av-structured-data'  itemprop=\"mainEntityOfPage\" itemtype=\"https:\/\/schema.org\/mainEntityOfPage\" ><span itemprop='name'>REGULAMENTA\u00c7\u00c3O NACIONAL<\/span><\/span><\/span><\/article><\/div><div class=\"slide-entry-wrap\"><article class='slide-entry flex_column  post-entry post-entry-2066 slide-entry-overview slide-loop-8 slide-parity-odd  av_fullwidth first real-thumbnail posttype-post post-format-quote'  itemscope=\"itemscope\" itemtype=\"https:\/\/schema.org\/CreativeWork\" ><a href='https:\/\/segurosecidadania.pt\/?p=2066' data-rel='slide-1' class='slide-image' title='DIRETIVA EUROPEIA DE ACESSIBILIDADE E O SEU POTENCIAL ESTRAT\u00c9GICO'><img decoding=\"async\" fetchpriority=\"high\" width=\"2000\" height=\"800\" src=\"https:\/\/segurosecidadania.pt\/wp-content\/uploads\/2025\/07\/Cego.jpg\" class=\"wp-image-2070 avia-img-lazy-loading-not-2070 attachment-no scaling size-no scaling wp-post-image\" alt=\"\" srcset=\"https:\/\/segurosecidadania.pt\/wp-content\/uploads\/2025\/07\/Cego.jpg 2000w, https:\/\/segurosecidadania.pt\/wp-content\/uploads\/2025\/07\/Cego-300x120.jpg 300w, https:\/\/segurosecidadania.pt\/wp-content\/uploads\/2025\/07\/Cego-1030x412.jpg 1030w, https:\/\/segurosecidadania.pt\/wp-content\/uploads\/2025\/07\/Cego-768x307.jpg 768w, https:\/\/segurosecidadania.pt\/wp-content\/uploads\/2025\/07\/Cego-1536x614.jpg 1536w, https:\/\/segurosecidadania.pt\/wp-content\/uploads\/2025\/07\/Cego-1500x600.jpg 1500w, https:\/\/segurosecidadania.pt\/wp-content\/uploads\/2025\/07\/Cego-705x282.jpg 705w\" sizes=\"(max-width: 2000px) 100vw, 2000px\" \/><\/a><div class=\"slide-content\"><header class=\"entry-content-header\"><h3 class='slide-entry-title entry-title '  itemprop=\"headline\" ><a href='https:\/\/segurosecidadania.pt\/?p=2066' title='DIRETIVA EUROPEIA DE ACESSIBILIDADE E O SEU POTENCIAL ESTRAT\u00c9GICO'>DIRETIVA EUROPEIA DE ACESSIBILIDADE E O SEU POTENCIAL ESTRAT\u00c9GICO<\/a><\/h3><span class=\"blog-categories minor-meta\"><a href=\"https:\/\/segurosecidadania.pt\/?cat=22\" rel=\"tag\">Legisla\u00e7\u00e3o e regulamenta\u00e7\u00e3o europeia<\/a> <\/span><span class=\"av-vertical-delimiter\"><\/span><\/header><div class='slide-entry-excerpt entry-content'  itemprop=\"text\" >A Diretiva Europeia de Acessibilidade (European Accessibility Act - EAA) estabelece requisitos comuns para garantir que determinados produtos e servi\u00e7os na Uni\u00e3o Europeia sejam acess\u00edveis a pessoas com defici\u00eancia e utilizadores com limita\u00e7\u00f5es funcionais.<div class=\"read-more-link\"><a href=\"https:\/\/segurosecidadania.pt\/?p=2066\" class=\"more-link\">Ler mais<span class=\"more-link-arrow\"><\/span><\/a><\/div><\/div><\/div><footer class=\"entry-footer\"><div class=\"slide-meta\"><time class='slide-meta-time updated'  itemprop=\"datePublished\" datetime=\"2025-07-29T12:04:43+01:00\" >Julho 29, 2025<\/time><\/div><\/footer><span class='hidden'>\n\t\t\t\t<span class='av-structured-data'  itemprop=\"image\" itemscope=\"itemscope\" itemtype=\"https:\/\/schema.org\/ImageObject\" >\n\t\t\t\t\t\t<span itemprop='url'>https:\/\/segurosecidadania.pt\/wp-content\/uploads\/2025\/07\/Cego.jpg<\/span>\n\t\t\t\t\t\t<span itemprop='height'>800<\/span>\n\t\t\t\t\t\t<span itemprop='width'>2000<\/span>\n\t\t\t\t<\/span>\n\t\t\t\t<span class='av-structured-data'  itemprop=\"publisher\" itemtype=\"https:\/\/schema.org\/Organization\" itemscope=\"itemscope\" >\n\t\t\t\t\t\t<span itemprop='name'>Frederico Nunes<\/span>\n\t\t\t\t\t\t<span itemprop='logo' itemscope itemtype='https:\/\/schema.org\/ImageObject'>\n\t\t\t\t\t\t\t<span itemprop='url'>https:\/\/segurosecidadania.pt\/wp-content\/uploads\/2024\/01\/Seguro-Cidadania-Branco-01.png<\/span>\n\t\t\t\t\t\t<\/span>\n\t\t\t\t<\/span><span class='av-structured-data'  itemprop=\"author\" itemscope=\"itemscope\" itemtype=\"https:\/\/schema.org\/Person\" ><span itemprop='name'>Frederico Nunes<\/span><\/span><span class='av-structured-data'  itemprop=\"datePublished\" datetime=\"2025-07-29T11:54:10+01:00\" >2025-07-29 12:04:43<\/span><span class='av-structured-data'  itemprop=\"dateModified\" itemtype=\"https:\/\/schema.org\/dateModified\" >2025-07-30 12:18:13<\/span><span class='av-structured-data'  itemprop=\"mainEntityOfPage\" itemtype=\"https:\/\/schema.org\/mainEntityOfPage\" ><span itemprop='name'>DIRETIVA EUROPEIA DE ACESSIBILIDADE E O SEU POTENCIAL ESTRAT\u00c9GICO<\/span><\/span><\/span><\/article><\/div><div class=\"slide-entry-wrap\"><article class='slide-entry flex_column  post-entry post-entry-2072 slide-entry-overview slide-loop-9 slide-parity-odd  av_fullwidth first real-thumbnail posttype-post post-format-quote'  itemscope=\"itemscope\" itemtype=\"https:\/\/schema.org\/CreativeWork\" ><a href='https:\/\/segurosecidadania.pt\/?p=2072' data-rel='slide-1' class='slide-image' title='FIDA: INSURANCE EUROPE DEFENDE SIMPLIFICA\u00c7\u00c3O E MAIS EQUIDADE NA PARTILHA DE DADOS'><img decoding=\"async\" fetchpriority=\"high\" width=\"2000\" height=\"800\" src=\"https:\/\/segurosecidadania.pt\/wp-content\/uploads\/2024\/11\/Insurance-europe.jpg\" class=\"wp-image-1581 avia-img-lazy-loading-not-1581 attachment-no scaling size-no scaling wp-post-image\" alt=\"\" srcset=\"https:\/\/segurosecidadania.pt\/wp-content\/uploads\/2024\/11\/Insurance-europe.jpg 2000w, https:\/\/segurosecidadania.pt\/wp-content\/uploads\/2024\/11\/Insurance-europe-300x120.jpg 300w, https:\/\/segurosecidadania.pt\/wp-content\/uploads\/2024\/11\/Insurance-europe-1030x412.jpg 1030w, https:\/\/segurosecidadania.pt\/wp-content\/uploads\/2024\/11\/Insurance-europe-768x307.jpg 768w, https:\/\/segurosecidadania.pt\/wp-content\/uploads\/2024\/11\/Insurance-europe-1536x614.jpg 1536w, https:\/\/segurosecidadania.pt\/wp-content\/uploads\/2024\/11\/Insurance-europe-1500x600.jpg 1500w, https:\/\/segurosecidadania.pt\/wp-content\/uploads\/2024\/11\/Insurance-europe-705x282.jpg 705w\" sizes=\"(max-width: 2000px) 100vw, 2000px\" \/><\/a><div class=\"slide-content\"><header class=\"entry-content-header\"><h3 class='slide-entry-title entry-title '  itemprop=\"headline\" ><a href='https:\/\/segurosecidadania.pt\/?p=2072' title='FIDA: INSURANCE EUROPE DEFENDE SIMPLIFICA\u00c7\u00c3O E MAIS EQUIDADE NA PARTILHA DE DADOS'>FIDA: INSURANCE EUROPE DEFENDE SIMPLIFICA\u00c7\u00c3O E MAIS EQUIDADE NA PARTILHA DE DADOS<\/a><\/h3><span class=\"blog-categories minor-meta\"><a href=\"https:\/\/segurosecidadania.pt\/?cat=18\" rel=\"tag\">Europa<\/a> <\/span><span class=\"av-vertical-delimiter\"><\/span><\/header><div class='slide-entry-excerpt entry-content'  itemprop=\"text\" >A assinalar o in\u00edcio da presid\u00eancia dinamarquesa do Conselho da Uni\u00e3o Europeia, em 1 de julho \u00faltimo, o Insurance Europe (IE) apelou \u00e0 simplifica\u00e7\u00e3o do Financial Data Access (FIDA), dirigindo um conjunto de mensagens-chave, nas quais o setor segurador portugu\u00eas se rev\u00ea inteiramente.<div class=\"read-more-link\"><a href=\"https:\/\/segurosecidadania.pt\/?p=2072\" class=\"more-link\">Ler mais<span class=\"more-link-arrow\"><\/span><\/a><\/div><\/div><\/div><footer class=\"entry-footer\"><div class=\"slide-meta\"><time class='slide-meta-time updated'  itemprop=\"datePublished\" datetime=\"2025-07-29T12:03:58+01:00\" >Julho 29, 2025<\/time><\/div><\/footer><span class='hidden'>\n\t\t\t\t<span class='av-structured-data'  itemprop=\"image\" itemscope=\"itemscope\" itemtype=\"https:\/\/schema.org\/ImageObject\" >\n\t\t\t\t\t\t<span itemprop='url'>https:\/\/segurosecidadania.pt\/wp-content\/uploads\/2024\/11\/Insurance-europe.jpg<\/span>\n\t\t\t\t\t\t<span itemprop='height'>800<\/span>\n\t\t\t\t\t\t<span itemprop='width'>2000<\/span>\n\t\t\t\t<\/span>\n\t\t\t\t<span class='av-structured-data'  itemprop=\"publisher\" itemtype=\"https:\/\/schema.org\/Organization\" itemscope=\"itemscope\" >\n\t\t\t\t\t\t<span itemprop='name'>Frederico Nunes<\/span>\n\t\t\t\t\t\t<span itemprop='logo' itemscope itemtype='https:\/\/schema.org\/ImageObject'>\n\t\t\t\t\t\t\t<span itemprop='url'>https:\/\/segurosecidadania.pt\/wp-content\/uploads\/2024\/01\/Seguro-Cidadania-Branco-01.png<\/span>\n\t\t\t\t\t\t<\/span>\n\t\t\t\t<\/span><span class='av-structured-data'  itemprop=\"author\" itemscope=\"itemscope\" itemtype=\"https:\/\/schema.org\/Person\" ><span itemprop='name'>Frederico Nunes<\/span><\/span><span class='av-structured-data'  itemprop=\"datePublished\" datetime=\"2025-07-29T11:54:10+01:00\" >2025-07-29 12:03:58<\/span><span class='av-structured-data'  itemprop=\"dateModified\" itemtype=\"https:\/\/schema.org\/dateModified\" >2025-07-30 16:51:06<\/span><span class='av-structured-data'  itemprop=\"mainEntityOfPage\" itemtype=\"https:\/\/schema.org\/mainEntityOfPage\" ><span itemprop='name'>FIDA: INSURANCE EUROPE DEFENDE SIMPLIFICA\u00c7\u00c3O E MAIS EQUIDADE NA PARTILHA DE DADOS<\/span><\/span><\/span><\/article><\/div><div class=\"slide-entry-wrap\"><article class='slide-entry flex_column  post-entry post-entry-2076 slide-entry-overview slide-loop-10 slide-parity-odd  av_fullwidth first real-thumbnail posttype-post post-format-quote'  itemscope=\"itemscope\" itemtype=\"https:\/\/schema.org\/CreativeWork\" ><a href='https:\/\/segurosecidadania.pt\/?p=2076' data-rel='slide-1' class='slide-image' title='APS APRESENTA A DIRE\u00c7\u00c3O DO CONHECIMENTO E APRENDIZAGEM DE SEGUROS AOS ASSOCIADOS'><img decoding=\"async\" fetchpriority=\"high\" width=\"2000\" height=\"800\" src=\"https:\/\/segurosecidadania.pt\/wp-content\/uploads\/2025\/03\/casa.jpg\" class=\"wp-image-1830 avia-img-lazy-loading-not-1830 attachment-no scaling size-no scaling wp-post-image\" alt=\"\" srcset=\"https:\/\/segurosecidadania.pt\/wp-content\/uploads\/2025\/03\/casa.jpg 2000w, https:\/\/segurosecidadania.pt\/wp-content\/uploads\/2025\/03\/casa-300x120.jpg 300w, https:\/\/segurosecidadania.pt\/wp-content\/uploads\/2025\/03\/casa-1030x412.jpg 1030w, https:\/\/segurosecidadania.pt\/wp-content\/uploads\/2025\/03\/casa-768x307.jpg 768w, https:\/\/segurosecidadania.pt\/wp-content\/uploads\/2025\/03\/casa-1536x614.jpg 1536w, https:\/\/segurosecidadania.pt\/wp-content\/uploads\/2025\/03\/casa-1500x600.jpg 1500w, https:\/\/segurosecidadania.pt\/wp-content\/uploads\/2025\/03\/casa-705x282.jpg 705w\" sizes=\"(max-width: 2000px) 100vw, 2000px\" \/><\/a><div class=\"slide-content\"><header class=\"entry-content-header\"><h3 class='slide-entry-title entry-title '  itemprop=\"headline\" ><a href='https:\/\/segurosecidadania.pt\/?p=2076' title='APS APRESENTA A DIRE\u00c7\u00c3O DO CONHECIMENTO E APRENDIZAGEM DE SEGUROS AOS ASSOCIADOS'>APS APRESENTA A DIRE\u00c7\u00c3O DO CONHECIMENTO E APRENDIZAGEM DE SEGUROS AOS ASSOCIADOS<\/a><\/h3><span class=\"blog-categories minor-meta\"><a href=\"https:\/\/segurosecidadania.pt\/?cat=29\" rel=\"tag\">Conhecimento e Aprendizagem de Seguros da APS<\/a> <\/span><span class=\"av-vertical-delimiter\"><\/span><\/header><div class='slide-entry-excerpt entry-content'  itemprop=\"text\" >No \u00faltimo Conselho Geral de Associados, a APS deu a conhecer a recente dire\u00e7\u00e3o criada, a CASA - Conhecimento e Aprendizagem de Seguros.<div class=\"read-more-link\"><a href=\"https:\/\/segurosecidadania.pt\/?p=2076\" class=\"more-link\">Ler mais<span class=\"more-link-arrow\"><\/span><\/a><\/div><\/div><\/div><footer class=\"entry-footer\"><div class=\"slide-meta\"><time class='slide-meta-time updated'  itemprop=\"datePublished\" datetime=\"2025-07-29T12:02:09+01:00\" >Julho 29, 2025<\/time><\/div><\/footer><span class='hidden'>\n\t\t\t\t<span class='av-structured-data'  itemprop=\"image\" itemscope=\"itemscope\" itemtype=\"https:\/\/schema.org\/ImageObject\" >\n\t\t\t\t\t\t<span itemprop='url'>https:\/\/segurosecidadania.pt\/wp-content\/uploads\/2025\/03\/casa.jpg<\/span>\n\t\t\t\t\t\t<span itemprop='height'>800<\/span>\n\t\t\t\t\t\t<span itemprop='width'>2000<\/span>\n\t\t\t\t<\/span>\n\t\t\t\t<span class='av-structured-data'  itemprop=\"publisher\" itemtype=\"https:\/\/schema.org\/Organization\" itemscope=\"itemscope\" >\n\t\t\t\t\t\t<span itemprop='name'>admin<\/span>\n\t\t\t\t\t\t<span itemprop='logo' itemscope itemtype='https:\/\/schema.org\/ImageObject'>\n\t\t\t\t\t\t\t<span itemprop='url'>https:\/\/segurosecidadania.pt\/wp-content\/uploads\/2024\/01\/Seguro-Cidadania-Branco-01.png<\/span>\n\t\t\t\t\t\t<\/span>\n\t\t\t\t<\/span><span class='av-structured-data'  itemprop=\"author\" itemscope=\"itemscope\" itemtype=\"https:\/\/schema.org\/Person\" ><span itemprop='name'>admin<\/span><\/span><span class='av-structured-data'  itemprop=\"datePublished\" datetime=\"2025-07-29T11:54:10+01:00\" >2025-07-29 12:02:09<\/span><span class='av-structured-data'  itemprop=\"dateModified\" itemtype=\"https:\/\/schema.org\/dateModified\" >2025-07-30 16:51:22<\/span><span class='av-structured-data'  itemprop=\"mainEntityOfPage\" itemtype=\"https:\/\/schema.org\/mainEntityOfPage\" ><span itemprop='name'>APS APRESENTA A DIRE\u00c7\u00c3O DO CONHECIMENTO E APRENDIZAGEM DE SEGUROS AOS ASSOCIADOS<\/span><\/span><\/span><\/article><\/div><div class=\"slide-entry-wrap\"><article class='slide-entry flex_column  post-entry post-entry-2079 slide-entry-overview slide-loop-11 slide-parity-odd  av_fullwidth first real-thumbnail posttype-post post-format-quote'  itemscope=\"itemscope\" itemtype=\"https:\/\/schema.org\/CreativeWork\" ><a href='https:\/\/segurosecidadania.pt\/?p=2079' data-rel='slide-1' class='slide-image' title='CURSOS EM DESTAQUE NA ACADEMIA'><img decoding=\"async\" fetchpriority=\"high\" width=\"1400\" height=\"440\" src=\"https:\/\/segurosecidadania.pt\/wp-content\/uploads\/2025\/01\/Banner_PlanoFormacao-2025.png\" class=\"wp-image-1735 avia-img-lazy-loading-not-1735 attachment-no scaling size-no scaling wp-post-image\" alt=\"\" srcset=\"https:\/\/segurosecidadania.pt\/wp-content\/uploads\/2025\/01\/Banner_PlanoFormacao-2025.png 1400w, https:\/\/segurosecidadania.pt\/wp-content\/uploads\/2025\/01\/Banner_PlanoFormacao-2025-300x94.png 300w, https:\/\/segurosecidadania.pt\/wp-content\/uploads\/2025\/01\/Banner_PlanoFormacao-2025-1030x324.png 1030w, https:\/\/segurosecidadania.pt\/wp-content\/uploads\/2025\/01\/Banner_PlanoFormacao-2025-768x241.png 768w, https:\/\/segurosecidadania.pt\/wp-content\/uploads\/2025\/01\/Banner_PlanoFormacao-2025-705x222.png 705w\" sizes=\"(max-width: 1400px) 100vw, 1400px\" \/><\/a><div class=\"slide-content\"><header class=\"entry-content-header\"><h3 class='slide-entry-title entry-title '  itemprop=\"headline\" ><a href='https:\/\/segurosecidadania.pt\/?p=2079' title='CURSOS EM DESTAQUE NA ACADEMIA'>CURSOS EM DESTAQUE NA ACADEMIA<\/a><\/h3><span class=\"blog-categories minor-meta\"><a href=\"https:\/\/segurosecidadania.pt\/?cat=29\" rel=\"tag\">Conhecimento e Aprendizagem de Seguros da APS<\/a> <\/span><span class=\"av-vertical-delimiter\"><\/span><\/header><div class='slide-entry-excerpt entry-content'  itemprop=\"text\" >O Conhecimento e Aprendizagem de Seguros | Academia APS d\u00e1 a conhecer as iniciativas que se destacaram, recentemente, e os cursos que vai realizar nas pr\u00f3ximas semanas.<div class=\"read-more-link\"><a href=\"https:\/\/segurosecidadania.pt\/?p=2079\" class=\"more-link\">Ler mais<span class=\"more-link-arrow\"><\/span><\/a><\/div><\/div><\/div><footer class=\"entry-footer\"><div class=\"slide-meta\"><time class='slide-meta-time updated'  itemprop=\"datePublished\" datetime=\"2025-07-29T12:01:32+01:00\" >Julho 29, 2025<\/time><\/div><\/footer><span class='hidden'>\n\t\t\t\t<span class='av-structured-data'  itemprop=\"image\" itemscope=\"itemscope\" itemtype=\"https:\/\/schema.org\/ImageObject\" >\n\t\t\t\t\t\t<span itemprop='url'>https:\/\/segurosecidadania.pt\/wp-content\/uploads\/2025\/01\/Banner_PlanoFormacao-2025.png<\/span>\n\t\t\t\t\t\t<span itemprop='height'>440<\/span>\n\t\t\t\t\t\t<span itemprop='width'>1400<\/span>\n\t\t\t\t<\/span>\n\t\t\t\t<span class='av-structured-data'  itemprop=\"publisher\" itemtype=\"https:\/\/schema.org\/Organization\" itemscope=\"itemscope\" >\n\t\t\t\t\t\t<span itemprop='name'>Frederico Nunes<\/span>\n\t\t\t\t\t\t<span itemprop='logo' itemscope itemtype='https:\/\/schema.org\/ImageObject'>\n\t\t\t\t\t\t\t<span itemprop='url'>https:\/\/segurosecidadania.pt\/wp-content\/uploads\/2024\/01\/Seguro-Cidadania-Branco-01.png<\/span>\n\t\t\t\t\t\t<\/span>\n\t\t\t\t<\/span><span class='av-structured-data'  itemprop=\"author\" itemscope=\"itemscope\" itemtype=\"https:\/\/schema.org\/Person\" ><span itemprop='name'>Frederico Nunes<\/span><\/span><span class='av-structured-data'  itemprop=\"datePublished\" datetime=\"2025-07-29T11:54:10+01:00\" >2025-07-29 12:01:32<\/span><span class='av-structured-data'  itemprop=\"dateModified\" itemtype=\"https:\/\/schema.org\/dateModified\" >2025-07-30 16:51:41<\/span><span class='av-structured-data'  itemprop=\"mainEntityOfPage\" itemtype=\"https:\/\/schema.org\/mainEntityOfPage\" ><span itemprop='name'>CURSOS EM DESTAQUE NA ACADEMIA<\/span><\/span><\/span><\/article><\/div><div class=\"slide-entry-wrap\"><article class='slide-entry flex_column  post-entry post-entry-2083 slide-entry-overview slide-loop-12 slide-parity-odd  av_fullwidth first real-thumbnail posttype-post post-format-quote'  itemscope=\"itemscope\" itemtype=\"https:\/\/schema.org\/CreativeWork\" ><a href='https:\/\/segurosecidadania.pt\/?p=2083' data-rel='slide-1' class='slide-image' title='LITERACIA DO RISCO: INICIATIVAS EM DESTAQUE'><img decoding=\"async\" fetchpriority=\"high\" width=\"2000\" height=\"800\" src=\"https:\/\/segurosecidadania.pt\/wp-content\/uploads\/2025\/07\/literacia.jpg\" class=\"wp-image-2085 avia-img-lazy-loading-not-2085 attachment-no scaling size-no scaling wp-post-image\" alt=\"\" srcset=\"https:\/\/segurosecidadania.pt\/wp-content\/uploads\/2025\/07\/literacia.jpg 2000w, https:\/\/segurosecidadania.pt\/wp-content\/uploads\/2025\/07\/literacia-300x120.jpg 300w, https:\/\/segurosecidadania.pt\/wp-content\/uploads\/2025\/07\/literacia-1030x412.jpg 1030w, https:\/\/segurosecidadania.pt\/wp-content\/uploads\/2025\/07\/literacia-768x307.jpg 768w, https:\/\/segurosecidadania.pt\/wp-content\/uploads\/2025\/07\/literacia-1536x614.jpg 1536w, https:\/\/segurosecidadania.pt\/wp-content\/uploads\/2025\/07\/literacia-1500x600.jpg 1500w, https:\/\/segurosecidadania.pt\/wp-content\/uploads\/2025\/07\/literacia-705x282.jpg 705w\" sizes=\"(max-width: 2000px) 100vw, 2000px\" \/><\/a><div class=\"slide-content\"><header class=\"entry-content-header\"><h3 class='slide-entry-title entry-title '  itemprop=\"headline\" ><a href='https:\/\/segurosecidadania.pt\/?p=2083' title='LITERACIA DO RISCO: INICIATIVAS EM DESTAQUE'>LITERACIA DO RISCO: INICIATIVAS EM DESTAQUE<\/a><\/h3><span class=\"blog-categories minor-meta\"><a href=\"https:\/\/segurosecidadania.pt\/?cat=29\" rel=\"tag\">Conhecimento e Aprendizagem de Seguros da APS<\/a> <\/span><span class=\"av-vertical-delimiter\"><\/span><\/header><div class='slide-entry-excerpt entry-content'  itemprop=\"text\" >Da Literacia Financeira para a Literacia do Risco, a APS continua a focar-se nas quest\u00f5es relacionadas com a identifica\u00e7\u00e3o, compreens\u00e3o e avalia\u00e7\u00e3o de riscos e com o contexto de incerteza, atividade onde poder\u00e1 gerar superiores mais-valias.<div class=\"read-more-link\"><a href=\"https:\/\/segurosecidadania.pt\/?p=2083\" class=\"more-link\">Ler mais<span class=\"more-link-arrow\"><\/span><\/a><\/div><\/div><\/div><footer class=\"entry-footer\"><div class=\"slide-meta\"><time class='slide-meta-time updated'  itemprop=\"datePublished\" datetime=\"2025-07-29T12:00:41+01:00\" >Julho 29, 2025<\/time><\/div><\/footer><span class='hidden'>\n\t\t\t\t<span class='av-structured-data'  itemprop=\"image\" itemscope=\"itemscope\" itemtype=\"https:\/\/schema.org\/ImageObject\" >\n\t\t\t\t\t\t<span itemprop='url'>https:\/\/segurosecidadania.pt\/wp-content\/uploads\/2025\/07\/literacia.jpg<\/span>\n\t\t\t\t\t\t<span itemprop='height'>800<\/span>\n\t\t\t\t\t\t<span itemprop='width'>2000<\/span>\n\t\t\t\t<\/span>\n\t\t\t\t<span class='av-structured-data'  itemprop=\"publisher\" itemtype=\"https:\/\/schema.org\/Organization\" itemscope=\"itemscope\" >\n\t\t\t\t\t\t<span itemprop='name'>Frederico Nunes<\/span>\n\t\t\t\t\t\t<span itemprop='logo' itemscope itemtype='https:\/\/schema.org\/ImageObject'>\n\t\t\t\t\t\t\t<span itemprop='url'>https:\/\/segurosecidadania.pt\/wp-content\/uploads\/2024\/01\/Seguro-Cidadania-Branco-01.png<\/span>\n\t\t\t\t\t\t<\/span>\n\t\t\t\t<\/span><span class='av-structured-data'  itemprop=\"author\" itemscope=\"itemscope\" itemtype=\"https:\/\/schema.org\/Person\" ><span itemprop='name'>Frederico Nunes<\/span><\/span><span class='av-structured-data'  itemprop=\"datePublished\" datetime=\"2025-07-29T11:54:10+01:00\" >2025-07-29 12:00:41<\/span><span class='av-structured-data'  itemprop=\"dateModified\" itemtype=\"https:\/\/schema.org\/dateModified\" >2025-08-11 09:20:12<\/span><span class='av-structured-data'  itemprop=\"mainEntityOfPage\" itemtype=\"https:\/\/schema.org\/mainEntityOfPage\" ><span itemprop='name'>LITERACIA DO RISCO: INICIATIVAS EM DESTAQUE<\/span><\/span><\/span><\/article><\/div><div class=\"slide-entry-wrap\"><article class='slide-entry flex_column  post-entry post-entry-2090 slide-entry-overview slide-loop-13 slide-parity-odd  av_fullwidth first real-thumbnail posttype-post post-format-quote'  itemscope=\"itemscope\" itemtype=\"https:\/\/schema.org\/CreativeWork\" ><a href='https:\/\/segurosecidadania.pt\/?p=2090' data-rel='slide-1' class='slide-image' title='CONCLUS\u00c3O DA 2.\u00aa EDI\u00c7\u00c3O DO CURSO DE ESPECIALIZA\u00c7\u00c3O EM MEDICINA DOS SEGUROS'><img decoding=\"async\" fetchpriority=\"high\" width=\"2000\" height=\"800\" src=\"https:\/\/segurosecidadania.pt\/wp-content\/uploads\/2025\/07\/medica.jpg\" class=\"wp-image-2091 avia-img-lazy-loading-not-2091 attachment-no scaling size-no scaling wp-post-image\" alt=\"\" srcset=\"https:\/\/segurosecidadania.pt\/wp-content\/uploads\/2025\/07\/medica.jpg 2000w, https:\/\/segurosecidadania.pt\/wp-content\/uploads\/2025\/07\/medica-300x120.jpg 300w, https:\/\/segurosecidadania.pt\/wp-content\/uploads\/2025\/07\/medica-1030x412.jpg 1030w, https:\/\/segurosecidadania.pt\/wp-content\/uploads\/2025\/07\/medica-768x307.jpg 768w, https:\/\/segurosecidadania.pt\/wp-content\/uploads\/2025\/07\/medica-1536x614.jpg 1536w, https:\/\/segurosecidadania.pt\/wp-content\/uploads\/2025\/07\/medica-1500x600.jpg 1500w, https:\/\/segurosecidadania.pt\/wp-content\/uploads\/2025\/07\/medica-705x282.jpg 705w\" sizes=\"(max-width: 2000px) 100vw, 2000px\" \/><\/a><div class=\"slide-content\"><header class=\"entry-content-header\"><h3 class='slide-entry-title entry-title '  itemprop=\"headline\" ><a href='https:\/\/segurosecidadania.pt\/?p=2090' title='CONCLUS\u00c3O DA 2.\u00aa EDI\u00c7\u00c3O DO CURSO DE ESPECIALIZA\u00c7\u00c3O EM MEDICINA DOS SEGUROS'>CONCLUS\u00c3O DA 2.\u00aa EDI\u00c7\u00c3O DO CURSO DE ESPECIALIZA\u00c7\u00c3O EM MEDICINA DOS SEGUROS<\/a><\/h3><span class=\"blog-categories minor-meta\"><a href=\"https:\/\/segurosecidadania.pt\/?cat=29\" rel=\"tag\">Conhecimento e Aprendizagem de Seguros da APS<\/a> <\/span><span class=\"av-vertical-delimiter\"><\/span><\/header><div class='slide-entry-excerpt entry-content'  itemprop=\"text\" >Na sequ\u00eancia da conclus\u00e3o da 2\u00aa edi\u00e7\u00e3o do Curso de Especializa\u00e7\u00e3o em Medicina dos Seguros, foram j\u00e1 recebidos os trabalhos realizados pelos formandos, que se encontram em processo de avalia\u00e7\u00e3o. <div class=\"read-more-link\"><a href=\"https:\/\/segurosecidadania.pt\/?p=2090\" class=\"more-link\">Ler mais<span class=\"more-link-arrow\"><\/span><\/a><\/div><\/div><\/div><footer class=\"entry-footer\"><div class=\"slide-meta\"><time class='slide-meta-time updated'  itemprop=\"datePublished\" datetime=\"2025-07-29T11:59:15+01:00\" >Julho 29, 2025<\/time><\/div><\/footer><span class='hidden'>\n\t\t\t\t<span class='av-structured-data'  itemprop=\"image\" itemscope=\"itemscope\" itemtype=\"https:\/\/schema.org\/ImageObject\" >\n\t\t\t\t\t\t<span itemprop='url'>https:\/\/segurosecidadania.pt\/wp-content\/uploads\/2025\/07\/medica.jpg<\/span>\n\t\t\t\t\t\t<span itemprop='height'>800<\/span>\n\t\t\t\t\t\t<span itemprop='width'>2000<\/span>\n\t\t\t\t<\/span>\n\t\t\t\t<span class='av-structured-data'  itemprop=\"publisher\" itemtype=\"https:\/\/schema.org\/Organization\" itemscope=\"itemscope\" >\n\t\t\t\t\t\t<span itemprop='name'>Frederico Nunes<\/span>\n\t\t\t\t\t\t<span itemprop='logo' itemscope itemtype='https:\/\/schema.org\/ImageObject'>\n\t\t\t\t\t\t\t<span itemprop='url'>https:\/\/segurosecidadania.pt\/wp-content\/uploads\/2024\/01\/Seguro-Cidadania-Branco-01.png<\/span>\n\t\t\t\t\t\t<\/span>\n\t\t\t\t<\/span><span class='av-structured-data'  itemprop=\"author\" itemscope=\"itemscope\" itemtype=\"https:\/\/schema.org\/Person\" ><span itemprop='name'>Frederico Nunes<\/span><\/span><span class='av-structured-data'  itemprop=\"datePublished\" datetime=\"2025-07-29T11:54:10+01:00\" >2025-07-29 11:59:15<\/span><span class='av-structured-data'  itemprop=\"dateModified\" itemtype=\"https:\/\/schema.org\/dateModified\" >2025-07-31 10:07:04<\/span><span class='av-structured-data'  itemprop=\"mainEntityOfPage\" itemtype=\"https:\/\/schema.org\/mainEntityOfPage\" ><span itemprop='name'>CONCLUS\u00c3O DA 2.\u00aa EDI\u00c7\u00c3O DO CURSO DE ESPECIALIZA\u00c7\u00c3O EM MEDICINA DOS SEGUROS<\/span><\/span><\/span><\/article><\/div><div class=\"slide-entry-wrap\"><article class='slide-entry flex_column  post-entry post-entry-2093 slide-entry-overview slide-loop-14 slide-parity-odd  av_fullwidth first real-thumbnail posttype-post post-format-quote'  itemscope=\"itemscope\" itemtype=\"https:\/\/schema.org\/CreativeWork\" ><a href='https:\/\/segurosecidadania.pt\/?p=2093' data-rel='slide-1' class='slide-image' title='REPRESENTANTES DA APS MARCARAM PRESEN\u00c7A EM CONFER\u00caNCIAS DO SETOR'><img decoding=\"async\" fetchpriority=\"high\" width=\"2000\" height=\"800\" src=\"https:\/\/segurosecidadania.pt\/wp-content\/uploads\/2025\/07\/Eco.jpg\" class=\"wp-image-2099 avia-img-lazy-loading-not-2099 attachment-no scaling size-no scaling wp-post-image\" alt=\"\" srcset=\"https:\/\/segurosecidadania.pt\/wp-content\/uploads\/2025\/07\/Eco.jpg 2000w, https:\/\/segurosecidadania.pt\/wp-content\/uploads\/2025\/07\/Eco-300x120.jpg 300w, https:\/\/segurosecidadania.pt\/wp-content\/uploads\/2025\/07\/Eco-1030x412.jpg 1030w, https:\/\/segurosecidadania.pt\/wp-content\/uploads\/2025\/07\/Eco-768x307.jpg 768w, https:\/\/segurosecidadania.pt\/wp-content\/uploads\/2025\/07\/Eco-1536x614.jpg 1536w, https:\/\/segurosecidadania.pt\/wp-content\/uploads\/2025\/07\/Eco-1500x600.jpg 1500w, https:\/\/segurosecidadania.pt\/wp-content\/uploads\/2025\/07\/Eco-705x282.jpg 705w\" sizes=\"(max-width: 2000px) 100vw, 2000px\" \/><\/a><div class=\"slide-content\"><header class=\"entry-content-header\"><h3 class='slide-entry-title entry-title '  itemprop=\"headline\" ><a href='https:\/\/segurosecidadania.pt\/?p=2093' title='REPRESENTANTES DA APS MARCARAM PRESEN\u00c7A EM CONFER\u00caNCIAS DO SETOR'>REPRESENTANTES DA APS MARCARAM PRESEN\u00c7A EM CONFER\u00caNCIAS DO SETOR<\/a><\/h3><span class=\"blog-categories minor-meta\"><a href=\"https:\/\/segurosecidadania.pt\/?cat=2\" rel=\"tag\">Not\u00edcias<\/a> <\/span><span class=\"av-vertical-delimiter\"><\/span><\/header><div class='slide-entry-excerpt entry-content'  itemprop=\"text\" >O Presidente da APS, Jos\u00e9\u202fGalamba de Oliveira, participou no 4.\u00ba F\u00f3rum Nacional de Seguros, realizado a 8 de julho, no Porto.<div class=\"read-more-link\"><a href=\"https:\/\/segurosecidadania.pt\/?p=2093\" class=\"more-link\">Ler mais<span class=\"more-link-arrow\"><\/span><\/a><\/div><\/div><\/div><footer class=\"entry-footer\"><div class=\"slide-meta\"><time class='slide-meta-time updated'  itemprop=\"datePublished\" datetime=\"2025-07-29T11:58:44+01:00\" >Julho 29, 2025<\/time><\/div><\/footer><span class='hidden'>\n\t\t\t\t<span class='av-structured-data'  itemprop=\"image\" itemscope=\"itemscope\" itemtype=\"https:\/\/schema.org\/ImageObject\" >\n\t\t\t\t\t\t<span itemprop='url'>https:\/\/segurosecidadania.pt\/wp-content\/uploads\/2025\/07\/Eco.jpg<\/span>\n\t\t\t\t\t\t<span itemprop='height'>800<\/span>\n\t\t\t\t\t\t<span itemprop='width'>2000<\/span>\n\t\t\t\t<\/span>\n\t\t\t\t<span class='av-structured-data'  itemprop=\"publisher\" itemtype=\"https:\/\/schema.org\/Organization\" itemscope=\"itemscope\" >\n\t\t\t\t\t\t<span itemprop='name'>Frederico Nunes<\/span>\n\t\t\t\t\t\t<span itemprop='logo' itemscope itemtype='https:\/\/schema.org\/ImageObject'>\n\t\t\t\t\t\t\t<span itemprop='url'>https:\/\/segurosecidadania.pt\/wp-content\/uploads\/2024\/01\/Seguro-Cidadania-Branco-01.png<\/span>\n\t\t\t\t\t\t<\/span>\n\t\t\t\t<\/span><span class='av-structured-data'  itemprop=\"author\" itemscope=\"itemscope\" itemtype=\"https:\/\/schema.org\/Person\" ><span itemprop='name'>Frederico Nunes<\/span><\/span><span class='av-structured-data'  itemprop=\"datePublished\" datetime=\"2025-07-29T11:54:10+01:00\" >2025-07-29 11:58:44<\/span><span class='av-structured-data'  itemprop=\"dateModified\" itemtype=\"https:\/\/schema.org\/dateModified\" >2025-07-31 10:40:28<\/span><span class='av-structured-data'  itemprop=\"mainEntityOfPage\" itemtype=\"https:\/\/schema.org\/mainEntityOfPage\" ><span itemprop='name'>REPRESENTANTES DA APS MARCARAM PRESEN\u00c7A EM CONFER\u00caNCIAS DO SETOR<\/span><\/span><\/span><\/article><\/div><div class=\"slide-entry-wrap\"><article class='slide-entry flex_column  post-entry post-entry-2095 slide-entry-overview slide-loop-15 slide-parity-odd  av_fullwidth first real-thumbnail posttype-post post-format-quote'  itemscope=\"itemscope\" itemtype=\"https:\/\/schema.org\/CreativeWork\" ><a href='https:\/\/segurosecidadania.pt\/?p=2095' data-rel='slide-1' class='slide-image' title='ENCONTRO ENTRE A DIRE\u00c7\u00c3O DA APS E ALEXANDRA LEIT\u00c3O'><img decoding=\"async\" fetchpriority=\"high\" width=\"2000\" height=\"800\" src=\"https:\/\/segurosecidadania.pt\/wp-content\/uploads\/2025\/07\/A.-Leitao-3.jpg\" class=\"wp-image-2096 avia-img-lazy-loading-not-2096 attachment-no scaling size-no scaling wp-post-image\" alt=\"\" srcset=\"https:\/\/segurosecidadania.pt\/wp-content\/uploads\/2025\/07\/A.-Leitao-3.jpg 2000w, https:\/\/segurosecidadania.pt\/wp-content\/uploads\/2025\/07\/A.-Leitao-3-300x120.jpg 300w, https:\/\/segurosecidadania.pt\/wp-content\/uploads\/2025\/07\/A.-Leitao-3-1030x412.jpg 1030w, https:\/\/segurosecidadania.pt\/wp-content\/uploads\/2025\/07\/A.-Leitao-3-768x307.jpg 768w, https:\/\/segurosecidadania.pt\/wp-content\/uploads\/2025\/07\/A.-Leitao-3-1536x614.jpg 1536w, https:\/\/segurosecidadania.pt\/wp-content\/uploads\/2025\/07\/A.-Leitao-3-1500x600.jpg 1500w, https:\/\/segurosecidadania.pt\/wp-content\/uploads\/2025\/07\/A.-Leitao-3-705x282.jpg 705w\" sizes=\"(max-width: 2000px) 100vw, 2000px\" \/><\/a><div class=\"slide-content\"><header class=\"entry-content-header\"><h3 class='slide-entry-title entry-title '  itemprop=\"headline\" ><a href='https:\/\/segurosecidadania.pt\/?p=2095' title='ENCONTRO ENTRE A DIRE\u00c7\u00c3O DA APS E ALEXANDRA LEIT\u00c3O'>ENCONTRO ENTRE A DIRE\u00c7\u00c3O DA APS E ALEXANDRA LEIT\u00c3O<\/a><\/h3><span class=\"blog-categories minor-meta\"><a href=\"https:\/\/segurosecidadania.pt\/?cat=2\" rel=\"tag\">Not\u00edcias<\/a> <\/span><span class=\"av-vertical-delimiter\"><\/span><\/header><div class='slide-entry-excerpt entry-content'  itemprop=\"text\" >\n\n\n\n<div class=\"read-more-link\"><a href=\"https:\/\/segurosecidadania.pt\/?p=2095\" class=\"more-link\">Ler mais<span class=\"more-link-arrow\"><\/span><\/a><\/div><\/div><\/div><footer class=\"entry-footer\"><div class=\"slide-meta\"><time class='slide-meta-time updated'  itemprop=\"datePublished\" datetime=\"2025-07-29T11:57:35+01:00\" >Julho 29, 2025<\/time><\/div><\/footer><span class='hidden'>\n\t\t\t\t<span class='av-structured-data'  itemprop=\"image\" itemscope=\"itemscope\" itemtype=\"https:\/\/schema.org\/ImageObject\" >\n\t\t\t\t\t\t<span itemprop='url'>https:\/\/segurosecidadania.pt\/wp-content\/uploads\/2025\/07\/A.-Leitao-3.jpg<\/span>\n\t\t\t\t\t\t<span itemprop='height'>800<\/span>\n\t\t\t\t\t\t<span itemprop='width'>2000<\/span>\n\t\t\t\t<\/span>\n\t\t\t\t<span class='av-structured-data'  itemprop=\"publisher\" itemtype=\"https:\/\/schema.org\/Organization\" itemscope=\"itemscope\" >\n\t\t\t\t\t\t<span itemprop='name'>Frederico Nunes<\/span>\n\t\t\t\t\t\t<span itemprop='logo' itemscope itemtype='https:\/\/schema.org\/ImageObject'>\n\t\t\t\t\t\t\t<span itemprop='url'>https:\/\/segurosecidadania.pt\/wp-content\/uploads\/2024\/01\/Seguro-Cidadania-Branco-01.png<\/span>\n\t\t\t\t\t\t<\/span>\n\t\t\t\t<\/span><span class='av-structured-data'  itemprop=\"author\" itemscope=\"itemscope\" itemtype=\"https:\/\/schema.org\/Person\" ><span itemprop='name'>Frederico Nunes<\/span><\/span><span class='av-structured-data'  itemprop=\"datePublished\" datetime=\"2025-07-29T11:54:10+01:00\" >2025-07-29 11:57:35<\/span><span class='av-structured-data'  itemprop=\"dateModified\" itemtype=\"https:\/\/schema.org\/dateModified\" >2025-07-31 15:03:23<\/span><span class='av-structured-data'  itemprop=\"mainEntityOfPage\" itemtype=\"https:\/\/schema.org\/mainEntityOfPage\" ><span itemprop='name'>ENCONTRO ENTRE A DIRE\u00c7\u00c3O DA APS E ALEXANDRA LEIT\u00c3O<\/span><\/span><\/span><\/article><\/div><div class=\"slide-entry-wrap\"><article class='slide-entry flex_column  post-entry post-entry-2101 slide-entry-overview slide-loop-16 slide-parity-odd  av_fullwidth first real-thumbnail posttype-post post-format-quote'  itemscope=\"itemscope\" itemtype=\"https:\/\/schema.org\/CreativeWork\" ><a href='https:\/\/segurosecidadania.pt\/?p=2101' data-rel='slide-1' class='slide-image' title='APS RECEBE CONG\u00c9NERE BRASILEIRA'><img decoding=\"async\" fetchpriority=\"high\" width=\"2000\" height=\"800\" src=\"https:\/\/segurosecidadania.pt\/wp-content\/uploads\/2025\/07\/Portugal-e-brasil.jpg\" class=\"wp-image-2102 avia-img-lazy-loading-not-2102 attachment-no scaling size-no scaling wp-post-image\" alt=\"\" srcset=\"https:\/\/segurosecidadania.pt\/wp-content\/uploads\/2025\/07\/Portugal-e-brasil.jpg 2000w, https:\/\/segurosecidadania.pt\/wp-content\/uploads\/2025\/07\/Portugal-e-brasil-300x120.jpg 300w, https:\/\/segurosecidadania.pt\/wp-content\/uploads\/2025\/07\/Portugal-e-brasil-1030x412.jpg 1030w, https:\/\/segurosecidadania.pt\/wp-content\/uploads\/2025\/07\/Portugal-e-brasil-768x307.jpg 768w, https:\/\/segurosecidadania.pt\/wp-content\/uploads\/2025\/07\/Portugal-e-brasil-1536x614.jpg 1536w, https:\/\/segurosecidadania.pt\/wp-content\/uploads\/2025\/07\/Portugal-e-brasil-1500x600.jpg 1500w, https:\/\/segurosecidadania.pt\/wp-content\/uploads\/2025\/07\/Portugal-e-brasil-705x282.jpg 705w\" sizes=\"(max-width: 2000px) 100vw, 2000px\" \/><\/a><div class=\"slide-content\"><header class=\"entry-content-header\"><h3 class='slide-entry-title entry-title '  itemprop=\"headline\" ><a href='https:\/\/segurosecidadania.pt\/?p=2101' title='APS RECEBE CONG\u00c9NERE BRASILEIRA'>APS RECEBE CONG\u00c9NERE BRASILEIRA<\/a><\/h3><span class=\"blog-categories minor-meta\"><a href=\"https:\/\/segurosecidadania.pt\/?cat=2\" rel=\"tag\">Not\u00edcias<\/a> <\/span><span class=\"av-vertical-delimiter\"><\/span><\/header><div class='slide-entry-excerpt entry-content'  itemprop=\"text\" >\n\n\n\n<div class=\"read-more-link\"><a href=\"https:\/\/segurosecidadania.pt\/?p=2101\" class=\"more-link\">Ler mais<span class=\"more-link-arrow\"><\/span><\/a><\/div><\/div><\/div><footer class=\"entry-footer\"><div class=\"slide-meta\"><time class='slide-meta-time updated'  itemprop=\"datePublished\" datetime=\"2025-07-29T11:56:52+01:00\" >Julho 29, 2025<\/time><\/div><\/footer><span class='hidden'>\n\t\t\t\t<span class='av-structured-data'  itemprop=\"image\" itemscope=\"itemscope\" itemtype=\"https:\/\/schema.org\/ImageObject\" >\n\t\t\t\t\t\t<span itemprop='url'>https:\/\/segurosecidadania.pt\/wp-content\/uploads\/2025\/07\/Portugal-e-brasil.jpg<\/span>\n\t\t\t\t\t\t<span itemprop='height'>800<\/span>\n\t\t\t\t\t\t<span itemprop='width'>2000<\/span>\n\t\t\t\t<\/span>\n\t\t\t\t<span class='av-structured-data'  itemprop=\"publisher\" itemtype=\"https:\/\/schema.org\/Organization\" itemscope=\"itemscope\" >\n\t\t\t\t\t\t<span itemprop='name'>Frederico Nunes<\/span>\n\t\t\t\t\t\t<span itemprop='logo' itemscope itemtype='https:\/\/schema.org\/ImageObject'>\n\t\t\t\t\t\t\t<span itemprop='url'>https:\/\/segurosecidadania.pt\/wp-content\/uploads\/2024\/01\/Seguro-Cidadania-Branco-01.png<\/span>\n\t\t\t\t\t\t<\/span>\n\t\t\t\t<\/span><span class='av-structured-data'  itemprop=\"author\" itemscope=\"itemscope\" itemtype=\"https:\/\/schema.org\/Person\" ><span itemprop='name'>Frederico Nunes<\/span><\/span><span class='av-structured-data'  itemprop=\"datePublished\" datetime=\"2025-07-29T11:54:10+01:00\" >2025-07-29 11:56:52<\/span><span class='av-structured-data'  itemprop=\"dateModified\" itemtype=\"https:\/\/schema.org\/dateModified\" >2025-07-31 10:43:29<\/span><span class='av-structured-data'  itemprop=\"mainEntityOfPage\" itemtype=\"https:\/\/schema.org\/mainEntityOfPage\" ><span itemprop='name'>APS RECEBE CONG\u00c9NERE BRASILEIRA<\/span><\/span><\/span><\/article><\/div><div class=\"slide-entry-wrap\"><article class='slide-entry flex_column  post-entry post-entry-2104 slide-entry-overview slide-loop-17 slide-parity-odd  av_fullwidth first real-thumbnail posttype-post post-format-quote'  itemscope=\"itemscope\" itemtype=\"https:\/\/schema.org\/CreativeWork\" ><a href='https:\/\/segurosecidadania.pt\/?p=2104' data-rel='slide-1' class='slide-image' title='EQUIPAS APS E INSURANCE EUROPE PARTILHAM EXPERI\u00caNCIAS E MELHORES PR\u00c1TICAS'><img decoding=\"async\" fetchpriority=\"high\" width=\"2000\" height=\"800\" src=\"https:\/\/segurosecidadania.pt\/wp-content\/uploads\/2025\/07\/reuniao.jpg\" class=\"wp-image-2105 avia-img-lazy-loading-not-2105 attachment-no scaling size-no scaling wp-post-image\" alt=\"\" srcset=\"https:\/\/segurosecidadania.pt\/wp-content\/uploads\/2025\/07\/reuniao.jpg 2000w, https:\/\/segurosecidadania.pt\/wp-content\/uploads\/2025\/07\/reuniao-300x120.jpg 300w, https:\/\/segurosecidadania.pt\/wp-content\/uploads\/2025\/07\/reuniao-1030x412.jpg 1030w, https:\/\/segurosecidadania.pt\/wp-content\/uploads\/2025\/07\/reuniao-768x307.jpg 768w, https:\/\/segurosecidadania.pt\/wp-content\/uploads\/2025\/07\/reuniao-1536x614.jpg 1536w, https:\/\/segurosecidadania.pt\/wp-content\/uploads\/2025\/07\/reuniao-1500x600.jpg 1500w, https:\/\/segurosecidadania.pt\/wp-content\/uploads\/2025\/07\/reuniao-705x282.jpg 705w\" sizes=\"(max-width: 2000px) 100vw, 2000px\" \/><\/a><div class=\"slide-content\"><header class=\"entry-content-header\"><h3 class='slide-entry-title entry-title '  itemprop=\"headline\" ><a href='https:\/\/segurosecidadania.pt\/?p=2104' title='EQUIPAS APS E INSURANCE EUROPE PARTILHAM EXPERI\u00caNCIAS E MELHORES PR\u00c1TICAS'>EQUIPAS APS E INSURANCE EUROPE PARTILHAM EXPERI\u00caNCIAS E MELHORES PR\u00c1TICAS<\/a><\/h3><span class=\"blog-categories minor-meta\"><a href=\"https:\/\/segurosecidadania.pt\/?cat=2\" rel=\"tag\">Not\u00edcias<\/a> <\/span><span class=\"av-vertical-delimiter\"><\/span><\/header><div class='slide-entry-excerpt entry-content'  itemprop=\"text\" >Tendo em vista antecipar tend\u00eancias e preparar o setor nacional a respeito de mat\u00e9rias discutidas ao n\u00edvel das institui\u00e7\u00f5es europeias, uma delega\u00e7\u00e3o da APS viajou at\u00e9 \u00e0 sede do Insurance Europe (IE), em Bruxelas, em 24 de junho de 2025, para um encontro de trabalho.<div class=\"read-more-link\"><a href=\"https:\/\/segurosecidadania.pt\/?p=2104\" class=\"more-link\">Ler mais<span class=\"more-link-arrow\"><\/span><\/a><\/div><\/div><\/div><footer class=\"entry-footer\"><div class=\"slide-meta\"><time class='slide-meta-time updated'  itemprop=\"datePublished\" datetime=\"2025-07-29T11:55:16+01:00\" >Julho 29, 2025<\/time><\/div><\/footer><span class='hidden'>\n\t\t\t\t<span class='av-structured-data'  itemprop=\"image\" itemscope=\"itemscope\" itemtype=\"https:\/\/schema.org\/ImageObject\" >\n\t\t\t\t\t\t<span itemprop='url'>https:\/\/segurosecidadania.pt\/wp-content\/uploads\/2025\/07\/reuniao.jpg<\/span>\n\t\t\t\t\t\t<span itemprop='height'>800<\/span>\n\t\t\t\t\t\t<span itemprop='width'>2000<\/span>\n\t\t\t\t<\/span>\n\t\t\t\t<span class='av-structured-data'  itemprop=\"publisher\" itemtype=\"https:\/\/schema.org\/Organization\" itemscope=\"itemscope\" >\n\t\t\t\t\t\t<span itemprop='name'>Frederico Nunes<\/span>\n\t\t\t\t\t\t<span itemprop='logo' itemscope itemtype='https:\/\/schema.org\/ImageObject'>\n\t\t\t\t\t\t\t<span itemprop='url'>https:\/\/segurosecidadania.pt\/wp-content\/uploads\/2024\/01\/Seguro-Cidadania-Branco-01.png<\/span>\n\t\t\t\t\t\t<\/span>\n\t\t\t\t<\/span><span class='av-structured-data'  itemprop=\"author\" itemscope=\"itemscope\" itemtype=\"https:\/\/schema.org\/Person\" ><span itemprop='name'>Frederico Nunes<\/span><\/span><span class='av-structured-data'  itemprop=\"datePublished\" datetime=\"2025-07-29T11:54:10+01:00\" >2025-07-29 11:55:16<\/span><span class='av-structured-data'  itemprop=\"dateModified\" itemtype=\"https:\/\/schema.org\/dateModified\" >2025-07-31 11:25:12<\/span><span class='av-structured-data'  itemprop=\"mainEntityOfPage\" itemtype=\"https:\/\/schema.org\/mainEntityOfPage\" ><span itemprop='name'>EQUIPAS APS E INSURANCE EUROPE PARTILHAM EXPERI\u00caNCIAS E MELHORES PR\u00c1TICAS<\/span><\/span><\/span><\/article><\/div><div class=\"slide-entry-wrap\"><article class='slide-entry flex_column  post-entry post-entry-2107 slide-entry-overview slide-loop-18 slide-parity-odd  post-entry-last  av_fullwidth first real-thumbnail posttype-post post-format-quote'  itemscope=\"itemscope\" itemtype=\"https:\/\/schema.org\/CreativeWork\" ><a href='https:\/\/segurosecidadania.pt\/?p=2107' data-rel='slide-1' class='slide-image' title='MAPFRE INAUGURA NOVA SEDE'><img decoding=\"async\" fetchpriority=\"high\" width=\"2000\" height=\"800\" src=\"https:\/\/segurosecidadania.pt\/wp-content\/uploads\/2025\/07\/Sem-Titulo-1.jpg\" class=\"wp-image-2108 avia-img-lazy-loading-not-2108 attachment-no scaling size-no scaling wp-post-image\" alt=\"\" srcset=\"https:\/\/segurosecidadania.pt\/wp-content\/uploads\/2025\/07\/Sem-Titulo-1.jpg 2000w, https:\/\/segurosecidadania.pt\/wp-content\/uploads\/2025\/07\/Sem-Titulo-1-300x120.jpg 300w, https:\/\/segurosecidadania.pt\/wp-content\/uploads\/2025\/07\/Sem-Titulo-1-1030x412.jpg 1030w, https:\/\/segurosecidadania.pt\/wp-content\/uploads\/2025\/07\/Sem-Titulo-1-768x307.jpg 768w, https:\/\/segurosecidadania.pt\/wp-content\/uploads\/2025\/07\/Sem-Titulo-1-1536x614.jpg 1536w, https:\/\/segurosecidadania.pt\/wp-content\/uploads\/2025\/07\/Sem-Titulo-1-1500x600.jpg 1500w, https:\/\/segurosecidadania.pt\/wp-content\/uploads\/2025\/07\/Sem-Titulo-1-705x282.jpg 705w\" sizes=\"(max-width: 2000px) 100vw, 2000px\" \/><\/a><div class=\"slide-content\"><header class=\"entry-content-header\"><h3 class='slide-entry-title entry-title '  itemprop=\"headline\" ><a href='https:\/\/segurosecidadania.pt\/?p=2107' title='MAPFRE INAUGURA NOVA SEDE'>MAPFRE INAUGURA NOVA SEDE<\/a><\/h3><span class=\"blog-categories minor-meta\"><a href=\"https:\/\/segurosecidadania.pt\/?cat=2\" rel=\"tag\">Not\u00edcias<\/a> <\/span><span class=\"av-vertical-delimiter\"><\/span><\/header><div class='slide-entry-excerpt entry-content'  itemprop=\"text\" >A MAPFRE inaugurou no dia 18 de julho a sua nova sede em Lisboa, situada na Avenida Jos\u00e9 Malhoa, um espa\u00e7o concebido para promover a uni\u00e3o, inova\u00e7\u00e3o e compromisso com o futuro do grupo.<div class=\"read-more-link\"><a href=\"https:\/\/segurosecidadania.pt\/?p=2107\" class=\"more-link\">Ler mais<span class=\"more-link-arrow\"><\/span><\/a><\/div><\/div><\/div><footer class=\"entry-footer\"><div class=\"slide-meta\"><time class='slide-meta-time updated'  itemprop=\"datePublished\" datetime=\"2025-07-29T11:24:38+01:00\" >Julho 29, 2025<\/time><\/div><\/footer><span class='hidden'>\n\t\t\t\t<span class='av-structured-data'  itemprop=\"image\" itemscope=\"itemscope\" itemtype=\"https:\/\/schema.org\/ImageObject\" >\n\t\t\t\t\t\t<span itemprop='url'>https:\/\/segurosecidadania.pt\/wp-content\/uploads\/2025\/07\/Sem-Titulo-1.jpg<\/span>\n\t\t\t\t\t\t<span itemprop='height'>800<\/span>\n\t\t\t\t\t\t<span itemprop='width'>2000<\/span>\n\t\t\t\t<\/span>\n\t\t\t\t<span class='av-structured-data'  itemprop=\"publisher\" itemtype=\"https:\/\/schema.org\/Organization\" itemscope=\"itemscope\" >\n\t\t\t\t\t\t<span itemprop='name'>Frederico Nunes<\/span>\n\t\t\t\t\t\t<span itemprop='logo' itemscope itemtype='https:\/\/schema.org\/ImageObject'>\n\t\t\t\t\t\t\t<span itemprop='url'>https:\/\/segurosecidadania.pt\/wp-content\/uploads\/2024\/01\/Seguro-Cidadania-Branco-01.png<\/span>\n\t\t\t\t\t\t<\/span>\n\t\t\t\t<\/span><span class='av-structured-data'  itemprop=\"author\" itemscope=\"itemscope\" itemtype=\"https:\/\/schema.org\/Person\" ><span itemprop='name'>Frederico Nunes<\/span><\/span><span class='av-structured-data'  itemprop=\"datePublished\" datetime=\"2025-07-29T11:54:10+01:00\" >2025-07-29 11:24:38<\/span><span class='av-structured-data'  itemprop=\"dateModified\" itemtype=\"https:\/\/schema.org\/dateModified\" >2025-07-31 11:25:22<\/span><span class='av-structured-data'  itemprop=\"mainEntityOfPage\" itemtype=\"https:\/\/schema.org\/mainEntityOfPage\" ><span itemprop='name'>MAPFRE INAUGURA NOVA SEDE<\/span><\/span><\/span><\/article><\/div><\/div><\/div>\n","protected":false},"excerpt":{"rendered":"","protected":false},"author":1,"featured_media":0,"parent":0,"menu_order":0,"comment_status":"closed","ping_status":"closed","template":"","meta":{"footnotes":""},"class_list":["post-2022","page","type-page","status-publish","hentry"],"_links":{"self":[{"href":"https:\/\/segurosecidadania.pt\/index.php?rest_route=\/wp\/v2\/pages\/2022","targetHints":{"allow":["GET"]}}],"collection":[{"href":"https:\/\/segurosecidadania.pt\/index.php?rest_route=\/wp\/v2\/pages"}],"about":[{"href":"https:\/\/segurosecidadania.pt\/index.php?rest_route=\/wp\/v2\/types\/page"}],"author":[{"embeddable":true,"href":"https:\/\/segurosecidadania.pt\/index.php?rest_route=\/wp\/v2\/users\/1"}],"replies":[{"embeddable":true,"href":"https:\/\/segurosecidadania.pt\/index.php?rest_route=%2Fwp%2Fv2%2Fcomments&post=2022"}],"version-history":[{"count":2,"href":"https:\/\/segurosecidadania.pt\/index.php?rest_route=\/wp\/v2\/pages\/2022\/revisions"}],"predecessor-version":[{"id":2025,"href":"https:\/\/segurosecidadania.pt\/index.php?rest_route=\/wp\/v2\/pages\/2022\/revisions\/2025"}],"wp:attachment":[{"href":"https:\/\/segurosecidadania.pt\/index.php?rest_route=%2Fwp%2Fv2%2Fmedia&parent=2022"}],"curies":[{"name":"wp","href":"https:\/\/api.w.org\/{rel}","templated":true}]}}