{"id":1348,"date":"2024-07-24T11:53:14","date_gmt":"2024-07-24T11:53:14","guid":{"rendered":"https:\/\/segurosecidadania.pt\/?page_id=1348"},"modified":"2024-07-26T15:21:16","modified_gmt":"2024-07-26T15:21:16","slug":"aps-noticias-12-2-3-2","status":"publish","type":"page","link":"https:\/\/segurosecidadania.pt\/?page_id=1348","title":{"rendered":"Newsletter APS #04"},"content":{"rendered":"\n<style type=\"text\/css\" data-created_by=\"avia_inline_auto\" id=\"style-css-av-5920h0-4a064413bf60f8dace63aaf6326888fb\">\n.avia-section.av-5920h0-4a064413bf60f8dace63aaf6326888fb{\nbackground-color:#c6325b;\nbackground-image:unset;\nz-index:0;\nposition:relative;\n}\n.av-curtain-footer.av-curtain-activated #main .avia-section.av-5920h0-4a064413bf60f8dace63aaf6326888fb{\nz-index:0;\n}\n<\/style>\n<div id='av_section_1'  class='avia-section av-5920h0-4a064413bf60f8dace63aaf6326888fb main_color avia-section-small avia-no-border-styling  avia-builder-el-0  el_before_av_blog  avia-builder-el-first  avia-bg-style-fixed av-custom-positioned container_wrap fullsize'  ><div class='container av-section-cont-open' ><main  role=\"main\" itemprop=\"mainContentOfPage\"  class='template-page content  av-content-full alpha units'><div class='post-entry post-entry-type-page post-entry-1348'><div class='entry-content-wrapper clearfix'>\n<div  class='flex_column av-4glph0-1a210c28fe176a0dcc190d4a46419e7b av_one_full  avia-builder-el-1  avia-builder-el-no-sibling  first av-break-at-tablet flex_column_div  '     ><style type=\"text\/css\" data-created_by=\"avia_inline_auto\" id=\"style-css-av-2dvdmc-a997fa3c93d268a3e348ab8180b451a9\">\n#top .av-special-heading.av-2dvdmc-a997fa3c93d268a3e348ab8180b451a9{\nmargin:0 0 0 0;\npadding-bottom:0;\ncolor:#ffffff;\nfont-size:25px;\n}\nbody .av-special-heading.av-2dvdmc-a997fa3c93d268a3e348ab8180b451a9 .av-special-heading-tag .heading-char{\nfont-size:25px;\n}\n#top #wrap_all .av-special-heading.av-2dvdmc-a997fa3c93d268a3e348ab8180b451a9 .av-special-heading-tag{\nfont-size:25px;\npadding:0 0 0 0;\n}\n.av-special-heading.av-2dvdmc-a997fa3c93d268a3e348ab8180b451a9 .special-heading-inner-border{\nborder-color:rgba(0,0,0,0.01);\n}\n.av-special-heading.av-2dvdmc-a997fa3c93d268a3e348ab8180b451a9 .av-subheading{\nfont-size:20px;\n}\nbody .av-special-heading.av-2dvdmc-a997fa3c93d268a3e348ab8180b451a9 .av-special-heading-tag .heading-wrap:before{\nborder-color:rgba(0,0,0,0.01);\n}\nbody .av-special-heading.av-2dvdmc-a997fa3c93d268a3e348ab8180b451a9 .av-special-heading-tag .heading-wrap:after{\nborder-color:rgba(0,0,0,0.01);\n}\n\n@media only screen and (max-width: 479px){ \n#top .av-special-heading.av-2dvdmc-a997fa3c93d268a3e348ab8180b451a9{\nmargin:0 0 -100px 0;\n}\n#top #wrap_all .av-special-heading.av-2dvdmc-a997fa3c93d268a3e348ab8180b451a9 .av-special-heading-tag{\nfont-size:17px;\n}\n}\n\n@media only screen and (min-width: 768px) and (max-width: 989px){ \n#top .av-special-heading.av-2dvdmc-a997fa3c93d268a3e348ab8180b451a9{\nmargin:0 0 -35px 0;\n}\n}\n\n@media only screen and (min-width: 480px) and (max-width: 767px){ \n#top .av-special-heading.av-2dvdmc-a997fa3c93d268a3e348ab8180b451a9{\nmargin:0 0 -35px 0;\n}\n#top #wrap_all .av-special-heading.av-2dvdmc-a997fa3c93d268a3e348ab8180b451a9 .av-special-heading-tag{\nfont-size:0.8em;\n}\n}\n<\/style>\n<div  class='av-special-heading av-2dvdmc-a997fa3c93d268a3e348ab8180b451a9 av-special-heading-h6 custom-color-heading blockquote modern-quote  avia-builder-el-2  avia-builder-el-no-sibling  av-inherit-size'><h6 class='av-special-heading-tag'  itemprop=\"headline\"  >Newsletter APS #04 | julho 2024<\/h6><div class=\"special-heading-border\"><div class=\"special-heading-inner-border\"><\/div><\/div><\/div><\/div>\n<\/div><\/div><\/main><!-- close content main element --><\/div><\/div><div id='after_section_1'  class='main_color av_default_container_wrap container_wrap fullsize'  ><div class='container av-section-cont-open' ><div class='template-page content  av-content-full alpha units'><div class='post-entry post-entry-type-page post-entry-1348'><div class='entry-content-wrapper clearfix'>\n<div  data-slideshow-options=\"{&quot;animation&quot;:&quot;fade&quot;,&quot;autoplay&quot;:false,&quot;loop_autoplay&quot;:&quot;once&quot;,&quot;interval&quot;:5,&quot;loop_manual&quot;:&quot;manual-endless&quot;,&quot;autoplay_stopper&quot;:false,&quot;noNavigation&quot;:false,&quot;show_slide_delay&quot;:90}\" class='avia-content-slider avia-content-grid-active avia-content-slider1 avia-content-slider-odd  avia-builder-el-3  el_after_av_section  avia-builder-el-no-sibling  av-slideshow-ui av-control-default   av-no-slider-navigation av-slideshow-manual av-loop-once av-loop-manual-endless '  itemscope=\"itemscope\" itemtype=\"https:\/\/schema.org\/Blog\" ><div class=\"avia-content-slider-inner\"><div class=\"slide-entry-wrap\"><article class='slide-entry flex_column  post-entry post-entry-1437 slide-entry-overview slide-loop-1 slide-parity-odd  av_fullwidth first real-thumbnail posttype-post post-format-standard'  itemscope=\"itemscope\" itemtype=\"https:\/\/schema.org\/CreativeWork\" ><a href='https:\/\/segurosecidadania.pt\/?p=1437' data-rel='slide-1' class='slide-image' title='A muta\u00e7\u00e3o do risco &#8211; Por Paulo Portas'><img decoding=\"async\" fetchpriority=\"high\" width=\"2000\" height=\"800\" src=\"https:\/\/segurosecidadania.pt\/wp-content\/uploads\/2024\/07\/PP-ER.jpg\" class=\"wp-image-1443 avia-img-lazy-loading-not-1443 attachment-no scaling size-no scaling wp-post-image\" alt=\"\" srcset=\"https:\/\/segurosecidadania.pt\/wp-content\/uploads\/2024\/07\/PP-ER.jpg 2000w, https:\/\/segurosecidadania.pt\/wp-content\/uploads\/2024\/07\/PP-ER-300x120.jpg 300w, https:\/\/segurosecidadania.pt\/wp-content\/uploads\/2024\/07\/PP-ER-1030x412.jpg 1030w, https:\/\/segurosecidadania.pt\/wp-content\/uploads\/2024\/07\/PP-ER-768x307.jpg 768w, https:\/\/segurosecidadania.pt\/wp-content\/uploads\/2024\/07\/PP-ER-1536x614.jpg 1536w, https:\/\/segurosecidadania.pt\/wp-content\/uploads\/2024\/07\/PP-ER-1500x600.jpg 1500w, https:\/\/segurosecidadania.pt\/wp-content\/uploads\/2024\/07\/PP-ER-705x282.jpg 705w\" sizes=\"(max-width: 2000px) 100vw, 2000px\" \/><\/a><div class=\"slide-content\"><header class=\"entry-content-header\"><h3 class='slide-entry-title entry-title '  itemprop=\"headline\" ><a href='https:\/\/segurosecidadania.pt\/?p=1437' title='A muta\u00e7\u00e3o do risco &#8211; Por Paulo Portas'>A muta\u00e7\u00e3o do risco &#8211; Por Paulo Portas<\/a><\/h3><span class=\"blog-categories minor-meta\"><a href=\"https:\/\/segurosecidadania.pt\/?cat=15\" rel=\"tag\">Opini\u00e3o<\/a> <\/span><span class=\"av-vertical-delimiter\"><\/span><\/header><div class='slide-entry-excerpt entry-content'  itemprop=\"text\" >O risco j\u00e1 n\u00e3o \u00e9 o que era.\u00a0 Curiosamente, o risco \u2013 conceito determinante na miss\u00e3o das seguradoras \u2013, \u00e9 tamb\u00e9m mat\u00e9ria essencial de estudo nas li\u00e7\u00f5es de geopol\u00edtica e geoeconomia. Cada mudan\u00e7a na \u201cbalan\u00e7a de poder\u201d das rela\u00e7\u00f5es internacionais, leva consigo grandes altera\u00e7\u00f5es no desenvolvimento de riscos e sua abordagem conceptual, territorial, tecnol\u00f3gica.<div class=\"read-more-link\"><a href=\"https:\/\/segurosecidadania.pt\/?p=1437\" class=\"more-link\">Ler mais<span class=\"more-link-arrow\"><\/span><\/a><\/div><\/div><\/div><footer class=\"entry-footer\"><div class=\"slide-meta\"><time class='slide-meta-time updated'  itemprop=\"datePublished\" datetime=\"2024-07-29T15:47:30+01:00\" >Julho 29, 2024<\/time><\/div><\/footer><span class='hidden'>\n\t\t\t\t<span class='av-structured-data'  itemprop=\"image\" itemscope=\"itemscope\" itemtype=\"https:\/\/schema.org\/ImageObject\" >\n\t\t\t\t\t\t<span itemprop='url'>https:\/\/segurosecidadania.pt\/wp-content\/uploads\/2024\/07\/PP-ER.jpg<\/span>\n\t\t\t\t\t\t<span itemprop='height'>800<\/span>\n\t\t\t\t\t\t<span itemprop='width'>2000<\/span>\n\t\t\t\t<\/span>\n\t\t\t\t<span class='av-structured-data'  itemprop=\"publisher\" itemtype=\"https:\/\/schema.org\/Organization\" itemscope=\"itemscope\" >\n\t\t\t\t\t\t<span itemprop='name'>Frederico Nunes<\/span>\n\t\t\t\t\t\t<span itemprop='logo' itemscope itemtype='https:\/\/schema.org\/ImageObject'>\n\t\t\t\t\t\t\t<span itemprop='url'>https:\/\/segurosecidadania.pt\/wp-content\/uploads\/2024\/01\/Seguro-Cidadania-Branco-01.png<\/span>\n\t\t\t\t\t\t<\/span>\n\t\t\t\t<\/span><span class='av-structured-data'  itemprop=\"author\" itemscope=\"itemscope\" itemtype=\"https:\/\/schema.org\/Person\" ><span itemprop='name'>Frederico Nunes<\/span><\/span><span class='av-structured-data'  itemprop=\"datePublished\" datetime=\"2024-07-24T11:53:14+01:00\" >2024-07-29 15:47:30<\/span><span class='av-structured-data'  itemprop=\"dateModified\" itemtype=\"https:\/\/schema.org\/dateModified\" >2024-07-30 08:15:15<\/span><span class='av-structured-data'  itemprop=\"mainEntityOfPage\" itemtype=\"https:\/\/schema.org\/mainEntityOfPage\" ><span itemprop='name'>A muta\u00e7\u00e3o do risco &#8211; Por Paulo Portas<\/span><\/span><\/span><\/article><\/div><div class=\"slide-entry-wrap\"><article class='slide-entry flex_column  post-entry post-entry-1369 slide-entry-overview slide-loop-2 slide-parity-odd  av_fullwidth first real-thumbnail posttype-post post-format-quote'  itemscope=\"itemscope\" itemtype=\"https:\/\/schema.org\/CreativeWork\" ><a href='https:\/\/segurosecidadania.pt\/?p=1369' data-rel='slide-1' class='slide-image' title='ELEI\u00c7\u00d5ES NO MUNDO \u2013 PARTE 1'><img decoding=\"async\" fetchpriority=\"high\" width=\"2000\" height=\"800\" src=\"https:\/\/segurosecidadania.pt\/wp-content\/uploads\/2024\/01\/voto-01.jpg\" class=\"wp-image-949 avia-img-lazy-loading-not-949 attachment-no scaling size-no scaling wp-post-image\" alt=\"\" srcset=\"https:\/\/segurosecidadania.pt\/wp-content\/uploads\/2024\/01\/voto-01.jpg 2000w, https:\/\/segurosecidadania.pt\/wp-content\/uploads\/2024\/01\/voto-01-300x120.jpg 300w, https:\/\/segurosecidadania.pt\/wp-content\/uploads\/2024\/01\/voto-01-1030x412.jpg 1030w, https:\/\/segurosecidadania.pt\/wp-content\/uploads\/2024\/01\/voto-01-768x307.jpg 768w, https:\/\/segurosecidadania.pt\/wp-content\/uploads\/2024\/01\/voto-01-1536x614.jpg 1536w, https:\/\/segurosecidadania.pt\/wp-content\/uploads\/2024\/01\/voto-01-1500x600.jpg 1500w, https:\/\/segurosecidadania.pt\/wp-content\/uploads\/2024\/01\/voto-01-705x282.jpg 705w\" sizes=\"(max-width: 2000px) 100vw, 2000px\" \/><\/a><div class=\"slide-content\"><header class=\"entry-content-header\"><h3 class='slide-entry-title entry-title '  itemprop=\"headline\" ><a href='https:\/\/segurosecidadania.pt\/?p=1369' title='ELEI\u00c7\u00d5ES NO MUNDO \u2013 PARTE 1'>ELEI\u00c7\u00d5ES NO MUNDO \u2013 PARTE 1<\/a><\/h3><span class=\"blog-categories minor-meta\"><a href=\"https:\/\/segurosecidadania.pt\/?cat=13\" rel=\"tag\">An\u00e1lise<\/a> <\/span><span class=\"av-vertical-delimiter\"><\/span><\/header><div class='slide-entry-excerpt entry-content'  itemprop=\"text\" >As Elei\u00e7\u00f5es Europeias de 9 de junho deram origem a um novo panorama institucional na Uni\u00e3o Europeia. Embora o Partido Popular Europeu (PPE) tenha sa\u00eddo refor\u00e7ado e os Socialistas e Democratas (S&D) tenham reduzido o seu peso, continuam a constituir os dois maiores grupos no Parlamento Europeu (PE), com 188 e 136 lugares, respetivamente. Mant\u00eam, em conjunto, o controlo de 45% dos assentos, tal como na \u00faltima legislatura.\n\n<div class=\"read-more-link\"><a href=\"https:\/\/segurosecidadania.pt\/?p=1369\" class=\"more-link\">Ler mais<span class=\"more-link-arrow\"><\/span><\/a><\/div><\/div><\/div><footer class=\"entry-footer\"><div class=\"slide-meta\"><time class='slide-meta-time updated'  itemprop=\"datePublished\" datetime=\"2024-07-26T19:56:22+01:00\" >Julho 26, 2024<\/time><\/div><\/footer><span class='hidden'>\n\t\t\t\t<span class='av-structured-data'  itemprop=\"image\" itemscope=\"itemscope\" itemtype=\"https:\/\/schema.org\/ImageObject\" >\n\t\t\t\t\t\t<span itemprop='url'>https:\/\/segurosecidadania.pt\/wp-content\/uploads\/2024\/01\/voto-01.jpg<\/span>\n\t\t\t\t\t\t<span itemprop='height'>800<\/span>\n\t\t\t\t\t\t<span itemprop='width'>2000<\/span>\n\t\t\t\t<\/span>\n\t\t\t\t<span class='av-structured-data'  itemprop=\"publisher\" itemtype=\"https:\/\/schema.org\/Organization\" itemscope=\"itemscope\" >\n\t\t\t\t\t\t<span itemprop='name'>admin<\/span>\n\t\t\t\t\t\t<span itemprop='logo' itemscope itemtype='https:\/\/schema.org\/ImageObject'>\n\t\t\t\t\t\t\t<span itemprop='url'>https:\/\/segurosecidadania.pt\/wp-content\/uploads\/2024\/01\/Seguro-Cidadania-Branco-01.png<\/span>\n\t\t\t\t\t\t<\/span>\n\t\t\t\t<\/span><span class='av-structured-data'  itemprop=\"author\" itemscope=\"itemscope\" itemtype=\"https:\/\/schema.org\/Person\" ><span itemprop='name'>admin<\/span><\/span><span class='av-structured-data'  itemprop=\"datePublished\" datetime=\"2024-07-24T11:53:14+01:00\" >2024-07-26 19:56:22<\/span><span class='av-structured-data'  itemprop=\"dateModified\" itemtype=\"https:\/\/schema.org\/dateModified\" >2024-07-26 19:56:23<\/span><span class='av-structured-data'  itemprop=\"mainEntityOfPage\" itemtype=\"https:\/\/schema.org\/mainEntityOfPage\" ><span itemprop='name'>ELEI\u00c7\u00d5ES NO MUNDO \u2013 PARTE 1<\/span><\/span><\/span><\/article><\/div><div class=\"slide-entry-wrap\"><article class='slide-entry flex_column  post-entry post-entry-1374 slide-entry-overview slide-loop-3 slide-parity-odd  av_fullwidth first real-thumbnail posttype-post post-format-quote'  itemscope=\"itemscope\" itemtype=\"https:\/\/schema.org\/CreativeWork\" ><a href='https:\/\/segurosecidadania.pt\/?p=1374' data-rel='slide-1' class='slide-image' title='O SEGURO DO BOMBEIRO'><img decoding=\"async\" fetchpriority=\"high\" width=\"2000\" height=\"800\" src=\"https:\/\/segurosecidadania.pt\/wp-content\/uploads\/2024\/07\/bombeiro-2.jpg\" class=\"wp-image-1377 avia-img-lazy-loading-not-1377 attachment-no scaling size-no scaling wp-post-image\" alt=\"\" srcset=\"https:\/\/segurosecidadania.pt\/wp-content\/uploads\/2024\/07\/bombeiro-2.jpg 2000w, https:\/\/segurosecidadania.pt\/wp-content\/uploads\/2024\/07\/bombeiro-2-300x120.jpg 300w, https:\/\/segurosecidadania.pt\/wp-content\/uploads\/2024\/07\/bombeiro-2-1030x412.jpg 1030w, https:\/\/segurosecidadania.pt\/wp-content\/uploads\/2024\/07\/bombeiro-2-768x307.jpg 768w, https:\/\/segurosecidadania.pt\/wp-content\/uploads\/2024\/07\/bombeiro-2-1536x614.jpg 1536w, https:\/\/segurosecidadania.pt\/wp-content\/uploads\/2024\/07\/bombeiro-2-1500x600.jpg 1500w, https:\/\/segurosecidadania.pt\/wp-content\/uploads\/2024\/07\/bombeiro-2-705x282.jpg 705w\" sizes=\"(max-width: 2000px) 100vw, 2000px\" \/><\/a><div class=\"slide-content\"><header class=\"entry-content-header\"><h3 class='slide-entry-title entry-title '  itemprop=\"headline\" ><a href='https:\/\/segurosecidadania.pt\/?p=1374' title='O SEGURO DO BOMBEIRO'>O SEGURO DO BOMBEIRO<\/a><\/h3><span class=\"blog-categories minor-meta\"><a href=\"https:\/\/segurosecidadania.pt\/?cat=13\" rel=\"tag\">An\u00e1lise<\/a> <\/span><span class=\"av-vertical-delimiter\"><\/span><\/header><div class='slide-entry-excerpt entry-content'  itemprop=\"text\" >Com as altas temperaturas a fazerem-se sentir em Portugal, a \u00e9poca de fogos inicia-se quase de imediato, sendo importante revisitar a prote\u00e7\u00e3o conferida aos bombeiros, enquanto parte essencial numa luta que se repete ano ap\u00f3s ano.<div class=\"read-more-link\"><a href=\"https:\/\/segurosecidadania.pt\/?p=1374\" class=\"more-link\">Ler mais<span class=\"more-link-arrow\"><\/span><\/a><\/div><\/div><\/div><footer class=\"entry-footer\"><div class=\"slide-meta\"><time class='slide-meta-time updated'  itemprop=\"datePublished\" datetime=\"2024-07-26T19:55:00+01:00\" >Julho 26, 2024<\/time><\/div><\/footer><span class='hidden'>\n\t\t\t\t<span class='av-structured-data'  itemprop=\"image\" itemscope=\"itemscope\" itemtype=\"https:\/\/schema.org\/ImageObject\" >\n\t\t\t\t\t\t<span itemprop='url'>https:\/\/segurosecidadania.pt\/wp-content\/uploads\/2024\/07\/bombeiro-2.jpg<\/span>\n\t\t\t\t\t\t<span itemprop='height'>800<\/span>\n\t\t\t\t\t\t<span itemprop='width'>2000<\/span>\n\t\t\t\t<\/span>\n\t\t\t\t<span class='av-structured-data'  itemprop=\"publisher\" itemtype=\"https:\/\/schema.org\/Organization\" itemscope=\"itemscope\" >\n\t\t\t\t\t\t<span itemprop='name'>admin<\/span>\n\t\t\t\t\t\t<span itemprop='logo' itemscope itemtype='https:\/\/schema.org\/ImageObject'>\n\t\t\t\t\t\t\t<span itemprop='url'>https:\/\/segurosecidadania.pt\/wp-content\/uploads\/2024\/01\/Seguro-Cidadania-Branco-01.png<\/span>\n\t\t\t\t\t\t<\/span>\n\t\t\t\t<\/span><span class='av-structured-data'  itemprop=\"author\" itemscope=\"itemscope\" itemtype=\"https:\/\/schema.org\/Person\" ><span itemprop='name'>admin<\/span><\/span><span class='av-structured-data'  itemprop=\"datePublished\" datetime=\"2024-07-24T11:53:14+01:00\" >2024-07-26 19:55:00<\/span><span class='av-structured-data'  itemprop=\"dateModified\" itemtype=\"https:\/\/schema.org\/dateModified\" >2024-07-30 10:33:41<\/span><span class='av-structured-data'  itemprop=\"mainEntityOfPage\" itemtype=\"https:\/\/schema.org\/mainEntityOfPage\" ><span itemprop='name'>O SEGURO DO BOMBEIRO<\/span><\/span><\/span><\/article><\/div><div class=\"slide-entry-wrap\"><article class='slide-entry flex_column  post-entry post-entry-1379 slide-entry-overview slide-loop-4 slide-parity-odd  av_fullwidth first real-thumbnail posttype-post post-format-standard'  itemscope=\"itemscope\" itemtype=\"https:\/\/schema.org\/CreativeWork\" ><a href='https:\/\/segurosecidadania.pt\/?p=1379' data-rel='slide-1' class='slide-image' title='A ATIVIDADE SEGURADORA EM 2024'><img decoding=\"async\" fetchpriority=\"high\" width=\"2000\" height=\"800\" src=\"https:\/\/segurosecidadania.pt\/wp-content\/uploads\/2024\/01\/atividade-seguradora-2023-2024.jpg\" class=\"wp-image-921 avia-img-lazy-loading-not-921 attachment-no scaling size-no scaling wp-post-image\" alt=\"\" srcset=\"https:\/\/segurosecidadania.pt\/wp-content\/uploads\/2024\/01\/atividade-seguradora-2023-2024.jpg 2000w, https:\/\/segurosecidadania.pt\/wp-content\/uploads\/2024\/01\/atividade-seguradora-2023-2024-300x120.jpg 300w, https:\/\/segurosecidadania.pt\/wp-content\/uploads\/2024\/01\/atividade-seguradora-2023-2024-1030x412.jpg 1030w, https:\/\/segurosecidadania.pt\/wp-content\/uploads\/2024\/01\/atividade-seguradora-2023-2024-768x307.jpg 768w, https:\/\/segurosecidadania.pt\/wp-content\/uploads\/2024\/01\/atividade-seguradora-2023-2024-1536x614.jpg 1536w, https:\/\/segurosecidadania.pt\/wp-content\/uploads\/2024\/01\/atividade-seguradora-2023-2024-1500x600.jpg 1500w, https:\/\/segurosecidadania.pt\/wp-content\/uploads\/2024\/01\/atividade-seguradora-2023-2024-705x282.jpg 705w\" sizes=\"(max-width: 2000px) 100vw, 2000px\" \/><\/a><div class=\"slide-content\"><header class=\"entry-content-header\"><h3 class='slide-entry-title entry-title '  itemprop=\"headline\" ><a href='https:\/\/segurosecidadania.pt\/?p=1379' title='A ATIVIDADE SEGURADORA EM 2024'>A ATIVIDADE SEGURADORA EM 2024<\/a><\/h3><span class=\"blog-categories minor-meta\"><a href=\"https:\/\/segurosecidadania.pt\/?cat=16\" rel=\"tag\">N\u00fameros<\/a> <\/span><span class=\"av-vertical-delimiter\"><\/span><\/header><div class='slide-entry-excerpt entry-content'  itemprop=\"text\" >Pr\u00e9mios de seguro direto relativos ao m\u00eas de junho<div class=\"read-more-link\"><a href=\"https:\/\/segurosecidadania.pt\/?p=1379\" class=\"more-link\">Ler mais<span class=\"more-link-arrow\"><\/span><\/a><\/div><\/div><\/div><footer class=\"entry-footer\"><div class=\"slide-meta\"><time class='slide-meta-time updated'  itemprop=\"datePublished\" datetime=\"2024-07-26T19:54:00+01:00\" >Julho 26, 2024<\/time><\/div><\/footer><span class='hidden'>\n\t\t\t\t<span class='av-structured-data'  itemprop=\"image\" itemscope=\"itemscope\" itemtype=\"https:\/\/schema.org\/ImageObject\" >\n\t\t\t\t\t\t<span itemprop='url'>https:\/\/segurosecidadania.pt\/wp-content\/uploads\/2024\/01\/atividade-seguradora-2023-2024.jpg<\/span>\n\t\t\t\t\t\t<span itemprop='height'>800<\/span>\n\t\t\t\t\t\t<span itemprop='width'>2000<\/span>\n\t\t\t\t<\/span>\n\t\t\t\t<span class='av-structured-data'  itemprop=\"publisher\" itemtype=\"https:\/\/schema.org\/Organization\" itemscope=\"itemscope\" >\n\t\t\t\t\t\t<span itemprop='name'>Frederico Nunes<\/span>\n\t\t\t\t\t\t<span itemprop='logo' itemscope itemtype='https:\/\/schema.org\/ImageObject'>\n\t\t\t\t\t\t\t<span itemprop='url'>https:\/\/segurosecidadania.pt\/wp-content\/uploads\/2024\/01\/Seguro-Cidadania-Branco-01.png<\/span>\n\t\t\t\t\t\t<\/span>\n\t\t\t\t<\/span><span class='av-structured-data'  itemprop=\"author\" itemscope=\"itemscope\" itemtype=\"https:\/\/schema.org\/Person\" ><span itemprop='name'>Frederico Nunes<\/span><\/span><span class='av-structured-data'  itemprop=\"datePublished\" datetime=\"2024-07-24T11:53:14+01:00\" >2024-07-26 19:54:00<\/span><span class='av-structured-data'  itemprop=\"dateModified\" itemtype=\"https:\/\/schema.org\/dateModified\" >2024-07-29 16:02:57<\/span><span class='av-structured-data'  itemprop=\"mainEntityOfPage\" itemtype=\"https:\/\/schema.org\/mainEntityOfPage\" ><span itemprop='name'>A ATIVIDADE SEGURADORA EM 2024<\/span><\/span><\/span><\/article><\/div><div class=\"slide-entry-wrap\"><article class='slide-entry flex_column  post-entry post-entry-1383 slide-entry-overview slide-loop-5 slide-parity-odd  av_fullwidth first real-thumbnail posttype-post post-format-quote'  itemscope=\"itemscope\" itemtype=\"https:\/\/schema.org\/CreativeWork\" ><a href='https:\/\/segurosecidadania.pt\/?p=1383' data-rel='slide-1' class='slide-image' title='PROPOSTAS APS PARA O OR\u00c7AMENTO DE ESTADO 2025: PEPP \u2013 PUBLICA\u00c7\u00c3O DA LEI FISCAL'><img decoding=\"async\" fetchpriority=\"high\" width=\"2000\" height=\"800\" src=\"https:\/\/segurosecidadania.pt\/wp-content\/uploads\/2024\/07\/assembleia.jpg\" class=\"wp-image-1385 avia-img-lazy-loading-not-1385 attachment-no scaling size-no scaling wp-post-image\" alt=\"\" srcset=\"https:\/\/segurosecidadania.pt\/wp-content\/uploads\/2024\/07\/assembleia.jpg 2000w, https:\/\/segurosecidadania.pt\/wp-content\/uploads\/2024\/07\/assembleia-300x120.jpg 300w, https:\/\/segurosecidadania.pt\/wp-content\/uploads\/2024\/07\/assembleia-1030x412.jpg 1030w, https:\/\/segurosecidadania.pt\/wp-content\/uploads\/2024\/07\/assembleia-768x307.jpg 768w, https:\/\/segurosecidadania.pt\/wp-content\/uploads\/2024\/07\/assembleia-1536x614.jpg 1536w, https:\/\/segurosecidadania.pt\/wp-content\/uploads\/2024\/07\/assembleia-1500x600.jpg 1500w, https:\/\/segurosecidadania.pt\/wp-content\/uploads\/2024\/07\/assembleia-705x282.jpg 705w\" sizes=\"(max-width: 2000px) 100vw, 2000px\" \/><\/a><div class=\"slide-content\"><header class=\"entry-content-header\"><h3 class='slide-entry-title entry-title '  itemprop=\"headline\" ><a href='https:\/\/segurosecidadania.pt\/?p=1383' title='PROPOSTAS APS PARA O OR\u00c7AMENTO DE ESTADO 2025: PEPP \u2013 PUBLICA\u00c7\u00c3O DA LEI FISCAL'>PROPOSTAS APS PARA O OR\u00c7AMENTO DE ESTADO 2025: PEPP \u2013 PUBLICA\u00c7\u00c3O DA LEI FISCAL<\/a><\/h3><span class=\"blog-categories minor-meta\"><a href=\"https:\/\/segurosecidadania.pt\/?cat=20\" rel=\"tag\">Legisla\u00e7\u00e3o e regulamenta\u00e7\u00e3o nacional<\/a> <\/span><span class=\"av-vertical-delimiter\"><\/span><\/header><div class='slide-entry-excerpt entry-content'  itemprop=\"text\" >A APS apresenta a perspetiva do setor segurador relativamente \u00e0 Lei n.\u00ba 31\/2024, publicada no final de junho, que aprova medidas fiscais para a dinamiza\u00e7\u00e3o do mercado de capitais, entre elas o enquadramento fiscal do Produto Individual de Reforma Pan-Europeu (PEPP).\n\n<div class=\"read-more-link\"><a href=\"https:\/\/segurosecidadania.pt\/?p=1383\" class=\"more-link\">Ler mais<span class=\"more-link-arrow\"><\/span><\/a><\/div><\/div><\/div><footer class=\"entry-footer\"><div class=\"slide-meta\"><time class='slide-meta-time updated'  itemprop=\"datePublished\" datetime=\"2024-07-26T19:53:00+01:00\" >Julho 26, 2024<\/time><\/div><\/footer><span class='hidden'>\n\t\t\t\t<span class='av-structured-data'  itemprop=\"image\" itemscope=\"itemscope\" itemtype=\"https:\/\/schema.org\/ImageObject\" >\n\t\t\t\t\t\t<span itemprop='url'>https:\/\/segurosecidadania.pt\/wp-content\/uploads\/2024\/07\/assembleia.jpg<\/span>\n\t\t\t\t\t\t<span itemprop='height'>800<\/span>\n\t\t\t\t\t\t<span itemprop='width'>2000<\/span>\n\t\t\t\t<\/span>\n\t\t\t\t<span class='av-structured-data'  itemprop=\"publisher\" itemtype=\"https:\/\/schema.org\/Organization\" itemscope=\"itemscope\" >\n\t\t\t\t\t\t<span itemprop='name'>admin<\/span>\n\t\t\t\t\t\t<span itemprop='logo' itemscope itemtype='https:\/\/schema.org\/ImageObject'>\n\t\t\t\t\t\t\t<span itemprop='url'>https:\/\/segurosecidadania.pt\/wp-content\/uploads\/2024\/01\/Seguro-Cidadania-Branco-01.png<\/span>\n\t\t\t\t\t\t<\/span>\n\t\t\t\t<\/span><span class='av-structured-data'  itemprop=\"author\" itemscope=\"itemscope\" itemtype=\"https:\/\/schema.org\/Person\" ><span itemprop='name'>admin<\/span><\/span><span class='av-structured-data'  itemprop=\"datePublished\" datetime=\"2024-07-24T11:53:14+01:00\" >2024-07-26 19:53:00<\/span><span class='av-structured-data'  itemprop=\"dateModified\" itemtype=\"https:\/\/schema.org\/dateModified\" >2024-07-26 20:00:58<\/span><span class='av-structured-data'  itemprop=\"mainEntityOfPage\" itemtype=\"https:\/\/schema.org\/mainEntityOfPage\" ><span itemprop='name'>PROPOSTAS APS PARA O OR\u00c7AMENTO DE ESTADO 2025: PEPP \u2013 PUBLICA\u00c7\u00c3O DA LEI FISCAL<\/span><\/span><\/span><\/article><\/div><div class=\"slide-entry-wrap\"><article class='slide-entry flex_column  post-entry post-entry-1387 slide-entry-overview slide-loop-6 slide-parity-odd  av_fullwidth first real-thumbnail posttype-post post-format-quote'  itemscope=\"itemscope\" itemtype=\"https:\/\/schema.org\/CreativeWork\" ><a href='https:\/\/segurosecidadania.pt\/?p=1387' data-rel='slide-1' class='slide-image' title='MODELO DE DECLARA\u00c7\u00c3O DE HISTORIAL DE SINISTROS DE RESPONSABILIDADE CIVIL AUTOM\u00d3VEL'><img decoding=\"async\" fetchpriority=\"high\" width=\"2000\" height=\"799\" src=\"https:\/\/segurosecidadania.pt\/wp-content\/uploads\/2024\/01\/acidente-photoshop.jpg\" class=\"wp-image-891 avia-img-lazy-loading-not-891 attachment-no scaling size-no scaling wp-post-image\" alt=\"\" srcset=\"https:\/\/segurosecidadania.pt\/wp-content\/uploads\/2024\/01\/acidente-photoshop.jpg 2000w, https:\/\/segurosecidadania.pt\/wp-content\/uploads\/2024\/01\/acidente-photoshop-300x120.jpg 300w, https:\/\/segurosecidadania.pt\/wp-content\/uploads\/2024\/01\/acidente-photoshop-1030x411.jpg 1030w, https:\/\/segurosecidadania.pt\/wp-content\/uploads\/2024\/01\/acidente-photoshop-768x307.jpg 768w, https:\/\/segurosecidadania.pt\/wp-content\/uploads\/2024\/01\/acidente-photoshop-1536x614.jpg 1536w, https:\/\/segurosecidadania.pt\/wp-content\/uploads\/2024\/01\/acidente-photoshop-1500x599.jpg 1500w, https:\/\/segurosecidadania.pt\/wp-content\/uploads\/2024\/01\/acidente-photoshop-705x282.jpg 705w\" sizes=\"(max-width: 2000px) 100vw, 2000px\" \/><\/a><div class=\"slide-content\"><header class=\"entry-content-header\"><h3 class='slide-entry-title entry-title '  itemprop=\"headline\" ><a href='https:\/\/segurosecidadania.pt\/?p=1387' title='MODELO DE DECLARA\u00c7\u00c3O DE HISTORIAL DE SINISTROS DE RESPONSABILIDADE CIVIL AUTOM\u00d3VEL'>MODELO DE DECLARA\u00c7\u00c3O DE HISTORIAL DE SINISTROS DE RESPONSABILIDADE CIVIL AUTOM\u00d3VEL<\/a><\/h3><span class=\"blog-categories minor-meta\"><a href=\"https:\/\/segurosecidadania.pt\/?cat=22\" rel=\"tag\">Legisla\u00e7\u00e3o e regulamenta\u00e7\u00e3o europeia<\/a> <\/span><span class=\"av-vertical-delimiter\"><\/span><\/header><div class='slide-entry-excerpt entry-content'  itemprop=\"text\" >Com o objetivo de facilitar a verifica\u00e7\u00e3o e autentica\u00e7\u00e3o das declara\u00e7\u00f5es de historial de sinistros anteriores dos tomadores de seguro que pretendam celebrar novos contratos de seguros, a declara\u00e7\u00e3o de historial de sinistros deve ter um formato e um conte\u00fado que a tornem facilmente reconhec\u00edvel em toda a Uni\u00e3o devendo ser emitida de acordo com o modelo previsto no Regulamento de Execu\u00e7\u00e3o (UE) 2024\/1855 da Comiss\u00e3o de 3 de julho de 2024, e conter as informa\u00e7\u00f5es necess\u00e1rias para os fins para que \u00e9 emitida.<div class=\"read-more-link\"><a href=\"https:\/\/segurosecidadania.pt\/?p=1387\" class=\"more-link\">Ler mais<span class=\"more-link-arrow\"><\/span><\/a><\/div><\/div><\/div><footer class=\"entry-footer\"><div class=\"slide-meta\"><time class='slide-meta-time updated'  itemprop=\"datePublished\" datetime=\"2024-07-26T19:52:00+01:00\" >Julho 26, 2024<\/time><\/div><\/footer><span class='hidden'>\n\t\t\t\t<span class='av-structured-data'  itemprop=\"image\" itemscope=\"itemscope\" itemtype=\"https:\/\/schema.org\/ImageObject\" >\n\t\t\t\t\t\t<span itemprop='url'>https:\/\/segurosecidadania.pt\/wp-content\/uploads\/2024\/01\/acidente-photoshop.jpg<\/span>\n\t\t\t\t\t\t<span itemprop='height'>799<\/span>\n\t\t\t\t\t\t<span itemprop='width'>2000<\/span>\n\t\t\t\t<\/span>\n\t\t\t\t<span class='av-structured-data'  itemprop=\"publisher\" itemtype=\"https:\/\/schema.org\/Organization\" itemscope=\"itemscope\" >\n\t\t\t\t\t\t<span itemprop='name'>admin<\/span>\n\t\t\t\t\t\t<span itemprop='logo' itemscope itemtype='https:\/\/schema.org\/ImageObject'>\n\t\t\t\t\t\t\t<span itemprop='url'>https:\/\/segurosecidadania.pt\/wp-content\/uploads\/2024\/01\/Seguro-Cidadania-Branco-01.png<\/span>\n\t\t\t\t\t\t<\/span>\n\t\t\t\t<\/span><span class='av-structured-data'  itemprop=\"author\" itemscope=\"itemscope\" itemtype=\"https:\/\/schema.org\/Person\" ><span itemprop='name'>admin<\/span><\/span><span class='av-structured-data'  itemprop=\"datePublished\" datetime=\"2024-07-24T11:53:14+01:00\" >2024-07-26 19:52:00<\/span><span class='av-structured-data'  itemprop=\"dateModified\" itemtype=\"https:\/\/schema.org\/dateModified\" >2024-07-26 20:01:43<\/span><span class='av-structured-data'  itemprop=\"mainEntityOfPage\" itemtype=\"https:\/\/schema.org\/mainEntityOfPage\" ><span itemprop='name'>MODELO DE DECLARA\u00c7\u00c3O DE HISTORIAL DE SINISTROS DE RESPONSABILIDADE CIVIL AUTOM\u00d3VEL<\/span><\/span><\/span><\/article><\/div><div class=\"slide-entry-wrap\"><article class='slide-entry flex_column  post-entry post-entry-1329 slide-entry-overview slide-loop-7 slide-parity-odd  av_fullwidth first real-thumbnail posttype-post post-format-quote'  itemscope=\"itemscope\" itemtype=\"https:\/\/schema.org\/CreativeWork\" ><a href='https:\/\/segurosecidadania.pt\/?p=1329' data-rel='slide-1' class='slide-image' title='REGRAS HARMONIZADAS EM MAT\u00c9RIA DE INTELIG\u00caNCIA ARTIFICIAL'><img decoding=\"async\" fetchpriority=\"high\" width=\"2000\" height=\"800\" src=\"https:\/\/segurosecidadania.pt\/wp-content\/uploads\/2024\/07\/AI.jpg\" class=\"wp-image-1393 avia-img-lazy-loading-not-1393 attachment-no scaling size-no scaling wp-post-image\" alt=\"\" srcset=\"https:\/\/segurosecidadania.pt\/wp-content\/uploads\/2024\/07\/AI.jpg 2000w, https:\/\/segurosecidadania.pt\/wp-content\/uploads\/2024\/07\/AI-300x120.jpg 300w, https:\/\/segurosecidadania.pt\/wp-content\/uploads\/2024\/07\/AI-1030x412.jpg 1030w, https:\/\/segurosecidadania.pt\/wp-content\/uploads\/2024\/07\/AI-768x307.jpg 768w, https:\/\/segurosecidadania.pt\/wp-content\/uploads\/2024\/07\/AI-1536x614.jpg 1536w, https:\/\/segurosecidadania.pt\/wp-content\/uploads\/2024\/07\/AI-1500x600.jpg 1500w, https:\/\/segurosecidadania.pt\/wp-content\/uploads\/2024\/07\/AI-705x282.jpg 705w\" sizes=\"(max-width: 2000px) 100vw, 2000px\" \/><\/a><div class=\"slide-content\"><header class=\"entry-content-header\"><h3 class='slide-entry-title entry-title '  itemprop=\"headline\" ><a href='https:\/\/segurosecidadania.pt\/?p=1329' title='REGRAS HARMONIZADAS EM MAT\u00c9RIA DE INTELIG\u00caNCIA ARTIFICIAL'>REGRAS HARMONIZADAS EM MAT\u00c9RIA DE INTELIG\u00caNCIA ARTIFICIAL<\/a><\/h3><span class=\"blog-categories minor-meta\"><a href=\"https:\/\/segurosecidadania.pt\/?cat=22\" rel=\"tag\">Legisla\u00e7\u00e3o e regulamenta\u00e7\u00e3o europeia<\/a> <\/span><span class=\"av-vertical-delimiter\"><\/span><\/header><div class='slide-entry-excerpt entry-content'  itemprop=\"text\" >Publicado no Jornal Oficial da Uni\u00e3o Europeia o regulamento do Parlamento Europeu e o Conselho, de 13 de junho de 2024, que cria regras harmonizadas em mat\u00e9ria de intelig\u00eancia artificial (IA).\n\n<div class=\"read-more-link\"><a href=\"https:\/\/segurosecidadania.pt\/?p=1329\" class=\"more-link\">Ler mais<span class=\"more-link-arrow\"><\/span><\/a><\/div><\/div><\/div><footer class=\"entry-footer\"><div class=\"slide-meta\"><time class='slide-meta-time updated'  itemprop=\"datePublished\" datetime=\"2024-07-26T19:51:00+01:00\" >Julho 26, 2024<\/time><\/div><\/footer><span class='hidden'>\n\t\t\t\t<span class='av-structured-data'  itemprop=\"image\" itemscope=\"itemscope\" itemtype=\"https:\/\/schema.org\/ImageObject\" >\n\t\t\t\t\t\t<span itemprop='url'>https:\/\/segurosecidadania.pt\/wp-content\/uploads\/2024\/07\/AI.jpg<\/span>\n\t\t\t\t\t\t<span itemprop='height'>800<\/span>\n\t\t\t\t\t\t<span itemprop='width'>2000<\/span>\n\t\t\t\t<\/span>\n\t\t\t\t<span class='av-structured-data'  itemprop=\"publisher\" itemtype=\"https:\/\/schema.org\/Organization\" itemscope=\"itemscope\" >\n\t\t\t\t\t\t<span itemprop='name'>admin<\/span>\n\t\t\t\t\t\t<span itemprop='logo' itemscope itemtype='https:\/\/schema.org\/ImageObject'>\n\t\t\t\t\t\t\t<span itemprop='url'>https:\/\/segurosecidadania.pt\/wp-content\/uploads\/2024\/01\/Seguro-Cidadania-Branco-01.png<\/span>\n\t\t\t\t\t\t<\/span>\n\t\t\t\t<\/span><span class='av-structured-data'  itemprop=\"author\" itemscope=\"itemscope\" itemtype=\"https:\/\/schema.org\/Person\" ><span itemprop='name'>admin<\/span><\/span><span class='av-structured-data'  itemprop=\"datePublished\" datetime=\"2024-07-24T11:53:14+01:00\" >2024-07-26 19:51:00<\/span><span class='av-structured-data'  itemprop=\"dateModified\" itemtype=\"https:\/\/schema.org\/dateModified\" >2024-07-26 20:02:15<\/span><span class='av-structured-data'  itemprop=\"mainEntityOfPage\" itemtype=\"https:\/\/schema.org\/mainEntityOfPage\" ><span itemprop='name'>REGRAS HARMONIZADAS EM MAT\u00c9RIA DE INTELIG\u00caNCIA ARTIFICIAL<\/span><\/span><\/span><\/article><\/div><div class=\"slide-entry-wrap\"><article class='slide-entry flex_column  post-entry post-entry-1338 slide-entry-overview slide-loop-8 slide-parity-odd  av_fullwidth first real-thumbnail posttype-post post-format-quote'  itemscope=\"itemscope\" itemtype=\"https:\/\/schema.org\/CreativeWork\" ><a href='https:\/\/segurosecidadania.pt\/?p=1338' data-rel='slide-1' class='slide-image' title='DIRETIVA CSDDD \u2013 CORPORATE SUSTAINABILITY DUE DILIGENCE DIRECTIVE'><img decoding=\"async\" fetchpriority=\"high\" width=\"2000\" height=\"800\" src=\"https:\/\/segurosecidadania.pt\/wp-content\/uploads\/2024\/07\/Sustentabilidade2-.jpg\" class=\"wp-image-1391 avia-img-lazy-loading-not-1391 attachment-no scaling size-no scaling wp-post-image\" alt=\"\" srcset=\"https:\/\/segurosecidadania.pt\/wp-content\/uploads\/2024\/07\/Sustentabilidade2-.jpg 2000w, https:\/\/segurosecidadania.pt\/wp-content\/uploads\/2024\/07\/Sustentabilidade2--300x120.jpg 300w, https:\/\/segurosecidadania.pt\/wp-content\/uploads\/2024\/07\/Sustentabilidade2--1030x412.jpg 1030w, https:\/\/segurosecidadania.pt\/wp-content\/uploads\/2024\/07\/Sustentabilidade2--768x307.jpg 768w, https:\/\/segurosecidadania.pt\/wp-content\/uploads\/2024\/07\/Sustentabilidade2--1536x614.jpg 1536w, https:\/\/segurosecidadania.pt\/wp-content\/uploads\/2024\/07\/Sustentabilidade2--1500x600.jpg 1500w, https:\/\/segurosecidadania.pt\/wp-content\/uploads\/2024\/07\/Sustentabilidade2--705x282.jpg 705w\" sizes=\"(max-width: 2000px) 100vw, 2000px\" \/><\/a><div class=\"slide-content\"><header class=\"entry-content-header\"><h3 class='slide-entry-title entry-title '  itemprop=\"headline\" ><a href='https:\/\/segurosecidadania.pt\/?p=1338' title='DIRETIVA CSDDD \u2013 CORPORATE SUSTAINABILITY DUE DILIGENCE DIRECTIVE'>DIRETIVA CSDDD \u2013 CORPORATE SUSTAINABILITY DUE DILIGENCE DIRECTIVE<\/a><\/h3><span class=\"blog-categories minor-meta\"><a href=\"https:\/\/segurosecidadania.pt\/?cat=22\" rel=\"tag\">Legisla\u00e7\u00e3o e regulamenta\u00e7\u00e3o europeia<\/a> <\/span><span class=\"av-vertical-delimiter\"><\/span><\/header><div class='slide-entry-excerpt entry-content'  itemprop=\"text\" >A Diretiva CSDDD foi publicada em meados de junho de 2024 e tem como objetivo garantir o dever da informa\u00e7\u00e3o, pelas empresas, sobre os efeitos negativos nos direitos humanos e no ambiente. \n\n<div class=\"read-more-link\"><a href=\"https:\/\/segurosecidadania.pt\/?p=1338\" class=\"more-link\">Ler mais<span class=\"more-link-arrow\"><\/span><\/a><\/div><\/div><\/div><footer class=\"entry-footer\"><div class=\"slide-meta\"><time class='slide-meta-time updated'  itemprop=\"datePublished\" datetime=\"2024-07-26T19:50:00+01:00\" >Julho 26, 2024<\/time><\/div><\/footer><span class='hidden'>\n\t\t\t\t<span class='av-structured-data'  itemprop=\"image\" itemscope=\"itemscope\" itemtype=\"https:\/\/schema.org\/ImageObject\" >\n\t\t\t\t\t\t<span itemprop='url'>https:\/\/segurosecidadania.pt\/wp-content\/uploads\/2024\/07\/Sustentabilidade2-.jpg<\/span>\n\t\t\t\t\t\t<span itemprop='height'>800<\/span>\n\t\t\t\t\t\t<span itemprop='width'>2000<\/span>\n\t\t\t\t<\/span>\n\t\t\t\t<span class='av-structured-data'  itemprop=\"publisher\" itemtype=\"https:\/\/schema.org\/Organization\" itemscope=\"itemscope\" >\n\t\t\t\t\t\t<span itemprop='name'>admin<\/span>\n\t\t\t\t\t\t<span itemprop='logo' itemscope itemtype='https:\/\/schema.org\/ImageObject'>\n\t\t\t\t\t\t\t<span itemprop='url'>https:\/\/segurosecidadania.pt\/wp-content\/uploads\/2024\/01\/Seguro-Cidadania-Branco-01.png<\/span>\n\t\t\t\t\t\t<\/span>\n\t\t\t\t<\/span><span class='av-structured-data'  itemprop=\"author\" itemscope=\"itemscope\" itemtype=\"https:\/\/schema.org\/Person\" ><span itemprop='name'>admin<\/span><\/span><span class='av-structured-data'  itemprop=\"datePublished\" datetime=\"2024-07-24T11:53:14+01:00\" >2024-07-26 19:50:00<\/span><span class='av-structured-data'  itemprop=\"dateModified\" itemtype=\"https:\/\/schema.org\/dateModified\" >2024-07-26 20:02:45<\/span><span class='av-structured-data'  itemprop=\"mainEntityOfPage\" itemtype=\"https:\/\/schema.org\/mainEntityOfPage\" ><span itemprop='name'>DIRETIVA CSDDD \u2013 CORPORATE SUSTAINABILITY DUE DILIGENCE DIRECTIVE<\/span><\/span><\/span><\/article><\/div><div class=\"slide-entry-wrap\"><article class='slide-entry flex_column  post-entry post-entry-1344 slide-entry-overview slide-loop-9 slide-parity-odd  av_fullwidth first real-thumbnail posttype-post post-format-quote'  itemscope=\"itemscope\" itemtype=\"https:\/\/schema.org\/CreativeWork\" ><a href='https:\/\/segurosecidadania.pt\/?p=1344' data-rel='slide-1' class='slide-image' title='COMBATE AO BRANQUEAMENTO DE CAPITAIS E AO FINANCIAMENTO DO TERRORISMO'><img decoding=\"async\" fetchpriority=\"high\" width=\"2000\" height=\"800\" src=\"https:\/\/segurosecidadania.pt\/wp-content\/uploads\/2024\/07\/Sem-Titulo-2.jpg\" class=\"wp-image-1346 avia-img-lazy-loading-not-1346 attachment-no scaling size-no scaling wp-post-image\" alt=\"\" srcset=\"https:\/\/segurosecidadania.pt\/wp-content\/uploads\/2024\/07\/Sem-Titulo-2.jpg 2000w, https:\/\/segurosecidadania.pt\/wp-content\/uploads\/2024\/07\/Sem-Titulo-2-300x120.jpg 300w, https:\/\/segurosecidadania.pt\/wp-content\/uploads\/2024\/07\/Sem-Titulo-2-1030x412.jpg 1030w, https:\/\/segurosecidadania.pt\/wp-content\/uploads\/2024\/07\/Sem-Titulo-2-768x307.jpg 768w, https:\/\/segurosecidadania.pt\/wp-content\/uploads\/2024\/07\/Sem-Titulo-2-1536x614.jpg 1536w, https:\/\/segurosecidadania.pt\/wp-content\/uploads\/2024\/07\/Sem-Titulo-2-1500x600.jpg 1500w, https:\/\/segurosecidadania.pt\/wp-content\/uploads\/2024\/07\/Sem-Titulo-2-705x282.jpg 705w\" sizes=\"(max-width: 2000px) 100vw, 2000px\" \/><\/a><div class=\"slide-content\"><header class=\"entry-content-header\"><h3 class='slide-entry-title entry-title '  itemprop=\"headline\" ><a href='https:\/\/segurosecidadania.pt\/?p=1344' title='COMBATE AO BRANQUEAMENTO DE CAPITAIS E AO FINANCIAMENTO DO TERRORISMO'>COMBATE AO BRANQUEAMENTO DE CAPITAIS E AO FINANCIAMENTO DO TERRORISMO<\/a><\/h3><span class=\"blog-categories minor-meta\"><a href=\"https:\/\/segurosecidadania.pt\/?cat=22\" rel=\"tag\">Legisla\u00e7\u00e3o e regulamenta\u00e7\u00e3o europeia<\/a> <\/span><span class=\"av-vertical-delimiter\"><\/span><\/header><div class='slide-entry-excerpt entry-content'  itemprop=\"text\" >No dia 31 de maio foram publicados dois regulamentos e uma diretiva, dedicados \u00e0 cria\u00e7\u00e3o da Autoridade para o Combate ao Branqueamento de Capitais e ao Financiamento do Terrorismo; preven\u00e7\u00e3o da utiliza\u00e7\u00e3o do sistema financeiro para efeitos de branqueamento de capitais ou de financiamento do terrorismo; e, finalmente, mecanismos a criar pelos Estados-Membros para prevenir a utiliza\u00e7\u00e3o do sistema financeiro para efeitos de branqueamento de capitais ou de financiamento do terrorismo.<div class=\"read-more-link\"><a href=\"https:\/\/segurosecidadania.pt\/?p=1344\" class=\"more-link\">Ler mais<span class=\"more-link-arrow\"><\/span><\/a><\/div><\/div><\/div><footer class=\"entry-footer\"><div class=\"slide-meta\"><time class='slide-meta-time updated'  itemprop=\"datePublished\" datetime=\"2024-07-26T19:49:00+01:00\" >Julho 26, 2024<\/time><\/div><\/footer><span class='hidden'>\n\t\t\t\t<span class='av-structured-data'  itemprop=\"image\" itemscope=\"itemscope\" itemtype=\"https:\/\/schema.org\/ImageObject\" >\n\t\t\t\t\t\t<span itemprop='url'>https:\/\/segurosecidadania.pt\/wp-content\/uploads\/2024\/07\/Sem-Titulo-2.jpg<\/span>\n\t\t\t\t\t\t<span itemprop='height'>800<\/span>\n\t\t\t\t\t\t<span itemprop='width'>2000<\/span>\n\t\t\t\t<\/span>\n\t\t\t\t<span class='av-structured-data'  itemprop=\"publisher\" itemtype=\"https:\/\/schema.org\/Organization\" itemscope=\"itemscope\" >\n\t\t\t\t\t\t<span itemprop='name'>admin<\/span>\n\t\t\t\t\t\t<span itemprop='logo' itemscope itemtype='https:\/\/schema.org\/ImageObject'>\n\t\t\t\t\t\t\t<span itemprop='url'>https:\/\/segurosecidadania.pt\/wp-content\/uploads\/2024\/01\/Seguro-Cidadania-Branco-01.png<\/span>\n\t\t\t\t\t\t<\/span>\n\t\t\t\t<\/span><span class='av-structured-data'  itemprop=\"author\" itemscope=\"itemscope\" itemtype=\"https:\/\/schema.org\/Person\" ><span itemprop='name'>admin<\/span><\/span><span class='av-structured-data'  itemprop=\"datePublished\" datetime=\"2024-07-24T11:53:14+01:00\" >2024-07-26 19:49:00<\/span><span class='av-structured-data'  itemprop=\"dateModified\" itemtype=\"https:\/\/schema.org\/dateModified\" >2024-07-26 20:03:26<\/span><span class='av-structured-data'  itemprop=\"mainEntityOfPage\" itemtype=\"https:\/\/schema.org\/mainEntityOfPage\" ><span itemprop='name'>COMBATE AO BRANQUEAMENTO DE CAPITAIS E AO FINANCIAMENTO DO TERRORISMO<\/span><\/span><\/span><\/article><\/div><div class=\"slide-entry-wrap\"><article class='slide-entry flex_column  post-entry post-entry-1350 slide-entry-overview slide-loop-10 slide-parity-odd  av_fullwidth first real-thumbnail posttype-post post-format-quote'  itemscope=\"itemscope\" itemtype=\"https:\/\/schema.org\/CreativeWork\" ><a href='https:\/\/segurosecidadania.pt\/?p=1350' data-rel='slide-1' class='slide-image' title='AC\u00d3RD\u00c3O DE UNIFORMIZA\u00c7\u00c3O DE JURISPRUD\u00caNCIA DO SUPREMO TRIBUNAL DE JUSTI\u00c7A N.\u00ba 8\/2024, DE 25 DE JUNHO'><img decoding=\"async\" fetchpriority=\"high\" width=\"2000\" height=\"800\" src=\"https:\/\/segurosecidadania.pt\/wp-content\/uploads\/2024\/07\/Supremo.jpg\" class=\"wp-image-1352 avia-img-lazy-loading-not-1352 attachment-no scaling size-no scaling wp-post-image\" alt=\"\" srcset=\"https:\/\/segurosecidadania.pt\/wp-content\/uploads\/2024\/07\/Supremo.jpg 2000w, https:\/\/segurosecidadania.pt\/wp-content\/uploads\/2024\/07\/Supremo-300x120.jpg 300w, https:\/\/segurosecidadania.pt\/wp-content\/uploads\/2024\/07\/Supremo-1030x412.jpg 1030w, https:\/\/segurosecidadania.pt\/wp-content\/uploads\/2024\/07\/Supremo-768x307.jpg 768w, https:\/\/segurosecidadania.pt\/wp-content\/uploads\/2024\/07\/Supremo-1536x614.jpg 1536w, https:\/\/segurosecidadania.pt\/wp-content\/uploads\/2024\/07\/Supremo-1500x600.jpg 1500w, https:\/\/segurosecidadania.pt\/wp-content\/uploads\/2024\/07\/Supremo-705x282.jpg 705w\" sizes=\"(max-width: 2000px) 100vw, 2000px\" \/><\/a><div class=\"slide-content\"><header class=\"entry-content-header\"><h3 class='slide-entry-title entry-title '  itemprop=\"headline\" ><a href='https:\/\/segurosecidadania.pt\/?p=1350' title='AC\u00d3RD\u00c3O DE UNIFORMIZA\u00c7\u00c3O DE JURISPRUD\u00caNCIA DO SUPREMO TRIBUNAL DE JUSTI\u00c7A N.\u00ba 8\/2024, DE 25 DE JUNHO'>AC\u00d3RD\u00c3O DE UNIFORMIZA\u00c7\u00c3O DE JURISPRUD\u00caNCIA DO SUPREMO TRIBUNAL DE JUSTI\u00c7A N.\u00ba 8\/2024, DE 25 DE JUNHO<\/a><\/h3><span class=\"blog-categories minor-meta\"><a href=\"https:\/\/segurosecidadania.pt\/?cat=17\" rel=\"tag\">Jurisprud\u00eancia<\/a> <\/span><span class=\"av-vertical-delimiter\"><\/span><\/header><div class='slide-entry-excerpt entry-content'  itemprop=\"text\" >O lit\u00edgio, que est\u00e1 na origem do presente Ac\u00f3rd\u00e3o de Uniformiza\u00e7\u00e3o de Jurisprud\u00eancia do STJ, surgiu ap\u00f3s uma Seguradora l ter declinado o pagamento de uma indemniza\u00e7\u00e3o por invalidez absoluta e definitiva a uma sinistrada, por considerar que esta omitiu padecer de uma patologia reumatol\u00f3gica (que esteve na causa do sinistro), aquando da ades\u00e3o de um contrato de seguro de vida associado a um contrato de m\u00fatuo hipotec\u00e1rio.<div class=\"read-more-link\"><a href=\"https:\/\/segurosecidadania.pt\/?p=1350\" class=\"more-link\">Ler mais<span class=\"more-link-arrow\"><\/span><\/a><\/div><\/div><\/div><footer class=\"entry-footer\"><div class=\"slide-meta\"><time class='slide-meta-time updated'  itemprop=\"datePublished\" datetime=\"2024-07-26T19:48:00+01:00\" >Julho 26, 2024<\/time><\/div><\/footer><span class='hidden'>\n\t\t\t\t<span class='av-structured-data'  itemprop=\"image\" itemscope=\"itemscope\" itemtype=\"https:\/\/schema.org\/ImageObject\" >\n\t\t\t\t\t\t<span itemprop='url'>https:\/\/segurosecidadania.pt\/wp-content\/uploads\/2024\/07\/Supremo.jpg<\/span>\n\t\t\t\t\t\t<span itemprop='height'>800<\/span>\n\t\t\t\t\t\t<span itemprop='width'>2000<\/span>\n\t\t\t\t<\/span>\n\t\t\t\t<span class='av-structured-data'  itemprop=\"publisher\" itemtype=\"https:\/\/schema.org\/Organization\" itemscope=\"itemscope\" >\n\t\t\t\t\t\t<span itemprop='name'>admin<\/span>\n\t\t\t\t\t\t<span itemprop='logo' itemscope itemtype='https:\/\/schema.org\/ImageObject'>\n\t\t\t\t\t\t\t<span itemprop='url'>https:\/\/segurosecidadania.pt\/wp-content\/uploads\/2024\/01\/Seguro-Cidadania-Branco-01.png<\/span>\n\t\t\t\t\t\t<\/span>\n\t\t\t\t<\/span><span class='av-structured-data'  itemprop=\"author\" itemscope=\"itemscope\" itemtype=\"https:\/\/schema.org\/Person\" ><span itemprop='name'>admin<\/span><\/span><span class='av-structured-data'  itemprop=\"datePublished\" datetime=\"2024-07-24T11:53:14+01:00\" >2024-07-26 19:48:00<\/span><span class='av-structured-data'  itemprop=\"dateModified\" itemtype=\"https:\/\/schema.org\/dateModified\" >2024-07-26 20:03:54<\/span><span class='av-structured-data'  itemprop=\"mainEntityOfPage\" itemtype=\"https:\/\/schema.org\/mainEntityOfPage\" ><span itemprop='name'>AC\u00d3RD\u00c3O DE UNIFORMIZA\u00c7\u00c3O DE JURISPRUD\u00caNCIA DO SUPREMO TRIBUNAL DE JUSTI\u00c7A N.\u00ba 8\/2024, DE 25 DE JUNHO<\/span><\/span><\/span><\/article><\/div><div class=\"slide-entry-wrap\"><article class='slide-entry flex_column  post-entry post-entry-1354 slide-entry-overview slide-loop-11 slide-parity-odd  av_fullwidth first real-thumbnail posttype-post post-format-quote'  itemscope=\"itemscope\" itemtype=\"https:\/\/schema.org\/CreativeWork\" ><a href='https:\/\/segurosecidadania.pt\/?p=1354' data-rel='slide-1' class='slide-image' title='SUPREMO TRIBUNAL DE JUSTI\u00c7A: RESPONSABILIDADE CIVIL AUTOM\u00d3VEL'><img decoding=\"async\" fetchpriority=\"high\" width=\"2000\" height=\"800\" src=\"https:\/\/segurosecidadania.pt\/wp-content\/uploads\/2024\/07\/justica.jpg\" class=\"wp-image-1395 avia-img-lazy-loading-not-1395 attachment-no scaling size-no scaling wp-post-image\" alt=\"\" srcset=\"https:\/\/segurosecidadania.pt\/wp-content\/uploads\/2024\/07\/justica.jpg 2000w, https:\/\/segurosecidadania.pt\/wp-content\/uploads\/2024\/07\/justica-300x120.jpg 300w, https:\/\/segurosecidadania.pt\/wp-content\/uploads\/2024\/07\/justica-1030x412.jpg 1030w, https:\/\/segurosecidadania.pt\/wp-content\/uploads\/2024\/07\/justica-768x307.jpg 768w, https:\/\/segurosecidadania.pt\/wp-content\/uploads\/2024\/07\/justica-1536x614.jpg 1536w, https:\/\/segurosecidadania.pt\/wp-content\/uploads\/2024\/07\/justica-1500x600.jpg 1500w, https:\/\/segurosecidadania.pt\/wp-content\/uploads\/2024\/07\/justica-705x282.jpg 705w\" sizes=\"(max-width: 2000px) 100vw, 2000px\" \/><\/a><div class=\"slide-content\"><header class=\"entry-content-header\"><h3 class='slide-entry-title entry-title '  itemprop=\"headline\" ><a href='https:\/\/segurosecidadania.pt\/?p=1354' title='SUPREMO TRIBUNAL DE JUSTI\u00c7A: RESPONSABILIDADE CIVIL AUTOM\u00d3VEL'>SUPREMO TRIBUNAL DE JUSTI\u00c7A: RESPONSABILIDADE CIVIL AUTOM\u00d3VEL<\/a><\/h3><span class=\"blog-categories minor-meta\"><a href=\"https:\/\/segurosecidadania.pt\/?cat=17\" rel=\"tag\">Jurisprud\u00eancia<\/a> <\/span><span class=\"av-vertical-delimiter\"><\/span><\/header><div class='slide-entry-excerpt entry-content'  itemprop=\"text\" >No \u00e2mbito da Responsabilidade Civil Autom\u00f3vel, foram publicados dois ac\u00f3rd\u00e3os do Supremo Tribunal de Justi\u00e7a<div class=\"read-more-link\"><a href=\"https:\/\/segurosecidadania.pt\/?p=1354\" class=\"more-link\">Ler mais<span class=\"more-link-arrow\"><\/span><\/a><\/div><\/div><\/div><footer class=\"entry-footer\"><div class=\"slide-meta\"><time class='slide-meta-time updated'  itemprop=\"datePublished\" datetime=\"2024-07-26T19:47:00+01:00\" >Julho 26, 2024<\/time><\/div><\/footer><span class='hidden'>\n\t\t\t\t<span class='av-structured-data'  itemprop=\"image\" itemscope=\"itemscope\" itemtype=\"https:\/\/schema.org\/ImageObject\" >\n\t\t\t\t\t\t<span itemprop='url'>https:\/\/segurosecidadania.pt\/wp-content\/uploads\/2024\/07\/justica.jpg<\/span>\n\t\t\t\t\t\t<span itemprop='height'>800<\/span>\n\t\t\t\t\t\t<span itemprop='width'>2000<\/span>\n\t\t\t\t<\/span>\n\t\t\t\t<span class='av-structured-data'  itemprop=\"publisher\" itemtype=\"https:\/\/schema.org\/Organization\" itemscope=\"itemscope\" >\n\t\t\t\t\t\t<span itemprop='name'>admin<\/span>\n\t\t\t\t\t\t<span itemprop='logo' itemscope itemtype='https:\/\/schema.org\/ImageObject'>\n\t\t\t\t\t\t\t<span itemprop='url'>https:\/\/segurosecidadania.pt\/wp-content\/uploads\/2024\/01\/Seguro-Cidadania-Branco-01.png<\/span>\n\t\t\t\t\t\t<\/span>\n\t\t\t\t<\/span><span class='av-structured-data'  itemprop=\"author\" itemscope=\"itemscope\" itemtype=\"https:\/\/schema.org\/Person\" ><span itemprop='name'>admin<\/span><\/span><span class='av-structured-data'  itemprop=\"datePublished\" datetime=\"2024-07-24T11:53:14+01:00\" >2024-07-26 19:47:00<\/span><span class='av-structured-data'  itemprop=\"dateModified\" itemtype=\"https:\/\/schema.org\/dateModified\" >2024-07-26 20:38:56<\/span><span class='av-structured-data'  itemprop=\"mainEntityOfPage\" itemtype=\"https:\/\/schema.org\/mainEntityOfPage\" ><span itemprop='name'>SUPREMO TRIBUNAL DE JUSTI\u00c7A: RESPONSABILIDADE CIVIL AUTOM\u00d3VEL<\/span><\/span><\/span><\/article><\/div><div class=\"slide-entry-wrap\"><article class='slide-entry flex_column  post-entry post-entry-1363 slide-entry-overview slide-loop-12 slide-parity-odd  av_fullwidth first real-thumbnail posttype-post post-format-quote'  itemscope=\"itemscope\" itemtype=\"https:\/\/schema.org\/CreativeWork\" ><a href='https:\/\/segurosecidadania.pt\/?p=1363' data-rel='slide-1' class='slide-image' title='TRIBUNAL CONSTITUCIONAL: ACIDENTES DE TRABALHO'><img decoding=\"async\" fetchpriority=\"high\" width=\"2000\" height=\"800\" src=\"https:\/\/segurosecidadania.pt\/wp-content\/uploads\/2024\/07\/martelo.jpg\" class=\"wp-image-1397 avia-img-lazy-loading-not-1397 attachment-no scaling size-no scaling wp-post-image\" alt=\"\" srcset=\"https:\/\/segurosecidadania.pt\/wp-content\/uploads\/2024\/07\/martelo.jpg 2000w, https:\/\/segurosecidadania.pt\/wp-content\/uploads\/2024\/07\/martelo-300x120.jpg 300w, https:\/\/segurosecidadania.pt\/wp-content\/uploads\/2024\/07\/martelo-1030x412.jpg 1030w, https:\/\/segurosecidadania.pt\/wp-content\/uploads\/2024\/07\/martelo-768x307.jpg 768w, https:\/\/segurosecidadania.pt\/wp-content\/uploads\/2024\/07\/martelo-1536x614.jpg 1536w, https:\/\/segurosecidadania.pt\/wp-content\/uploads\/2024\/07\/martelo-1500x600.jpg 1500w, https:\/\/segurosecidadania.pt\/wp-content\/uploads\/2024\/07\/martelo-705x282.jpg 705w\" sizes=\"(max-width: 2000px) 100vw, 2000px\" \/><\/a><div class=\"slide-content\"><header class=\"entry-content-header\"><h3 class='slide-entry-title entry-title '  itemprop=\"headline\" ><a href='https:\/\/segurosecidadania.pt\/?p=1363' title='TRIBUNAL CONSTITUCIONAL: ACIDENTES DE TRABALHO'>TRIBUNAL CONSTITUCIONAL: ACIDENTES DE TRABALHO<\/a><\/h3><span class=\"blog-categories minor-meta\"><a href=\"https:\/\/segurosecidadania.pt\/?cat=17\" rel=\"tag\">Jurisprud\u00eancia<\/a> <\/span><span class=\"av-vertical-delimiter\"><\/span><\/header><div class='slide-entry-excerpt entry-content'  itemprop=\"text\" >Ac\u00f3rd\u00e3o do Tribunal Constitucional 380\/2024, de 04 de junho de 2024  - Declara a inconstitucionalidade, com for\u00e7a obrigat\u00f3ria geral, da norma do artigo 54.\u00ba, n.\u00ba 1, da Lei n.\u00ba 98\/2009, de 4 de setembro.<div class=\"read-more-link\"><a href=\"https:\/\/segurosecidadania.pt\/?p=1363\" class=\"more-link\">Ler mais<span class=\"more-link-arrow\"><\/span><\/a><\/div><\/div><\/div><footer class=\"entry-footer\"><div class=\"slide-meta\"><time class='slide-meta-time updated'  itemprop=\"datePublished\" datetime=\"2024-07-26T19:46:00+01:00\" >Julho 26, 2024<\/time><\/div><\/footer><span class='hidden'>\n\t\t\t\t<span class='av-structured-data'  itemprop=\"image\" itemscope=\"itemscope\" itemtype=\"https:\/\/schema.org\/ImageObject\" >\n\t\t\t\t\t\t<span itemprop='url'>https:\/\/segurosecidadania.pt\/wp-content\/uploads\/2024\/07\/martelo.jpg<\/span>\n\t\t\t\t\t\t<span itemprop='height'>800<\/span>\n\t\t\t\t\t\t<span itemprop='width'>2000<\/span>\n\t\t\t\t<\/span>\n\t\t\t\t<span class='av-structured-data'  itemprop=\"publisher\" itemtype=\"https:\/\/schema.org\/Organization\" itemscope=\"itemscope\" >\n\t\t\t\t\t\t<span itemprop='name'>admin<\/span>\n\t\t\t\t\t\t<span itemprop='logo' itemscope itemtype='https:\/\/schema.org\/ImageObject'>\n\t\t\t\t\t\t\t<span itemprop='url'>https:\/\/segurosecidadania.pt\/wp-content\/uploads\/2024\/01\/Seguro-Cidadania-Branco-01.png<\/span>\n\t\t\t\t\t\t<\/span>\n\t\t\t\t<\/span><span class='av-structured-data'  itemprop=\"author\" itemscope=\"itemscope\" itemtype=\"https:\/\/schema.org\/Person\" ><span itemprop='name'>admin<\/span><\/span><span class='av-structured-data'  itemprop=\"datePublished\" datetime=\"2024-07-24T11:53:14+01:00\" >2024-07-26 19:46:00<\/span><span class='av-structured-data'  itemprop=\"dateModified\" itemtype=\"https:\/\/schema.org\/dateModified\" >2024-07-26 20:39:27<\/span><span class='av-structured-data'  itemprop=\"mainEntityOfPage\" itemtype=\"https:\/\/schema.org\/mainEntityOfPage\" ><span itemprop='name'>TRIBUNAL CONSTITUCIONAL: ACIDENTES DE TRABALHO<\/span><\/span><\/span><\/article><\/div><div class=\"slide-entry-wrap\"><article class='slide-entry flex_column  post-entry post-entry-1359 slide-entry-overview slide-loop-13 slide-parity-odd  av_fullwidth first real-thumbnail posttype-post post-format-quote'  itemscope=\"itemscope\" itemtype=\"https:\/\/schema.org\/CreativeWork\" ><a href='https:\/\/segurosecidadania.pt\/?p=1359' data-rel='slide-1' class='slide-image' title='14.\u00aa CONFER\u00caNCIA DA INSURANCE EUROPE \u2013 PRINCIPAIS DESTAQUES'><img decoding=\"async\" fetchpriority=\"high\" width=\"2000\" height=\"800\" src=\"https:\/\/segurosecidadania.pt\/wp-content\/uploads\/2024\/05\/Frederic-de-Courtois_Presidente-IE_2024.jpg\" class=\"wp-image-1320 avia-img-lazy-loading-not-1320 attachment-no scaling size-no scaling wp-post-image\" alt=\"\" srcset=\"https:\/\/segurosecidadania.pt\/wp-content\/uploads\/2024\/05\/Frederic-de-Courtois_Presidente-IE_2024.jpg 2000w, https:\/\/segurosecidadania.pt\/wp-content\/uploads\/2024\/05\/Frederic-de-Courtois_Presidente-IE_2024-300x120.jpg 300w, https:\/\/segurosecidadania.pt\/wp-content\/uploads\/2024\/05\/Frederic-de-Courtois_Presidente-IE_2024-1030x412.jpg 1030w, https:\/\/segurosecidadania.pt\/wp-content\/uploads\/2024\/05\/Frederic-de-Courtois_Presidente-IE_2024-768x307.jpg 768w, https:\/\/segurosecidadania.pt\/wp-content\/uploads\/2024\/05\/Frederic-de-Courtois_Presidente-IE_2024-1536x614.jpg 1536w, https:\/\/segurosecidadania.pt\/wp-content\/uploads\/2024\/05\/Frederic-de-Courtois_Presidente-IE_2024-1500x600.jpg 1500w, https:\/\/segurosecidadania.pt\/wp-content\/uploads\/2024\/05\/Frederic-de-Courtois_Presidente-IE_2024-705x282.jpg 705w\" sizes=\"(max-width: 2000px) 100vw, 2000px\" \/><\/a><div class=\"slide-content\"><header class=\"entry-content-header\"><h3 class='slide-entry-title entry-title '  itemprop=\"headline\" ><a href='https:\/\/segurosecidadania.pt\/?p=1359' title='14.\u00aa CONFER\u00caNCIA DA INSURANCE EUROPE \u2013 PRINCIPAIS DESTAQUES'>14.\u00aa CONFER\u00caNCIA DA INSURANCE EUROPE \u2013 PRINCIPAIS DESTAQUES<\/a><\/h3><span class=\"blog-categories minor-meta\"><a href=\"https:\/\/segurosecidadania.pt\/?cat=18\" rel=\"tag\">Europa<\/a> <\/span><span class=\"av-vertical-delimiter\"><\/span><\/header><div class='slide-entry-excerpt entry-content'  itemprop=\"text\" >A 14.\u00aa edi\u00e7\u00e3o da confer\u00eancia da federa\u00e7\u00e3o europeia das associa\u00e7\u00f5es de seguradores recebeu o rec\u00e9m-eleito presidente desta institui\u00e7\u00e3o, Fr\u00e9d\u00e9ric de Courtois, que partilhou os principais desafios do setor segurador, os quais foram debatidos durante o dia deste evento: altera\u00e7\u00f5es clim\u00e1ticas, altera\u00e7\u00f5es demogr\u00e1ficas, protection gap e, finalmente, desafios tecnol\u00f3gicos associados \u00e0 regulamenta\u00e7\u00e3o sobre a intelig\u00eancia artificial e a digitaliza\u00e7\u00e3o.\n\n<div class=\"read-more-link\"><a href=\"https:\/\/segurosecidadania.pt\/?p=1359\" class=\"more-link\">Ler mais<span class=\"more-link-arrow\"><\/span><\/a><\/div><\/div><\/div><footer class=\"entry-footer\"><div class=\"slide-meta\"><time class='slide-meta-time updated'  itemprop=\"datePublished\" datetime=\"2024-07-26T19:45:00+01:00\" >Julho 26, 2024<\/time><\/div><\/footer><span class='hidden'>\n\t\t\t\t<span class='av-structured-data'  itemprop=\"image\" itemscope=\"itemscope\" itemtype=\"https:\/\/schema.org\/ImageObject\" >\n\t\t\t\t\t\t<span itemprop='url'>https:\/\/segurosecidadania.pt\/wp-content\/uploads\/2024\/05\/Frederic-de-Courtois_Presidente-IE_2024.jpg<\/span>\n\t\t\t\t\t\t<span itemprop='height'>800<\/span>\n\t\t\t\t\t\t<span itemprop='width'>2000<\/span>\n\t\t\t\t<\/span>\n\t\t\t\t<span class='av-structured-data'  itemprop=\"publisher\" itemtype=\"https:\/\/schema.org\/Organization\" itemscope=\"itemscope\" >\n\t\t\t\t\t\t<span itemprop='name'>admin<\/span>\n\t\t\t\t\t\t<span itemprop='logo' itemscope itemtype='https:\/\/schema.org\/ImageObject'>\n\t\t\t\t\t\t\t<span itemprop='url'>https:\/\/segurosecidadania.pt\/wp-content\/uploads\/2024\/01\/Seguro-Cidadania-Branco-01.png<\/span>\n\t\t\t\t\t\t<\/span>\n\t\t\t\t<\/span><span class='av-structured-data'  itemprop=\"author\" itemscope=\"itemscope\" itemtype=\"https:\/\/schema.org\/Person\" ><span itemprop='name'>admin<\/span><\/span><span class='av-structured-data'  itemprop=\"datePublished\" datetime=\"2024-07-24T11:53:14+01:00\" >2024-07-26 19:45:00<\/span><span class='av-structured-data'  itemprop=\"dateModified\" itemtype=\"https:\/\/schema.org\/dateModified\" >2024-07-26 20:40:01<\/span><span class='av-structured-data'  itemprop=\"mainEntityOfPage\" itemtype=\"https:\/\/schema.org\/mainEntityOfPage\" ><span itemprop='name'>14.\u00aa CONFER\u00caNCIA DA INSURANCE EUROPE \u2013 PRINCIPAIS DESTAQUES<\/span><\/span><\/span><\/article><\/div><div class=\"slide-entry-wrap\"><article class='slide-entry flex_column  post-entry post-entry-1405 slide-entry-overview slide-loop-14 slide-parity-odd  av_fullwidth first real-thumbnail posttype-post post-format-standard'  itemscope=\"itemscope\" itemtype=\"https:\/\/schema.org\/CreativeWork\" ><a href='https:\/\/segurosecidadania.pt\/?p=1405' data-rel='slide-1' class='slide-image' title='A TENS\u00c3O ARTERIAL \u2013 POR LU\u00cdS NEGR\u00c3O, ASSESSOR M\u00c9DICO DA FUNDA\u00c7\u00c3O PORTUGUESA DE CARDIOLOGIA'><img decoding=\"async\" fetchpriority=\"high\" width=\"2000\" height=\"800\" src=\"https:\/\/segurosecidadania.pt\/wp-content\/uploads\/2024\/07\/tensao.jpg\" class=\"wp-image-1406 avia-img-lazy-loading-not-1406 attachment-no scaling size-no scaling wp-post-image\" alt=\"\" srcset=\"https:\/\/segurosecidadania.pt\/wp-content\/uploads\/2024\/07\/tensao.jpg 2000w, https:\/\/segurosecidadania.pt\/wp-content\/uploads\/2024\/07\/tensao-300x120.jpg 300w, https:\/\/segurosecidadania.pt\/wp-content\/uploads\/2024\/07\/tensao-1030x412.jpg 1030w, https:\/\/segurosecidadania.pt\/wp-content\/uploads\/2024\/07\/tensao-768x307.jpg 768w, https:\/\/segurosecidadania.pt\/wp-content\/uploads\/2024\/07\/tensao-1536x614.jpg 1536w, https:\/\/segurosecidadania.pt\/wp-content\/uploads\/2024\/07\/tensao-1500x600.jpg 1500w, https:\/\/segurosecidadania.pt\/wp-content\/uploads\/2024\/07\/tensao-705x282.jpg 705w\" sizes=\"(max-width: 2000px) 100vw, 2000px\" \/><\/a><div class=\"slide-content\"><header class=\"entry-content-header\"><h3 class='slide-entry-title entry-title '  itemprop=\"headline\" ><a href='https:\/\/segurosecidadania.pt\/?p=1405' title='A TENS\u00c3O ARTERIAL \u2013 POR LU\u00cdS NEGR\u00c3O, ASSESSOR M\u00c9DICO DA FUNDA\u00c7\u00c3O PORTUGUESA DE CARDIOLOGIA'>A TENS\u00c3O ARTERIAL \u2013 POR LU\u00cdS NEGR\u00c3O, ASSESSOR M\u00c9DICO DA FUNDA\u00c7\u00c3O PORTUGUESA DE CARDIOLOGIA<\/a><\/h3><span class=\"blog-categories minor-meta\"><a href=\"https:\/\/segurosecidadania.pt\/?cat=15\" rel=\"tag\">Opini\u00e3o<\/a> <\/span><span class=\"av-vertical-delimiter\"><\/span><\/header><div class='slide-entry-excerpt entry-content'  itemprop=\"text\" >O doente desempenha um papel primordial no tratamento das doen\u00e7as. N\u00e3o basta ao doente tomar o que o m\u00e9dico prescreve ou receita. A doen\u00e7a trata-se com mudan\u00e7a de h\u00e1bitos, de comportamentos e o sucesso terap\u00eautico assenta muito na vigil\u00e2ncia que o doente informado e esclarecido institui a bem da sua sa\u00fade.<div class=\"read-more-link\"><a href=\"https:\/\/segurosecidadania.pt\/?p=1405\" class=\"more-link\">Ler mais<span class=\"more-link-arrow\"><\/span><\/a><\/div><\/div><\/div><footer class=\"entry-footer\"><div class=\"slide-meta\"><time class='slide-meta-time updated'  itemprop=\"datePublished\" datetime=\"2024-07-26T19:44:00+01:00\" >Julho 26, 2024<\/time><\/div><\/footer><span class='hidden'>\n\t\t\t\t<span class='av-structured-data'  itemprop=\"image\" itemscope=\"itemscope\" itemtype=\"https:\/\/schema.org\/ImageObject\" >\n\t\t\t\t\t\t<span itemprop='url'>https:\/\/segurosecidadania.pt\/wp-content\/uploads\/2024\/07\/tensao.jpg<\/span>\n\t\t\t\t\t\t<span itemprop='height'>800<\/span>\n\t\t\t\t\t\t<span itemprop='width'>2000<\/span>\n\t\t\t\t<\/span>\n\t\t\t\t<span class='av-structured-data'  itemprop=\"publisher\" itemtype=\"https:\/\/schema.org\/Organization\" itemscope=\"itemscope\" >\n\t\t\t\t\t\t<span itemprop='name'>Frederico Nunes<\/span>\n\t\t\t\t\t\t<span itemprop='logo' itemscope itemtype='https:\/\/schema.org\/ImageObject'>\n\t\t\t\t\t\t\t<span itemprop='url'>https:\/\/segurosecidadania.pt\/wp-content\/uploads\/2024\/01\/Seguro-Cidadania-Branco-01.png<\/span>\n\t\t\t\t\t\t<\/span>\n\t\t\t\t<\/span><span class='av-structured-data'  itemprop=\"author\" itemscope=\"itemscope\" itemtype=\"https:\/\/schema.org\/Person\" ><span itemprop='name'>Frederico Nunes<\/span><\/span><span class='av-structured-data'  itemprop=\"datePublished\" datetime=\"2024-07-24T11:53:14+01:00\" >2024-07-26 19:44:00<\/span><span class='av-structured-data'  itemprop=\"dateModified\" itemtype=\"https:\/\/schema.org\/dateModified\" >2024-07-29 15:49:30<\/span><span class='av-structured-data'  itemprop=\"mainEntityOfPage\" itemtype=\"https:\/\/schema.org\/mainEntityOfPage\" ><span itemprop='name'>A TENS\u00c3O ARTERIAL \u2013 POR LU\u00cdS NEGR\u00c3O, ASSESSOR M\u00c9DICO DA FUNDA\u00c7\u00c3O PORTUGUESA DE CARDIOLOGIA<\/span><\/span><\/span><\/article><\/div><div class=\"slide-entry-wrap\"><article class='slide-entry flex_column  post-entry post-entry-1409 slide-entry-overview slide-loop-15 slide-parity-odd  av_fullwidth first real-thumbnail posttype-post post-format-standard'  itemscope=\"itemscope\" itemtype=\"https:\/\/schema.org\/CreativeWork\" ><a href='https:\/\/segurosecidadania.pt\/?p=1409' data-rel='slide-1' class='slide-image' title='RELAT\u00d3RIO PISA 2022 \u2013 RESULTADOS DE PORTUGAL'><img decoding=\"async\" fetchpriority=\"high\" width=\"2000\" height=\"800\" src=\"https:\/\/segurosecidadania.pt\/wp-content\/uploads\/2024\/07\/Pisa-v2.jpg\" class=\"wp-image-1431 avia-img-lazy-loading-not-1431 attachment-no scaling size-no scaling wp-post-image\" alt=\"\" srcset=\"https:\/\/segurosecidadania.pt\/wp-content\/uploads\/2024\/07\/Pisa-v2.jpg 2000w, https:\/\/segurosecidadania.pt\/wp-content\/uploads\/2024\/07\/Pisa-v2-300x120.jpg 300w, https:\/\/segurosecidadania.pt\/wp-content\/uploads\/2024\/07\/Pisa-v2-1030x412.jpg 1030w, https:\/\/segurosecidadania.pt\/wp-content\/uploads\/2024\/07\/Pisa-v2-768x307.jpg 768w, https:\/\/segurosecidadania.pt\/wp-content\/uploads\/2024\/07\/Pisa-v2-1536x614.jpg 1536w, https:\/\/segurosecidadania.pt\/wp-content\/uploads\/2024\/07\/Pisa-v2-1500x600.jpg 1500w, https:\/\/segurosecidadania.pt\/wp-content\/uploads\/2024\/07\/Pisa-v2-705x282.jpg 705w\" sizes=\"(max-width: 2000px) 100vw, 2000px\" \/><\/a><div class=\"slide-content\"><header class=\"entry-content-header\"><h3 class='slide-entry-title entry-title '  itemprop=\"headline\" ><a href='https:\/\/segurosecidadania.pt\/?p=1409' title='RELAT\u00d3RIO PISA 2022 \u2013 RESULTADOS DE PORTUGAL'>RELAT\u00d3RIO PISA 2022 \u2013 RESULTADOS DE PORTUGAL<\/a><\/h3><span class=\"blog-categories minor-meta\"><a href=\"https:\/\/segurosecidadania.pt\/?cat=26\" rel=\"tag\">Educa\u00e7\u00e3o Financeira<\/a> <\/span><span class=\"av-vertical-delimiter\"><\/span><\/header><div class='slide-entry-excerpt entry-content'  itemprop=\"text\" >Portugal participou, atrav\u00e9s do Minist\u00e9rio da Educa\u00e7\u00e3o, no exerc\u00edcio de avalia\u00e7\u00e3o de literacia financeira do Programme for International Student Assessment (PISA), realizado pela Organiza\u00e7\u00e3o para a Coopera\u00e7\u00e3o e Desenvolvimento Econ\u00f3mico (OCDE), cujos resultados referentes \u00e0 edi\u00e7\u00e3o de 2022 foram divulgados a 27 de Junho de 2024.<div class=\"read-more-link\"><a href=\"https:\/\/segurosecidadania.pt\/?p=1409\" class=\"more-link\">Ler mais<span class=\"more-link-arrow\"><\/span><\/a><\/div><\/div><\/div><footer class=\"entry-footer\"><div class=\"slide-meta\"><time class='slide-meta-time updated'  itemprop=\"datePublished\" datetime=\"2024-07-26T19:43:00+01:00\" >Julho 26, 2024<\/time><\/div><\/footer><span class='hidden'>\n\t\t\t\t<span class='av-structured-data'  itemprop=\"image\" itemscope=\"itemscope\" itemtype=\"https:\/\/schema.org\/ImageObject\" >\n\t\t\t\t\t\t<span itemprop='url'>https:\/\/segurosecidadania.pt\/wp-content\/uploads\/2024\/07\/Pisa-v2.jpg<\/span>\n\t\t\t\t\t\t<span itemprop='height'>800<\/span>\n\t\t\t\t\t\t<span itemprop='width'>2000<\/span>\n\t\t\t\t<\/span>\n\t\t\t\t<span class='av-structured-data'  itemprop=\"publisher\" itemtype=\"https:\/\/schema.org\/Organization\" itemscope=\"itemscope\" >\n\t\t\t\t\t\t<span itemprop='name'>Frederico Nunes<\/span>\n\t\t\t\t\t\t<span itemprop='logo' itemscope itemtype='https:\/\/schema.org\/ImageObject'>\n\t\t\t\t\t\t\t<span itemprop='url'>https:\/\/segurosecidadania.pt\/wp-content\/uploads\/2024\/01\/Seguro-Cidadania-Branco-01.png<\/span>\n\t\t\t\t\t\t<\/span>\n\t\t\t\t<\/span><span class='av-structured-data'  itemprop=\"author\" itemscope=\"itemscope\" itemtype=\"https:\/\/schema.org\/Person\" ><span itemprop='name'>Frederico Nunes<\/span><\/span><span class='av-structured-data'  itemprop=\"datePublished\" datetime=\"2024-07-24T11:53:14+01:00\" >2024-07-26 19:43:00<\/span><span class='av-structured-data'  itemprop=\"dateModified\" itemtype=\"https:\/\/schema.org\/dateModified\" >2024-07-26 20:32:23<\/span><span class='av-structured-data'  itemprop=\"mainEntityOfPage\" itemtype=\"https:\/\/schema.org\/mainEntityOfPage\" ><span itemprop='name'>RELAT\u00d3RIO PISA 2022 \u2013 RESULTADOS DE PORTUGAL<\/span><\/span><\/span><\/article><\/div><div class=\"slide-entry-wrap\"><article class='slide-entry flex_column  post-entry post-entry-1413 slide-entry-overview slide-loop-16 slide-parity-odd  av_fullwidth first real-thumbnail posttype-post post-format-standard'  itemscope=\"itemscope\" itemtype=\"https:\/\/schema.org\/CreativeWork\" ><a href='https:\/\/segurosecidadania.pt\/?p=1413' data-rel='slide-1' class='slide-image' title='PARCERIA APS E FUNDA\u00c7\u00c3O DR. ANT\u00d3NIO CUPERTINO DE MIRANDA NO PROJETO \u201cNO POUPAR EST\u00c1 O GANHO\u201d: BALAN\u00c7O DO ANO LETIVO 2023\/2024'><img decoding=\"async\" fetchpriority=\"high\" width=\"2000\" height=\"800\" src=\"https:\/\/segurosecidadania.pt\/wp-content\/uploads\/2024\/05\/FACM.jpg\" class=\"wp-image-1271 avia-img-lazy-loading-not-1271 attachment-no scaling size-no scaling wp-post-image\" alt=\"\" srcset=\"https:\/\/segurosecidadania.pt\/wp-content\/uploads\/2024\/05\/FACM.jpg 2000w, https:\/\/segurosecidadania.pt\/wp-content\/uploads\/2024\/05\/FACM-300x120.jpg 300w, https:\/\/segurosecidadania.pt\/wp-content\/uploads\/2024\/05\/FACM-1030x412.jpg 1030w, https:\/\/segurosecidadania.pt\/wp-content\/uploads\/2024\/05\/FACM-768x307.jpg 768w, https:\/\/segurosecidadania.pt\/wp-content\/uploads\/2024\/05\/FACM-1536x614.jpg 1536w, https:\/\/segurosecidadania.pt\/wp-content\/uploads\/2024\/05\/FACM-1500x600.jpg 1500w, https:\/\/segurosecidadania.pt\/wp-content\/uploads\/2024\/05\/FACM-705x282.jpg 705w\" sizes=\"(max-width: 2000px) 100vw, 2000px\" \/><\/a><div class=\"slide-content\"><header class=\"entry-content-header\"><h3 class='slide-entry-title entry-title '  itemprop=\"headline\" ><a href='https:\/\/segurosecidadania.pt\/?p=1413' title='PARCERIA APS E FUNDA\u00c7\u00c3O DR. ANT\u00d3NIO CUPERTINO DE MIRANDA NO PROJETO \u201cNO POUPAR EST\u00c1 O GANHO\u201d: BALAN\u00c7O DO ANO LETIVO 2023\/2024'>PARCERIA APS E FUNDA\u00c7\u00c3O DR. ANT\u00d3NIO CUPERTINO DE MIRANDA NO PROJETO \u201cNO POUPAR EST\u00c1 O GANHO\u201d: BALAN\u00c7O DO ANO LETIVO 2023\/2024<\/a><\/h3><span class=\"blog-categories minor-meta\"><a href=\"https:\/\/segurosecidadania.pt\/?cat=26\" rel=\"tag\">Educa\u00e7\u00e3o Financeira<\/a> <\/span><span class=\"av-vertical-delimiter\"><\/span><\/header><div class='slide-entry-excerpt entry-content'  itemprop=\"text\" >Atrav\u00e9s de um conjunto de atividades educativas, recursos did\u00e1ticos e din\u00e2micas inclusivas, adaptadas aos diferentes n\u00edveis escolares, o projeto \u201cNo Poupar Est\u00e1 o Ganho\u201d, promovido pela FACM desde 2010, tem como objetivo primordial capacitar crian\u00e7as e jovens para a gest\u00e3o di\u00e1ria do seu dinheiro, assim como para a aquisi\u00e7\u00e3o de conhecimentos que contribuam para o bem-estar financeiro seu e das suas fam\u00edlias, hoje e no futuro.<div class=\"read-more-link\"><a href=\"https:\/\/segurosecidadania.pt\/?p=1413\" class=\"more-link\">Ler mais<span class=\"more-link-arrow\"><\/span><\/a><\/div><\/div><\/div><footer class=\"entry-footer\"><div class=\"slide-meta\"><time class='slide-meta-time updated'  itemprop=\"datePublished\" datetime=\"2024-07-26T19:42:00+01:00\" >Julho 26, 2024<\/time><\/div><\/footer><span class='hidden'>\n\t\t\t\t<span class='av-structured-data'  itemprop=\"image\" itemscope=\"itemscope\" itemtype=\"https:\/\/schema.org\/ImageObject\" >\n\t\t\t\t\t\t<span itemprop='url'>https:\/\/segurosecidadania.pt\/wp-content\/uploads\/2024\/05\/FACM.jpg<\/span>\n\t\t\t\t\t\t<span itemprop='height'>800<\/span>\n\t\t\t\t\t\t<span itemprop='width'>2000<\/span>\n\t\t\t\t<\/span>\n\t\t\t\t<span class='av-structured-data'  itemprop=\"publisher\" itemtype=\"https:\/\/schema.org\/Organization\" itemscope=\"itemscope\" >\n\t\t\t\t\t\t<span itemprop='name'>Frederico Nunes<\/span>\n\t\t\t\t\t\t<span itemprop='logo' itemscope itemtype='https:\/\/schema.org\/ImageObject'>\n\t\t\t\t\t\t\t<span itemprop='url'>https:\/\/segurosecidadania.pt\/wp-content\/uploads\/2024\/01\/Seguro-Cidadania-Branco-01.png<\/span>\n\t\t\t\t\t\t<\/span>\n\t\t\t\t<\/span><span class='av-structured-data'  itemprop=\"author\" itemscope=\"itemscope\" itemtype=\"https:\/\/schema.org\/Person\" ><span itemprop='name'>Frederico Nunes<\/span><\/span><span class='av-structured-data'  itemprop=\"datePublished\" datetime=\"2024-07-24T11:53:14+01:00\" >2024-07-26 19:42:00<\/span><span class='av-structured-data'  itemprop=\"dateModified\" itemtype=\"https:\/\/schema.org\/dateModified\" >2024-07-26 20:32:52<\/span><span class='av-structured-data'  itemprop=\"mainEntityOfPage\" itemtype=\"https:\/\/schema.org\/mainEntityOfPage\" ><span itemprop='name'>PARCERIA APS E FUNDA\u00c7\u00c3O DR. ANT\u00d3NIO CUPERTINO DE MIRANDA NO PROJETO \u201cNO POUPAR EST\u00c1 O GANHO\u201d: BALAN\u00c7O DO ANO LETIVO 2023\/2024<\/span><\/span><\/span><\/article><\/div><div class=\"slide-entry-wrap\"><article class='slide-entry flex_column  post-entry post-entry-1415 slide-entry-overview slide-loop-17 slide-parity-odd  av_fullwidth first real-thumbnail posttype-post post-format-standard'  itemscope=\"itemscope\" itemtype=\"https:\/\/schema.org\/CreativeWork\" ><a href='https:\/\/segurosecidadania.pt\/?p=1415' data-rel='slide-1' class='slide-image' title='PARCERIAS COM UNIVERSIDADES: FACULDADE DE MEDICINA DA UNIVERSIDADE DO PORTO E UNIVERSIDADE CAT\u00d3LICA PORTUGUESA'><img decoding=\"async\" fetchpriority=\"high\" width=\"2560\" height=\"1440\" src=\"https:\/\/segurosecidadania.pt\/wp-content\/uploads\/2024\/07\/young-person-pushing-the-vehicle-seen-from-the-side-sunset-SBV-317258619-4K1-scaled.jpg\" class=\"wp-image-1416 avia-img-lazy-loading-not-1416 attachment-no scaling size-no scaling wp-post-image\" alt=\"\" srcset=\"https:\/\/segurosecidadania.pt\/wp-content\/uploads\/2024\/07\/young-person-pushing-the-vehicle-seen-from-the-side-sunset-SBV-317258619-4K1-scaled.jpg 2560w, https:\/\/segurosecidadania.pt\/wp-content\/uploads\/2024\/07\/young-person-pushing-the-vehicle-seen-from-the-side-sunset-SBV-317258619-4K1-300x169.jpg 300w, https:\/\/segurosecidadania.pt\/wp-content\/uploads\/2024\/07\/young-person-pushing-the-vehicle-seen-from-the-side-sunset-SBV-317258619-4K1-1030x579.jpg 1030w, https:\/\/segurosecidadania.pt\/wp-content\/uploads\/2024\/07\/young-person-pushing-the-vehicle-seen-from-the-side-sunset-SBV-317258619-4K1-768x432.jpg 768w, https:\/\/segurosecidadania.pt\/wp-content\/uploads\/2024\/07\/young-person-pushing-the-vehicle-seen-from-the-side-sunset-SBV-317258619-4K1-1536x864.jpg 1536w, https:\/\/segurosecidadania.pt\/wp-content\/uploads\/2024\/07\/young-person-pushing-the-vehicle-seen-from-the-side-sunset-SBV-317258619-4K1-2048x1152.jpg 2048w, https:\/\/segurosecidadania.pt\/wp-content\/uploads\/2024\/07\/young-person-pushing-the-vehicle-seen-from-the-side-sunset-SBV-317258619-4K1-1500x844.jpg 1500w, https:\/\/segurosecidadania.pt\/wp-content\/uploads\/2024\/07\/young-person-pushing-the-vehicle-seen-from-the-side-sunset-SBV-317258619-4K1-705x397.jpg 705w\" sizes=\"(max-width: 2560px) 100vw, 2560px\" \/><\/a><div class=\"slide-content\"><header class=\"entry-content-header\"><h3 class='slide-entry-title entry-title '  itemprop=\"headline\" ><a href='https:\/\/segurosecidadania.pt\/?p=1415' title='PARCERIAS COM UNIVERSIDADES: FACULDADE DE MEDICINA DA UNIVERSIDADE DO PORTO E UNIVERSIDADE CAT\u00d3LICA PORTUGUESA'>PARCERIAS COM UNIVERSIDADES: FACULDADE DE MEDICINA DA UNIVERSIDADE DO PORTO E UNIVERSIDADE CAT\u00d3LICA PORTUGUESA<\/a><\/h3><span class=\"blog-categories minor-meta\"><a href=\"https:\/\/segurosecidadania.pt\/?cat=19\" rel=\"tag\">Forma\u00e7\u00e3o<\/a> <\/span><span class=\"av-vertical-delimiter\"><\/span><\/header><div class='slide-entry-excerpt entry-content'  itemprop=\"text\" >As universidades s\u00e3o centros de excel\u00eancia na gera\u00e7\u00e3o de conhecimento te\u00f3rico e de metodologias para aceder a esse conhecimento. A ponte entre a teoria e a pr\u00e1tica eleva a prepara\u00e7\u00e3o dos profissionais. Este \u00e9 um dos objetivos da APS quando estabelece parcerias com as universidades: preparar melhor aqueles que trabalham no setor segurador. Neste contexto, referimos duas iniciativas que ir\u00e3o arrancar ainda este ano:<div class=\"read-more-link\"><a href=\"https:\/\/segurosecidadania.pt\/?p=1415\" class=\"more-link\">Ler mais<span class=\"more-link-arrow\"><\/span><\/a><\/div><\/div><\/div><footer class=\"entry-footer\"><div class=\"slide-meta\"><time class='slide-meta-time updated'  itemprop=\"datePublished\" datetime=\"2024-07-26T19:41:00+01:00\" >Julho 26, 2024<\/time><\/div><\/footer><span class='hidden'>\n\t\t\t\t<span class='av-structured-data'  itemprop=\"image\" itemscope=\"itemscope\" itemtype=\"https:\/\/schema.org\/ImageObject\" >\n\t\t\t\t\t\t<span itemprop='url'>https:\/\/segurosecidadania.pt\/wp-content\/uploads\/2024\/07\/young-person-pushing-the-vehicle-seen-from-the-side-sunset-SBV-317258619-4K1-scaled.jpg<\/span>\n\t\t\t\t\t\t<span itemprop='height'>1440<\/span>\n\t\t\t\t\t\t<span itemprop='width'>2560<\/span>\n\t\t\t\t<\/span>\n\t\t\t\t<span class='av-structured-data'  itemprop=\"publisher\" itemtype=\"https:\/\/schema.org\/Organization\" itemscope=\"itemscope\" >\n\t\t\t\t\t\t<span itemprop='name'>Frederico Nunes<\/span>\n\t\t\t\t\t\t<span itemprop='logo' itemscope itemtype='https:\/\/schema.org\/ImageObject'>\n\t\t\t\t\t\t\t<span itemprop='url'>https:\/\/segurosecidadania.pt\/wp-content\/uploads\/2024\/01\/Seguro-Cidadania-Branco-01.png<\/span>\n\t\t\t\t\t\t<\/span>\n\t\t\t\t<\/span><span class='av-structured-data'  itemprop=\"author\" itemscope=\"itemscope\" itemtype=\"https:\/\/schema.org\/Person\" ><span itemprop='name'>Frederico Nunes<\/span><\/span><span class='av-structured-data'  itemprop=\"datePublished\" datetime=\"2024-07-24T11:53:14+01:00\" >2024-07-26 19:41:00<\/span><span class='av-structured-data'  itemprop=\"dateModified\" itemtype=\"https:\/\/schema.org\/dateModified\" >2024-07-26 20:33:32<\/span><span class='av-structured-data'  itemprop=\"mainEntityOfPage\" itemtype=\"https:\/\/schema.org\/mainEntityOfPage\" ><span itemprop='name'>PARCERIAS COM UNIVERSIDADES: FACULDADE DE MEDICINA DA UNIVERSIDADE DO PORTO E UNIVERSIDADE CAT\u00d3LICA PORTUGUESA<\/span><\/span><\/span><\/article><\/div><div class=\"slide-entry-wrap\"><article class='slide-entry flex_column  post-entry post-entry-1418 slide-entry-overview slide-loop-18 slide-parity-odd  av_fullwidth first real-thumbnail posttype-post post-format-standard'  itemscope=\"itemscope\" itemtype=\"https:\/\/schema.org\/CreativeWork\" ><a href='https:\/\/segurosecidadania.pt\/?p=1418' data-rel='slide-1' class='slide-image' title='CURSOS NA ACADEMIA APS: TAR, SEGUROS FINANCEIROS, TRANSFORMA\u00c7\u00c3O DIGITAL EM SEGUROS'><img decoding=\"async\" fetchpriority=\"high\" width=\"2000\" height=\"800\" src=\"https:\/\/segurosecidadania.pt\/wp-content\/uploads\/2024\/03\/fomacao-boa-2.jpg\" class=\"wp-image-1101 avia-img-lazy-loading-not-1101 attachment-no scaling size-no scaling wp-post-image\" alt=\"\" srcset=\"https:\/\/segurosecidadania.pt\/wp-content\/uploads\/2024\/03\/fomacao-boa-2.jpg 2000w, https:\/\/segurosecidadania.pt\/wp-content\/uploads\/2024\/03\/fomacao-boa-2-300x120.jpg 300w, https:\/\/segurosecidadania.pt\/wp-content\/uploads\/2024\/03\/fomacao-boa-2-1030x412.jpg 1030w, https:\/\/segurosecidadania.pt\/wp-content\/uploads\/2024\/03\/fomacao-boa-2-768x307.jpg 768w, https:\/\/segurosecidadania.pt\/wp-content\/uploads\/2024\/03\/fomacao-boa-2-1536x614.jpg 1536w, https:\/\/segurosecidadania.pt\/wp-content\/uploads\/2024\/03\/fomacao-boa-2-1500x600.jpg 1500w, https:\/\/segurosecidadania.pt\/wp-content\/uploads\/2024\/03\/fomacao-boa-2-705x282.jpg 705w\" sizes=\"(max-width: 2000px) 100vw, 2000px\" \/><\/a><div class=\"slide-content\"><header class=\"entry-content-header\"><h3 class='slide-entry-title entry-title '  itemprop=\"headline\" ><a href='https:\/\/segurosecidadania.pt\/?p=1418' title='CURSOS NA ACADEMIA APS: TAR, SEGUROS FINANCEIROS, TRANSFORMA\u00c7\u00c3O DIGITAL EM SEGUROS'>CURSOS NA ACADEMIA APS: TAR, SEGUROS FINANCEIROS, TRANSFORMA\u00c7\u00c3O DIGITAL EM SEGUROS<\/a><\/h3><span class=\"blog-categories minor-meta\"><a href=\"https:\/\/segurosecidadania.pt\/?cat=19\" rel=\"tag\">Forma\u00e7\u00e3o<\/a> <\/span><span class=\"av-vertical-delimiter\"><\/span><\/header><div class='slide-entry-excerpt entry-content'  itemprop=\"text\" >Conhe\u00e7a alguns cursos da Academia da APS que se realizar\u00e3o ainda este ano: TAR \u2013 T\u00e9cnicos Analistas de Riscos Industriais; Seguros financeiros \u2013 Oferta e comercializa\u00e7\u00e3o; e Transforma\u00e7\u00e3o digital em seguros.<div class=\"read-more-link\"><a href=\"https:\/\/segurosecidadania.pt\/?p=1418\" class=\"more-link\">Ler mais<span class=\"more-link-arrow\"><\/span><\/a><\/div><\/div><\/div><footer class=\"entry-footer\"><div class=\"slide-meta\"><time class='slide-meta-time updated'  itemprop=\"datePublished\" datetime=\"2024-07-26T19:40:00+01:00\" >Julho 26, 2024<\/time><\/div><\/footer><span class='hidden'>\n\t\t\t\t<span class='av-structured-data'  itemprop=\"image\" itemscope=\"itemscope\" itemtype=\"https:\/\/schema.org\/ImageObject\" >\n\t\t\t\t\t\t<span itemprop='url'>https:\/\/segurosecidadania.pt\/wp-content\/uploads\/2024\/03\/fomacao-boa-2.jpg<\/span>\n\t\t\t\t\t\t<span itemprop='height'>800<\/span>\n\t\t\t\t\t\t<span itemprop='width'>2000<\/span>\n\t\t\t\t<\/span>\n\t\t\t\t<span class='av-structured-data'  itemprop=\"publisher\" itemtype=\"https:\/\/schema.org\/Organization\" itemscope=\"itemscope\" >\n\t\t\t\t\t\t<span itemprop='name'>Frederico Nunes<\/span>\n\t\t\t\t\t\t<span itemprop='logo' itemscope itemtype='https:\/\/schema.org\/ImageObject'>\n\t\t\t\t\t\t\t<span itemprop='url'>https:\/\/segurosecidadania.pt\/wp-content\/uploads\/2024\/01\/Seguro-Cidadania-Branco-01.png<\/span>\n\t\t\t\t\t\t<\/span>\n\t\t\t\t<\/span><span class='av-structured-data'  itemprop=\"author\" itemscope=\"itemscope\" itemtype=\"https:\/\/schema.org\/Person\" ><span itemprop='name'>Frederico Nunes<\/span><\/span><span class='av-structured-data'  itemprop=\"datePublished\" datetime=\"2024-07-24T11:53:14+01:00\" >2024-07-26 19:40:00<\/span><span class='av-structured-data'  itemprop=\"dateModified\" itemtype=\"https:\/\/schema.org\/dateModified\" >2024-07-26 20:34:09<\/span><span class='av-structured-data'  itemprop=\"mainEntityOfPage\" itemtype=\"https:\/\/schema.org\/mainEntityOfPage\" ><span itemprop='name'>CURSOS NA ACADEMIA APS: TAR, SEGUROS FINANCEIROS, TRANSFORMA\u00c7\u00c3O DIGITAL EM SEGUROS<\/span><\/span><\/span><\/article><\/div><div class=\"slide-entry-wrap\"><article class='slide-entry flex_column  post-entry post-entry-1420 slide-entry-overview slide-loop-19 slide-parity-odd  av_fullwidth first real-thumbnail posttype-post post-format-standard'  itemscope=\"itemscope\" itemtype=\"https:\/\/schema.org\/CreativeWork\" ><a href='https:\/\/segurosecidadania.pt\/?p=1420' data-rel='slide-1' class='slide-image' title='COSEC TORNA-SE ALLIANZ TRADE'><img decoding=\"async\" fetchpriority=\"high\" width=\"2000\" height=\"800\" src=\"https:\/\/segurosecidadania.pt\/wp-content\/uploads\/2024\/07\/allianz.jpg\" class=\"wp-image-1421 avia-img-lazy-loading-not-1421 attachment-no scaling size-no scaling wp-post-image\" alt=\"\" srcset=\"https:\/\/segurosecidadania.pt\/wp-content\/uploads\/2024\/07\/allianz.jpg 2000w, https:\/\/segurosecidadania.pt\/wp-content\/uploads\/2024\/07\/allianz-300x120.jpg 300w, https:\/\/segurosecidadania.pt\/wp-content\/uploads\/2024\/07\/allianz-1030x412.jpg 1030w, https:\/\/segurosecidadania.pt\/wp-content\/uploads\/2024\/07\/allianz-768x307.jpg 768w, https:\/\/segurosecidadania.pt\/wp-content\/uploads\/2024\/07\/allianz-1536x614.jpg 1536w, https:\/\/segurosecidadania.pt\/wp-content\/uploads\/2024\/07\/allianz-1500x600.jpg 1500w, https:\/\/segurosecidadania.pt\/wp-content\/uploads\/2024\/07\/allianz-705x282.jpg 705w\" sizes=\"(max-width: 2000px) 100vw, 2000px\" \/><\/a><div class=\"slide-content\"><header class=\"entry-content-header\"><h3 class='slide-entry-title entry-title '  itemprop=\"headline\" ><a href='https:\/\/segurosecidadania.pt\/?p=1420' title='COSEC TORNA-SE ALLIANZ TRADE'>COSEC TORNA-SE ALLIANZ TRADE<\/a><\/h3><span class=\"blog-categories minor-meta\"><a href=\"https:\/\/segurosecidadania.pt\/?cat=2\" rel=\"tag\">Not\u00edcias<\/a> <\/span><span class=\"av-vertical-delimiter\"><\/span><\/header><div class='slide-entry-excerpt entry-content'  itemprop=\"text\" >O dia 3 de junho marcou uma nova fase da vida para o Membro Associado da APS, a COSEC, que mudou a sua marca para Allianz Trade.<div class=\"read-more-link\"><a href=\"https:\/\/segurosecidadania.pt\/?p=1420\" class=\"more-link\">Ler mais<span class=\"more-link-arrow\"><\/span><\/a><\/div><\/div><\/div><footer class=\"entry-footer\"><div class=\"slide-meta\"><time class='slide-meta-time updated'  itemprop=\"datePublished\" datetime=\"2024-07-26T19:39:00+01:00\" >Julho 26, 2024<\/time><\/div><\/footer><span class='hidden'>\n\t\t\t\t<span class='av-structured-data'  itemprop=\"image\" itemscope=\"itemscope\" itemtype=\"https:\/\/schema.org\/ImageObject\" >\n\t\t\t\t\t\t<span itemprop='url'>https:\/\/segurosecidadania.pt\/wp-content\/uploads\/2024\/07\/allianz.jpg<\/span>\n\t\t\t\t\t\t<span itemprop='height'>800<\/span>\n\t\t\t\t\t\t<span itemprop='width'>2000<\/span>\n\t\t\t\t<\/span>\n\t\t\t\t<span class='av-structured-data'  itemprop=\"publisher\" itemtype=\"https:\/\/schema.org\/Organization\" itemscope=\"itemscope\" >\n\t\t\t\t\t\t<span itemprop='name'>Frederico Nunes<\/span>\n\t\t\t\t\t\t<span itemprop='logo' itemscope itemtype='https:\/\/schema.org\/ImageObject'>\n\t\t\t\t\t\t\t<span itemprop='url'>https:\/\/segurosecidadania.pt\/wp-content\/uploads\/2024\/01\/Seguro-Cidadania-Branco-01.png<\/span>\n\t\t\t\t\t\t<\/span>\n\t\t\t\t<\/span><span class='av-structured-data'  itemprop=\"author\" itemscope=\"itemscope\" itemtype=\"https:\/\/schema.org\/Person\" ><span itemprop='name'>Frederico Nunes<\/span><\/span><span class='av-structured-data'  itemprop=\"datePublished\" datetime=\"2024-07-24T11:53:14+01:00\" >2024-07-26 19:39:00<\/span><span class='av-structured-data'  itemprop=\"dateModified\" itemtype=\"https:\/\/schema.org\/dateModified\" >2024-07-26 20:34:51<\/span><span class='av-structured-data'  itemprop=\"mainEntityOfPage\" itemtype=\"https:\/\/schema.org\/mainEntityOfPage\" ><span itemprop='name'>COSEC TORNA-SE ALLIANZ TRADE<\/span><\/span><\/span><\/article><\/div><div class=\"slide-entry-wrap\"><article class='slide-entry flex_column  post-entry post-entry-1423 slide-entry-overview slide-loop-20 slide-parity-odd  post-entry-last  av_fullwidth first real-thumbnail posttype-post post-format-standard'  itemscope=\"itemscope\" itemtype=\"https:\/\/schema.org\/CreativeWork\" ><a href='https:\/\/segurosecidadania.pt\/?p=1423' data-rel='slide-1' class='slide-image' title='NOVOS ASSOCIADOS DA APS: MGEN e FIATC SEGUROS'><img decoding=\"async\" fetchpriority=\"high\" width=\"2000\" height=\"800\" src=\"https:\/\/segurosecidadania.pt\/wp-content\/uploads\/2024\/07\/LOgo-CERTO.png\" class=\"wp-image-1453 avia-img-lazy-loading-not-1453 attachment-no scaling size-no scaling wp-post-image\" alt=\"\" srcset=\"https:\/\/segurosecidadania.pt\/wp-content\/uploads\/2024\/07\/LOgo-CERTO.png 2000w, https:\/\/segurosecidadania.pt\/wp-content\/uploads\/2024\/07\/LOgo-CERTO-300x120.png 300w, https:\/\/segurosecidadania.pt\/wp-content\/uploads\/2024\/07\/LOgo-CERTO-1030x412.png 1030w, https:\/\/segurosecidadania.pt\/wp-content\/uploads\/2024\/07\/LOgo-CERTO-768x307.png 768w, https:\/\/segurosecidadania.pt\/wp-content\/uploads\/2024\/07\/LOgo-CERTO-1536x614.png 1536w, https:\/\/segurosecidadania.pt\/wp-content\/uploads\/2024\/07\/LOgo-CERTO-1500x600.png 1500w, https:\/\/segurosecidadania.pt\/wp-content\/uploads\/2024\/07\/LOgo-CERTO-705x282.png 705w\" sizes=\"(max-width: 2000px) 100vw, 2000px\" \/><\/a><div class=\"slide-content\"><header class=\"entry-content-header\"><h3 class='slide-entry-title entry-title '  itemprop=\"headline\" ><a href='https:\/\/segurosecidadania.pt\/?p=1423' title='NOVOS ASSOCIADOS DA APS: MGEN e FIATC SEGUROS'>NOVOS ASSOCIADOS DA APS: MGEN e FIATC SEGUROS<\/a><\/h3><span class=\"blog-categories minor-meta\"><a href=\"https:\/\/segurosecidadania.pt\/?cat=2\" rel=\"tag\">Not\u00edcias<\/a> <\/span><span class=\"av-vertical-delimiter\"><\/span><\/header><div class='slide-entry-excerpt entry-content'  itemprop=\"text\" >A APS d\u00e1 as boas vindas a duas novas empresas de seguros e resseguros como Associados<div class=\"read-more-link\"><a href=\"https:\/\/segurosecidadania.pt\/?p=1423\" class=\"more-link\">Ler mais<span class=\"more-link-arrow\"><\/span><\/a><\/div><\/div><\/div><footer class=\"entry-footer\"><div class=\"slide-meta\"><time class='slide-meta-time updated'  itemprop=\"datePublished\" datetime=\"2024-07-26T19:38:00+01:00\" >Julho 26, 2024<\/time><\/div><\/footer><span class='hidden'>\n\t\t\t\t<span class='av-structured-data'  itemprop=\"image\" itemscope=\"itemscope\" itemtype=\"https:\/\/schema.org\/ImageObject\" >\n\t\t\t\t\t\t<span itemprop='url'>https:\/\/segurosecidadania.pt\/wp-content\/uploads\/2024\/07\/LOgo-CERTO.png<\/span>\n\t\t\t\t\t\t<span itemprop='height'>800<\/span>\n\t\t\t\t\t\t<span itemprop='width'>2000<\/span>\n\t\t\t\t<\/span>\n\t\t\t\t<span class='av-structured-data'  itemprop=\"publisher\" itemtype=\"https:\/\/schema.org\/Organization\" itemscope=\"itemscope\" >\n\t\t\t\t\t\t<span itemprop='name'>Frederico Nunes<\/span>\n\t\t\t\t\t\t<span itemprop='logo' itemscope itemtype='https:\/\/schema.org\/ImageObject'>\n\t\t\t\t\t\t\t<span itemprop='url'>https:\/\/segurosecidadania.pt\/wp-content\/uploads\/2024\/01\/Seguro-Cidadania-Branco-01.png<\/span>\n\t\t\t\t\t\t<\/span>\n\t\t\t\t<\/span><span class='av-structured-data'  itemprop=\"author\" itemscope=\"itemscope\" itemtype=\"https:\/\/schema.org\/Person\" ><span itemprop='name'>Frederico Nunes<\/span><\/span><span class='av-structured-data'  itemprop=\"datePublished\" datetime=\"2024-07-24T11:53:14+01:00\" >2024-07-26 19:38:00<\/span><span class='av-structured-data'  itemprop=\"dateModified\" itemtype=\"https:\/\/schema.org\/dateModified\" >2024-07-31 11:34:55<\/span><span class='av-structured-data'  itemprop=\"mainEntityOfPage\" itemtype=\"https:\/\/schema.org\/mainEntityOfPage\" ><span itemprop='name'>NOVOS ASSOCIADOS DA APS: MGEN e FIATC SEGUROS<\/span><\/span><\/span><\/article><\/div><\/div><\/div>\n","protected":false},"excerpt":{"rendered":"","protected":false},"author":1,"featured_media":0,"parent":0,"menu_order":0,"comment_status":"closed","ping_status":"closed","template":"","meta":{"footnotes":""},"class_list":["post-1348","page","type-page","status-publish","hentry"],"_links":{"self":[{"href":"https:\/\/segurosecidadania.pt\/index.php?rest_route=\/wp\/v2\/pages\/1348","targetHints":{"allow":["GET"]}}],"collection":[{"href":"https:\/\/segurosecidadania.pt\/index.php?rest_route=\/wp\/v2\/pages"}],"about":[{"href":"https:\/\/segurosecidadania.pt\/index.php?rest_route=\/wp\/v2\/types\/page"}],"author":[{"embeddable":true,"href":"https:\/\/segurosecidadania.pt\/index.php?rest_route=\/wp\/v2\/users\/1"}],"replies":[{"embeddable":true,"href":"https:\/\/segurosecidadania.pt\/index.php?rest_route=%2Fwp%2Fv2%2Fcomments&post=1348"}],"version-history":[{"count":3,"href":"https:\/\/segurosecidadania.pt\/index.php?rest_route=\/wp\/v2\/pages\/1348\/revisions"}],"predecessor-version":[{"id":1412,"href":"https:\/\/segurosecidadania.pt\/index.php?rest_route=\/wp\/v2\/pages\/1348\/revisions\/1412"}],"wp:attachment":[{"href":"https:\/\/segurosecidadania.pt\/index.php?rest_route=%2Fwp%2Fv2%2Fmedia&parent=1348"}],"curies":[{"name":"wp","href":"https:\/\/api.w.org\/{rel}","templated":true}]}}