{"id":1207,"date":"2024-05-29T00:52:00","date_gmt":"2024-05-29T00:52:00","guid":{"rendered":"https:\/\/segurosecidadania.pt\/?page_id=1207"},"modified":"2024-05-29T16:15:38","modified_gmt":"2024-05-29T16:15:38","slug":"aps-noticias-12-2-3","status":"publish","type":"page","link":"https:\/\/segurosecidadania.pt\/?page_id=1207","title":{"rendered":"Newsletter APS #03"},"content":{"rendered":"\n<style type=\"text\/css\" data-created_by=\"avia_inline_auto\" id=\"style-css-av-5srghj-cbd9f28f5ef657086b1fafe73424325c\">\n.avia-section.av-5srghj-cbd9f28f5ef657086b1fafe73424325c{\nbackground-color:#5fbba6;\nbackground-image:unset;\nz-index:0;\nposition:relative;\n}\n.av-curtain-footer.av-curtain-activated #main .avia-section.av-5srghj-cbd9f28f5ef657086b1fafe73424325c{\nz-index:0;\n}\n<\/style>\n<div id='av_section_1'  class='avia-section av-5srghj-cbd9f28f5ef657086b1fafe73424325c main_color avia-section-small avia-no-border-styling  avia-builder-el-0  el_before_av_blog  avia-builder-el-first  avia-bg-style-fixed av-custom-positioned container_wrap fullsize'  ><div class='container av-section-cont-open' ><main  role=\"main\" itemprop=\"mainContentOfPage\"  class='template-page content  av-content-full alpha units'><div class='post-entry post-entry-type-page post-entry-1207'><div class='entry-content-wrapper clearfix'>\n<div  class='flex_column av-3v1647-e547e8f60362cc7856dc017ac4a1d392 av_one_full  avia-builder-el-1  avia-builder-el-no-sibling  first av-break-at-tablet flex_column_div  '     ><style type=\"text\/css\" data-created_by=\"avia_inline_auto\" id=\"style-css-av-2wvbfb-35c4651f6ca7abad1b516b485ff1f3df\">\n#top .av-special-heading.av-2wvbfb-35c4651f6ca7abad1b516b485ff1f3df{\nmargin:0 0 0 0;\npadding-bottom:0;\ncolor:#ffffff;\nfont-size:25px;\n}\nbody .av-special-heading.av-2wvbfb-35c4651f6ca7abad1b516b485ff1f3df .av-special-heading-tag .heading-char{\nfont-size:25px;\n}\n#top #wrap_all .av-special-heading.av-2wvbfb-35c4651f6ca7abad1b516b485ff1f3df .av-special-heading-tag{\nfont-size:25px;\npadding:0 0 0 0;\n}\n.av-special-heading.av-2wvbfb-35c4651f6ca7abad1b516b485ff1f3df .special-heading-inner-border{\nborder-color:rgba(0,0,0,0.01);\n}\n.av-special-heading.av-2wvbfb-35c4651f6ca7abad1b516b485ff1f3df .av-subheading{\nfont-size:20px;\n}\nbody .av-special-heading.av-2wvbfb-35c4651f6ca7abad1b516b485ff1f3df .av-special-heading-tag .heading-wrap:before{\nborder-color:rgba(0,0,0,0.01);\n}\nbody .av-special-heading.av-2wvbfb-35c4651f6ca7abad1b516b485ff1f3df .av-special-heading-tag .heading-wrap:after{\nborder-color:rgba(0,0,0,0.01);\n}\n\n@media only screen and (max-width: 479px){ \n#top .av-special-heading.av-2wvbfb-35c4651f6ca7abad1b516b485ff1f3df{\nmargin:0 0 -100px 0;\n}\n#top #wrap_all .av-special-heading.av-2wvbfb-35c4651f6ca7abad1b516b485ff1f3df .av-special-heading-tag{\nfont-size:17px;\n}\n}\n\n@media only screen and (min-width: 768px) and (max-width: 989px){ \n#top .av-special-heading.av-2wvbfb-35c4651f6ca7abad1b516b485ff1f3df{\nmargin:0 0 -35px 0;\n}\n}\n\n@media only screen and (min-width: 480px) and (max-width: 767px){ \n#top .av-special-heading.av-2wvbfb-35c4651f6ca7abad1b516b485ff1f3df{\nmargin:0 0 -35px 0;\n}\n#top #wrap_all .av-special-heading.av-2wvbfb-35c4651f6ca7abad1b516b485ff1f3df .av-special-heading-tag{\nfont-size:0.8em;\n}\n}\n<\/style>\n<div  class='av-special-heading av-2wvbfb-35c4651f6ca7abad1b516b485ff1f3df av-special-heading-h6 custom-color-heading blockquote modern-quote  avia-builder-el-2  avia-builder-el-no-sibling  av-inherit-size'><h6 class='av-special-heading-tag'  itemprop=\"headline\"  >Newsletter APS #03 | maio 2024<\/h6><div class=\"special-heading-border\"><div class=\"special-heading-inner-border\"><\/div><\/div><\/div><\/div>\n<\/div><\/div><\/main><!-- close content main element --><\/div><\/div><div id='after_section_1'  class='main_color av_default_container_wrap container_wrap fullsize'  ><div class='container av-section-cont-open' ><div class='template-page content  av-content-full alpha units'><div class='post-entry post-entry-type-page post-entry-1207'><div class='entry-content-wrapper clearfix'>\n<div  data-slideshow-options=\"{&quot;animation&quot;:&quot;fade&quot;,&quot;autoplay&quot;:false,&quot;loop_autoplay&quot;:&quot;once&quot;,&quot;interval&quot;:5,&quot;loop_manual&quot;:&quot;manual-endless&quot;,&quot;autoplay_stopper&quot;:false,&quot;noNavigation&quot;:false,&quot;show_slide_delay&quot;:90}\" class='avia-content-slider avia-content-grid-active avia-content-slider1 avia-content-slider-odd  avia-builder-el-3  el_after_av_section  avia-builder-el-no-sibling  av-slideshow-ui av-control-default   av-no-slider-navigation av-slideshow-manual av-loop-once av-loop-manual-endless '  itemscope=\"itemscope\" itemtype=\"https:\/\/schema.org\/Blog\" ><div class=\"avia-content-slider-inner\"><div class=\"slide-entry-wrap\"><article class='slide-entry flex_column  post-entry post-entry-1287 slide-entry-overview slide-loop-1 slide-parity-odd  av_fullwidth first real-thumbnail posttype-post post-format-standard'  itemscope=\"itemscope\" itemtype=\"https:\/\/schema.org\/CreativeWork\" ><a href='https:\/\/segurosecidadania.pt\/?p=1287' data-rel='slide-1' class='slide-image' title='Encontro de Resseguros 2024 \u2013 Uma reflex\u00e3o sobre a desprote\u00e7\u00e3o da sociedade perante as novas din\u00e2micas sociais, as tend\u00eancias demogr\u00e1ficas, a imprevisibilidade das altera\u00e7\u00f5es clim\u00e1ticas e a emerg\u00eancia da intelig\u00eancia artificial'><img decoding=\"async\" fetchpriority=\"high\" width=\"2000\" height=\"800\" src=\"https:\/\/segurosecidadania.pt\/wp-content\/uploads\/2024\/05\/resseguro.jpg\" class=\"wp-image-1315 avia-img-lazy-loading-not-1315 attachment-no scaling size-no scaling wp-post-image\" alt=\"\" srcset=\"https:\/\/segurosecidadania.pt\/wp-content\/uploads\/2024\/05\/resseguro.jpg 2000w, https:\/\/segurosecidadania.pt\/wp-content\/uploads\/2024\/05\/resseguro-300x120.jpg 300w, https:\/\/segurosecidadania.pt\/wp-content\/uploads\/2024\/05\/resseguro-1030x412.jpg 1030w, https:\/\/segurosecidadania.pt\/wp-content\/uploads\/2024\/05\/resseguro-768x307.jpg 768w, https:\/\/segurosecidadania.pt\/wp-content\/uploads\/2024\/05\/resseguro-1536x614.jpg 1536w, https:\/\/segurosecidadania.pt\/wp-content\/uploads\/2024\/05\/resseguro-1500x600.jpg 1500w, https:\/\/segurosecidadania.pt\/wp-content\/uploads\/2024\/05\/resseguro-705x282.jpg 705w\" sizes=\"(max-width: 2000px) 100vw, 2000px\" \/><\/a><div class=\"slide-content\"><header class=\"entry-content-header\"><h3 class='slide-entry-title entry-title '  itemprop=\"headline\" ><a href='https:\/\/segurosecidadania.pt\/?p=1287' title='Encontro de Resseguros 2024 \u2013 Uma reflex\u00e3o sobre a desprote\u00e7\u00e3o da sociedade perante as novas din\u00e2micas sociais, as tend\u00eancias demogr\u00e1ficas, a imprevisibilidade das altera\u00e7\u00f5es clim\u00e1ticas e a emerg\u00eancia da intelig\u00eancia artificial'>Encontro de Resseguros 2024 \u2013 Uma reflex\u00e3o sobre a desprote\u00e7\u00e3o da sociedade perante as novas din\u00e2micas sociais, as tend\u00eancias demogr\u00e1ficas, a imprevisibilidade das altera\u00e7\u00f5es clim\u00e1ticas e a emerg\u00eancia da intelig\u00eancia artificial<\/a><\/h3><span class=\"blog-categories minor-meta\"><a href=\"https:\/\/segurosecidadania.pt\/?cat=25\" rel=\"tag\">Destaques<\/a> <\/span><span class=\"av-vertical-delimiter\"><\/span><\/header><div class='slide-entry-excerpt entry-content'  itemprop=\"text\" >Organizado pela Associa\u00e7\u00e3o Portuguesa de Seguradores, a 19.\u00aa edi\u00e7\u00e3o do Encontro de Resseguros voltou a reunir representantes das mais importantes companhias de resseguros de todo o mundo, em dois dias (23 e 24 de maio) de intensas conversas e aprofundada reflex\u00e3o, no emblem\u00e1tico Hotel Pal\u00e1cio Estoril. Desta feita sobre \u201cA Crescente (Des)Prote\u00e7\u00e3o da Sociedade \u2013 Respostas do Setor Segurador\u201d. Leia aqui as principais mensagens deixadas pelos oradores da confer\u00eancia internacional.<div class=\"read-more-link\"><a href=\"https:\/\/segurosecidadania.pt\/?p=1287\" class=\"more-link\">Ler mais<span class=\"more-link-arrow\"><\/span><\/a><\/div><\/div><\/div><footer class=\"entry-footer\"><div class=\"slide-meta\"><time class='slide-meta-time updated'  itemprop=\"datePublished\" datetime=\"2024-05-31T08:48:20+01:00\" >Maio 31, 2024<\/time><\/div><\/footer><span class='hidden'>\n\t\t\t\t<span class='av-structured-data'  itemprop=\"image\" itemscope=\"itemscope\" itemtype=\"https:\/\/schema.org\/ImageObject\" >\n\t\t\t\t\t\t<span itemprop='url'>https:\/\/segurosecidadania.pt\/wp-content\/uploads\/2024\/05\/resseguro.jpg<\/span>\n\t\t\t\t\t\t<span itemprop='height'>800<\/span>\n\t\t\t\t\t\t<span itemprop='width'>2000<\/span>\n\t\t\t\t<\/span>\n\t\t\t\t<span class='av-structured-data'  itemprop=\"publisher\" itemtype=\"https:\/\/schema.org\/Organization\" itemscope=\"itemscope\" >\n\t\t\t\t\t\t<span itemprop='name'>Frederico Nunes<\/span>\n\t\t\t\t\t\t<span itemprop='logo' itemscope itemtype='https:\/\/schema.org\/ImageObject'>\n\t\t\t\t\t\t\t<span itemprop='url'>https:\/\/segurosecidadania.pt\/wp-content\/uploads\/2024\/01\/Seguro-Cidadania-Branco-01.png<\/span>\n\t\t\t\t\t\t<\/span>\n\t\t\t\t<\/span><span class='av-structured-data'  itemprop=\"author\" itemscope=\"itemscope\" itemtype=\"https:\/\/schema.org\/Person\" ><span itemprop='name'>Frederico Nunes<\/span><\/span><span class='av-structured-data'  itemprop=\"datePublished\" datetime=\"2024-05-29T00:52:00+01:00\" >2024-05-31 08:48:20<\/span><span class='av-structured-data'  itemprop=\"dateModified\" itemtype=\"https:\/\/schema.org\/dateModified\" >2024-06-03 17:36:53<\/span><span class='av-structured-data'  itemprop=\"mainEntityOfPage\" itemtype=\"https:\/\/schema.org\/mainEntityOfPage\" ><span itemprop='name'>Encontro de Resseguros 2024 \u2013 Uma reflex\u00e3o sobre a desprote\u00e7\u00e3o da sociedade perante as novas din\u00e2micas sociais, as tend\u00eancias demogr\u00e1ficas, a imprevisibilidade das altera\u00e7\u00f5es clim\u00e1ticas e a emerg\u00eancia da intelig\u00eancia artificial<\/span><\/span><\/span><\/article><\/div><div class=\"slide-entry-wrap\"><article class='slide-entry flex_column  post-entry post-entry-1283 slide-entry-overview slide-loop-2 slide-parity-odd  av_fullwidth first real-thumbnail posttype-post post-format-standard'  itemscope=\"itemscope\" itemtype=\"https:\/\/schema.org\/CreativeWork\" ><a href='https:\/\/segurosecidadania.pt\/?p=1283' data-rel='slide-1' class='slide-image' title='(DES)PROTE\u00c7\u00c3O DAS SOCIEDADES: PERSPETIVAS SOCIAIS E ECON\u00d3MICAS | AS INTERVEN\u00c7\u00d5ES DE MIGUEL MONJARDINO E PAULO PORTAS NO XIX ENCONTRO DE RESSEGUROS'><img decoding=\"async\" fetchpriority=\"high\" width=\"2000\" height=\"800\" src=\"https:\/\/segurosecidadania.pt\/wp-content\/uploads\/2024\/05\/PP-MJ.jpg\" class=\"wp-image-1284 avia-img-lazy-loading-not-1284 attachment-no scaling size-no scaling wp-post-image\" alt=\"\" srcset=\"https:\/\/segurosecidadania.pt\/wp-content\/uploads\/2024\/05\/PP-MJ.jpg 2000w, https:\/\/segurosecidadania.pt\/wp-content\/uploads\/2024\/05\/PP-MJ-300x120.jpg 300w, https:\/\/segurosecidadania.pt\/wp-content\/uploads\/2024\/05\/PP-MJ-1030x412.jpg 1030w, https:\/\/segurosecidadania.pt\/wp-content\/uploads\/2024\/05\/PP-MJ-768x307.jpg 768w, https:\/\/segurosecidadania.pt\/wp-content\/uploads\/2024\/05\/PP-MJ-1536x614.jpg 1536w, https:\/\/segurosecidadania.pt\/wp-content\/uploads\/2024\/05\/PP-MJ-1500x600.jpg 1500w, https:\/\/segurosecidadania.pt\/wp-content\/uploads\/2024\/05\/PP-MJ-705x282.jpg 705w\" sizes=\"(max-width: 2000px) 100vw, 2000px\" \/><\/a><div class=\"slide-content\"><header class=\"entry-content-header\"><h3 class='slide-entry-title entry-title '  itemprop=\"headline\" ><a href='https:\/\/segurosecidadania.pt\/?p=1283' title='(DES)PROTE\u00c7\u00c3O DAS SOCIEDADES: PERSPETIVAS SOCIAIS E ECON\u00d3MICAS | AS INTERVEN\u00c7\u00d5ES DE MIGUEL MONJARDINO E PAULO PORTAS NO XIX ENCONTRO DE RESSEGUROS'>(DES)PROTE\u00c7\u00c3O DAS SOCIEDADES: PERSPETIVAS SOCIAIS E ECON\u00d3MICAS | AS INTERVEN\u00c7\u00d5ES DE MIGUEL MONJARDINO E PAULO PORTAS NO XIX ENCONTRO DE RESSEGUROS<\/a><\/h3><span class=\"blog-categories minor-meta\"><a href=\"https:\/\/segurosecidadania.pt\/?cat=15\" rel=\"tag\">Opini\u00e3o<\/a> <\/span><span class=\"av-vertical-delimiter\"><\/span><\/header><div class='slide-entry-excerpt entry-content'  itemprop=\"text\" >Num clima geopol\u00edtico altamente vol\u00e1til, de grande polariza\u00e7\u00e3o e conflitualidade, com a guerra de volta \u00e0 Europa e a alastrar no M\u00e9dio Oriente, e a aproxima\u00e7\u00e3o das elei\u00e7\u00f5es Europeias e nos Estados Unidos da Am\u00e9rica, o que esperar do futuro mais pr\u00f3ximo? Por esta ordem, Miguel Monjardino, Professor do Instituto de Estudos Pol\u00edticos da Universidade Cat\u00f3lica Portuguesa, e Paulo Portas, Ex-Vice-Primeiro-Ministro e Ministro de Estado e dos Neg\u00f3cios Estrangeiros, apresentaram a sua vis\u00e3o para a pr\u00f3xima d\u00e9cada. Neste artigo, apresentamos um resumo das suas interven\u00e7\u00f5es. <div class=\"read-more-link\"><a href=\"https:\/\/segurosecidadania.pt\/?p=1283\" class=\"more-link\">Ler mais<span class=\"more-link-arrow\"><\/span><\/a><\/div><\/div><\/div><footer class=\"entry-footer\"><div class=\"slide-meta\"><time class='slide-meta-time updated'  itemprop=\"datePublished\" datetime=\"2024-05-29T22:02:00+01:00\" >Maio 29, 2024<\/time><\/div><\/footer><span class='hidden'>\n\t\t\t\t<span class='av-structured-data'  itemprop=\"image\" itemscope=\"itemscope\" itemtype=\"https:\/\/schema.org\/ImageObject\" >\n\t\t\t\t\t\t<span itemprop='url'>https:\/\/segurosecidadania.pt\/wp-content\/uploads\/2024\/05\/PP-MJ.jpg<\/span>\n\t\t\t\t\t\t<span itemprop='height'>800<\/span>\n\t\t\t\t\t\t<span itemprop='width'>2000<\/span>\n\t\t\t\t<\/span>\n\t\t\t\t<span class='av-structured-data'  itemprop=\"publisher\" itemtype=\"https:\/\/schema.org\/Organization\" itemscope=\"itemscope\" >\n\t\t\t\t\t\t<span itemprop='name'>Frederico Nunes<\/span>\n\t\t\t\t\t\t<span itemprop='logo' itemscope itemtype='https:\/\/schema.org\/ImageObject'>\n\t\t\t\t\t\t\t<span itemprop='url'>https:\/\/segurosecidadania.pt\/wp-content\/uploads\/2024\/01\/Seguro-Cidadania-Branco-01.png<\/span>\n\t\t\t\t\t\t<\/span>\n\t\t\t\t<\/span><span class='av-structured-data'  itemprop=\"author\" itemscope=\"itemscope\" itemtype=\"https:\/\/schema.org\/Person\" ><span itemprop='name'>Frederico Nunes<\/span><\/span><span class='av-structured-data'  itemprop=\"datePublished\" datetime=\"2024-05-29T00:52:00+01:00\" >2024-05-29 22:02:00<\/span><span class='av-structured-data'  itemprop=\"dateModified\" itemtype=\"https:\/\/schema.org\/dateModified\" >2024-05-31 08:49:40<\/span><span class='av-structured-data'  itemprop=\"mainEntityOfPage\" itemtype=\"https:\/\/schema.org\/mainEntityOfPage\" ><span itemprop='name'>(DES)PROTE\u00c7\u00c3O DAS SOCIEDADES: PERSPETIVAS SOCIAIS E ECON\u00d3MICAS | AS INTERVEN\u00c7\u00d5ES DE MIGUEL MONJARDINO E PAULO PORTAS NO XIX ENCONTRO DE RESSEGUROS<\/span><\/span><\/span><\/article><\/div><div class=\"slide-entry-wrap\"><article class='slide-entry flex_column  post-entry post-entry-1194 slide-entry-overview slide-loop-3 slide-parity-odd  av_fullwidth first real-thumbnail posttype-post post-format-standard'  itemscope=\"itemscope\" itemtype=\"https:\/\/schema.org\/CreativeWork\" ><a href='https:\/\/segurosecidadania.pt\/?p=1194' data-rel='slide-1' class='slide-image' title='Clara Raposo, Banco de Portugal'><img decoding=\"async\" fetchpriority=\"high\" width=\"2000\" height=\"800\" src=\"https:\/\/segurosecidadania.pt\/wp-content\/uploads\/2024\/05\/Notas.jpg\" class=\"wp-image-1196 avia-img-lazy-loading-not-1196 attachment-no scaling size-no scaling wp-post-image\" alt=\"\" srcset=\"https:\/\/segurosecidadania.pt\/wp-content\/uploads\/2024\/05\/Notas.jpg 2000w, https:\/\/segurosecidadania.pt\/wp-content\/uploads\/2024\/05\/Notas-300x120.jpg 300w, https:\/\/segurosecidadania.pt\/wp-content\/uploads\/2024\/05\/Notas-1030x412.jpg 1030w, https:\/\/segurosecidadania.pt\/wp-content\/uploads\/2024\/05\/Notas-768x307.jpg 768w, https:\/\/segurosecidadania.pt\/wp-content\/uploads\/2024\/05\/Notas-1536x614.jpg 1536w, https:\/\/segurosecidadania.pt\/wp-content\/uploads\/2024\/05\/Notas-1500x600.jpg 1500w, https:\/\/segurosecidadania.pt\/wp-content\/uploads\/2024\/05\/Notas-705x282.jpg 705w\" sizes=\"(max-width: 2000px) 100vw, 2000px\" \/><\/a><div class=\"slide-content\"><header class=\"entry-content-header\"><h3 class='slide-entry-title entry-title '  itemprop=\"headline\" ><a href='https:\/\/segurosecidadania.pt\/?p=1194' title='Clara Raposo, Banco de Portugal'>Clara Raposo, Banco de Portugal<\/a><\/h3><span class=\"blog-categories minor-meta\"><a href=\"https:\/\/segurosecidadania.pt\/?cat=15\" rel=\"tag\">Opini\u00e3o<\/a> <\/span><span class=\"av-vertical-delimiter\"><\/span><\/header><div class='slide-entry-excerpt entry-content'  itemprop=\"text\" >As perspetivas para a economia portuguesa t\u00eam melhorado, mas os riscos exigem cautela num momento ainda de grande incerteza.<div class=\"read-more-link\"><a href=\"https:\/\/segurosecidadania.pt\/?p=1194\" class=\"more-link\">Ler mais<span class=\"more-link-arrow\"><\/span><\/a><\/div><\/div><\/div><footer class=\"entry-footer\"><div class=\"slide-meta\"><time class='slide-meta-time updated'  itemprop=\"datePublished\" datetime=\"2024-05-29T21:30:00+01:00\" >Maio 29, 2024<\/time><\/div><\/footer><span class='hidden'>\n\t\t\t\t<span class='av-structured-data'  itemprop=\"image\" itemscope=\"itemscope\" itemtype=\"https:\/\/schema.org\/ImageObject\" >\n\t\t\t\t\t\t<span itemprop='url'>https:\/\/segurosecidadania.pt\/wp-content\/uploads\/2024\/05\/Notas.jpg<\/span>\n\t\t\t\t\t\t<span itemprop='height'>800<\/span>\n\t\t\t\t\t\t<span itemprop='width'>2000<\/span>\n\t\t\t\t<\/span>\n\t\t\t\t<span class='av-structured-data'  itemprop=\"publisher\" itemtype=\"https:\/\/schema.org\/Organization\" itemscope=\"itemscope\" >\n\t\t\t\t\t\t<span itemprop='name'>Frederico Nunes<\/span>\n\t\t\t\t\t\t<span itemprop='logo' itemscope itemtype='https:\/\/schema.org\/ImageObject'>\n\t\t\t\t\t\t\t<span itemprop='url'>https:\/\/segurosecidadania.pt\/wp-content\/uploads\/2024\/01\/Seguro-Cidadania-Branco-01.png<\/span>\n\t\t\t\t\t\t<\/span>\n\t\t\t\t<\/span><span class='av-structured-data'  itemprop=\"author\" itemscope=\"itemscope\" itemtype=\"https:\/\/schema.org\/Person\" ><span itemprop='name'>Frederico Nunes<\/span><\/span><span class='av-structured-data'  itemprop=\"datePublished\" datetime=\"2024-05-29T00:52:00+01:00\" >2024-05-29 21:30:00<\/span><span class='av-structured-data'  itemprop=\"dateModified\" itemtype=\"https:\/\/schema.org\/dateModified\" >2024-05-31 08:51:48<\/span><span class='av-structured-data'  itemprop=\"mainEntityOfPage\" itemtype=\"https:\/\/schema.org\/mainEntityOfPage\" ><span itemprop='name'>Clara Raposo, Banco de Portugal<\/span><\/span><\/span><\/article><\/div><div class=\"slide-entry-wrap\"><article class='slide-entry flex_column  post-entry post-entry-1200 slide-entry-overview slide-loop-4 slide-parity-odd  av_fullwidth first real-thumbnail posttype-post post-format-standard'  itemscope=\"itemscope\" itemtype=\"https:\/\/schema.org\/CreativeWork\" ><a href='https:\/\/segurosecidadania.pt\/?p=1200' data-rel='slide-1' class='slide-image' title='Manuel Carrageta, Funda\u00e7\u00e3o Portuguesa de Cardiologia'><img decoding=\"async\" fetchpriority=\"high\" width=\"2000\" height=\"800\" src=\"https:\/\/segurosecidadania.pt\/wp-content\/uploads\/2024\/05\/cardiologista2.jpg\" class=\"wp-image-1202 avia-img-lazy-loading-not-1202 attachment-no scaling size-no scaling wp-post-image\" alt=\"\" srcset=\"https:\/\/segurosecidadania.pt\/wp-content\/uploads\/2024\/05\/cardiologista2.jpg 2000w, https:\/\/segurosecidadania.pt\/wp-content\/uploads\/2024\/05\/cardiologista2-300x120.jpg 300w, https:\/\/segurosecidadania.pt\/wp-content\/uploads\/2024\/05\/cardiologista2-1030x412.jpg 1030w, https:\/\/segurosecidadania.pt\/wp-content\/uploads\/2024\/05\/cardiologista2-768x307.jpg 768w, https:\/\/segurosecidadania.pt\/wp-content\/uploads\/2024\/05\/cardiologista2-1536x614.jpg 1536w, https:\/\/segurosecidadania.pt\/wp-content\/uploads\/2024\/05\/cardiologista2-1500x600.jpg 1500w, https:\/\/segurosecidadania.pt\/wp-content\/uploads\/2024\/05\/cardiologista2-705x282.jpg 705w\" sizes=\"(max-width: 2000px) 100vw, 2000px\" \/><\/a><div class=\"slide-content\"><header class=\"entry-content-header\"><h3 class='slide-entry-title entry-title '  itemprop=\"headline\" ><a href='https:\/\/segurosecidadania.pt\/?p=1200' title='Manuel Carrageta, Funda\u00e7\u00e3o Portuguesa de Cardiologia'>Manuel Carrageta, Funda\u00e7\u00e3o Portuguesa de Cardiologia<\/a><\/h3><span class=\"blog-categories minor-meta\"><a href=\"https:\/\/segurosecidadania.pt\/?cat=15\" rel=\"tag\">Opini\u00e3o<\/a> <\/span><span class=\"av-vertical-delimiter\"><\/span><\/header><div class='slide-entry-excerpt entry-content'  itemprop=\"text\" >Apesar dos enormes progressos diagn\u00f3sticos e terap\u00eauticos que t\u00eam ocorrido nas \u00faltimas d\u00e9cadas, as doen\u00e7as cardiovasculares constituem a principal causa de doen\u00e7a, morte e custos em sa\u00fade da popula\u00e7\u00e3o portuguesa. A preven\u00e7\u00e3o destas doen\u00e7as deve assentar num estilo de vida saud\u00e1vel, o que inclui uma alimenta\u00e7\u00e3o adequada (dieta mediterr\u00e2nica), atividade f\u00edsica regular e n\u00e3o fumar.<div class=\"read-more-link\"><a href=\"https:\/\/segurosecidadania.pt\/?p=1200\" class=\"more-link\">Ler mais<span class=\"more-link-arrow\"><\/span><\/a><\/div><\/div><\/div><footer class=\"entry-footer\"><div class=\"slide-meta\"><time class='slide-meta-time updated'  itemprop=\"datePublished\" datetime=\"2024-05-29T21:04:00+01:00\" >Maio 29, 2024<\/time><\/div><\/footer><span class='hidden'>\n\t\t\t\t<span class='av-structured-data'  itemprop=\"image\" itemscope=\"itemscope\" itemtype=\"https:\/\/schema.org\/ImageObject\" >\n\t\t\t\t\t\t<span itemprop='url'>https:\/\/segurosecidadania.pt\/wp-content\/uploads\/2024\/05\/cardiologista2.jpg<\/span>\n\t\t\t\t\t\t<span itemprop='height'>800<\/span>\n\t\t\t\t\t\t<span itemprop='width'>2000<\/span>\n\t\t\t\t<\/span>\n\t\t\t\t<span class='av-structured-data'  itemprop=\"publisher\" itemtype=\"https:\/\/schema.org\/Organization\" itemscope=\"itemscope\" >\n\t\t\t\t\t\t<span itemprop='name'>Frederico Nunes<\/span>\n\t\t\t\t\t\t<span itemprop='logo' itemscope itemtype='https:\/\/schema.org\/ImageObject'>\n\t\t\t\t\t\t\t<span itemprop='url'>https:\/\/segurosecidadania.pt\/wp-content\/uploads\/2024\/01\/Seguro-Cidadania-Branco-01.png<\/span>\n\t\t\t\t\t\t<\/span>\n\t\t\t\t<\/span><span class='av-structured-data'  itemprop=\"author\" itemscope=\"itemscope\" itemtype=\"https:\/\/schema.org\/Person\" ><span itemprop='name'>Frederico Nunes<\/span><\/span><span class='av-structured-data'  itemprop=\"datePublished\" datetime=\"2024-05-29T00:52:00+01:00\" >2024-05-29 21:04:00<\/span><span class='av-structured-data'  itemprop=\"dateModified\" itemtype=\"https:\/\/schema.org\/dateModified\" >2024-05-31 08:52:22<\/span><span class='av-structured-data'  itemprop=\"mainEntityOfPage\" itemtype=\"https:\/\/schema.org\/mainEntityOfPage\" ><span itemprop='name'>Manuel Carrageta, Funda\u00e7\u00e3o Portuguesa de Cardiologia<\/span><\/span><\/span><\/article><\/div><div class=\"slide-entry-wrap\"><article class='slide-entry flex_column  post-entry post-entry-1211 slide-entry-overview slide-loop-5 slide-parity-odd  av_fullwidth first real-thumbnail posttype-post post-format-standard'  itemscope=\"itemscope\" itemtype=\"https:\/\/schema.org\/CreativeWork\" ><a href='https:\/\/segurosecidadania.pt\/?p=1211' data-rel='slide-1' class='slide-image' title='In\u00eas Antas de Barros, Vieira de Almeida \u2013 Sociedade de Advogados'><img decoding=\"async\" fetchpriority=\"high\" width=\"2000\" height=\"800\" src=\"https:\/\/segurosecidadania.pt\/wp-content\/uploads\/2024\/05\/riscos-cyber.jpg\" class=\"wp-image-1212 avia-img-lazy-loading-not-1212 attachment-no scaling size-no scaling wp-post-image\" alt=\"\" srcset=\"https:\/\/segurosecidadania.pt\/wp-content\/uploads\/2024\/05\/riscos-cyber.jpg 2000w, https:\/\/segurosecidadania.pt\/wp-content\/uploads\/2024\/05\/riscos-cyber-300x120.jpg 300w, https:\/\/segurosecidadania.pt\/wp-content\/uploads\/2024\/05\/riscos-cyber-1030x412.jpg 1030w, https:\/\/segurosecidadania.pt\/wp-content\/uploads\/2024\/05\/riscos-cyber-768x307.jpg 768w, https:\/\/segurosecidadania.pt\/wp-content\/uploads\/2024\/05\/riscos-cyber-1536x614.jpg 1536w, https:\/\/segurosecidadania.pt\/wp-content\/uploads\/2024\/05\/riscos-cyber-1500x600.jpg 1500w, https:\/\/segurosecidadania.pt\/wp-content\/uploads\/2024\/05\/riscos-cyber-705x282.jpg 705w\" sizes=\"(max-width: 2000px) 100vw, 2000px\" \/><\/a><div class=\"slide-content\"><header class=\"entry-content-header\"><h3 class='slide-entry-title entry-title '  itemprop=\"headline\" ><a href='https:\/\/segurosecidadania.pt\/?p=1211' title='In\u00eas Antas de Barros, Vieira de Almeida \u2013 Sociedade de Advogados'>In\u00eas Antas de Barros, Vieira de Almeida \u2013 Sociedade de Advogados<\/a><\/h3><span class=\"blog-categories minor-meta\"><a href=\"https:\/\/segurosecidadania.pt\/?cat=15\" rel=\"tag\">Opini\u00e3o<\/a> <\/span><span class=\"av-vertical-delimiter\"><\/span><\/header><div class='slide-entry-excerpt entry-content'  itemprop=\"text\" >\u00c9 ineg\u00e1vel que o DORA [(Digital Operational Resilience Act] representa uma mudan\u00e7a de paradigma na resili\u00eancia digital do setor segurador, exigindo uma atitude proativa e adaptativa em rela\u00e7\u00e3o \u00e0s ciberamea\u00e7as.<div class=\"read-more-link\"><a href=\"https:\/\/segurosecidadania.pt\/?p=1211\" class=\"more-link\">Ler mais<span class=\"more-link-arrow\"><\/span><\/a><\/div><\/div><\/div><footer class=\"entry-footer\"><div class=\"slide-meta\"><time class='slide-meta-time updated'  itemprop=\"datePublished\" datetime=\"2024-05-29T21:00:00+01:00\" >Maio 29, 2024<\/time><\/div><\/footer><span class='hidden'>\n\t\t\t\t<span class='av-structured-data'  itemprop=\"image\" itemscope=\"itemscope\" itemtype=\"https:\/\/schema.org\/ImageObject\" >\n\t\t\t\t\t\t<span itemprop='url'>https:\/\/segurosecidadania.pt\/wp-content\/uploads\/2024\/05\/riscos-cyber.jpg<\/span>\n\t\t\t\t\t\t<span itemprop='height'>800<\/span>\n\t\t\t\t\t\t<span itemprop='width'>2000<\/span>\n\t\t\t\t<\/span>\n\t\t\t\t<span class='av-structured-data'  itemprop=\"publisher\" itemtype=\"https:\/\/schema.org\/Organization\" itemscope=\"itemscope\" >\n\t\t\t\t\t\t<span itemprop='name'>Frederico Nunes<\/span>\n\t\t\t\t\t\t<span itemprop='logo' itemscope itemtype='https:\/\/schema.org\/ImageObject'>\n\t\t\t\t\t\t\t<span itemprop='url'>https:\/\/segurosecidadania.pt\/wp-content\/uploads\/2024\/01\/Seguro-Cidadania-Branco-01.png<\/span>\n\t\t\t\t\t\t<\/span>\n\t\t\t\t<\/span><span class='av-structured-data'  itemprop=\"author\" itemscope=\"itemscope\" itemtype=\"https:\/\/schema.org\/Person\" ><span itemprop='name'>Frederico Nunes<\/span><\/span><span class='av-structured-data'  itemprop=\"datePublished\" datetime=\"2024-05-29T00:52:00+01:00\" >2024-05-29 21:00:00<\/span><span class='av-structured-data'  itemprop=\"dateModified\" itemtype=\"https:\/\/schema.org\/dateModified\" >2024-05-31 08:52:54<\/span><span class='av-structured-data'  itemprop=\"mainEntityOfPage\" itemtype=\"https:\/\/schema.org\/mainEntityOfPage\" ><span itemprop='name'>In\u00eas Antas de Barros, Vieira de Almeida \u2013 Sociedade de Advogados<\/span><\/span><\/span><\/article><\/div><div class=\"slide-entry-wrap\"><article class='slide-entry flex_column  post-entry post-entry-1218 slide-entry-overview slide-loop-6 slide-parity-odd  av_fullwidth first real-thumbnail posttype-post post-format-standard'  itemscope=\"itemscope\" itemtype=\"https:\/\/schema.org\/CreativeWork\" ><a href='https:\/\/segurosecidadania.pt\/?p=1218' data-rel='slide-1' class='slide-image' title='A ATIVIDADE SEGURADORA EM 2024'><img decoding=\"async\" fetchpriority=\"high\" width=\"2000\" height=\"800\" src=\"https:\/\/segurosecidadania.pt\/wp-content\/uploads\/2024\/01\/atividade-seguradora-2023-2024.jpg\" class=\"wp-image-921 avia-img-lazy-loading-not-921 attachment-no scaling size-no scaling wp-post-image\" alt=\"\" srcset=\"https:\/\/segurosecidadania.pt\/wp-content\/uploads\/2024\/01\/atividade-seguradora-2023-2024.jpg 2000w, https:\/\/segurosecidadania.pt\/wp-content\/uploads\/2024\/01\/atividade-seguradora-2023-2024-300x120.jpg 300w, https:\/\/segurosecidadania.pt\/wp-content\/uploads\/2024\/01\/atividade-seguradora-2023-2024-1030x412.jpg 1030w, https:\/\/segurosecidadania.pt\/wp-content\/uploads\/2024\/01\/atividade-seguradora-2023-2024-768x307.jpg 768w, https:\/\/segurosecidadania.pt\/wp-content\/uploads\/2024\/01\/atividade-seguradora-2023-2024-1536x614.jpg 1536w, https:\/\/segurosecidadania.pt\/wp-content\/uploads\/2024\/01\/atividade-seguradora-2023-2024-1500x600.jpg 1500w, https:\/\/segurosecidadania.pt\/wp-content\/uploads\/2024\/01\/atividade-seguradora-2023-2024-705x282.jpg 705w\" sizes=\"(max-width: 2000px) 100vw, 2000px\" \/><\/a><div class=\"slide-content\"><header class=\"entry-content-header\"><h3 class='slide-entry-title entry-title '  itemprop=\"headline\" ><a href='https:\/\/segurosecidadania.pt\/?p=1218' title='A ATIVIDADE SEGURADORA EM 2024'>A ATIVIDADE SEGURADORA EM 2024<\/a><\/h3><span class=\"blog-categories minor-meta\"><a href=\"https:\/\/segurosecidadania.pt\/?cat=16\" rel=\"tag\">N\u00fameros<\/a> <\/span><span class=\"av-vertical-delimiter\"><\/span><\/header><div class='slide-entry-excerpt entry-content'  itemprop=\"text\" >Pr\u00e9mios de seguro direto relativos ao m\u00eas de abril.<div class=\"read-more-link\"><a href=\"https:\/\/segurosecidadania.pt\/?p=1218\" class=\"more-link\">Ler mais<span class=\"more-link-arrow\"><\/span><\/a><\/div><\/div><\/div><footer class=\"entry-footer\"><div class=\"slide-meta\"><time class='slide-meta-time updated'  itemprop=\"datePublished\" datetime=\"2024-05-29T20:30:00+01:00\" >Maio 29, 2024<\/time><\/div><\/footer><span class='hidden'>\n\t\t\t\t<span class='av-structured-data'  itemprop=\"image\" itemscope=\"itemscope\" itemtype=\"https:\/\/schema.org\/ImageObject\" >\n\t\t\t\t\t\t<span itemprop='url'>https:\/\/segurosecidadania.pt\/wp-content\/uploads\/2024\/01\/atividade-seguradora-2023-2024.jpg<\/span>\n\t\t\t\t\t\t<span itemprop='height'>800<\/span>\n\t\t\t\t\t\t<span itemprop='width'>2000<\/span>\n\t\t\t\t<\/span>\n\t\t\t\t<span class='av-structured-data'  itemprop=\"publisher\" itemtype=\"https:\/\/schema.org\/Organization\" itemscope=\"itemscope\" >\n\t\t\t\t\t\t<span itemprop='name'>Frederico Nunes<\/span>\n\t\t\t\t\t\t<span itemprop='logo' itemscope itemtype='https:\/\/schema.org\/ImageObject'>\n\t\t\t\t\t\t\t<span itemprop='url'>https:\/\/segurosecidadania.pt\/wp-content\/uploads\/2024\/01\/Seguro-Cidadania-Branco-01.png<\/span>\n\t\t\t\t\t\t<\/span>\n\t\t\t\t<\/span><span class='av-structured-data'  itemprop=\"author\" itemscope=\"itemscope\" itemtype=\"https:\/\/schema.org\/Person\" ><span itemprop='name'>Frederico Nunes<\/span><\/span><span class='av-structured-data'  itemprop=\"datePublished\" datetime=\"2024-05-29T00:52:00+01:00\" >2024-05-29 20:30:00<\/span><span class='av-structured-data'  itemprop=\"dateModified\" itemtype=\"https:\/\/schema.org\/dateModified\" >2024-05-31 08:54:20<\/span><span class='av-structured-data'  itemprop=\"mainEntityOfPage\" itemtype=\"https:\/\/schema.org\/mainEntityOfPage\" ><span itemprop='name'>A ATIVIDADE SEGURADORA EM 2024<\/span><\/span><\/span><\/article><\/div><div class=\"slide-entry-wrap\"><article class='slide-entry flex_column  post-entry post-entry-1226 slide-entry-overview slide-loop-7 slide-parity-odd  av_fullwidth first real-thumbnail posttype-post post-format-quote'  itemscope=\"itemscope\" itemtype=\"https:\/\/schema.org\/CreativeWork\" ><a href='https:\/\/segurosecidadania.pt\/?p=1226' data-rel='slide-1' class='slide-image' title='AUTORIDADE TRIBUT\u00c1RIA ESCLARECE REGIMES FISCAIS DE PRODUTOS DO RAMO VIDA'><img decoding=\"async\" fetchpriority=\"high\" width=\"2000\" height=\"800\" src=\"https:\/\/segurosecidadania.pt\/wp-content\/uploads\/2024\/05\/AT.jpg\" class=\"wp-image-1228 avia-img-lazy-loading-not-1228 attachment-no scaling size-no scaling wp-post-image\" alt=\"\" srcset=\"https:\/\/segurosecidadania.pt\/wp-content\/uploads\/2024\/05\/AT.jpg 2000w, https:\/\/segurosecidadania.pt\/wp-content\/uploads\/2024\/05\/AT-300x120.jpg 300w, https:\/\/segurosecidadania.pt\/wp-content\/uploads\/2024\/05\/AT-1030x412.jpg 1030w, https:\/\/segurosecidadania.pt\/wp-content\/uploads\/2024\/05\/AT-768x307.jpg 768w, https:\/\/segurosecidadania.pt\/wp-content\/uploads\/2024\/05\/AT-1536x614.jpg 1536w, https:\/\/segurosecidadania.pt\/wp-content\/uploads\/2024\/05\/AT-1500x600.jpg 1500w, https:\/\/segurosecidadania.pt\/wp-content\/uploads\/2024\/05\/AT-705x282.jpg 705w\" sizes=\"(max-width: 2000px) 100vw, 2000px\" \/><\/a><div class=\"slide-content\"><header class=\"entry-content-header\"><h3 class='slide-entry-title entry-title '  itemprop=\"headline\" ><a href='https:\/\/segurosecidadania.pt\/?p=1226' title='AUTORIDADE TRIBUT\u00c1RIA ESCLARECE REGIMES FISCAIS DE PRODUTOS DO RAMO VIDA'>AUTORIDADE TRIBUT\u00c1RIA ESCLARECE REGIMES FISCAIS DE PRODUTOS DO RAMO VIDA<\/a><\/h3><span class=\"blog-categories minor-meta\"><a href=\"https:\/\/segurosecidadania.pt\/?cat=20\" rel=\"tag\">Legisla\u00e7\u00e3o e regulamenta\u00e7\u00e3o nacional<\/a> <\/span><span class=\"av-vertical-delimiter\"><\/span><\/header><div class='slide-entry-excerpt entry-content'  itemprop=\"text\" >A Autoridade Tribut\u00e1ria e Aduaneira (AT) emitiu recentemente dois Of\u00edcios, sobre o Regime fiscal excecional de resgates de PPRs e sobre Regime fiscal dos resgates parciais nos produtos unit-linked  que contribuem para o esclarecimento do enquadramento fiscal de resgates de produtos do ramo Vida, em ambos casos no sentido sugerido pela Associa\u00e7\u00e3o.<div class=\"read-more-link\"><a href=\"https:\/\/segurosecidadania.pt\/?p=1226\" class=\"more-link\">Ler mais<span class=\"more-link-arrow\"><\/span><\/a><\/div><\/div><\/div><footer class=\"entry-footer\"><div class=\"slide-meta\"><time class='slide-meta-time updated'  itemprop=\"datePublished\" datetime=\"2024-05-29T20:07:00+01:00\" >Maio 29, 2024<\/time><\/div><\/footer><span class='hidden'>\n\t\t\t\t<span class='av-structured-data'  itemprop=\"image\" itemscope=\"itemscope\" itemtype=\"https:\/\/schema.org\/ImageObject\" >\n\t\t\t\t\t\t<span itemprop='url'>https:\/\/segurosecidadania.pt\/wp-content\/uploads\/2024\/05\/AT.jpg<\/span>\n\t\t\t\t\t\t<span itemprop='height'>800<\/span>\n\t\t\t\t\t\t<span itemprop='width'>2000<\/span>\n\t\t\t\t<\/span>\n\t\t\t\t<span class='av-structured-data'  itemprop=\"publisher\" itemtype=\"https:\/\/schema.org\/Organization\" itemscope=\"itemscope\" >\n\t\t\t\t\t\t<span itemprop='name'>admin<\/span>\n\t\t\t\t\t\t<span itemprop='logo' itemscope itemtype='https:\/\/schema.org\/ImageObject'>\n\t\t\t\t\t\t\t<span itemprop='url'>https:\/\/segurosecidadania.pt\/wp-content\/uploads\/2024\/01\/Seguro-Cidadania-Branco-01.png<\/span>\n\t\t\t\t\t\t<\/span>\n\t\t\t\t<\/span><span class='av-structured-data'  itemprop=\"author\" itemscope=\"itemscope\" itemtype=\"https:\/\/schema.org\/Person\" ><span itemprop='name'>admin<\/span><\/span><span class='av-structured-data'  itemprop=\"datePublished\" datetime=\"2024-05-29T00:52:00+01:00\" >2024-05-29 20:07:00<\/span><span class='av-structured-data'  itemprop=\"dateModified\" itemtype=\"https:\/\/schema.org\/dateModified\" >2024-05-31 08:55:03<\/span><span class='av-structured-data'  itemprop=\"mainEntityOfPage\" itemtype=\"https:\/\/schema.org\/mainEntityOfPage\" ><span itemprop='name'>AUTORIDADE TRIBUT\u00c1RIA ESCLARECE REGIMES FISCAIS DE PRODUTOS DO RAMO VIDA<\/span><\/span><\/span><\/article><\/div><div class=\"slide-entry-wrap\"><article class='slide-entry flex_column  post-entry post-entry-1231 slide-entry-overview slide-loop-8 slide-parity-odd  av_fullwidth first real-thumbnail posttype-post post-format-quote'  itemscope=\"itemscope\" itemtype=\"https:\/\/schema.org\/CreativeWork\" ><a href='https:\/\/segurosecidadania.pt\/?p=1231' data-rel='slide-1' class='slide-image' title='BASE DE DADOS DE LEGISLA\u00c7\u00c3O: SEGUROS OBRIGAT\u00d3RIOS DE RESPONSABILIDADE CIVIL'><img decoding=\"async\" fetchpriority=\"high\" width=\"2000\" height=\"800\" src=\"https:\/\/segurosecidadania.pt\/wp-content\/uploads\/2024\/05\/Reuniao.jpg\" class=\"wp-image-1234 avia-img-lazy-loading-not-1234 attachment-no scaling size-no scaling wp-post-image\" alt=\"\" srcset=\"https:\/\/segurosecidadania.pt\/wp-content\/uploads\/2024\/05\/Reuniao.jpg 2000w, https:\/\/segurosecidadania.pt\/wp-content\/uploads\/2024\/05\/Reuniao-300x120.jpg 300w, https:\/\/segurosecidadania.pt\/wp-content\/uploads\/2024\/05\/Reuniao-1030x412.jpg 1030w, https:\/\/segurosecidadania.pt\/wp-content\/uploads\/2024\/05\/Reuniao-768x307.jpg 768w, https:\/\/segurosecidadania.pt\/wp-content\/uploads\/2024\/05\/Reuniao-1536x614.jpg 1536w, https:\/\/segurosecidadania.pt\/wp-content\/uploads\/2024\/05\/Reuniao-1500x600.jpg 1500w, https:\/\/segurosecidadania.pt\/wp-content\/uploads\/2024\/05\/Reuniao-705x282.jpg 705w\" sizes=\"(max-width: 2000px) 100vw, 2000px\" \/><\/a><div class=\"slide-content\"><header class=\"entry-content-header\"><h3 class='slide-entry-title entry-title '  itemprop=\"headline\" ><a href='https:\/\/segurosecidadania.pt\/?p=1231' title='BASE DE DADOS DE LEGISLA\u00c7\u00c3O: SEGUROS OBRIGAT\u00d3RIOS DE RESPONSABILIDADE CIVIL'>BASE DE DADOS DE LEGISLA\u00c7\u00c3O: SEGUROS OBRIGAT\u00d3RIOS DE RESPONSABILIDADE CIVIL<\/a><\/h3><span class=\"blog-categories minor-meta\"><a href=\"https:\/\/segurosecidadania.pt\/?cat=20\" rel=\"tag\">Legisla\u00e7\u00e3o e regulamenta\u00e7\u00e3o nacional<\/a> <\/span><span class=\"av-vertical-delimiter\"><\/span><\/header><div class='slide-entry-excerpt entry-content'  itemprop=\"text\" >A APS disponibiliza no seu site uma base de dados legislativa de seguros de responsabilidade civil obrigat\u00f3rios com os diplomas relevantes e respetiva regulamenta\u00e7\u00e3o.<div class=\"read-more-link\"><a href=\"https:\/\/segurosecidadania.pt\/?p=1231\" class=\"more-link\">Ler mais<span class=\"more-link-arrow\"><\/span><\/a><\/div><\/div><\/div><footer class=\"entry-footer\"><div class=\"slide-meta\"><time class='slide-meta-time updated'  itemprop=\"datePublished\" datetime=\"2024-05-29T20:00:00+01:00\" >Maio 29, 2024<\/time><\/div><\/footer><span class='hidden'>\n\t\t\t\t<span class='av-structured-data'  itemprop=\"image\" itemscope=\"itemscope\" itemtype=\"https:\/\/schema.org\/ImageObject\" >\n\t\t\t\t\t\t<span itemprop='url'>https:\/\/segurosecidadania.pt\/wp-content\/uploads\/2024\/05\/Reuniao.jpg<\/span>\n\t\t\t\t\t\t<span itemprop='height'>800<\/span>\n\t\t\t\t\t\t<span itemprop='width'>2000<\/span>\n\t\t\t\t<\/span>\n\t\t\t\t<span class='av-structured-data'  itemprop=\"publisher\" itemtype=\"https:\/\/schema.org\/Organization\" itemscope=\"itemscope\" >\n\t\t\t\t\t\t<span itemprop='name'>admin<\/span>\n\t\t\t\t\t\t<span itemprop='logo' itemscope itemtype='https:\/\/schema.org\/ImageObject'>\n\t\t\t\t\t\t\t<span itemprop='url'>https:\/\/segurosecidadania.pt\/wp-content\/uploads\/2024\/01\/Seguro-Cidadania-Branco-01.png<\/span>\n\t\t\t\t\t\t<\/span>\n\t\t\t\t<\/span><span class='av-structured-data'  itemprop=\"author\" itemscope=\"itemscope\" itemtype=\"https:\/\/schema.org\/Person\" ><span itemprop='name'>admin<\/span><\/span><span class='av-structured-data'  itemprop=\"datePublished\" datetime=\"2024-05-29T00:52:00+01:00\" >2024-05-29 20:00:00<\/span><span class='av-structured-data'  itemprop=\"dateModified\" itemtype=\"https:\/\/schema.org\/dateModified\" >2024-05-31 08:55:43<\/span><span class='av-structured-data'  itemprop=\"mainEntityOfPage\" itemtype=\"https:\/\/schema.org\/mainEntityOfPage\" ><span itemprop='name'>BASE DE DADOS DE LEGISLA\u00c7\u00c3O: SEGUROS OBRIGAT\u00d3RIOS DE RESPONSABILIDADE CIVIL<\/span><\/span><\/span><\/article><\/div><div class=\"slide-entry-wrap\"><article class='slide-entry flex_column  post-entry post-entry-1236 slide-entry-overview slide-loop-9 slide-parity-odd  av_fullwidth first real-thumbnail posttype-post post-format-quote'  itemscope=\"itemscope\" itemtype=\"https:\/\/schema.org\/CreativeWork\" ><a href='https:\/\/segurosecidadania.pt\/?p=1236' data-rel='slide-1' class='slide-image' title='LEGISLA\u00c7\u00c3O PUBLICADA \u2013 RESPONSABILIDADE CIVIL'><img decoding=\"async\" fetchpriority=\"high\" width=\"2000\" height=\"800\" src=\"https:\/\/segurosecidadania.pt\/wp-content\/uploads\/2024\/05\/Portaria.jpg\" class=\"wp-image-1243 avia-img-lazy-loading-not-1243 attachment-no scaling size-no scaling wp-post-image\" alt=\"\" srcset=\"https:\/\/segurosecidadania.pt\/wp-content\/uploads\/2024\/05\/Portaria.jpg 2000w, https:\/\/segurosecidadania.pt\/wp-content\/uploads\/2024\/05\/Portaria-300x120.jpg 300w, https:\/\/segurosecidadania.pt\/wp-content\/uploads\/2024\/05\/Portaria-1030x412.jpg 1030w, https:\/\/segurosecidadania.pt\/wp-content\/uploads\/2024\/05\/Portaria-768x307.jpg 768w, https:\/\/segurosecidadania.pt\/wp-content\/uploads\/2024\/05\/Portaria-1536x614.jpg 1536w, https:\/\/segurosecidadania.pt\/wp-content\/uploads\/2024\/05\/Portaria-1500x600.jpg 1500w, https:\/\/segurosecidadania.pt\/wp-content\/uploads\/2024\/05\/Portaria-705x282.jpg 705w\" sizes=\"(max-width: 2000px) 100vw, 2000px\" \/><\/a><div class=\"slide-content\"><header class=\"entry-content-header\"><h3 class='slide-entry-title entry-title '  itemprop=\"headline\" ><a href='https:\/\/segurosecidadania.pt\/?p=1236' title='LEGISLA\u00c7\u00c3O PUBLICADA \u2013 RESPONSABILIDADE CIVIL'>LEGISLA\u00c7\u00c3O PUBLICADA \u2013 RESPONSABILIDADE CIVIL<\/a><\/h3><span class=\"blog-categories minor-meta\"><a href=\"https:\/\/segurosecidadania.pt\/?cat=20\" rel=\"tag\">Legisla\u00e7\u00e3o e regulamenta\u00e7\u00e3o nacional<\/a> <\/span><span class=\"av-vertical-delimiter\"><\/span><\/header><div class='slide-entry-excerpt entry-content'  itemprop=\"text\" >Foram publicadas as seguintes portarias a regulamentar seguros obrigat\u00f3rios de responsabilidade civil, que estabelecem os requisitos m\u00ednimos relativos ao licenciamento, instala\u00e7\u00e3o, organiza\u00e7\u00e3o e funcionamento, recursos humanos e instala\u00e7\u00f5es t\u00e9cnicas de estabelecimentos prestadores de cuidados de sa\u00fade, detidos por pessoas coletivas p\u00fablicas, institui\u00e7\u00f5es militares, institui\u00e7\u00f5es particulares de solidariedade social e entidades privadas, fixando o capital m\u00ednimo do seguro obrigat\u00f3rio.<div class=\"read-more-link\"><a href=\"https:\/\/segurosecidadania.pt\/?p=1236\" class=\"more-link\">Ler mais<span class=\"more-link-arrow\"><\/span><\/a><\/div><\/div><\/div><footer class=\"entry-footer\"><div class=\"slide-meta\"><time class='slide-meta-time updated'  itemprop=\"datePublished\" datetime=\"2024-05-29T19:50:00+01:00\" >Maio 29, 2024<\/time><\/div><\/footer><span class='hidden'>\n\t\t\t\t<span class='av-structured-data'  itemprop=\"image\" itemscope=\"itemscope\" itemtype=\"https:\/\/schema.org\/ImageObject\" >\n\t\t\t\t\t\t<span itemprop='url'>https:\/\/segurosecidadania.pt\/wp-content\/uploads\/2024\/05\/Portaria.jpg<\/span>\n\t\t\t\t\t\t<span itemprop='height'>800<\/span>\n\t\t\t\t\t\t<span itemprop='width'>2000<\/span>\n\t\t\t\t<\/span>\n\t\t\t\t<span class='av-structured-data'  itemprop=\"publisher\" itemtype=\"https:\/\/schema.org\/Organization\" itemscope=\"itemscope\" >\n\t\t\t\t\t\t<span itemprop='name'>admin<\/span>\n\t\t\t\t\t\t<span itemprop='logo' itemscope itemtype='https:\/\/schema.org\/ImageObject'>\n\t\t\t\t\t\t\t<span itemprop='url'>https:\/\/segurosecidadania.pt\/wp-content\/uploads\/2024\/01\/Seguro-Cidadania-Branco-01.png<\/span>\n\t\t\t\t\t\t<\/span>\n\t\t\t\t<\/span><span class='av-structured-data'  itemprop=\"author\" itemscope=\"itemscope\" itemtype=\"https:\/\/schema.org\/Person\" ><span itemprop='name'>admin<\/span><\/span><span class='av-structured-data'  itemprop=\"datePublished\" datetime=\"2024-05-29T00:52:00+01:00\" >2024-05-29 19:50:00<\/span><span class='av-structured-data'  itemprop=\"dateModified\" itemtype=\"https:\/\/schema.org\/dateModified\" >2024-06-03 11:37:20<\/span><span class='av-structured-data'  itemprop=\"mainEntityOfPage\" itemtype=\"https:\/\/schema.org\/mainEntityOfPage\" ><span itemprop='name'>LEGISLA\u00c7\u00c3O PUBLICADA \u2013 RESPONSABILIDADE CIVIL<\/span><\/span><\/span><\/article><\/div><div class=\"slide-entry-wrap\"><article class='slide-entry flex_column  post-entry post-entry-1239 slide-entry-overview slide-loop-10 slide-parity-odd  av_fullwidth first real-thumbnail posttype-post post-format-quote'  itemscope=\"itemscope\" itemtype=\"https:\/\/schema.org\/CreativeWork\" ><a href='https:\/\/segurosecidadania.pt\/?p=1239' data-rel='slide-1' class='slide-image' title='PROPOSTA DE REGULAMENTO RELATIVO AO ESPA\u00c7O EUROPEU DE DADOS DE SA\u00daDE'><img decoding=\"async\" fetchpriority=\"high\" width=\"2000\" height=\"800\" src=\"https:\/\/segurosecidadania.pt\/wp-content\/uploads\/2024\/05\/bruxelas.jpg\" class=\"wp-image-1300 avia-img-lazy-loading-not-1300 attachment-no scaling size-no scaling wp-post-image\" alt=\"\" srcset=\"https:\/\/segurosecidadania.pt\/wp-content\/uploads\/2024\/05\/bruxelas.jpg 2000w, https:\/\/segurosecidadania.pt\/wp-content\/uploads\/2024\/05\/bruxelas-300x120.jpg 300w, https:\/\/segurosecidadania.pt\/wp-content\/uploads\/2024\/05\/bruxelas-1030x412.jpg 1030w, https:\/\/segurosecidadania.pt\/wp-content\/uploads\/2024\/05\/bruxelas-768x307.jpg 768w, https:\/\/segurosecidadania.pt\/wp-content\/uploads\/2024\/05\/bruxelas-1536x614.jpg 1536w, https:\/\/segurosecidadania.pt\/wp-content\/uploads\/2024\/05\/bruxelas-1500x600.jpg 1500w, https:\/\/segurosecidadania.pt\/wp-content\/uploads\/2024\/05\/bruxelas-705x282.jpg 705w\" sizes=\"(max-width: 2000px) 100vw, 2000px\" \/><\/a><div class=\"slide-content\"><header class=\"entry-content-header\"><h3 class='slide-entry-title entry-title '  itemprop=\"headline\" ><a href='https:\/\/segurosecidadania.pt\/?p=1239' title='PROPOSTA DE REGULAMENTO RELATIVO AO ESPA\u00c7O EUROPEU DE DADOS DE SA\u00daDE'>PROPOSTA DE REGULAMENTO RELATIVO AO ESPA\u00c7O EUROPEU DE DADOS DE SA\u00daDE<\/a><\/h3><span class=\"blog-categories minor-meta\"><a href=\"https:\/\/segurosecidadania.pt\/?cat=22\" rel=\"tag\">Legisla\u00e7\u00e3o e regulamenta\u00e7\u00e3o europeia<\/a> <\/span><span class=\"av-vertical-delimiter\"><\/span><\/header><div class='slide-entry-excerpt entry-content'  itemprop=\"text\" >Em maio de 2022, a Comiss\u00e3o Europeia apresentou uma proposta de Regulamento relativo ao Espa\u00e7o Europeu de Dados de Sa\u00fade (\u00abEEDS\u00bb) com o objetivo de dotar as pessoas singulares (doentes) de um maior controlo sobre os seus dados de sa\u00fade eletr\u00f3nicos, nos planos nacional e europeu, permitindo o acesso e a partilha dos mesmos com os profissionais de sa\u00fade. Contudo, este regulamento pro\u00edbe as seguradoras de terem acesso \u00e0 utiliza\u00e7\u00e3o secund\u00e1ria dos dados para efeitos de exclus\u00e3o ou altera\u00e7\u00e3o dos pr\u00e9mios de seguro.<div class=\"read-more-link\"><a href=\"https:\/\/segurosecidadania.pt\/?p=1239\" class=\"more-link\">Ler mais<span class=\"more-link-arrow\"><\/span><\/a><\/div><\/div><\/div><footer class=\"entry-footer\"><div class=\"slide-meta\"><time class='slide-meta-time updated'  itemprop=\"datePublished\" datetime=\"2024-05-29T19:40:00+01:00\" >Maio 29, 2024<\/time><\/div><\/footer><span class='hidden'>\n\t\t\t\t<span class='av-structured-data'  itemprop=\"image\" itemscope=\"itemscope\" itemtype=\"https:\/\/schema.org\/ImageObject\" >\n\t\t\t\t\t\t<span itemprop='url'>https:\/\/segurosecidadania.pt\/wp-content\/uploads\/2024\/05\/bruxelas.jpg<\/span>\n\t\t\t\t\t\t<span itemprop='height'>800<\/span>\n\t\t\t\t\t\t<span itemprop='width'>2000<\/span>\n\t\t\t\t<\/span>\n\t\t\t\t<span class='av-structured-data'  itemprop=\"publisher\" itemtype=\"https:\/\/schema.org\/Organization\" itemscope=\"itemscope\" >\n\t\t\t\t\t\t<span itemprop='name'>admin<\/span>\n\t\t\t\t\t\t<span itemprop='logo' itemscope itemtype='https:\/\/schema.org\/ImageObject'>\n\t\t\t\t\t\t\t<span itemprop='url'>https:\/\/segurosecidadania.pt\/wp-content\/uploads\/2024\/01\/Seguro-Cidadania-Branco-01.png<\/span>\n\t\t\t\t\t\t<\/span>\n\t\t\t\t<\/span><span class='av-structured-data'  itemprop=\"author\" itemscope=\"itemscope\" itemtype=\"https:\/\/schema.org\/Person\" ><span itemprop='name'>admin<\/span><\/span><span class='av-structured-data'  itemprop=\"datePublished\" datetime=\"2024-05-29T00:52:00+01:00\" >2024-05-29 19:40:00<\/span><span class='av-structured-data'  itemprop=\"dateModified\" itemtype=\"https:\/\/schema.org\/dateModified\" >2024-05-31 08:57:14<\/span><span class='av-structured-data'  itemprop=\"mainEntityOfPage\" itemtype=\"https:\/\/schema.org\/mainEntityOfPage\" ><span itemprop='name'>PROPOSTA DE REGULAMENTO RELATIVO AO ESPA\u00c7O EUROPEU DE DADOS DE SA\u00daDE<\/span><\/span><\/span><\/article><\/div><div class=\"slide-entry-wrap\"><article class='slide-entry flex_column  post-entry post-entry-1246 slide-entry-overview slide-loop-11 slide-parity-odd  av_fullwidth first real-thumbnail posttype-post post-format-quote'  itemscope=\"itemscope\" itemtype=\"https:\/\/schema.org\/CreativeWork\" ><a href='https:\/\/segurosecidadania.pt\/?p=1246' data-rel='slide-1' class='slide-image' title='JURISPRUD\u00caNCIA DO SUPREMO TRIBUNAL DE JUSTI\u00c7A &#8211; ACIDENTES DE TRABALHO'><img decoding=\"async\" fetchpriority=\"high\" width=\"2000\" height=\"800\" src=\"https:\/\/segurosecidadania.pt\/wp-content\/uploads\/2024\/05\/acidente.jpg\" class=\"wp-image-1302 avia-img-lazy-loading-not-1302 attachment-no scaling size-no scaling wp-post-image\" alt=\"\" srcset=\"https:\/\/segurosecidadania.pt\/wp-content\/uploads\/2024\/05\/acidente.jpg 2000w, https:\/\/segurosecidadania.pt\/wp-content\/uploads\/2024\/05\/acidente-300x120.jpg 300w, https:\/\/segurosecidadania.pt\/wp-content\/uploads\/2024\/05\/acidente-1030x412.jpg 1030w, https:\/\/segurosecidadania.pt\/wp-content\/uploads\/2024\/05\/acidente-768x307.jpg 768w, https:\/\/segurosecidadania.pt\/wp-content\/uploads\/2024\/05\/acidente-1536x614.jpg 1536w, https:\/\/segurosecidadania.pt\/wp-content\/uploads\/2024\/05\/acidente-1500x600.jpg 1500w, https:\/\/segurosecidadania.pt\/wp-content\/uploads\/2024\/05\/acidente-705x282.jpg 705w\" sizes=\"(max-width: 2000px) 100vw, 2000px\" \/><\/a><div class=\"slide-content\"><header class=\"entry-content-header\"><h3 class='slide-entry-title entry-title '  itemprop=\"headline\" ><a href='https:\/\/segurosecidadania.pt\/?p=1246' title='JURISPRUD\u00caNCIA DO SUPREMO TRIBUNAL DE JUSTI\u00c7A &#8211; ACIDENTES DE TRABALHO'>JURISPRUD\u00caNCIA DO SUPREMO TRIBUNAL DE JUSTI\u00c7A &#8211; ACIDENTES DE TRABALHO<\/a><\/h3><span class=\"blog-categories minor-meta\"><a href=\"https:\/\/segurosecidadania.pt\/?cat=17\" rel=\"tag\">Jurisprud\u00eancia<\/a> <\/span><span class=\"av-vertical-delimiter\"><\/span><\/header><div class='slide-entry-excerpt entry-content'  itemprop=\"text\" >Foi publicado, em 13 de maio de 2024, na 1.\u00aa s\u00e9rie do Di\u00e1rio da Rep\u00fablica o Ac\u00f3rd\u00e3o do Supremo Tribunal de Justi\u00e7a n.\u00ba 6\/2024, de uniformiza\u00e7\u00e3o de jurisprud\u00eancia.<div class=\"read-more-link\"><a href=\"https:\/\/segurosecidadania.pt\/?p=1246\" class=\"more-link\">Ler mais<span class=\"more-link-arrow\"><\/span><\/a><\/div><\/div><\/div><footer class=\"entry-footer\"><div class=\"slide-meta\"><time class='slide-meta-time updated'  itemprop=\"datePublished\" datetime=\"2024-05-29T19:30:00+01:00\" >Maio 29, 2024<\/time><\/div><\/footer><span class='hidden'>\n\t\t\t\t<span class='av-structured-data'  itemprop=\"image\" itemscope=\"itemscope\" itemtype=\"https:\/\/schema.org\/ImageObject\" >\n\t\t\t\t\t\t<span itemprop='url'>https:\/\/segurosecidadania.pt\/wp-content\/uploads\/2024\/05\/acidente.jpg<\/span>\n\t\t\t\t\t\t<span itemprop='height'>800<\/span>\n\t\t\t\t\t\t<span itemprop='width'>2000<\/span>\n\t\t\t\t<\/span>\n\t\t\t\t<span class='av-structured-data'  itemprop=\"publisher\" itemtype=\"https:\/\/schema.org\/Organization\" itemscope=\"itemscope\" >\n\t\t\t\t\t\t<span itemprop='name'>admin<\/span>\n\t\t\t\t\t\t<span itemprop='logo' itemscope itemtype='https:\/\/schema.org\/ImageObject'>\n\t\t\t\t\t\t\t<span itemprop='url'>https:\/\/segurosecidadania.pt\/wp-content\/uploads\/2024\/01\/Seguro-Cidadania-Branco-01.png<\/span>\n\t\t\t\t\t\t<\/span>\n\t\t\t\t<\/span><span class='av-structured-data'  itemprop=\"author\" itemscope=\"itemscope\" itemtype=\"https:\/\/schema.org\/Person\" ><span itemprop='name'>admin<\/span><\/span><span class='av-structured-data'  itemprop=\"datePublished\" datetime=\"2024-05-29T00:52:00+01:00\" >2024-05-29 19:30:00<\/span><span class='av-structured-data'  itemprop=\"dateModified\" itemtype=\"https:\/\/schema.org\/dateModified\" >2024-05-31 08:57:56<\/span><span class='av-structured-data'  itemprop=\"mainEntityOfPage\" itemtype=\"https:\/\/schema.org\/mainEntityOfPage\" ><span itemprop='name'>JURISPRUD\u00caNCIA DO SUPREMO TRIBUNAL DE JUSTI\u00c7A &#8211; ACIDENTES DE TRABALHO<\/span><\/span><\/span><\/article><\/div><div class=\"slide-entry-wrap\"><article class='slide-entry flex_column  post-entry post-entry-1318 slide-entry-overview slide-loop-12 slide-parity-odd  av_fullwidth first real-thumbnail posttype-post post-format-quote'  itemscope=\"itemscope\" itemtype=\"https:\/\/schema.org\/CreativeWork\" ><a href='https:\/\/segurosecidadania.pt\/?p=1318' data-rel='slide-1' class='slide-image' title='FR\u00c9D\u00c9RIC DE COURTOIS ELEITO PRESIDENTE DA INSURANCE EUROPE'><img decoding=\"async\" fetchpriority=\"high\" width=\"2000\" height=\"800\" src=\"https:\/\/segurosecidadania.pt\/wp-content\/uploads\/2024\/05\/Frederic-de-Courtois_Presidente-IE_2024.jpg\" class=\"wp-image-1320 avia-img-lazy-loading-not-1320 attachment-no scaling size-no scaling wp-post-image\" alt=\"\" srcset=\"https:\/\/segurosecidadania.pt\/wp-content\/uploads\/2024\/05\/Frederic-de-Courtois_Presidente-IE_2024.jpg 2000w, https:\/\/segurosecidadania.pt\/wp-content\/uploads\/2024\/05\/Frederic-de-Courtois_Presidente-IE_2024-300x120.jpg 300w, https:\/\/segurosecidadania.pt\/wp-content\/uploads\/2024\/05\/Frederic-de-Courtois_Presidente-IE_2024-1030x412.jpg 1030w, https:\/\/segurosecidadania.pt\/wp-content\/uploads\/2024\/05\/Frederic-de-Courtois_Presidente-IE_2024-768x307.jpg 768w, https:\/\/segurosecidadania.pt\/wp-content\/uploads\/2024\/05\/Frederic-de-Courtois_Presidente-IE_2024-1536x614.jpg 1536w, https:\/\/segurosecidadania.pt\/wp-content\/uploads\/2024\/05\/Frederic-de-Courtois_Presidente-IE_2024-1500x600.jpg 1500w, https:\/\/segurosecidadania.pt\/wp-content\/uploads\/2024\/05\/Frederic-de-Courtois_Presidente-IE_2024-705x282.jpg 705w\" sizes=\"(max-width: 2000px) 100vw, 2000px\" \/><\/a><div class=\"slide-content\"><header class=\"entry-content-header\"><h3 class='slide-entry-title entry-title '  itemprop=\"headline\" ><a href='https:\/\/segurosecidadania.pt\/?p=1318' title='FR\u00c9D\u00c9RIC DE COURTOIS ELEITO PRESIDENTE DA INSURANCE EUROPE'>FR\u00c9D\u00c9RIC DE COURTOIS ELEITO PRESIDENTE DA INSURANCE EUROPE<\/a><\/h3><span class=\"blog-categories minor-meta\"><a href=\"https:\/\/segurosecidadania.pt\/?cat=18\" rel=\"tag\">Europa<\/a> <\/span><span class=\"av-vertical-delimiter\"><\/span><\/header><div class='slide-entry-excerpt entry-content'  itemprop=\"text\" >Fr\u00e9d\u00e9ric de Courtois, Vice-CEO do Grupo AXA, foi eleito Presidente da Insurance Europe, durante a Assembleia Geral que decorreu no dia 29 de maio, tendo recebido o apoio un\u00e2nime para liderar a federa\u00e7\u00e3o das associa\u00e7\u00f5es europeias de seguros e resseguros durante os pr\u00f3ximos tr\u00eas anos.<div class=\"read-more-link\"><a href=\"https:\/\/segurosecidadania.pt\/?p=1318\" class=\"more-link\">Ler mais<span class=\"more-link-arrow\"><\/span><\/a><\/div><\/div><\/div><footer class=\"entry-footer\"><div class=\"slide-meta\"><time class='slide-meta-time updated'  itemprop=\"datePublished\" datetime=\"2024-05-29T19:25:00+01:00\" >Maio 29, 2024<\/time><\/div><\/footer><span class='hidden'>\n\t\t\t\t<span class='av-structured-data'  itemprop=\"image\" itemscope=\"itemscope\" itemtype=\"https:\/\/schema.org\/ImageObject\" >\n\t\t\t\t\t\t<span itemprop='url'>https:\/\/segurosecidadania.pt\/wp-content\/uploads\/2024\/05\/Frederic-de-Courtois_Presidente-IE_2024.jpg<\/span>\n\t\t\t\t\t\t<span itemprop='height'>800<\/span>\n\t\t\t\t\t\t<span itemprop='width'>2000<\/span>\n\t\t\t\t<\/span>\n\t\t\t\t<span class='av-structured-data'  itemprop=\"publisher\" itemtype=\"https:\/\/schema.org\/Organization\" itemscope=\"itemscope\" >\n\t\t\t\t\t\t<span itemprop='name'>admin<\/span>\n\t\t\t\t\t\t<span itemprop='logo' itemscope itemtype='https:\/\/schema.org\/ImageObject'>\n\t\t\t\t\t\t\t<span itemprop='url'>https:\/\/segurosecidadania.pt\/wp-content\/uploads\/2024\/01\/Seguro-Cidadania-Branco-01.png<\/span>\n\t\t\t\t\t\t<\/span>\n\t\t\t\t<\/span><span class='av-structured-data'  itemprop=\"author\" itemscope=\"itemscope\" itemtype=\"https:\/\/schema.org\/Person\" ><span itemprop='name'>admin<\/span><\/span><span class='av-structured-data'  itemprop=\"datePublished\" datetime=\"2024-05-29T00:52:00+01:00\" >2024-05-29 19:25:00<\/span><span class='av-structured-data'  itemprop=\"dateModified\" itemtype=\"https:\/\/schema.org\/dateModified\" >2024-05-31 09:37:05<\/span><span class='av-structured-data'  itemprop=\"mainEntityOfPage\" itemtype=\"https:\/\/schema.org\/mainEntityOfPage\" ><span itemprop='name'>FR\u00c9D\u00c9RIC DE COURTOIS ELEITO PRESIDENTE DA INSURANCE EUROPE<\/span><\/span><\/span><\/article><\/div><div class=\"slide-entry-wrap\"><article class='slide-entry flex_column  post-entry post-entry-1249 slide-entry-overview slide-loop-13 slide-parity-odd  av_fullwidth first real-thumbnail posttype-post post-format-quote'  itemscope=\"itemscope\" itemtype=\"https:\/\/schema.org\/CreativeWork\" ><a href='https:\/\/segurosecidadania.pt\/?p=1249' data-rel='slide-1' class='slide-image' title='RELAT\u00d3RIO DE 2024 SOBRE O ENVELHECIMENTO NA EUROPA (AGEING REPORT)'><img decoding=\"async\" fetchpriority=\"high\" width=\"2000\" height=\"800\" src=\"https:\/\/segurosecidadania.pt\/wp-content\/uploads\/2024\/05\/Envelhecimento.jpg\" class=\"wp-image-1251 avia-img-lazy-loading-not-1251 attachment-no scaling size-no scaling wp-post-image\" alt=\"\" srcset=\"https:\/\/segurosecidadania.pt\/wp-content\/uploads\/2024\/05\/Envelhecimento.jpg 2000w, https:\/\/segurosecidadania.pt\/wp-content\/uploads\/2024\/05\/Envelhecimento-300x120.jpg 300w, https:\/\/segurosecidadania.pt\/wp-content\/uploads\/2024\/05\/Envelhecimento-1030x412.jpg 1030w, https:\/\/segurosecidadania.pt\/wp-content\/uploads\/2024\/05\/Envelhecimento-768x307.jpg 768w, https:\/\/segurosecidadania.pt\/wp-content\/uploads\/2024\/05\/Envelhecimento-1536x614.jpg 1536w, https:\/\/segurosecidadania.pt\/wp-content\/uploads\/2024\/05\/Envelhecimento-1500x600.jpg 1500w, https:\/\/segurosecidadania.pt\/wp-content\/uploads\/2024\/05\/Envelhecimento-705x282.jpg 705w\" sizes=\"(max-width: 2000px) 100vw, 2000px\" \/><\/a><div class=\"slide-content\"><header class=\"entry-content-header\"><h3 class='slide-entry-title entry-title '  itemprop=\"headline\" ><a href='https:\/\/segurosecidadania.pt\/?p=1249' title='RELAT\u00d3RIO DE 2024 SOBRE O ENVELHECIMENTO NA EUROPA (AGEING REPORT)'>RELAT\u00d3RIO DE 2024 SOBRE O ENVELHECIMENTO NA EUROPA (AGEING REPORT)<\/a><\/h3><span class=\"blog-categories minor-meta\"><a href=\"https:\/\/segurosecidadania.pt\/?cat=23\" rel=\"tag\">Estudos<\/a> <\/span><span class=\"av-vertical-delimiter\"><\/span><\/header><div class='slide-entry-excerpt entry-content'  itemprop=\"text\" >A Comiss\u00e3o Europeia (CE) publicou o Relat\u00f3rio de 2024 sobre o Envelhecimento na Europa, um projeto conjunto da Dire\u00e7\u00e3o-Geral dos Assuntos Econ\u00f3micos e Financeiros da CE e do Conselho de Pol\u00edtica Econ\u00f3mica do Conselho, cujo objetivo \u00e9 avaliar a liga\u00e7\u00e3o entre o envelhecimento da popula\u00e7\u00e3o e a sustentabilidade a longo prazo das finan\u00e7as p\u00fablicas nos diversos Estados-membros da Uni\u00e3o Europeia.<div class=\"read-more-link\"><a href=\"https:\/\/segurosecidadania.pt\/?p=1249\" class=\"more-link\">Ler mais<span class=\"more-link-arrow\"><\/span><\/a><\/div><\/div><\/div><footer class=\"entry-footer\"><div class=\"slide-meta\"><time class='slide-meta-time updated'  itemprop=\"datePublished\" datetime=\"2024-05-29T19:20:00+01:00\" >Maio 29, 2024<\/time><\/div><\/footer><span class='hidden'>\n\t\t\t\t<span class='av-structured-data'  itemprop=\"image\" itemscope=\"itemscope\" itemtype=\"https:\/\/schema.org\/ImageObject\" >\n\t\t\t\t\t\t<span itemprop='url'>https:\/\/segurosecidadania.pt\/wp-content\/uploads\/2024\/05\/Envelhecimento.jpg<\/span>\n\t\t\t\t\t\t<span itemprop='height'>800<\/span>\n\t\t\t\t\t\t<span itemprop='width'>2000<\/span>\n\t\t\t\t<\/span>\n\t\t\t\t<span class='av-structured-data'  itemprop=\"publisher\" itemtype=\"https:\/\/schema.org\/Organization\" itemscope=\"itemscope\" >\n\t\t\t\t\t\t<span itemprop='name'>admin<\/span>\n\t\t\t\t\t\t<span itemprop='logo' itemscope itemtype='https:\/\/schema.org\/ImageObject'>\n\t\t\t\t\t\t\t<span itemprop='url'>https:\/\/segurosecidadania.pt\/wp-content\/uploads\/2024\/01\/Seguro-Cidadania-Branco-01.png<\/span>\n\t\t\t\t\t\t<\/span>\n\t\t\t\t<\/span><span class='av-structured-data'  itemprop=\"author\" itemscope=\"itemscope\" itemtype=\"https:\/\/schema.org\/Person\" ><span itemprop='name'>admin<\/span><\/span><span class='av-structured-data'  itemprop=\"datePublished\" datetime=\"2024-05-29T00:52:00+01:00\" >2024-05-29 19:20:00<\/span><span class='av-structured-data'  itemprop=\"dateModified\" itemtype=\"https:\/\/schema.org\/dateModified\" >2024-05-31 08:58:39<\/span><span class='av-structured-data'  itemprop=\"mainEntityOfPage\" itemtype=\"https:\/\/schema.org\/mainEntityOfPage\" ><span itemprop='name'>RELAT\u00d3RIO DE 2024 SOBRE O ENVELHECIMENTO NA EUROPA (AGEING REPORT)<\/span><\/span><\/span><\/article><\/div><div class=\"slide-entry-wrap\"><article class='slide-entry flex_column  post-entry post-entry-1253 slide-entry-overview slide-loop-14 slide-parity-odd  av_fullwidth first real-thumbnail posttype-post post-format-quote'  itemscope=\"itemscope\" itemtype=\"https:\/\/schema.org\/CreativeWork\" ><a href='https:\/\/segurosecidadania.pt\/?p=1253' data-rel='slide-1' class='slide-image' title='SEMIN\u00c1RIO \u201cINTELIG\u00caNCIA ARTIFICIAL \u2013 DESAFIOS E OPORTUNIDADES PARA O SEGURO DE SA\u00daDE\u201d'><img decoding=\"async\" fetchpriority=\"high\" width=\"2000\" height=\"800\" src=\"https:\/\/segurosecidadania.pt\/wp-content\/uploads\/2024\/01\/ai-2000x800-1.jpg\" class=\"wp-image-920 avia-img-lazy-loading-not-920 attachment-no scaling size-no scaling wp-post-image\" alt=\"\" srcset=\"https:\/\/segurosecidadania.pt\/wp-content\/uploads\/2024\/01\/ai-2000x800-1.jpg 2000w, https:\/\/segurosecidadania.pt\/wp-content\/uploads\/2024\/01\/ai-2000x800-1-300x120.jpg 300w, https:\/\/segurosecidadania.pt\/wp-content\/uploads\/2024\/01\/ai-2000x800-1-1030x412.jpg 1030w, https:\/\/segurosecidadania.pt\/wp-content\/uploads\/2024\/01\/ai-2000x800-1-768x307.jpg 768w, https:\/\/segurosecidadania.pt\/wp-content\/uploads\/2024\/01\/ai-2000x800-1-1536x614.jpg 1536w, https:\/\/segurosecidadania.pt\/wp-content\/uploads\/2024\/01\/ai-2000x800-1-1500x600.jpg 1500w, https:\/\/segurosecidadania.pt\/wp-content\/uploads\/2024\/01\/ai-2000x800-1-705x282.jpg 705w\" sizes=\"(max-width: 2000px) 100vw, 2000px\" \/><\/a><div class=\"slide-content\"><header class=\"entry-content-header\"><h3 class='slide-entry-title entry-title '  itemprop=\"headline\" ><a href='https:\/\/segurosecidadania.pt\/?p=1253' title='SEMIN\u00c1RIO \u201cINTELIG\u00caNCIA ARTIFICIAL \u2013 DESAFIOS E OPORTUNIDADES PARA O SEGURO DE SA\u00daDE\u201d'>SEMIN\u00c1RIO \u201cINTELIG\u00caNCIA ARTIFICIAL \u2013 DESAFIOS E OPORTUNIDADES PARA O SEGURO DE SA\u00daDE\u201d<\/a><\/h3><span class=\"blog-categories minor-meta\"><a href=\"https:\/\/segurosecidadania.pt\/?cat=19\" rel=\"tag\">Forma\u00e7\u00e3o<\/a> <\/span><span class=\"av-vertical-delimiter\"><\/span><\/header><div class='slide-entry-excerpt entry-content'  itemprop=\"text\" >Realizou-se, no passado dia 8 de maio, o semin\u00e1rio \u2018Intelig\u00eancia Artificial \u2013 Desafios e Oportunidades para o Seguro de Sa\u00fade\u2019 que lan\u00e7ou o \u2018Ciclo de Forma\u00e7\u00e3o em Seguros de Sa\u00fade\u2019 da APS.<div class=\"read-more-link\"><a href=\"https:\/\/segurosecidadania.pt\/?p=1253\" class=\"more-link\">Ler mais<span class=\"more-link-arrow\"><\/span><\/a><\/div><\/div><\/div><footer class=\"entry-footer\"><div class=\"slide-meta\"><time class='slide-meta-time updated'  itemprop=\"datePublished\" datetime=\"2024-05-29T19:13:00+01:00\" >Maio 29, 2024<\/time><\/div><\/footer><span class='hidden'>\n\t\t\t\t<span class='av-structured-data'  itemprop=\"image\" itemscope=\"itemscope\" itemtype=\"https:\/\/schema.org\/ImageObject\" >\n\t\t\t\t\t\t<span itemprop='url'>https:\/\/segurosecidadania.pt\/wp-content\/uploads\/2024\/01\/ai-2000x800-1.jpg<\/span>\n\t\t\t\t\t\t<span itemprop='height'>800<\/span>\n\t\t\t\t\t\t<span itemprop='width'>2000<\/span>\n\t\t\t\t<\/span>\n\t\t\t\t<span class='av-structured-data'  itemprop=\"publisher\" itemtype=\"https:\/\/schema.org\/Organization\" itemscope=\"itemscope\" >\n\t\t\t\t\t\t<span itemprop='name'>admin<\/span>\n\t\t\t\t\t\t<span itemprop='logo' itemscope itemtype='https:\/\/schema.org\/ImageObject'>\n\t\t\t\t\t\t\t<span itemprop='url'>https:\/\/segurosecidadania.pt\/wp-content\/uploads\/2024\/01\/Seguro-Cidadania-Branco-01.png<\/span>\n\t\t\t\t\t\t<\/span>\n\t\t\t\t<\/span><span class='av-structured-data'  itemprop=\"author\" itemscope=\"itemscope\" itemtype=\"https:\/\/schema.org\/Person\" ><span itemprop='name'>admin<\/span><\/span><span class='av-structured-data'  itemprop=\"datePublished\" datetime=\"2024-05-29T00:52:00+01:00\" >2024-05-29 19:13:00<\/span><span class='av-structured-data'  itemprop=\"dateModified\" itemtype=\"https:\/\/schema.org\/dateModified\" >2024-05-31 09:01:34<\/span><span class='av-structured-data'  itemprop=\"mainEntityOfPage\" itemtype=\"https:\/\/schema.org\/mainEntityOfPage\" ><span itemprop='name'>SEMIN\u00c1RIO \u201cINTELIG\u00caNCIA ARTIFICIAL \u2013 DESAFIOS E OPORTUNIDADES PARA O SEGURO DE SA\u00daDE\u201d<\/span><\/span><\/span><\/article><\/div><div class=\"slide-entry-wrap\"><article class='slide-entry flex_column  post-entry post-entry-1258 slide-entry-overview slide-loop-15 slide-parity-odd  av_fullwidth first real-thumbnail posttype-post post-format-quote'  itemscope=\"itemscope\" itemtype=\"https:\/\/schema.org\/CreativeWork\" ><a href='https:\/\/segurosecidadania.pt\/?p=1258' data-rel='slide-1' class='slide-image' title='SEMIN\u00c1RIO ALTERA\u00c7\u00d5ES CLIM\u00c1TICAS'><img decoding=\"async\" fetchpriority=\"high\" width=\"2000\" height=\"800\" src=\"https:\/\/segurosecidadania.pt\/wp-content\/uploads\/2024\/05\/alteracoes-climaticas.jpg\" class=\"wp-image-1260 avia-img-lazy-loading-not-1260 attachment-no scaling size-no scaling wp-post-image\" alt=\"\" srcset=\"https:\/\/segurosecidadania.pt\/wp-content\/uploads\/2024\/05\/alteracoes-climaticas.jpg 2000w, https:\/\/segurosecidadania.pt\/wp-content\/uploads\/2024\/05\/alteracoes-climaticas-300x120.jpg 300w, https:\/\/segurosecidadania.pt\/wp-content\/uploads\/2024\/05\/alteracoes-climaticas-1030x412.jpg 1030w, https:\/\/segurosecidadania.pt\/wp-content\/uploads\/2024\/05\/alteracoes-climaticas-768x307.jpg 768w, https:\/\/segurosecidadania.pt\/wp-content\/uploads\/2024\/05\/alteracoes-climaticas-1536x614.jpg 1536w, https:\/\/segurosecidadania.pt\/wp-content\/uploads\/2024\/05\/alteracoes-climaticas-1500x600.jpg 1500w, https:\/\/segurosecidadania.pt\/wp-content\/uploads\/2024\/05\/alteracoes-climaticas-705x282.jpg 705w\" sizes=\"(max-width: 2000px) 100vw, 2000px\" \/><\/a><div class=\"slide-content\"><header class=\"entry-content-header\"><h3 class='slide-entry-title entry-title '  itemprop=\"headline\" ><a href='https:\/\/segurosecidadania.pt\/?p=1258' title='SEMIN\u00c1RIO ALTERA\u00c7\u00d5ES CLIM\u00c1TICAS'>SEMIN\u00c1RIO ALTERA\u00c7\u00d5ES CLIM\u00c1TICAS<\/a><\/h3><span class=\"blog-categories minor-meta\"><a href=\"https:\/\/segurosecidadania.pt\/?cat=19\" rel=\"tag\">Forma\u00e7\u00e3o<\/a> <\/span><span class=\"av-vertical-delimiter\"><\/span><\/header><div class='slide-entry-excerpt entry-content'  itemprop=\"text\" >Realiza-se no dia 26 de junho, de manh\u00e3, em formato presencial ou online.<div class=\"read-more-link\"><a href=\"https:\/\/segurosecidadania.pt\/?p=1258\" class=\"more-link\">Ler mais<span class=\"more-link-arrow\"><\/span><\/a><\/div><\/div><\/div><footer class=\"entry-footer\"><div class=\"slide-meta\"><time class='slide-meta-time updated'  itemprop=\"datePublished\" datetime=\"2024-05-29T19:00:00+01:00\" >Maio 29, 2024<\/time><\/div><\/footer><span class='hidden'>\n\t\t\t\t<span class='av-structured-data'  itemprop=\"image\" itemscope=\"itemscope\" itemtype=\"https:\/\/schema.org\/ImageObject\" >\n\t\t\t\t\t\t<span itemprop='url'>https:\/\/segurosecidadania.pt\/wp-content\/uploads\/2024\/05\/alteracoes-climaticas.jpg<\/span>\n\t\t\t\t\t\t<span itemprop='height'>800<\/span>\n\t\t\t\t\t\t<span itemprop='width'>2000<\/span>\n\t\t\t\t<\/span>\n\t\t\t\t<span class='av-structured-data'  itemprop=\"publisher\" itemtype=\"https:\/\/schema.org\/Organization\" itemscope=\"itemscope\" >\n\t\t\t\t\t\t<span itemprop='name'>admin<\/span>\n\t\t\t\t\t\t<span itemprop='logo' itemscope itemtype='https:\/\/schema.org\/ImageObject'>\n\t\t\t\t\t\t\t<span itemprop='url'>https:\/\/segurosecidadania.pt\/wp-content\/uploads\/2024\/01\/Seguro-Cidadania-Branco-01.png<\/span>\n\t\t\t\t\t\t<\/span>\n\t\t\t\t<\/span><span class='av-structured-data'  itemprop=\"author\" itemscope=\"itemscope\" itemtype=\"https:\/\/schema.org\/Person\" ><span itemprop='name'>admin<\/span><\/span><span class='av-structured-data'  itemprop=\"datePublished\" datetime=\"2024-05-29T00:52:00+01:00\" >2024-05-29 19:00:00<\/span><span class='av-structured-data'  itemprop=\"dateModified\" itemtype=\"https:\/\/schema.org\/dateModified\" >2024-05-31 09:02:10<\/span><span class='av-structured-data'  itemprop=\"mainEntityOfPage\" itemtype=\"https:\/\/schema.org\/mainEntityOfPage\" ><span itemprop='name'>SEMIN\u00c1RIO ALTERA\u00c7\u00d5ES CLIM\u00c1TICAS<\/span><\/span><\/span><\/article><\/div><div class=\"slide-entry-wrap\"><article class='slide-entry flex_column  post-entry post-entry-1262 slide-entry-overview slide-loop-16 slide-parity-odd  av_fullwidth first real-thumbnail posttype-post post-format-quote'  itemscope=\"itemscope\" itemtype=\"https:\/\/schema.org\/CreativeWork\" ><a href='https:\/\/segurosecidadania.pt\/?p=1262' data-rel='slide-1' class='slide-image' title='INOVAR NOS SEGUROS COM O DESIGN THINKING'><img decoding=\"async\" fetchpriority=\"high\" width=\"2000\" height=\"800\" src=\"https:\/\/segurosecidadania.pt\/wp-content\/uploads\/2024\/05\/formacao.jpg\" class=\"wp-image-1306 avia-img-lazy-loading-not-1306 attachment-no scaling size-no scaling wp-post-image\" alt=\"\" srcset=\"https:\/\/segurosecidadania.pt\/wp-content\/uploads\/2024\/05\/formacao.jpg 2000w, https:\/\/segurosecidadania.pt\/wp-content\/uploads\/2024\/05\/formacao-300x120.jpg 300w, https:\/\/segurosecidadania.pt\/wp-content\/uploads\/2024\/05\/formacao-1030x412.jpg 1030w, https:\/\/segurosecidadania.pt\/wp-content\/uploads\/2024\/05\/formacao-768x307.jpg 768w, https:\/\/segurosecidadania.pt\/wp-content\/uploads\/2024\/05\/formacao-1536x614.jpg 1536w, https:\/\/segurosecidadania.pt\/wp-content\/uploads\/2024\/05\/formacao-1500x600.jpg 1500w, https:\/\/segurosecidadania.pt\/wp-content\/uploads\/2024\/05\/formacao-705x282.jpg 705w\" sizes=\"(max-width: 2000px) 100vw, 2000px\" \/><\/a><div class=\"slide-content\"><header class=\"entry-content-header\"><h3 class='slide-entry-title entry-title '  itemprop=\"headline\" ><a href='https:\/\/segurosecidadania.pt\/?p=1262' title='INOVAR NOS SEGUROS COM O DESIGN THINKING'>INOVAR NOS SEGUROS COM O DESIGN THINKING<\/a><\/h3><span class=\"blog-categories minor-meta\"><a href=\"https:\/\/segurosecidadania.pt\/?cat=19\" rel=\"tag\">Forma\u00e7\u00e3o<\/a> <\/span><span class=\"av-vertical-delimiter\"><\/span><\/header><div class='slide-entry-excerpt entry-content'  itemprop=\"text\" >Decorre nos dias 26, 27 e 28 de junho (uma tarde e duas manh\u00e3s), em formato digital, com formador online.<div class=\"read-more-link\"><a href=\"https:\/\/segurosecidadania.pt\/?p=1262\" class=\"more-link\">Ler mais<span class=\"more-link-arrow\"><\/span><\/a><\/div><\/div><\/div><footer class=\"entry-footer\"><div class=\"slide-meta\"><time class='slide-meta-time updated'  itemprop=\"datePublished\" datetime=\"2024-05-29T18:12:00+01:00\" >Maio 29, 2024<\/time><\/div><\/footer><span class='hidden'>\n\t\t\t\t<span class='av-structured-data'  itemprop=\"image\" itemscope=\"itemscope\" itemtype=\"https:\/\/schema.org\/ImageObject\" >\n\t\t\t\t\t\t<span itemprop='url'>https:\/\/segurosecidadania.pt\/wp-content\/uploads\/2024\/05\/formacao.jpg<\/span>\n\t\t\t\t\t\t<span itemprop='height'>800<\/span>\n\t\t\t\t\t\t<span itemprop='width'>2000<\/span>\n\t\t\t\t<\/span>\n\t\t\t\t<span class='av-structured-data'  itemprop=\"publisher\" itemtype=\"https:\/\/schema.org\/Organization\" itemscope=\"itemscope\" >\n\t\t\t\t\t\t<span itemprop='name'>admin<\/span>\n\t\t\t\t\t\t<span itemprop='logo' itemscope itemtype='https:\/\/schema.org\/ImageObject'>\n\t\t\t\t\t\t\t<span itemprop='url'>https:\/\/segurosecidadania.pt\/wp-content\/uploads\/2024\/01\/Seguro-Cidadania-Branco-01.png<\/span>\n\t\t\t\t\t\t<\/span>\n\t\t\t\t<\/span><span class='av-structured-data'  itemprop=\"author\" itemscope=\"itemscope\" itemtype=\"https:\/\/schema.org\/Person\" ><span itemprop='name'>admin<\/span><\/span><span class='av-structured-data'  itemprop=\"datePublished\" datetime=\"2024-05-29T00:52:00+01:00\" >2024-05-29 18:12:00<\/span><span class='av-structured-data'  itemprop=\"dateModified\" itemtype=\"https:\/\/schema.org\/dateModified\" >2024-05-31 09:03:10<\/span><span class='av-structured-data'  itemprop=\"mainEntityOfPage\" itemtype=\"https:\/\/schema.org\/mainEntityOfPage\" ><span itemprop='name'>INOVAR NOS SEGUROS COM O DESIGN THINKING<\/span><\/span><\/span><\/article><\/div><div class=\"slide-entry-wrap\"><article class='slide-entry flex_column  post-entry post-entry-1270 slide-entry-overview slide-loop-17 slide-parity-odd  av_fullwidth first real-thumbnail posttype-post post-format-standard'  itemscope=\"itemscope\" itemtype=\"https:\/\/schema.org\/CreativeWork\" ><a href='https:\/\/segurosecidadania.pt\/?p=1270' data-rel='slide-1' class='slide-image' title='EDUCA\u00c7\u00c3O FINANCEIRA \u2013 PARCERIA FUNDA\u00c7\u00c3O DR. ANT\u00d3NIO CUPERTINO DE MIRANDA: DESAFIO SOBRE SEGUROS'><img decoding=\"async\" fetchpriority=\"high\" width=\"2000\" height=\"800\" src=\"https:\/\/segurosecidadania.pt\/wp-content\/uploads\/2024\/05\/FACM.jpg\" class=\"wp-image-1271 avia-img-lazy-loading-not-1271 attachment-no scaling size-no scaling wp-post-image\" alt=\"\" srcset=\"https:\/\/segurosecidadania.pt\/wp-content\/uploads\/2024\/05\/FACM.jpg 2000w, https:\/\/segurosecidadania.pt\/wp-content\/uploads\/2024\/05\/FACM-300x120.jpg 300w, https:\/\/segurosecidadania.pt\/wp-content\/uploads\/2024\/05\/FACM-1030x412.jpg 1030w, https:\/\/segurosecidadania.pt\/wp-content\/uploads\/2024\/05\/FACM-768x307.jpg 768w, https:\/\/segurosecidadania.pt\/wp-content\/uploads\/2024\/05\/FACM-1536x614.jpg 1536w, https:\/\/segurosecidadania.pt\/wp-content\/uploads\/2024\/05\/FACM-1500x600.jpg 1500w, https:\/\/segurosecidadania.pt\/wp-content\/uploads\/2024\/05\/FACM-705x282.jpg 705w\" sizes=\"(max-width: 2000px) 100vw, 2000px\" \/><\/a><div class=\"slide-content\"><header class=\"entry-content-header\"><h3 class='slide-entry-title entry-title '  itemprop=\"headline\" ><a href='https:\/\/segurosecidadania.pt\/?p=1270' title='EDUCA\u00c7\u00c3O FINANCEIRA \u2013 PARCERIA FUNDA\u00c7\u00c3O DR. ANT\u00d3NIO CUPERTINO DE MIRANDA: DESAFIO SOBRE SEGUROS'>EDUCA\u00c7\u00c3O FINANCEIRA \u2013 PARCERIA FUNDA\u00c7\u00c3O DR. ANT\u00d3NIO CUPERTINO DE MIRANDA: DESAFIO SOBRE SEGUROS<\/a><\/h3><span class=\"blog-categories minor-meta\"><a href=\"https:\/\/segurosecidadania.pt\/?cat=2\" rel=\"tag\">Not\u00edcias<\/a> <\/span><span class=\"av-vertical-delimiter\"><\/span><\/header><div class='slide-entry-excerpt entry-content'  itemprop=\"text\" >No \u00e2mbito da parceria com a APS, a Funda\u00e7\u00e3o Dr. Ant\u00f3nio Cupertino de Miranda (FACM) lan\u00e7ou das escolas que integram o programa \u201cNo Poupar Est\u00e1 o Ganho\u201d (NPEG).\n\n<div class=\"read-more-link\"><a href=\"https:\/\/segurosecidadania.pt\/?p=1270\" class=\"more-link\">Ler mais<span class=\"more-link-arrow\"><\/span><\/a><\/div><\/div><\/div><footer class=\"entry-footer\"><div class=\"slide-meta\"><time class='slide-meta-time updated'  itemprop=\"datePublished\" datetime=\"2024-05-29T17:56:00+01:00\" >Maio 29, 2024<\/time><\/div><\/footer><span class='hidden'>\n\t\t\t\t<span class='av-structured-data'  itemprop=\"image\" itemscope=\"itemscope\" itemtype=\"https:\/\/schema.org\/ImageObject\" >\n\t\t\t\t\t\t<span itemprop='url'>https:\/\/segurosecidadania.pt\/wp-content\/uploads\/2024\/05\/FACM.jpg<\/span>\n\t\t\t\t\t\t<span itemprop='height'>800<\/span>\n\t\t\t\t\t\t<span itemprop='width'>2000<\/span>\n\t\t\t\t<\/span>\n\t\t\t\t<span class='av-structured-data'  itemprop=\"publisher\" itemtype=\"https:\/\/schema.org\/Organization\" itemscope=\"itemscope\" >\n\t\t\t\t\t\t<span itemprop='name'>Frederico Nunes<\/span>\n\t\t\t\t\t\t<span itemprop='logo' itemscope itemtype='https:\/\/schema.org\/ImageObject'>\n\t\t\t\t\t\t\t<span itemprop='url'>https:\/\/segurosecidadania.pt\/wp-content\/uploads\/2024\/01\/Seguro-Cidadania-Branco-01.png<\/span>\n\t\t\t\t\t\t<\/span>\n\t\t\t\t<\/span><span class='av-structured-data'  itemprop=\"author\" itemscope=\"itemscope\" itemtype=\"https:\/\/schema.org\/Person\" ><span itemprop='name'>Frederico Nunes<\/span><\/span><span class='av-structured-data'  itemprop=\"datePublished\" datetime=\"2024-05-29T00:52:00+01:00\" >2024-05-29 17:56:00<\/span><span class='av-structured-data'  itemprop=\"dateModified\" itemtype=\"https:\/\/schema.org\/dateModified\" >2024-05-31 09:03:43<\/span><span class='av-structured-data'  itemprop=\"mainEntityOfPage\" itemtype=\"https:\/\/schema.org\/mainEntityOfPage\" ><span itemprop='name'>EDUCA\u00c7\u00c3O FINANCEIRA \u2013 PARCERIA FUNDA\u00c7\u00c3O DR. ANT\u00d3NIO CUPERTINO DE MIRANDA: DESAFIO SOBRE SEGUROS<\/span><\/span><\/span><\/article><\/div><div class=\"slide-entry-wrap\"><article class='slide-entry flex_column  post-entry post-entry-1273 slide-entry-overview slide-loop-18 slide-parity-odd  av_fullwidth first real-thumbnail posttype-post post-format-standard'  itemscope=\"itemscope\" itemtype=\"https:\/\/schema.org\/CreativeWork\" ><a href='https:\/\/segurosecidadania.pt\/?p=1273' data-rel='slide-1' class='slide-image' title='GENERALI SEGUROS D\u00c1 LUGAR \u00c0 GENERALI TRANQUILIDADE'><img decoding=\"async\" fetchpriority=\"high\" width=\"2000\" height=\"800\" src=\"https:\/\/segurosecidadania.pt\/wp-content\/uploads\/2024\/05\/GT.jpg\" class=\"wp-image-1274 avia-img-lazy-loading-not-1274 attachment-no scaling size-no scaling wp-post-image\" alt=\"\" srcset=\"https:\/\/segurosecidadania.pt\/wp-content\/uploads\/2024\/05\/GT.jpg 2000w, https:\/\/segurosecidadania.pt\/wp-content\/uploads\/2024\/05\/GT-300x120.jpg 300w, https:\/\/segurosecidadania.pt\/wp-content\/uploads\/2024\/05\/GT-1030x412.jpg 1030w, https:\/\/segurosecidadania.pt\/wp-content\/uploads\/2024\/05\/GT-768x307.jpg 768w, https:\/\/segurosecidadania.pt\/wp-content\/uploads\/2024\/05\/GT-1536x614.jpg 1536w, https:\/\/segurosecidadania.pt\/wp-content\/uploads\/2024\/05\/GT-1500x600.jpg 1500w, https:\/\/segurosecidadania.pt\/wp-content\/uploads\/2024\/05\/GT-705x282.jpg 705w\" sizes=\"(max-width: 2000px) 100vw, 2000px\" \/><\/a><div class=\"slide-content\"><header class=\"entry-content-header\"><h3 class='slide-entry-title entry-title '  itemprop=\"headline\" ><a href='https:\/\/segurosecidadania.pt\/?p=1273' title='GENERALI SEGUROS D\u00c1 LUGAR \u00c0 GENERALI TRANQUILIDADE'>GENERALI SEGUROS D\u00c1 LUGAR \u00c0 GENERALI TRANQUILIDADE<\/a><\/h3><span class=\"blog-categories minor-meta\"><a href=\"https:\/\/segurosecidadania.pt\/?cat=2\" rel=\"tag\">Not\u00edcias<\/a> <\/span><span class=\"av-vertical-delimiter\"><\/span><\/header><div class='slide-entry-excerpt entry-content'  itemprop=\"text\" >A Generali Seguros lan\u00e7ou a nova imagem corporativa em Portugal, com uma campanha que marcou o in\u00edcio de um novo ciclo da sua hist\u00f3ria no setor segurador com a marca Generali Tranquilidade.<div class=\"read-more-link\"><a href=\"https:\/\/segurosecidadania.pt\/?p=1273\" class=\"more-link\">Ler mais<span class=\"more-link-arrow\"><\/span><\/a><\/div><\/div><\/div><footer class=\"entry-footer\"><div class=\"slide-meta\"><time class='slide-meta-time updated'  itemprop=\"datePublished\" datetime=\"2024-05-29T17:06:00+01:00\" >Maio 29, 2024<\/time><\/div><\/footer><span class='hidden'>\n\t\t\t\t<span class='av-structured-data'  itemprop=\"image\" itemscope=\"itemscope\" itemtype=\"https:\/\/schema.org\/ImageObject\" >\n\t\t\t\t\t\t<span itemprop='url'>https:\/\/segurosecidadania.pt\/wp-content\/uploads\/2024\/05\/GT.jpg<\/span>\n\t\t\t\t\t\t<span itemprop='height'>800<\/span>\n\t\t\t\t\t\t<span itemprop='width'>2000<\/span>\n\t\t\t\t<\/span>\n\t\t\t\t<span class='av-structured-data'  itemprop=\"publisher\" itemtype=\"https:\/\/schema.org\/Organization\" itemscope=\"itemscope\" >\n\t\t\t\t\t\t<span itemprop='name'>Frederico Nunes<\/span>\n\t\t\t\t\t\t<span itemprop='logo' itemscope itemtype='https:\/\/schema.org\/ImageObject'>\n\t\t\t\t\t\t\t<span itemprop='url'>https:\/\/segurosecidadania.pt\/wp-content\/uploads\/2024\/01\/Seguro-Cidadania-Branco-01.png<\/span>\n\t\t\t\t\t\t<\/span>\n\t\t\t\t<\/span><span class='av-structured-data'  itemprop=\"author\" itemscope=\"itemscope\" itemtype=\"https:\/\/schema.org\/Person\" ><span itemprop='name'>Frederico Nunes<\/span><\/span><span class='av-structured-data'  itemprop=\"datePublished\" datetime=\"2024-05-29T00:52:00+01:00\" >2024-05-29 17:06:00<\/span><span class='av-structured-data'  itemprop=\"dateModified\" itemtype=\"https:\/\/schema.org\/dateModified\" >2024-05-31 09:04:15<\/span><span class='av-structured-data'  itemprop=\"mainEntityOfPage\" itemtype=\"https:\/\/schema.org\/mainEntityOfPage\" ><span itemprop='name'>GENERALI SEGUROS D\u00c1 LUGAR \u00c0 GENERALI TRANQUILIDADE<\/span><\/span><\/span><\/article><\/div><div class=\"slide-entry-wrap\"><article class='slide-entry flex_column  post-entry post-entry-1276 slide-entry-overview slide-loop-19 slide-parity-odd  av_fullwidth first real-thumbnail posttype-post post-format-standard'  itemscope=\"itemscope\" itemtype=\"https:\/\/schema.org\/CreativeWork\" ><a href='https:\/\/segurosecidadania.pt\/?p=1276' data-rel='slide-1' class='slide-image' title='ABARCA SEGUROS TRANSFORMA-SE EM AZUAGA SEGUROS'><img decoding=\"async\" fetchpriority=\"high\" width=\"2000\" height=\"800\" src=\"https:\/\/segurosecidadania.pt\/wp-content\/uploads\/2024\/05\/Azuaga.jpg\" class=\"wp-image-1312 avia-img-lazy-loading-not-1312 attachment-no scaling size-no scaling wp-post-image\" alt=\"\" srcset=\"https:\/\/segurosecidadania.pt\/wp-content\/uploads\/2024\/05\/Azuaga.jpg 2000w, https:\/\/segurosecidadania.pt\/wp-content\/uploads\/2024\/05\/Azuaga-300x120.jpg 300w, https:\/\/segurosecidadania.pt\/wp-content\/uploads\/2024\/05\/Azuaga-1030x412.jpg 1030w, https:\/\/segurosecidadania.pt\/wp-content\/uploads\/2024\/05\/Azuaga-768x307.jpg 768w, https:\/\/segurosecidadania.pt\/wp-content\/uploads\/2024\/05\/Azuaga-1536x614.jpg 1536w, https:\/\/segurosecidadania.pt\/wp-content\/uploads\/2024\/05\/Azuaga-1500x600.jpg 1500w, https:\/\/segurosecidadania.pt\/wp-content\/uploads\/2024\/05\/Azuaga-705x282.jpg 705w\" sizes=\"(max-width: 2000px) 100vw, 2000px\" \/><\/a><div class=\"slide-content\"><header class=\"entry-content-header\"><h3 class='slide-entry-title entry-title '  itemprop=\"headline\" ><a href='https:\/\/segurosecidadania.pt\/?p=1276' title='ABARCA SEGUROS TRANSFORMA-SE EM AZUAGA SEGUROS'>ABARCA SEGUROS TRANSFORMA-SE EM AZUAGA SEGUROS<\/a><\/h3><span class=\"blog-categories minor-meta\"><a href=\"https:\/\/segurosecidadania.pt\/?cat=2\" rel=\"tag\">Not\u00edcias<\/a> <\/span><span class=\"av-vertical-delimiter\"><\/span><\/header><div class='slide-entry-excerpt entry-content'  itemprop=\"text\" >A Abarca \u2013 Companhia de Seguros, S.A. (Abarca Seguros) \u00e9, desde o in\u00edcio de maio, Azuaga \u2013 Companhia de Seguros, S.A. (Azuaga Seguros).\n\n<div class=\"read-more-link\"><a href=\"https:\/\/segurosecidadania.pt\/?p=1276\" class=\"more-link\">Ler mais<span class=\"more-link-arrow\"><\/span><\/a><\/div><\/div><\/div><footer class=\"entry-footer\"><div class=\"slide-meta\"><time class='slide-meta-time updated'  itemprop=\"datePublished\" datetime=\"2024-05-29T16:21:00+01:00\" >Maio 29, 2024<\/time><\/div><\/footer><span class='hidden'>\n\t\t\t\t<span class='av-structured-data'  itemprop=\"image\" itemscope=\"itemscope\" itemtype=\"https:\/\/schema.org\/ImageObject\" >\n\t\t\t\t\t\t<span itemprop='url'>https:\/\/segurosecidadania.pt\/wp-content\/uploads\/2024\/05\/Azuaga.jpg<\/span>\n\t\t\t\t\t\t<span itemprop='height'>800<\/span>\n\t\t\t\t\t\t<span itemprop='width'>2000<\/span>\n\t\t\t\t<\/span>\n\t\t\t\t<span class='av-structured-data'  itemprop=\"publisher\" itemtype=\"https:\/\/schema.org\/Organization\" itemscope=\"itemscope\" >\n\t\t\t\t\t\t<span itemprop='name'>Frederico Nunes<\/span>\n\t\t\t\t\t\t<span itemprop='logo' itemscope itemtype='https:\/\/schema.org\/ImageObject'>\n\t\t\t\t\t\t\t<span itemprop='url'>https:\/\/segurosecidadania.pt\/wp-content\/uploads\/2024\/01\/Seguro-Cidadania-Branco-01.png<\/span>\n\t\t\t\t\t\t<\/span>\n\t\t\t\t<\/span><span class='av-structured-data'  itemprop=\"author\" itemscope=\"itemscope\" itemtype=\"https:\/\/schema.org\/Person\" ><span itemprop='name'>Frederico Nunes<\/span><\/span><span class='av-structured-data'  itemprop=\"datePublished\" datetime=\"2024-05-29T00:52:00+01:00\" >2024-05-29 16:21:00<\/span><span class='av-structured-data'  itemprop=\"dateModified\" itemtype=\"https:\/\/schema.org\/dateModified\" >2024-05-31 09:04:54<\/span><span class='av-structured-data'  itemprop=\"mainEntityOfPage\" itemtype=\"https:\/\/schema.org\/mainEntityOfPage\" ><span itemprop='name'>ABARCA SEGUROS TRANSFORMA-SE EM AZUAGA SEGUROS<\/span><\/span><\/span><\/article><\/div><div class=\"slide-entry-wrap\"><article class='slide-entry flex_column  post-entry post-entry-1278 slide-entry-overview slide-loop-20 slide-parity-odd  post-entry-last  av_fullwidth first real-thumbnail posttype-post post-format-standard'  itemscope=\"itemscope\" itemtype=\"https:\/\/schema.org\/CreativeWork\" ><a href='https:\/\/segurosecidadania.pt\/?p=1278' data-rel='slide-1' class='slide-image' title='O SEGURO DE ACIDENTES DE TRABALHO PARA TRABALHADORES INDEPENDENTES'><img decoding=\"async\" fetchpriority=\"high\" width=\"2000\" height=\"800\" src=\"https:\/\/segurosecidadania.pt\/wp-content\/uploads\/2024\/05\/Sabias-que.jpg\" class=\"wp-image-1279 avia-img-lazy-loading-not-1279 attachment-no scaling size-no scaling wp-post-image\" alt=\"\" srcset=\"https:\/\/segurosecidadania.pt\/wp-content\/uploads\/2024\/05\/Sabias-que.jpg 2000w, https:\/\/segurosecidadania.pt\/wp-content\/uploads\/2024\/05\/Sabias-que-300x120.jpg 300w, https:\/\/segurosecidadania.pt\/wp-content\/uploads\/2024\/05\/Sabias-que-1030x412.jpg 1030w, https:\/\/segurosecidadania.pt\/wp-content\/uploads\/2024\/05\/Sabias-que-768x307.jpg 768w, https:\/\/segurosecidadania.pt\/wp-content\/uploads\/2024\/05\/Sabias-que-1536x614.jpg 1536w, https:\/\/segurosecidadania.pt\/wp-content\/uploads\/2024\/05\/Sabias-que-1500x600.jpg 1500w, https:\/\/segurosecidadania.pt\/wp-content\/uploads\/2024\/05\/Sabias-que-705x282.jpg 705w\" sizes=\"(max-width: 2000px) 100vw, 2000px\" \/><\/a><div class=\"slide-content\"><header class=\"entry-content-header\"><h3 class='slide-entry-title entry-title '  itemprop=\"headline\" ><a href='https:\/\/segurosecidadania.pt\/?p=1278' title='O SEGURO DE ACIDENTES DE TRABALHO PARA TRABALHADORES INDEPENDENTES'>O SEGURO DE ACIDENTES DE TRABALHO PARA TRABALHADORES INDEPENDENTES<\/a><\/h3><span class=\"blog-categories minor-meta\"><a href=\"https:\/\/segurosecidadania.pt\/?cat=24\" rel=\"tag\">Informa\u00e7\u00e3o<\/a> <\/span><span class=\"av-vertical-delimiter\"><\/span><\/header><div class='slide-entry-excerpt entry-content'  itemprop=\"text\" >A APS responde a algumas quest\u00f5es sobre o Seguro de Acidentes de Trabalho para trabalhadores independentes \u2013 obrigatoriedade, coberturas, entre outras.<div class=\"read-more-link\"><a href=\"https:\/\/segurosecidadania.pt\/?p=1278\" class=\"more-link\">Ler mais<span class=\"more-link-arrow\"><\/span><\/a><\/div><\/div><\/div><footer class=\"entry-footer\"><div class=\"slide-meta\"><time class='slide-meta-time updated'  itemprop=\"datePublished\" datetime=\"2024-05-28T11:47:46+01:00\" >Maio 28, 2024<\/time><\/div><\/footer><span class='hidden'>\n\t\t\t\t<span class='av-structured-data'  itemprop=\"image\" itemscope=\"itemscope\" itemtype=\"https:\/\/schema.org\/ImageObject\" >\n\t\t\t\t\t\t<span itemprop='url'>https:\/\/segurosecidadania.pt\/wp-content\/uploads\/2024\/05\/Sabias-que.jpg<\/span>\n\t\t\t\t\t\t<span itemprop='height'>800<\/span>\n\t\t\t\t\t\t<span itemprop='width'>2000<\/span>\n\t\t\t\t<\/span>\n\t\t\t\t<span class='av-structured-data'  itemprop=\"publisher\" itemtype=\"https:\/\/schema.org\/Organization\" itemscope=\"itemscope\" >\n\t\t\t\t\t\t<span itemprop='name'>Frederico Nunes<\/span>\n\t\t\t\t\t\t<span itemprop='logo' itemscope itemtype='https:\/\/schema.org\/ImageObject'>\n\t\t\t\t\t\t\t<span itemprop='url'>https:\/\/segurosecidadania.pt\/wp-content\/uploads\/2024\/01\/Seguro-Cidadania-Branco-01.png<\/span>\n\t\t\t\t\t\t<\/span>\n\t\t\t\t<\/span><span class='av-structured-data'  itemprop=\"author\" itemscope=\"itemscope\" itemtype=\"https:\/\/schema.org\/Person\" ><span itemprop='name'>Frederico Nunes<\/span><\/span><span class='av-structured-data'  itemprop=\"datePublished\" datetime=\"2024-05-29T00:52:00+01:00\" >2024-05-28 11:47:46<\/span><span class='av-structured-data'  itemprop=\"dateModified\" itemtype=\"https:\/\/schema.org\/dateModified\" >2024-05-31 09:00:41<\/span><span class='av-structured-data'  itemprop=\"mainEntityOfPage\" itemtype=\"https:\/\/schema.org\/mainEntityOfPage\" ><span itemprop='name'>O SEGURO DE ACIDENTES DE TRABALHO PARA TRABALHADORES INDEPENDENTES<\/span><\/span><\/span><\/article><\/div><\/div><\/div>\n","protected":false},"excerpt":{"rendered":"","protected":false},"author":1,"featured_media":0,"parent":0,"menu_order":0,"comment_status":"closed","ping_status":"closed","template":"","meta":{"footnotes":""},"class_list":["post-1207","page","type-page","status-publish","hentry"],"_links":{"self":[{"href":"https:\/\/segurosecidadania.pt\/index.php?rest_route=\/wp\/v2\/pages\/1207","targetHints":{"allow":["GET"]}}],"collection":[{"href":"https:\/\/segurosecidadania.pt\/index.php?rest_route=\/wp\/v2\/pages"}],"about":[{"href":"https:\/\/segurosecidadania.pt\/index.php?rest_route=\/wp\/v2\/types\/page"}],"author":[{"embeddable":true,"href":"https:\/\/segurosecidadania.pt\/index.php?rest_route=\/wp\/v2\/users\/1"}],"replies":[{"embeddable":true,"href":"https:\/\/segurosecidadania.pt\/index.php?rest_route=%2Fwp%2Fv2%2Fcomments&post=1207"}],"version-history":[{"count":5,"href":"https:\/\/segurosecidadania.pt\/index.php?rest_route=\/wp\/v2\/pages\/1207\/revisions"}],"predecessor-version":[{"id":1310,"href":"https:\/\/segurosecidadania.pt\/index.php?rest_route=\/wp\/v2\/pages\/1207\/revisions\/1310"}],"wp:attachment":[{"href":"https:\/\/segurosecidadania.pt\/index.php?rest_route=%2Fwp%2Fv2%2Fmedia&parent=1207"}],"curies":[{"name":"wp","href":"https:\/\/api.w.org\/{rel}","templated":true}]}}